{"id":11,"date":"2017-05-04T15:07:37","date_gmt":"2017-05-04T13:07:37","guid":{"rendered":"http:\/\/www.cablanc.com\/cablancnew\/?page_id=11"},"modified":"2025-09-03T14:58:13","modified_gmt":"2025-09-03T12:58:13","slug":"se-ressourcer-a-cablanc","status":"publish","type":"page","link":"https:\/\/www.cablanc.com\/accueil\/se-ressourcer-a-cablanc\/","title":{"rendered":"Dormir"},"content":{"rendered":"<section  class=\"hcode-row-1 no-padding sm-no-padding xs-no-padding bg-image-srcset cover-background\" style=\"background-image: url(https:\/\/www.cablanc.com\/wp-content\/uploads\/2017\/05\/banniere-dormir.jpg);\" data-bg-srcset=\"https:\/\/www.cablanc.com\/wp-content\/uploads\/2017\/05\/banniere-dormir.jpg 2000w, https:\/\/www.cablanc.com\/wp-content\/uploads\/2017\/05\/banniere-dormir-300x58.jpg 300w, https:\/\/www.cablanc.com\/wp-content\/uploads\/2017\/05\/banniere-dormir-768x148.jpg 768w, https:\/\/www.cablanc.com\/wp-content\/uploads\/2017\/05\/banniere-dormir-1024x198.jpg 1024w\"><div class=\"wpb_column hcode-column-container no-padding sm-no-padding xs-no-padding no-margin sm-no-margin xs-no-margin vc_col-sm-12 col-xs-mobile-fullwidth\" data-front-class=\"no-padding sm-no-padding xs-no-padding no-margin sm-no-margin xs-no-margin col-xs-mobile-fullwidth\"><div class=\"vc-column-innner-wrapper\"><\/div><\/div><\/section><section  class=\"no-padding sm-no-padding xs-no-padding cover-background\"><div class=\"wpb_column hcode-column-container no-padding sm-no-padding xs-no-padding no-margin sm-no-margin xs-no-margin vc_col-sm-12 col-xs-mobile-fullwidth\" data-front-class=\"no-padding sm-no-padding xs-no-padding no-margin sm-no-margin xs-no-margin col-xs-mobile-fullwidth\"><div class=\"vc-column-innner-wrapper\">[vc_empty_space height=\"20px\" css=\".vc_custom_1493901719403{background-color: #a4ab5e !important;}\"]<\/div><\/div><\/section><section class=\"no-padding sm-no-padding xs-no-padding no-margin sm-no-margin xs-no-margin\"><div class=\"container\"><div class=\"row\"><div class=\"wpb_column hcode-column-container vc_col-sm-11 vc_col-xs-10\"><div class=\"vc-column-innner-wrapper\"><div class=\"trad\"><p><code><div id=\"flags\" class=\"size18\"><ul id=\"sortable\" class=\"ui-sortable\" style=\"float:left\"><li id=\"Dutch\"><a href=\"#\" title=\"Dutch\" class=\"nturl notranslate nl flag Dutch\"><\/a><\/li><li id=\"English\"><a href=\"#\" title=\"English\" class=\"nturl notranslate en flag English\"><\/a><\/li><li id=\"Spanish\"><a href=\"#\" title=\"Spanish\" class=\"nturl notranslate es flag Spanish\"><\/a><\/li><li id=\"French\"><a href=\"#\" title=\"French\" class=\"nturl notranslate fr flag French\"><\/a><\/li><\/ul><\/div><div id=\"google_language_translator\" class=\"default-language-fr\"><\/div><\/code><\/p>\n<\/div><\/div><\/div><div class=\"wpb_column hcode-column-container vc_col-sm-1 vc_col-xs-2\"><div class=\"vc-column-innner-wrapper\">[vc_empty_space height=\"8px\"]<img loading=\"lazy\" decoding=\"async\" width=\"16\" height=\"13\" src=\"https:\/\/www.cablanc.com\/wp-content\/uploads\/2017\/05\/600px-Gay_flag.jpg\" class=\"\" alt=\"drapeau gay friendly\" \/><\/div><\/div><\/div><\/div><\/section><section class=\" vc_custom_1741422235246 row-equal-height row-content-bottom hcode-row-2\"><div class=\"container\"><div class=\"row hcode-row-flex\"><div class=\"wpb_column hcode-column-container  vc_custom_1682663126587 text-center padding-three vc_col-sm-12 col-xs-mobile-fullwidth\" data-front-class=\" vc_custom_1682663126587 text-center padding-three col-xs-mobile-fullwidth\"><div class=\"vc-column-innner-wrapper\"><div class=\"white\"><p style=\"text-align: center;\"><strong>- ENTRACTE \u00c0 CABLANC -<\/strong><\/p>\n<p style=\"text-align: center;\"><b>Cette saison, Cablanc sera en pause, nous ne prenons pas de r\u00e9servation.<\/b><\/p>\n<\/div><\/div><\/div><\/div><\/div><\/section><section class=\"hcode-row-3\"><div class=\"container\"><div class=\"row\"><div class=\"wpb_column hcode-column-container vc_col-sm-12 col-xs-mobile-fullwidth\" data-front-class=\"col-xs-mobile-fullwidth\"><div class=\"vc-column-innner-wrapper\"><h1 class=\"sow-headline\" style=\"text-align: center;\"><span style=\"color: #847f45;\">Les Habitats Glamping<\/span><\/h1>\n[vc_empty_space]<div class=\"intro\"><p class=\"p1\" style=\"text-align: center;\"><span class=\"s1\">Bienvenue dans notre ferme bio d'une dizaine d'hectares de bois et de prairies avec les moutons,<br \/>\nles chevaux, les \u00e2nes, les poules, les canards\u2026<\/span><\/p>\n<\/div><\/div><\/div><\/div><\/div><\/section><section class=\"padding-three-top\"><div class=\"wpb_column hcode-column-container no-padding sm-no-padding xs-no-padding no-margin sm-no-margin xs-no-margin vc_col-sm-2 col-xs-mobile-fullwidth\" data-front-class=\"no-padding sm-no-padding xs-no-padding no-margin sm-no-margin xs-no-margin col-xs-mobile-fullwidth\"><div class=\"vc-column-innner-wrapper\"><\/div><\/div><div class=\"wpb_column hcode-column-container vc_col-sm-8 col-xs-mobile-fullwidth\" data-front-class=\"col-xs-mobile-fullwidth\"><div class=\"vc-column-innner-wrapper\">[vc_custom_heading text=\"D\u00e9couvrez les habitats glamping et authentiques de Cablanc\" font_container=\"tag:h2|font_size:30px|text_align:center|color:%23ffffff|line_height:80px\" use_theme_fonts=\"yes\" css=\".vc_custom_1674658161594{background-color: #847f45 !important;}\" el_class=\"whiteh2 bandeau-h2\"]<\/div><\/div><div class=\"wpb_column hcode-column-container vc_col-sm-2 col-xs-mobile-fullwidth\" data-front-class=\"col-xs-mobile-fullwidth\"><div class=\"vc-column-innner-wrapper\"><\/div><\/div><\/section><section class=\"hcode-row-4\"><div class=\"container\"><div class=\"row\"><div class=\"wpb_column hcode-column-container vc_col-sm-4 col-xs-mobile-fullwidth\" data-front-class=\"col-xs-mobile-fullwidth\"><div class=\"vc-column-innner-wrapper\"><div class=\"popular-destinations position-relative \" ><img loading=\"lazy\" decoding=\"async\" width=\"350\" height=\"350\" src=\"https:\/\/www.cablanc.com\/wp-content\/uploads\/2023\/01\/Cablanc-hebergements-insolites-tiny-house.jpg\" class=\"attachment-full size-full\" alt=\"\" srcset=\"https:\/\/www.cablanc.com\/wp-content\/uploads\/2023\/01\/Cablanc-hebergements-insolites-tiny-house.jpg 350w, https:\/\/www.cablanc.com\/wp-content\/uploads\/2023\/01\/Cablanc-hebergements-insolites-tiny-house-300x300.jpg 300w, https:\/\/www.cablanc.com\/wp-content\/uploads\/2023\/01\/Cablanc-hebergements-insolites-tiny-house-150x150.jpg 150w, https:\/\/www.cablanc.com\/wp-content\/uploads\/2023\/01\/Cablanc-hebergements-insolites-tiny-house-81x81.jpg 81w\" sizes=\"(max-width: 350px) 100vw, 350px\" \/><div class=\"popular-destinations-text\"><span class=\"destinations-name text-med text-uppercase font-weight-600 letter-spacing-3 display-block\" style=\"color:#847f45 !important\">la Tiny dans la prairie<\/span><span class=\"destinations-place text-uppercase font-weight-400 letter-spacing-3 display-block\">Mini g\u00eete \u00e9co-con\u00e7u<\/span><a class=\"highlight-button btn btn-small no-margin-right no-margin-bottom\" href=\"http:\/\/www.cablanc.com\/cablancnew\/se-ressourcer-a-cablanc\/\" target=\"_self\">D\u00e9couvrez !<\/a><\/div><div class=\"popular-destinations-highlight bg-white\"><div class=\"popular-destinations-highlight-sub\"><i class=\"icon-happy medium-icon\"><\/i><span class=\"display-block text-med font-weight-600 black-text text-uppercase letter-spacing-2\">7 NUITS (2P.)<\/span><\/div><div class=\"popular-destinations-highlight-sub\"><i class=\"icon-heart medium-icon\"><\/i><span class=\"display-block text-med font-weight-600 black-text text-uppercase letter-spacing-2\">Nuit (\u00e0 partir de 3 nuits hors haute saison)<\/span><\/div><div class=\"popular-destinations-highlight-sub\"><p class=\"no-margin-bottom\">Les vacances slow<\/p><a class=\"highlight-button-dark btn btn-small no-margin-right no-margin-bottom inner-link\" href=\"http:\/\/www.cablanc.com\/accueil\/se-ressourcer-a-cablanc\/#tiny-house\" target=\"_self\">D\u00e9tails<\/a><\/div><\/div><\/div><\/div><\/div><div class=\"wpb_column hcode-column-container vc_col-sm-4 col-xs-mobile-fullwidth\" data-front-class=\"col-xs-mobile-fullwidth\"><div class=\"vc-column-innner-wrapper\"><div class=\"popular-destinations position-relative \" ><img loading=\"lazy\" decoding=\"async\" width=\"350\" height=\"350\" src=\"https:\/\/www.cablanc.com\/wp-content\/uploads\/2021\/02\/Cablanc-gite-artichome.jpg\" class=\"attachment-full size-full\" alt=\"G\u00eete Artichome \u00e0 Cablanc\" srcset=\"https:\/\/www.cablanc.com\/wp-content\/uploads\/2021\/02\/Cablanc-gite-artichome.jpg 350w, https:\/\/www.cablanc.com\/wp-content\/uploads\/2021\/02\/Cablanc-gite-artichome-300x300.jpg 300w, https:\/\/www.cablanc.com\/wp-content\/uploads\/2021\/02\/Cablanc-gite-artichome-150x150.jpg 150w, https:\/\/www.cablanc.com\/wp-content\/uploads\/2021\/02\/Cablanc-gite-artichome-81x81.jpg 81w\" sizes=\"(max-width: 350px) 100vw, 350px\" \/><div class=\"popular-destinations-text\"><span class=\"destinations-name text-med text-uppercase font-weight-600 letter-spacing-3 display-block\" style=\"color:#847f45 !important\">L'Artichome<\/span><span class=\"destinations-place text-uppercase font-weight-400 letter-spacing-3 display-block\">Le confort cosy<\/span><a class=\"highlight-button btn btn-small no-margin-right no-margin-bottom\" href=\"http:\/\/www.cablanc.com\/cablancnew\/se-ressourcer-a-cablanc\/\" target=\"_self\">D\u00e9couvrez !<\/a><\/div><div class=\"popular-destinations-highlight bg-white\"><div class=\"popular-destinations-highlight-sub\"><i class=\"icon-happy medium-icon\"><\/i><span class=\"display-block text-med font-weight-600 black-text text-uppercase letter-spacing-2\">7 NUITS (2\/4P.)<\/span><\/div><div class=\"popular-destinations-highlight-sub\"><i class=\"icon-heart medium-icon\"><\/i><span class=\"display-block text-med font-weight-600 black-text text-uppercase letter-spacing-2\">Nuit (\u00e0 partir de 3 nuits hors haute saison)<\/span><\/div><div class=\"popular-destinations-highlight-sub\"><p class=\"no-margin-bottom\">Vivez l'experience cocon !<\/p><a class=\"highlight-button-dark btn btn-small no-margin-right no-margin-bottom inner-link\" href=\"http:\/\/www.cablanc.com\/accueil\/se-ressourcer-a-cablanc\/#bergerie\" target=\"_self\">D\u00e9tails<\/a><\/div><\/div><\/div><\/div><\/div><div class=\"wpb_column hcode-column-container vc_col-sm-4 col-xs-mobile-fullwidth\" data-front-class=\"col-xs-mobile-fullwidth\"><div class=\"vc-column-innner-wrapper\"><div class=\"popular-destinations position-relative \" ><img loading=\"lazy\" decoding=\"async\" width=\"350\" height=\"350\" src=\"https:\/\/www.cablanc.com\/wp-content\/uploads\/2018\/12\/home-cabana-2.jpg\" class=\"attachment-full size-full\" alt=\"Photo de la terrasse de la Cabana avec ses lavandes\" srcset=\"https:\/\/www.cablanc.com\/wp-content\/uploads\/2018\/12\/home-cabana-2.jpg 350w, https:\/\/www.cablanc.com\/wp-content\/uploads\/2018\/12\/home-cabana-2-150x150.jpg 150w, https:\/\/www.cablanc.com\/wp-content\/uploads\/2018\/12\/home-cabana-2-300x300.jpg 300w\" sizes=\"(max-width: 350px) 100vw, 350px\" \/><div class=\"popular-destinations-text\"><span class=\"destinations-name text-med text-uppercase font-weight-600 letter-spacing-3 display-block\" style=\"color:#847f45 !important\">La Cabana<\/span><span class=\"destinations-place text-uppercase font-weight-400 letter-spacing-3 display-block\">Le s\u00e9jour authentique<\/span><a class=\"highlight-button btn btn-small no-margin-right no-margin-bottom\" href=\"http:\/\/www.cablanc.com\/cablancnew\/se-ressourcer-a-cablanc\/\" target=\"_self\">D\u00e9couvrez !<\/a><\/div><div class=\"popular-destinations-highlight bg-white\"><div class=\"popular-destinations-highlight-sub\"><i class=\"icon-happy medium-icon\"><\/i><span class=\"display-block text-med font-weight-600 black-text text-uppercase letter-spacing-2\">7 nuits (2\/4p.)<\/span><\/div><div class=\"popular-destinations-highlight-sub\"><i class=\"icon-heart medium-icon\"><\/i><span class=\"display-block text-med font-weight-600 black-text text-uppercase letter-spacing-2\">Nuit duo (hors haute saison)<\/span><\/div><div class=\"popular-destinations-highlight-sub\"><p class=\"no-margin-bottom\">Vivez l'aventure Bien-\u00eatre<\/p><a class=\"highlight-button-dark btn btn-small no-margin-right no-margin-bottom inner-link\" href=\"http:\/\/www.cablanc.com\/accueil\/se-ressourcer-a-cablanc\/#cabana\" target=\"_self\">d\u00e9tails<\/a><\/div><\/div><\/div><\/div><\/div><\/div><\/div><\/section><section class=\"hcode-row-5\"><div class=\"container\"><div class=\"row\"><div class=\"wpb_column hcode-column-container vc_col-sm-4 col-xs-mobile-fullwidth\" data-front-class=\"col-xs-mobile-fullwidth\"><div class=\"vc-column-innner-wrapper\"><div class=\"popular-destinations position-relative \" ><img loading=\"lazy\" decoding=\"async\" width=\"350\" height=\"350\" src=\"https:\/\/www.cablanc.com\/wp-content\/uploads\/2021\/07\/Cablanc-caravane-lili.jpg\" class=\"attachment-full size-full\" alt=\"\" srcset=\"https:\/\/www.cablanc.com\/wp-content\/uploads\/2021\/07\/Cablanc-caravane-lili.jpg 350w, https:\/\/www.cablanc.com\/wp-content\/uploads\/2021\/07\/Cablanc-caravane-lili-300x300.jpg 300w, https:\/\/www.cablanc.com\/wp-content\/uploads\/2021\/07\/Cablanc-caravane-lili-150x150.jpg 150w, https:\/\/www.cablanc.com\/wp-content\/uploads\/2021\/07\/Cablanc-caravane-lili-81x81.jpg 81w\" sizes=\"(max-width: 350px) 100vw, 350px\" \/><div class=\"popular-destinations-text\"><span class=\"destinations-name text-med text-uppercase font-weight-600 letter-spacing-3 display-block\" style=\"color:#847f45 !important\">Lili la Caravane<\/span><span class=\"destinations-place text-uppercase font-weight-400 letter-spacing-3 display-block\">L'exp\u00e9rience vintage<\/span><a class=\"highlight-button btn btn-small no-margin-right no-margin-bottom\" href=\"http:\/\/www.cablanc.com\/cablancnew\/se-ressourcer-a-cablanc\/\" target=\"_self\">D\u00e9couvrez !<\/a><\/div><div class=\"popular-destinations-highlight bg-white\"><div class=\"popular-destinations-highlight-sub\"><i class=\"icon-happy medium-icon\"><\/i><span class=\"display-block text-med font-weight-600 black-text text-uppercase letter-spacing-2\">7 nuits (2p.)<\/span><\/div><div class=\"popular-destinations-highlight-sub\"><i class=\"icon-heart medium-icon\"><\/i><span class=\"display-block text-med font-weight-600 black-text text-uppercase letter-spacing-2\">Nuit duo<\/span><\/div><div class=\"popular-destinations-highlight-sub\"><p class=\"no-margin-bottom\">Vivez Heureux !<\/p><a class=\"highlight-button-dark btn btn-small no-margin-right no-margin-bottom inner-link\" href=\"http:\/\/www.cablanc.com\/accueil\/se-ressourcer-a-cablanc\/#caravane\" target=\"_self\">D\u00e9tails<\/a><\/div><\/div><\/div><\/div><\/div><div class=\"wpb_column hcode-column-container vc_col-sm-4 col-xs-mobile-fullwidth\" data-front-class=\"col-xs-mobile-fullwidth\"><div class=\"vc-column-innner-wrapper\"><div class=\"popular-destinations position-relative \" ><img loading=\"lazy\" decoding=\"async\" width=\"350\" height=\"350\" src=\"https:\/\/www.cablanc.com\/wp-content\/uploads\/2023\/01\/Cablanc-hebergements-kerterre-interieur.jpg\" class=\"attachment-full size-full\" alt=\"\" srcset=\"https:\/\/www.cablanc.com\/wp-content\/uploads\/2023\/01\/Cablanc-hebergements-kerterre-interieur.jpg 350w, https:\/\/www.cablanc.com\/wp-content\/uploads\/2023\/01\/Cablanc-hebergements-kerterre-interieur-300x300.jpg 300w, https:\/\/www.cablanc.com\/wp-content\/uploads\/2023\/01\/Cablanc-hebergements-kerterre-interieur-150x150.jpg 150w, https:\/\/www.cablanc.com\/wp-content\/uploads\/2023\/01\/Cablanc-hebergements-kerterre-interieur-81x81.jpg 81w\" sizes=\"(max-width: 350px) 100vw, 350px\" \/><div class=\"popular-destinations-text\"><span class=\"destinations-name text-med text-uppercase font-weight-600 letter-spacing-3 display-block\" style=\"color:#847f45 !important\">La Kerterre<\/span><span class=\"destinations-place text-uppercase font-weight-400 letter-spacing-3 display-block\">Une exp\u00e9rience unique<\/span><a class=\"highlight-button btn btn-small no-margin-right no-margin-bottom\" href=\"http:\/\/www.cablanc.com\/cablancnew\/se-ressourcer-a-cablanc\/\" target=\"_self\">D\u00e9couvrez !<\/a><\/div><div class=\"popular-destinations-highlight bg-white\"><div class=\"popular-destinations-highlight-sub\"><i class=\"icon-happy medium-icon\"><\/i><span class=\"display-block text-med font-weight-600 black-text text-uppercase letter-spacing-2\">7 nuits<\/span><\/div><div class=\"popular-destinations-highlight-sub\"><i class=\"icon-heart medium-icon\"><\/i><span class=\"display-block text-med font-weight-600 black-text text-uppercase letter-spacing-2\">Nuit duo<\/span><\/div><div class=\"popular-destinations-highlight-sub\"><p class=\"no-margin-bottom\">Vivez Heureux !<\/p><a class=\"highlight-button-dark btn btn-small no-margin-right no-margin-bottom inner-link\" href=\"http:\/\/www.cablanc.com\/accueil\/se-ressourcer-a-cablanc\/#kerterre\" target=\"_self\">D\u00e9tails<\/a><\/div><\/div><\/div><\/div><\/div><div class=\"wpb_column hcode-column-container vc_col-sm-4 col-xs-mobile-fullwidth\" data-front-class=\"col-xs-mobile-fullwidth\"><div class=\"vc-column-innner-wrapper\"><div class=\"popular-destinations position-relative \" ><img loading=\"lazy\" decoding=\"async\" width=\"350\" height=\"350\" src=\"https:\/\/www.cablanc.com\/wp-content\/uploads\/2018\/12\/home-camping.jpg\" class=\"attachment-full size-full\" alt=\"Photo du camping de Cablanc sous les arbres du verger\" srcset=\"https:\/\/www.cablanc.com\/wp-content\/uploads\/2018\/12\/home-camping.jpg 350w, https:\/\/www.cablanc.com\/wp-content\/uploads\/2018\/12\/home-camping-150x150.jpg 150w, https:\/\/www.cablanc.com\/wp-content\/uploads\/2018\/12\/home-camping-300x300.jpg 300w\" sizes=\"(max-width: 350px) 100vw, 350px\" \/><div class=\"popular-destinations-text\"><span class=\"destinations-name text-med text-uppercase font-weight-600 letter-spacing-3 display-block\" style=\"color:#847f45 !important\">Le camping<\/span><span class=\"destinations-place text-uppercase font-weight-400 letter-spacing-3 display-block\">Au frais au coeur du verger<\/span><a class=\"highlight-button btn btn-small no-margin-right no-margin-bottom\" href=\"http:\/\/www.cablanc.com\/cablancnew\/se-restaurer-a-cablanc\/\" target=\"_self\">D\u00e9couvrez !<\/a><\/div><div class=\"popular-destinations-highlight bg-white\"><div class=\"popular-destinations-highlight-sub\"><i class=\"icon-happy medium-icon\"><\/i><span class=\"display-block text-med font-weight-600 black-text text-uppercase letter-spacing-2\">7 nuits (2p)<\/span><\/div><div class=\"popular-destinations-highlight-sub\"><i class=\"icon-heart medium-icon\"><\/i><span class=\"display-block text-med font-weight-600 black-text text-uppercase letter-spacing-2\">Nuit duo<\/span><\/div><div class=\"popular-destinations-highlight-sub\"><p class=\"no-margin-bottom\">Vivez un retour aux sources !<\/p><a class=\"highlight-button-dark btn btn-small no-margin-right no-margin-bottom inner-link\" href=\"http:\/\/www.cablanc.com\/accueil\/se-ressourcer-a-cablanc\/#camping\" target=\"_self\">D\u00e9tails<\/a><\/div><\/div><\/div><\/div><\/div><\/div><\/div><\/section><section class=\"hcode-row-6\"><div class=\"container\"><div class=\"row\"><div class=\"wpb_column hcode-column-container vc_col-sm-4 vc_hidden-lg vc_hidden-md vc_hidden-sm vc_hidden-xs col-xs-mobile-fullwidth\" data-front-class=\"col-xs-mobile-fullwidth\"><div class=\"vc-column-innner-wrapper\"><div class=\"popular-destinations position-relative \" ><img loading=\"lazy\" decoding=\"async\" width=\"350\" height=\"350\" src=\"https:\/\/www.cablanc.com\/wp-content\/uploads\/2023\/01\/Cablanc-hebergement-insolite-tentes.jpg\" class=\"attachment-full size-full\" alt=\"\" srcset=\"https:\/\/www.cablanc.com\/wp-content\/uploads\/2023\/01\/Cablanc-hebergement-insolite-tentes.jpg 350w, https:\/\/www.cablanc.com\/wp-content\/uploads\/2023\/01\/Cablanc-hebergement-insolite-tentes-300x300.jpg 300w, https:\/\/www.cablanc.com\/wp-content\/uploads\/2023\/01\/Cablanc-hebergement-insolite-tentes-150x150.jpg 150w, https:\/\/www.cablanc.com\/wp-content\/uploads\/2023\/01\/Cablanc-hebergement-insolite-tentes-81x81.jpg 81w\" sizes=\"(max-width: 350px) 100vw, 350px\" \/><div class=\"popular-destinations-text\"><span class=\"destinations-name text-med text-uppercase font-weight-600 letter-spacing-3 display-block\" style=\"color:#847f45 !important\">Les Belles Tentes<\/span><span class=\"destinations-place text-uppercase font-weight-400 letter-spacing-3 display-block\">L'exp\u00e9rience glamping<\/span><a class=\"highlight-button btn btn-small no-margin-right no-margin-bottom\" href=\"http:\/\/www.cablanc.com\/cablancnew\/se-ressourcer-a-cablanc\/\" target=\"_self\">D\u00e9couvrez !<\/a><\/div><div class=\"popular-destinations-highlight bg-white\"><div class=\"popular-destinations-highlight-sub\"><i class=\"icon-happy medium-icon\"><\/i><span class=\"display-block text-med font-weight-600 black-text text-uppercase letter-spacing-2\">7 nuits (2\/4p.)<\/span><span class=\"text-uppercase font-weight-400 letter-spacing-2 black-text\">\u00e0 partir de 600\u20ac<\/span><\/div><div class=\"popular-destinations-highlight-sub\"><i class=\"icon-heart medium-icon\"><\/i><span class=\"display-block text-med font-weight-600 black-text text-uppercase letter-spacing-2\">Nuit duo (hors haute saison)<\/span><span class=\"text-uppercase font-weight-400 letter-spacing-2 black-text\">A partir de 80,00\u20ac<\/span><\/div><div class=\"popular-destinations-highlight-sub\"><p class=\"no-margin-bottom\">Vivez l'exp\u00e9rience glamping !<\/p><a class=\"highlight-button-dark btn btn-small no-margin-right no-margin-bottom inner-link\" href=\"http:\/\/www.cablanc.com\/cablancnew\/se-ressourcer-a-cablanc\/#tentes\" target=\"_self\">D\u00e9tails<\/a><\/div><\/div><\/div><\/div><\/div><div class=\"wpb_column hcode-column-container vc_col-sm-4 vc_col-lg-offset-2 vc_col-md-offset-2 vc_col-sm-offset-2 col-xs-mobile-fullwidth\" data-front-class=\"col-xs-mobile-fullwidth\"><div class=\"vc-column-innner-wrapper\"><div class=\"popular-destinations position-relative \" ><img loading=\"lazy\" decoding=\"async\" width=\"350\" height=\"350\" src=\"https:\/\/www.cablanc.com\/wp-content\/uploads\/2021\/07\/Cablanc-ecolieu-yourte-ecoresponsable.jpg\" class=\"attachment-full size-full\" alt=\"\" srcset=\"https:\/\/www.cablanc.com\/wp-content\/uploads\/2021\/07\/Cablanc-ecolieu-yourte-ecoresponsable.jpg 350w, https:\/\/www.cablanc.com\/wp-content\/uploads\/2021\/07\/Cablanc-ecolieu-yourte-ecoresponsable-300x300.jpg 300w, https:\/\/www.cablanc.com\/wp-content\/uploads\/2021\/07\/Cablanc-ecolieu-yourte-ecoresponsable-150x150.jpg 150w, https:\/\/www.cablanc.com\/wp-content\/uploads\/2021\/07\/Cablanc-ecolieu-yourte-ecoresponsable-81x81.jpg 81w\" sizes=\"(max-width: 350px) 100vw, 350px\" \/><div class=\"popular-destinations-text\"><span class=\"destinations-name text-med text-uppercase font-weight-600 letter-spacing-3 display-block\" style=\"color:#847f45 !important\">La yourte Nature<\/span><span class=\"destinations-place text-uppercase font-weight-400 letter-spacing-3 display-block\">Escapade au verger<\/span><a class=\"highlight-button btn btn-small no-margin-right no-margin-bottom\" href=\"http:\/\/www.cablanc.com\/cablancnew\/se-ressourcer-a-cablanc\/\" target=\"_self\">D\u00e9couvrez !<\/a><\/div><div class=\"popular-destinations-highlight bg-white\"><div class=\"popular-destinations-highlight-sub\"><i class=\"icon-happy medium-icon\"><\/i><span class=\"display-block text-med font-weight-600 black-text text-uppercase letter-spacing-2\">7 NUITS (2\/4P.)<\/span><\/div><div class=\"popular-destinations-highlight-sub\"><i class=\"icon-heart medium-icon\"><\/i><span class=\"display-block text-med font-weight-600 black-text text-uppercase letter-spacing-2\">Nuit (\u00e0 partir de 3 nuits hors haute saison)<\/span><\/div><div class=\"popular-destinations-highlight-sub\"><p class=\"no-margin-bottom\">Vivez les grand espaces !<\/p><a class=\"highlight-button-dark btn btn-small no-margin-right no-margin-bottom inner-link\" href=\"http:\/\/www.cablanc.com\/accueil\/se-ressourcer-a-cablanc\/#yourte\" target=\"_self\">D\u00e9tails<\/a><\/div><\/div><\/div><\/div><\/div><div class=\"wpb_column hcode-column-container vc_col-sm-4 col-xs-mobile-fullwidth\" data-front-class=\"col-xs-mobile-fullwidth\"><div class=\"vc-column-innner-wrapper\"><div class=\"popular-destinations position-relative \" ><img loading=\"lazy\" decoding=\"async\" width=\"350\" height=\"350\" src=\"https:\/\/www.cablanc.com\/wp-content\/uploads\/2017\/05\/dormir-van.jpg\" class=\"attachment-full size-full\" alt=\"Photo de l&#039;arri\u00e8re du Van de l&#039;\u00e9colieu de Cablanc\" srcset=\"https:\/\/www.cablanc.com\/wp-content\/uploads\/2017\/05\/dormir-van.jpg 350w, https:\/\/www.cablanc.com\/wp-content\/uploads\/2017\/05\/dormir-van-150x150.jpg 150w, https:\/\/www.cablanc.com\/wp-content\/uploads\/2017\/05\/dormir-van-300x300.jpg 300w\" sizes=\"(max-width: 350px) 100vw, 350px\" \/><div class=\"popular-destinations-text\"><span class=\"destinations-name text-med text-uppercase font-weight-600 letter-spacing-3 display-block\" style=\"color:#847f45 !important\">Le Van<\/span><span class=\"destinations-place text-uppercase font-weight-400 letter-spacing-3 display-block\">Votre s\u00e9jour peace and love<\/span><a class=\"highlight-button btn btn-small no-margin-right no-margin-bottom\" href=\"http:\/\/www.cablanc.com\/cablancnew\/se-ressourcer-a-cablanc\/\" target=\"_self\">D\u00e9couvrez !<\/a><\/div><div class=\"popular-destinations-highlight bg-white\"><div class=\"popular-destinations-highlight-sub\"><i class=\"icon-happy medium-icon\"><\/i><span class=\"display-block text-med font-weight-600 black-text text-uppercase letter-spacing-2\">7 nuits (2p.)<\/span><\/div><div class=\"popular-destinations-highlight-sub\"><i class=\"icon-heart medium-icon\"><\/i><span class=\"display-block text-med font-weight-600 black-text text-uppercase letter-spacing-2\">Nuit duo<\/span><\/div><div class=\"popular-destinations-highlight-sub\"><p class=\"no-margin-bottom\">Vivez d'amour et d'eau fra\u00eeche !<\/p><a class=\"highlight-button-dark btn btn-small no-margin-right no-margin-bottom inner-link\" href=\"http:\/\/www.cablanc.com\/accueil\/se-ressourcer-a-cablanc\/#van\" target=\"_self\">D\u00e9tails<\/a><\/div><\/div><\/div><\/div><\/div><\/div><\/div><\/section><section id=\"tiny-house\" class=\"padding-five-top\"><div class=\"wpb_column hcode-column-container no-padding sm-no-padding xs-no-padding no-margin sm-no-margin xs-no-margin vc_col-sm-12 col-xs-mobile-fullwidth\" data-front-class=\"no-padding sm-no-padding xs-no-padding no-margin sm-no-margin xs-no-margin col-xs-mobile-fullwidth\"><div class=\"vc-column-innner-wrapper\">[vc_custom_heading text=\"La Tiny dans la prairie, vacances tranquilles et slow coworking\" font_container=\"tag:h2|font_size:30px|text_align:center|color:%23ffffff|line_height:80px\" use_theme_fonts=\"yes\" css=\".vc_custom_1674658170588{background-color: #847f45 !important;}\" el_class=\"whiteh2\"]<\/div><\/div><\/section><section class=\"row-equal-height row-content-middle hcode-row-7\"><div class=\"container\"><div class=\"row hcode-row-flex\"><div class=\"wpb_column hcode-column-container vc_col-sm-6 col-xs-mobile-fullwidth\" data-front-class=\"col-xs-mobile-fullwidth\"><div class=\"vc-column-innner-wrapper\">[vc_gallery type=\"flexslider_slide\" interval=\"3\" images=\"1811,1810,1809,1881,1882,613\" img_size=\"full\"]<\/div><\/div><div class=\"wpb_column hcode-column-container vc_col-sm-6 col-xs-mobile-fullwidth\" data-front-class=\"col-xs-mobile-fullwidth\"><div class=\"vc-column-innner-wrapper\"><p style=\"text-align: left;\"><strong>Vivez l'exp\u00e9rience slow life dans notre Tiny !<\/strong><\/p>\n<p class=\"p1\"><span class=\"s1\">Venez passer vos vacances dans une mini maison au coeur de la prairie, un coup de coeur assur\u00e9 pour vivre une grande aventure \u00e9co-responsable. <\/span><\/p>\n<p class=\"p1\"><span class=\"s1\">La Tiny est un logement autonome, chaleureux et confortable, id\u00e9al pour go\u00fbter aux joies de Cablanc <\/span><span class=\"s1\">dans un espace con\u00e7u pour consommer moins et vivre mieux !\u00a0<\/span><\/p>\n<p class=\"p1\"><span class=\"s1\">La Tiny, c'est aussi un environnement privil\u00e9gi\u00e9 pour t\u00e9l\u00e9travailler toute l'ann\u00e9e.<\/span><\/p>\n<\/div><\/div><\/div><\/div><\/section><section id=\"bergerie\" class=\"padding-five-top\"><div class=\"wpb_column hcode-column-container no-padding sm-no-padding xs-no-padding no-margin sm-no-margin xs-no-margin vc_col-sm-12 col-xs-mobile-fullwidth\" data-front-class=\"no-padding sm-no-padding xs-no-padding no-margin sm-no-margin xs-no-margin col-xs-mobile-fullwidth\"><div class=\"vc-column-innner-wrapper\">[vc_custom_heading text=\"Le confort cosy de l'Artichome\" font_container=\"tag:h2|font_size:30px|text_align:center|color:%23ffffff|line_height:80px\" use_theme_fonts=\"yes\" css=\".vc_custom_1674463760046{background-color: #847f45 !important;}\" el_class=\"whiteh2\"]<\/div><\/div><\/section><section class=\"row-equal-height row-content-middle hcode-row-8\"><div class=\"container\"><div class=\"row hcode-row-flex\"><div class=\"wpb_column hcode-column-container vc_col-sm-6 col-xs-mobile-fullwidth\" data-front-class=\"col-xs-mobile-fullwidth\"><div class=\"vc-column-innner-wrapper\">[vc_gallery type=\"flexslider_slide\" interval=\"3\" images=\"1273,1174,1170,1173,1172,1171,1169,1179,1180\" img_size=\"full\"]<\/div><\/div><div class=\"wpb_column hcode-column-container vc_col-sm-6 col-xs-mobile-fullwidth\" data-front-class=\"col-xs-mobile-fullwidth\"><div class=\"vc-column-innner-wrapper\"><p>Voici l'Artichome, un petit g\u00eete tout confort situ\u00e9 dans le verger au coeur de l'\u00e9colieu. Pos\u00e9 entre le potager et l'enclos des moutons d'Ouessant, il est id\u00e9al pour une famille de 4 personnes : 2 adultes et 2 enfants.<\/p>\n<p>Retrouvez dans ce g\u00eete tout le plaisir de la d\u00e9tente avec un espace cuisine, une petite salle de bain, un espace s\u00e9jour et une jolie terrasse privative en bois. Parents et enfants, vous dormirez dans deux chambres s\u00e9par\u00e9es.<\/p>\n<\/div><\/div><\/div><\/div><\/section><section id=\"cabana\" class=\"padding-five-top\"><div class=\"wpb_column hcode-column-container no-padding sm-no-padding xs-no-padding no-margin sm-no-margin xs-no-margin vc_col-sm-12 col-xs-mobile-fullwidth\" data-front-class=\"no-padding sm-no-padding xs-no-padding no-margin sm-no-margin xs-no-margin col-xs-mobile-fullwidth\"><div class=\"vc-column-innner-wrapper\">[vc_custom_heading text=\"La Cabana pour un s\u00e9jour authentique !\" font_container=\"tag:h2|font_size:30px|text_align:center|color:%23ffffff|line_height:80px\" use_theme_fonts=\"yes\" css=\".vc_custom_1674463737676{background-color: #847f45 !important;}\" el_class=\"whiteh2\"]<\/div><\/div><\/section><section class=\"row-equal-height row-content-middle hcode-row-9\"><div class=\"container\"><div class=\"row hcode-row-flex\"><div class=\"wpb_column hcode-column-container vc_col-sm-6 col-xs-mobile-fullwidth\" data-front-class=\"col-xs-mobile-fullwidth\"><div class=\"vc-column-innner-wrapper\"><p>La Cabana peut accueillir 2 \u00e0 4 personnes: elle est pourvue de 2 petites chambres : l\u2019une avec un lit en 140 et l\u2019autre avec 2 petits couchages superpos\u00e9s (id\u00e9al pour 2 petits enfants &lt; 10ans).<\/p>\n<p>Elle est \u00e9quip\u00e9e d\u2019une petite salle de bain (lavabo, douche + wc sec), d\u2019une petite cuisine (\u00e9vier, plaques de gaz, frigo, vaisselle\u2026), d\u2019un petit salon, d\u2019un jardin et d\u2019une terrasse privative avec un salon de jardin et des chaises longues.<\/p>\n<p>Situ\u00e9e au c\u0153ur de l\u2019\u00e9colieu, vous pourrez profiter des joies de la ferme, du Salon de th\u00e9 et de la piscine et d\u2019une belle vue sans vis-\u00e0-vis pour vous ressourcer.<\/p>\n<\/div><\/div><div class=\"wpb_column hcode-column-container vc_col-sm-6 col-xs-mobile-fullwidth\" data-front-class=\"col-xs-mobile-fullwidth\"><div class=\"vc-column-innner-wrapper\">[vc_gallery type=\"flexslider_slide\" interval=\"3\" images=\"990,258,259,261,991\" img_size=\"full\"]<\/div><\/div><\/div><\/div><\/section><section id=\"yourte\" class=\"padding-five-top\"><div class=\"wpb_column hcode-column-container no-padding sm-no-padding xs-no-padding no-margin sm-no-margin xs-no-margin vc_col-sm-12 col-xs-mobile-fullwidth\" data-front-class=\"no-padding sm-no-padding xs-no-padding no-margin sm-no-margin xs-no-margin col-xs-mobile-fullwidth\"><div class=\"vc-column-innner-wrapper\">[vc_custom_heading text=\"La yourte nature, l'exp\u00e9rience nomade, en vacances ou en coworking !\" font_container=\"tag:h2|font_size:30px|text_align:center|color:%23ffffff|line_height:80px\" use_theme_fonts=\"yes\" css=\".vc_custom_1674658179687{background-color: #847f45 !important;}\" el_class=\"whiteh2\"]<\/div><\/div><\/section><section class=\"row-equal-height row-content-middle hcode-row-10\"><div class=\"container\"><div class=\"row hcode-row-flex\"><div class=\"wpb_column hcode-column-container vc_col-sm-6 col-xs-mobile-fullwidth\" data-front-class=\"col-xs-mobile-fullwidth\"><div class=\"vc-column-innner-wrapper\">[vc_gallery type=\"flexslider_slide\" interval=\"3\" images=\"1407,1406,1408,1409,614,613\" img_size=\"full\"]<\/div><\/div><div class=\"wpb_column hcode-column-container vc_col-sm-6 col-xs-mobile-fullwidth\" data-front-class=\"col-xs-mobile-fullwidth\"><div class=\"vc-column-innner-wrapper\"><p style=\"text-align: left;\"><strong>Venez d\u00e9couvrir notre yourte au coeur de l'\u00e9colieu.<\/strong><\/p>\n<p style=\"text-align: left;\">Laissez vous charmer par notre grande yourte contemporaine avec vue sur le verger, le potager et les \u00e9toiles. Un grand espace cosy et agr\u00e9able pour vivre une exp\u00e9rience unique le temps de vos vacances.<\/p>\n<p style=\"text-align: left;\">Dormir dans une Yourte est une exp\u00e9rience nature, alliant confort et atypisme. De bons lits confortables, un bureau, l'\u00e9lectricit\u00e9, une connexion internet si besoin... Votre salle de bain privative et la cuisine d'\u00e9t\u00e9 sont \u00e0 20 m\u00e8tres.<\/p>\n<p style=\"text-align: left;\">D\u00e9couvrez la Yourte autrement avec un espace de coworking pour se ressourcer et travailler au vert toute l'ann\u00e9e.<\/p>\n<\/div><\/div><\/div><\/div><\/section><section id=\"tentes\" class=\"padding-five-top\"><div class=\"wpb_column hcode-column-container no-padding sm-no-padding xs-no-padding no-margin sm-no-margin xs-no-margin vc_col-sm-12 col-xs-mobile-fullwidth\" data-front-class=\"no-padding sm-no-padding xs-no-padding no-margin sm-no-margin xs-no-margin col-xs-mobile-fullwidth\"><div class=\"vc-column-innner-wrapper\">[vc_custom_heading text=\"Les tentes : l'exp\u00e9rience glamping !\" font_container=\"tag:h2|font_size:30px|text_align:center|color:%23ffffff|line_height:80px\" use_theme_fonts=\"yes\" css=\".vc_custom_1674463726075{background-color: #847f45 !important;}\" el_class=\"whiteh2\"]<\/div><\/div><\/section><section class=\"row-equal-height row-content-middle hcode-row-11\"><div class=\"container\"><div class=\"row hcode-row-flex\"><div class=\"wpb_column hcode-column-container vc_col-sm-6 col-xs-mobile-fullwidth\" data-front-class=\"col-xs-mobile-fullwidth\"><div class=\"vc-column-innner-wrapper\">[vc_gallery type=\"flexslider_slide\" interval=\"3\" images=\"616,618,617,613,614\" img_size=\"full\"]<\/div><\/div><div class=\"wpb_column hcode-column-container vc_col-sm-6 col-xs-mobile-fullwidth\" data-front-class=\"col-xs-mobile-fullwidth\"><div class=\"vc-column-innner-wrapper\"><p style=\"text-align: left;\">Toutes nos tentes sont 100% en toile de coton, belles et confortables, pour vivre passionn\u00e9ment une vraie \u201cexp\u00e9rience glamping\u201d*!<\/p>\n<p style=\"text-align: left;\">Les tentes mesurent 5 m de diam\u00e8tre (soit 20 m\u00b2 de surface abrit\u00e9e).Nous avons aussi des petites tentes de 3m.<\/p>\n<p style=\"text-align: left;\">Dormir dans une belle Tente est une exp\u00e9rience nature, alliant confort et atypisme. Vous avez un vrai lit confortable, et un convertible\/futon pour vos enfants. Votre salle de Bain et la cuisine d\u2019\u00e9t\u00e9 sont \u00e0 100m environ. Une autre fa\u00e7on de vivre le camping !<\/p>\n<p style=\"text-align: left;\">Id\u00e9al pour des vacances en famille, pour des couples romantiques ou des groupes d\u2019amis !<\/p>\n<p style=\"text-align: left; font-size: 16px;\">*Glamping = camping glamour<\/p>\n<\/div><\/div><\/div><\/div><\/section><section id=\"van\" class=\"padding-five-top\"><div class=\"wpb_column hcode-column-container no-padding sm-no-padding xs-no-padding no-margin sm-no-margin xs-no-margin vc_col-sm-12 col-xs-mobile-fullwidth\" data-front-class=\"no-padding sm-no-padding xs-no-padding no-margin sm-no-margin xs-no-margin col-xs-mobile-fullwidth\"><div class=\"vc-column-innner-wrapper\">[vc_custom_heading text=\"Le Van ``peace and love`` !\" font_container=\"tag:h2|font_size:30px|text_align:center|color:%23ffffff|line_height:80px\" use_theme_fonts=\"yes\" css=\".vc_custom_1702717093194{background-color: #847f45 !important;}\" el_class=\"whiteh2\"]<\/div><\/div><\/section><section class=\"row-equal-height row-content-middle hcode-row-12\"><div class=\"container\"><div class=\"row hcode-row-flex\"><div class=\"wpb_column hcode-column-container vc_col-sm-6 col-xs-mobile-fullwidth\" data-front-class=\"col-xs-mobile-fullwidth\"><div class=\"vc-column-innner-wrapper\">[vc_gallery type=\"flexslider_slide\" interval=\"3\" images=\"1009,277,280,582,614\" img_size=\"full\"]<\/div><\/div><div class=\"wpb_column hcode-column-container vc_col-sm-6 col-xs-mobile-fullwidth\" data-front-class=\"col-xs-mobile-fullwidth\"><div class=\"vc-column-innner-wrapper\"><p>D\u00e9couvrez notre Van pour des moments \"Peace &amp; Love\u201d !<\/p>\n<p>Dans un endroit tranquille \u00e0 l\u2019ombre des ch\u00eanes, se love un petit Van authentique. Votre salle de bain et la cuisine \u00e9quip\u00e9e sont \u00e0 moins de 100m. Durant votre s\u00e9jour, vous pourrez profiter des joies de la ferme, du Salon de th\u00e9 et de la piscine, et d\u2019un petit coin de belle nature pour vous ressourcer.<\/p>\n<p>L'endroit r\u00eav\u00e9 pour se poser en solo ou pour un s\u00e9jour en amoureux !<!-- notionvc: 9ff4aec9-7446-40c1-9d80-0c373fade83f --><\/p>\n<\/div><\/div><\/div><\/div><\/section><section id=\"kerterre\" class=\"padding-five-top\"><div class=\"wpb_column hcode-column-container no-padding sm-no-padding xs-no-padding no-margin sm-no-margin xs-no-margin vc_col-sm-12 col-xs-mobile-fullwidth\" data-front-class=\"no-padding sm-no-padding xs-no-padding no-margin sm-no-margin xs-no-margin col-xs-mobile-fullwidth\"><div class=\"vc-column-innner-wrapper\">[vc_custom_heading text=\"La Kerterre insolite !\" font_container=\"tag:h2|font_size:30px|text_align:center|color:%23ffffff|line_height:80px\" use_theme_fonts=\"yes\" css=\".vc_custom_1674463751793{background-color: #847f45 !important;}\" el_class=\"whiteh2\"]<\/div><\/div><\/section><section class=\"row-equal-height row-content-middle hcode-row-13\"><div class=\"container\"><div class=\"row hcode-row-flex\"><div class=\"wpb_column hcode-column-container vc_col-sm-6 col-xs-mobile-fullwidth\" data-front-class=\"col-xs-mobile-fullwidth\"><div class=\"vc-column-innner-wrapper\"><p>Vous voulez passer une nuit diff\u00e9rente, dans un h\u00e9bergement compl\u00e8tement atypique, au plus pr\u00e8s de la nature? Alors choisissez la Kerterre, un habitat rond, et po\u00e9tique, qui ressemble \u00e0 une petite maison de hobbit.<\/p>\n<p>Notre Kerterre est unique, sculpt\u00e9e \u00e0 la main \u00e0 partir d\u2019un m\u00e9lange de chanvre et de chaux. Tout est naturel \u00e0 l\u2019int\u00e9rieur (3m de diam\u00e8tre pour n\u2019emmener avec soi que l\u2019essentiel). La salle de bain et la cuisine d\u2019\u00e9t\u00e9 sont \u00e0 100 m\u00e8tres environ.<\/p>\n<p>L\u2019exp\u00e9rience Kerterre vous offre une parenth\u00e8se hors du temps, d\u00e9branchez tout et savourez !<\/p>\n<\/div><\/div><div class=\"wpb_column hcode-column-container vc_col-sm-6 col-xs-mobile-fullwidth\" data-front-class=\"col-xs-mobile-fullwidth\"><div class=\"vc-column-innner-wrapper\">[vc_gallery type=\"flexslider_slide\" interval=\"3\" images=\"1806,714,715,716,613,614\" img_size=\"full\"]<\/div><\/div><\/div><\/div><\/section><section id=\"caravane\" class=\"padding-five-top\"><div class=\"wpb_column hcode-column-container no-padding sm-no-padding xs-no-padding no-margin sm-no-margin xs-no-margin vc_col-sm-12 col-xs-mobile-fullwidth\" data-front-class=\"no-padding sm-no-padding xs-no-padding no-margin sm-no-margin xs-no-margin col-xs-mobile-fullwidth\"><div class=\"vc-column-innner-wrapper\">[vc_custom_heading text=\"Lili la Caravane, tout le charme du vintage !\" font_container=\"tag:h2|font_size:30px|text_align:center|color:%23ffffff|line_height:80px\" use_theme_fonts=\"yes\" css=\".vc_custom_1674463767912{background-color: #847f45 !important;}\" el_class=\"whiteh2\"]<\/div><\/div><\/section><section class=\"row-equal-height row-content-middle hcode-row-14\"><div class=\"container\"><div class=\"row hcode-row-flex\"><div class=\"wpb_column hcode-column-container vc_col-sm-6 col-xs-mobile-fullwidth\" data-front-class=\"col-xs-mobile-fullwidth\"><div class=\"vc-column-innner-wrapper\"><p style=\"text-align: left;\"><strong>Craquez pour Lili la petite Caravane vintage !<\/strong><\/p>\n<p>Lili notre caravane r\u00e9tro, petite 'machine \u00e0 remonter le temps' vous transporte au c\u0153ur des ann\u00e9es 70'.<\/p>\n<p>Cette charmante maisonnette sur roues offre une intimit\u00e9 et un confort authentiques avec vue sur la prairie. Pour un s\u00e9jour vintage, optez pour la caravane insolite. Salle de bain et cuisine d'\u00e9t\u00e9 partag\u00e9e \u00e0 30 m\u00e8tres !<\/p>\n<\/div><\/div><div class=\"wpb_column hcode-column-container vc_col-sm-6 col-xs-mobile-fullwidth\" data-front-class=\"col-xs-mobile-fullwidth\"><div class=\"vc-column-innner-wrapper\">[vc_gallery type=\"flexslider_slide\" interval=\"3\" images=\"1410,1411,1438,1409,613\" img_size=\"full\"]<\/div><\/div><\/div><\/div><\/section><section id=\"camping\" class=\"padding-five-top\"><div class=\"wpb_column hcode-column-container no-padding sm-no-padding xs-no-padding no-margin sm-no-margin xs-no-margin vc_col-sm-12 col-xs-mobile-fullwidth\" data-front-class=\"no-padding sm-no-padding xs-no-padding no-margin sm-no-margin xs-no-margin col-xs-mobile-fullwidth\"><div class=\"vc-column-innner-wrapper\">[vc_custom_heading text=\"Le camping au coeur du verger !\" font_container=\"tag:h2|font_size:30px|text_align:center|color:%23ffffff|line_height:80px\" use_theme_fonts=\"yes\" css=\".vc_custom_1674463774638{background-color: #847f45 !important;}\" el_class=\"whiteh2\"]<\/div><\/div><\/section><section class=\"row-equal-height row-content-middle hcode-row-15\"><div class=\"container\"><div class=\"row hcode-row-flex\"><div class=\"wpb_column hcode-column-container vc_col-sm-6 col-xs-mobile-fullwidth\" data-front-class=\"col-xs-mobile-fullwidth\"><div class=\"vc-column-innner-wrapper\"><p style=\"text-align: left;\">Si vous pr\u00e9f\u00e9rez, vous pouvez venir planter votre tente ! 3 emplacements sont disponibles.<\/p>\n<p class=\"p1\"><span class=\"s1\">Acc\u00e8s aux sanitaires et \u00e0 la cuisine ext\u00e9rieure, ainsi qu\u2019aux feux de camp, aux jeux pour les enfants, aux activit\u00e9s de la ferme, \u00e0 la terrasse avec la piscine si vous prenez <\/span><span class=\"s2\">le go\u00fbter.<\/span><\/p>\n<\/div><\/div><div class=\"wpb_column hcode-column-container text-center sm-text-center xs-text-center vc_col-sm-6 col-xs-mobile-fullwidth\" data-front-class=\"text-center sm-text-center xs-text-center col-xs-mobile-fullwidth\"><div class=\"vc-column-innner-wrapper\">[vc_gallery type=\"flexslider_slide\" interval=\"3\" images=\"591,613,614\" img_size=\"full\"]<\/div><\/div><\/div><\/div><\/section><section class=\"hcode-row-16\"><div class=\"wpb_column hcode-column-container no-padding sm-no-padding xs-no-padding no-margin sm-no-margin xs-no-margin vc_col-sm-12 col-xs-mobile-fullwidth\" data-front-class=\"no-padding sm-no-padding xs-no-padding no-margin sm-no-margin xs-no-margin col-xs-mobile-fullwidth\"><div class=\"vc-column-innner-wrapper\">[vc_custom_heading text=\"Informations compl\u00e9mentaires\" font_container=\"tag:h2|font_size:30px|text_align:center|color:%23ffffff|line_height:80px\" use_theme_fonts=\"yes\" css=\".vc_custom_1674463782419{background-color: #847f45 !important;}\" el_class=\"whiteh2\"]<\/div><\/div><\/section><section id=\"camping\" class=\"no-padding-bottom\"><div class=\"container\"><div class=\"row\"><div class=\"wpb_column hcode-column-container no-padding sm-no-padding xs-no-padding no-margin sm-no-margin xs-no-margin vc_col-sm-2 col-xs-mobile-fullwidth\" data-front-class=\"no-padding sm-no-padding xs-no-padding no-margin sm-no-margin xs-no-margin col-xs-mobile-fullwidth\"><div class=\"vc-column-innner-wrapper\"><\/div><\/div><div class=\"wpb_column hcode-column-container vc_col-sm-8 col-xs-mobile-fullwidth\" data-front-class=\"col-xs-mobile-fullwidth\"><div class=\"vc-column-innner-wrapper\">[vc_custom_heading text=\"Le petit d\u00e9jeuner \u00e0 Cablanc\" font_container=\"tag:h3|font_size:28px|text_align:center|color:%23a4ab5e|line_height:80px\" use_theme_fonts=\"yes\" css=\".vc_custom_1674483019981{border-top-width: 1px !important;border-bottom-width: 1px !important;border-top-color: #a4ab5e !important;border-top-style: solid !important;border-bottom-color: #a4ab5e !important;border-bottom-style: solid !important;}\" el_class=\"greenh3\"]<\/div><\/div><div class=\"wpb_column hcode-column-container vc_col-sm-2 col-xs-mobile-fullwidth\" data-front-class=\"col-xs-mobile-fullwidth\"><div class=\"vc-column-innner-wrapper\"><\/div><\/div><\/div><\/div><\/section><section class=\"row-equal-height row-content-middle hcode-row-17\"><div class=\"container\"><div class=\"row hcode-row-flex\"><div class=\"wpb_column hcode-column-container vc_col-sm-6 col-xs-mobile-fullwidth\" data-front-class=\"col-xs-mobile-fullwidth\"><div class=\"vc-column-innner-wrapper\"><p>Gourmands et gourmets, vous trouverez tous les matins, en vente \u00e0 la boutique, de quoi vous pr\u00e9parer un d\u00e9licieux petit d\u00e9jeuner !<\/p>\n<p>Retrouvez les <strong>produits maison<\/strong> de l'\u00e9colieu de Cablanc avec :<\/p>\n<ul>\n<li>la <strong>d\u00e9licieuse confiture de fruits rouges<\/strong> (et d\u2019autres confitures solaires),<\/li>\n<li>le <strong>miel<\/strong> de nos r\u00fbches,<\/li>\n<li>les coulis et les <strong>pur\u00e9es 100 % fruits<\/strong>,<\/li>\n<li>le<strong> jus<\/strong> des pommes du verger,<\/li>\n<li>les <strong>\u0153ufs<\/strong> de nos poules,<\/li>\n<li>et des <strong>yaourts<\/strong> maison.<\/li>\n<\/ul>\n<p>Venez vous ravitailler avec les essentiels du petit d\u00e9jeuner :<\/p>\n<ul>\n<li>du<strong> pain<\/strong> frais,<\/li>\n<li>des <strong>viennoiseries<\/strong>,<\/li>\n<li>ou encore des <strong>c\u00e9r\u00e9ales,<\/strong><\/li>\n<li>des fruits de saison,<\/li>\n<li>du caf\u00e9, des th\u00e9s, des tisanes fra\u00eeches...<\/li>\n<\/ul>\n<p>Bon app\u00e9tit !<\/p>\n<\/div><\/div><div class=\"wpb_column hcode-column-container text-center sm-text-center xs-text-center vc_col-sm-6 col-xs-mobile-fullwidth\" data-front-class=\"text-center sm-text-center xs-text-center col-xs-mobile-fullwidth\"><div class=\"vc-column-innner-wrapper\"><img loading=\"lazy\" decoding=\"async\" width=\"500\" height=\"500\" src=\"https:\/\/www.cablanc.com\/wp-content\/uploads\/2017\/05\/Cablanc-salon-de-the-bar-a-vin-home.jpg\" class=\"\" alt=\"Photo d&#039;un service \u00e0 th\u00e9 avec un vase fleuri\" srcset=\"https:\/\/www.cablanc.com\/wp-content\/uploads\/2017\/05\/Cablanc-salon-de-the-bar-a-vin-home.jpg 500w, https:\/\/www.cablanc.com\/wp-content\/uploads\/2017\/05\/Cablanc-salon-de-the-bar-a-vin-home-150x150.jpg 150w, https:\/\/www.cablanc.com\/wp-content\/uploads\/2017\/05\/Cablanc-salon-de-the-bar-a-vin-home-300x300.jpg 300w\" sizes=\"(max-width: 500px) 100vw, 500px\" \/><\/div><\/div><\/div><\/div><\/section><section id=\"camping\" class=\"no-padding-bottom\"><div class=\"container\"><div class=\"row\"><div class=\"wpb_column hcode-column-container no-padding sm-no-padding xs-no-padding no-margin sm-no-margin xs-no-margin vc_col-sm-2 col-xs-mobile-fullwidth\" data-front-class=\"no-padding sm-no-padding xs-no-padding no-margin sm-no-margin xs-no-margin col-xs-mobile-fullwidth\"><div class=\"vc-column-innner-wrapper\"><\/div><\/div><div class=\"wpb_column hcode-column-container vc_col-sm-8 col-xs-mobile-fullwidth\" data-front-class=\"col-xs-mobile-fullwidth\"><div class=\"vc-column-innner-wrapper\">[vc_custom_heading text=\"Des salles de bain et une cuisine \u00e9co-responsable\" font_container=\"tag:h3|font_size:28px|text_align:center|color:%23a4ab5e|line_height:80px\" use_theme_fonts=\"yes\" css=\".vc_custom_1674483030673{border-top-width: 1px !important;border-bottom-width: 1px !important;border-top-color: #a4ab5e !important;border-top-style: solid !important;border-bottom-color: #a4ab5e !important;border-bottom-style: solid !important;}\" el_class=\"greenh3\"]<\/div><\/div><div class=\"wpb_column hcode-column-container vc_col-sm-2 col-xs-mobile-fullwidth\" data-front-class=\"col-xs-mobile-fullwidth\"><div class=\"vc-column-innner-wrapper\"><\/div><\/div><\/div><\/div><\/section><section class=\"row-equal-height row-content-middle hcode-row-18\"><div class=\"container\"><div class=\"row hcode-row-flex\"><div class=\"wpb_column hcode-column-container vc_col-sm-2 col-xs-mobile-fullwidth\" data-front-class=\"col-xs-mobile-fullwidth\"><div class=\"vc-column-innner-wrapper\"><\/div><\/div><div class=\"wpb_column hcode-column-container text-center sm-text-center xs-text-center vc_col-sm-8 col-xs-mobile-fullwidth\" data-front-class=\"text-center sm-text-center xs-text-center col-xs-mobile-fullwidth\"><div class=\"vc-column-innner-wrapper\"><p style=\"text-align: left;\">Lors de votre s\u00e9jour, vous disposerez de <strong>votre propre salle de bain<\/strong> (avec une douche, un lavabo et des toilettes s\u00e8ches).<br \/>\nToutes sont d\u00e9cor\u00e9es avec go\u00fbt, des <strong>produits \u00e9cologiques sont \u00e0 disposition<\/strong>.<\/p>\n<p style=\"text-align: left;\">Vous pourrez aussi profiter de la <strong>cuisine d'\u00e9t\u00e9<\/strong> (avec frigo, vaisselle ..) un espace convivial au coeur du verger pour pique niquer \u00e0 l'ombre des arbres.<\/p>\n[vc_empty_space height=\"40px\"][vc_gallery type=\"image_grid\" images=\"353,352,582,984,583,584,585,586\" img_size=\"180x180\"]<\/div><\/div><div class=\"wpb_column hcode-column-container vc_col-sm-2 col-xs-mobile-fullwidth\" data-front-class=\"col-xs-mobile-fullwidth\"><div class=\"vc-column-innner-wrapper\"><\/div><\/div><\/div><\/div><\/section><section class=\"row-equal-height row-content-middle hcode-row-19\"><div class=\"container\"><div class=\"row hcode-row-flex\"><div class=\"wpb_column hcode-column-container text-center sm-text-center xs-text-center vc_col-sm-12 col-xs-mobile-fullwidth\" data-front-class=\"text-center sm-text-center xs-text-center col-xs-mobile-fullwidth\"><div class=\"vc-column-innner-wrapper\"><img loading=\"lazy\" decoding=\"async\" width=\"130\" height=\"110\" src=\"https:\/\/www.cablanc.com\/wp-content\/uploads\/2017\/05\/LOGO-Cablanc-couleurs-1.png\" class=\" aligncenter sm-aligncenter xs-aligncenter\" alt=\"\" \/>[vc_empty_space]<\/div><\/div><\/div><\/div><\/section>","protected":false},"excerpt":{"rendered":"<p>[vc_empty_space height=\u00a0\u00bb20px\u00a0\u00bb css=\u00a0\u00bb.vc_custom_1493901719403{background-color: #a4ab5e !important;}\u00a0\u00bb] [vc_empty_space height=\u00a0\u00bb8px\u00a0\u00bb]- ENTRACTE \u00c0 CABLANC &#8211; Cette saison, Cablanc sera en pause, nous ne prenons pas de r\u00e9servation. Les Habitats Glamping [vc_empty_space]Bienvenue dans notre ferme bio d&rsquo;une dizaine d&rsquo;hectares de bois et de prairies avec les moutons, les chevaux, les \u00e2nes, les poules, les canards\u2026 [vc_custom_heading text=\u00a0\u00bbD\u00e9couvrez les habitats glamping [&hellip;]<\/p>\n","protected":false},"author":4,"featured_media":0,"parent":0,"menu_order":0,"comment_status":"closed","ping_status":"closed","template":"","meta":{"footnotes":""},"yoast_head":"<!-- This site is optimized with the Yoast SEO plugin v22.7 - https:\/\/yoast.com\/wordpress\/plugins\/seo\/ -->\n<title>H\u00e9bergements insolites et \u00e9cologiques au coeur de la Dordogne \u00e0 Cablanc<\/title>\n<meta name=\"description\" content=\"Prenez des vacances atypiques et authentiques dans l&#039;\u00e9colieu de Cablanc, notre camping \u00e9cologique au milieu des vignobles biologiques du P\u00e9rigord Pourpre.\" \/>\n<meta name=\"robots\" content=\"index, follow, max-snippet:-1, max-image-preview:large, max-video-preview:-1\" \/>\n<link rel=\"canonical\" href=\"https:\/\/www.cablanc.com\/accueil\/se-ressourcer-a-cablanc\/\" \/>\n<meta property=\"og:locale\" content=\"fr_FR\" \/>\n<meta property=\"og:type\" content=\"article\" \/>\n<meta property=\"og:title\" content=\"H\u00e9bergements insolites et \u00e9cologiques au coeur de la Dordogne \u00e0 Cablanc\" \/>\n<meta property=\"og:description\" content=\"Prenez des vacances atypiques et authentiques dans l&#039;\u00e9colieu de Cablanc, notre camping \u00e9cologique au milieu des vignobles biologiques du P\u00e9rigord Pourpre.\" \/>\n<meta property=\"og:url\" content=\"https:\/\/www.cablanc.com\/accueil\/se-ressourcer-a-cablanc\/\" \/>\n<meta property=\"og:site_name\" content=\"Cablanc - Les vacances authentiques en Dordogne\" \/>\n<meta property=\"article:modified_time\" content=\"2025-09-03T12:58:13+00:00\" \/>\n<meta name=\"twitter:card\" content=\"summary_large_image\" \/>\n<meta name=\"twitter:label1\" content=\"Dur\u00e9e de lecture estim\u00e9e\" \/>\n\t<meta name=\"twitter:data1\" content=\"31 minutes\" \/>\n<script type=\"application\/ld+json\" class=\"yoast-schema-graph\">{\"@context\":\"https:\/\/schema.org\",\"@graph\":[{\"@type\":\"WebPage\",\"@id\":\"https:\/\/www.cablanc.com\/accueil\/se-ressourcer-a-cablanc\/\",\"url\":\"https:\/\/www.cablanc.com\/accueil\/se-ressourcer-a-cablanc\/\",\"name\":\"H\u00e9bergements insolites et \u00e9cologiques au coeur de la Dordogne \u00e0 Cablanc\",\"isPartOf\":{\"@id\":\"https:\/\/www.cablanc.com\/accueil\/#website\"},\"datePublished\":\"2017-05-04T13:07:37+00:00\",\"dateModified\":\"2025-09-03T12:58:13+00:00\",\"description\":\"Prenez des vacances atypiques et authentiques dans l'\u00e9colieu de Cablanc, notre camping \u00e9cologique au milieu des vignobles biologiques du P\u00e9rigord Pourpre.\",\"breadcrumb\":{\"@id\":\"https:\/\/www.cablanc.com\/accueil\/se-ressourcer-a-cablanc\/#breadcrumb\"},\"inLanguage\":\"fr-FR\",\"potentialAction\":[{\"@type\":\"ReadAction\",\"target\":[\"https:\/\/www.cablanc.com\/accueil\/se-ressourcer-a-cablanc\/\"]}]},{\"@type\":\"BreadcrumbList\",\"@id\":\"https:\/\/www.cablanc.com\/accueil\/se-ressourcer-a-cablanc\/#breadcrumb\",\"itemListElement\":[{\"@type\":\"ListItem\",\"position\":1,\"name\":\"Accueil\",\"item\":\"https:\/\/www.cablanc.com\/accueil\/\"},{\"@type\":\"ListItem\",\"position\":2,\"name\":\"Dormir\"}]},{\"@type\":\"WebSite\",\"@id\":\"https:\/\/www.cablanc.com\/accueil\/#website\",\"url\":\"https:\/\/www.cablanc.com\/accueil\/\",\"name\":\"Cablanc - Les vacances authentiques en Dordogne\",\"description\":\"\",\"potentialAction\":[{\"@type\":\"SearchAction\",\"target\":{\"@type\":\"EntryPoint\",\"urlTemplate\":\"https:\/\/www.cablanc.com\/accueil\/?s={search_term_string}\"},\"query-input\":\"required name=search_term_string\"}],\"inLanguage\":\"fr-FR\"}]}<\/script>\n<!-- \/ Yoast SEO plugin. -->","yoast_head_json":{"title":"H\u00e9bergements insolites et \u00e9cologiques au coeur de la Dordogne \u00e0 Cablanc","description":"Prenez des vacances atypiques et authentiques dans l'\u00e9colieu de Cablanc, notre camping \u00e9cologique au milieu des vignobles biologiques du P\u00e9rigord Pourpre.","robots":{"index":"index","follow":"follow","max-snippet":"max-snippet:-1","max-image-preview":"max-image-preview:large","max-video-preview":"max-video-preview:-1"},"canonical":"https:\/\/www.cablanc.com\/accueil\/se-ressourcer-a-cablanc\/","og_locale":"fr_FR","og_type":"article","og_title":"H\u00e9bergements insolites et \u00e9cologiques au coeur de la Dordogne \u00e0 Cablanc","og_description":"Prenez des vacances atypiques et authentiques dans l'\u00e9colieu de Cablanc, notre camping \u00e9cologique au milieu des vignobles biologiques du P\u00e9rigord Pourpre.","og_url":"https:\/\/www.cablanc.com\/accueil\/se-ressourcer-a-cablanc\/","og_site_name":"Cablanc - Les vacances authentiques en Dordogne","article_modified_time":"2025-09-03T12:58:13+00:00","twitter_card":"summary_large_image","twitter_misc":{"Dur\u00e9e de lecture estim\u00e9e":"31 minutes"},"schema":{"@context":"https:\/\/schema.org","@graph":[{"@type":"WebPage","@id":"https:\/\/www.cablanc.com\/accueil\/se-ressourcer-a-cablanc\/","url":"https:\/\/www.cablanc.com\/accueil\/se-ressourcer-a-cablanc\/","name":"H\u00e9bergements insolites et \u00e9cologiques au coeur de la Dordogne \u00e0 Cablanc","isPartOf":{"@id":"https:\/\/www.cablanc.com\/accueil\/#website"},"datePublished":"2017-05-04T13:07:37+00:00","dateModified":"2025-09-03T12:58:13+00:00","description":"Prenez des vacances atypiques et authentiques dans l'\u00e9colieu de Cablanc, notre camping \u00e9cologique au milieu des vignobles biologiques du P\u00e9rigord Pourpre.","breadcrumb":{"@id":"https:\/\/www.cablanc.com\/accueil\/se-ressourcer-a-cablanc\/#breadcrumb"},"inLanguage":"fr-FR","potentialAction":[{"@type":"ReadAction","target":["https:\/\/www.cablanc.com\/accueil\/se-ressourcer-a-cablanc\/"]}]},{"@type":"BreadcrumbList","@id":"https:\/\/www.cablanc.com\/accueil\/se-ressourcer-a-cablanc\/#breadcrumb","itemListElement":[{"@type":"ListItem","position":1,"name":"Accueil","item":"https:\/\/www.cablanc.com\/accueil\/"},{"@type":"ListItem","position":2,"name":"Dormir"}]},{"@type":"WebSite","@id":"https:\/\/www.cablanc.com\/accueil\/#website","url":"https:\/\/www.cablanc.com\/accueil\/","name":"Cablanc - Les vacances authentiques en Dordogne","description":"","potentialAction":[{"@type":"SearchAction","target":{"@type":"EntryPoint","urlTemplate":"https:\/\/www.cablanc.com\/accueil\/?s={search_term_string}"},"query-input":"required name=search_term_string"}],"inLanguage":"fr-FR"}]}},"_links":{"self":[{"href":"https:\/\/www.cablanc.com\/accueil\/wp-json\/wp\/v2\/pages\/11"}],"collection":[{"href":"https:\/\/www.cablanc.com\/accueil\/wp-json\/wp\/v2\/pages"}],"about":[{"href":"https:\/\/www.cablanc.com\/accueil\/wp-json\/wp\/v2\/types\/page"}],"author":[{"embeddable":true,"href":"https:\/\/www.cablanc.com\/accueil\/wp-json\/wp\/v2\/users\/4"}],"replies":[{"embeddable":true,"href":"https:\/\/www.cablanc.com\/accueil\/wp-json\/wp\/v2\/comments?post=11"}],"version-history":[{"count":29,"href":"https:\/\/www.cablanc.com\/accueil\/wp-json\/wp\/v2\/pages\/11\/revisions"}],"predecessor-version":[{"id":2324,"href":"https:\/\/www.cablanc.com\/accueil\/wp-json\/wp\/v2\/pages\/11\/revisions\/2324"}],"wp:attachment":[{"href":"https:\/\/www.cablanc.com\/accueil\/wp-json\/wp\/v2\/media?parent=11"}],"curies":[{"name":"wp","href":"https:\/\/api.w.org\/{rel}","templated":true}]}}