{"id":1537,"date":"2022-12-09T18:57:11","date_gmt":"2022-12-09T17:57:11","guid":{"rendered":"https:\/\/www.cablanc.com\/accueil\/?page_id=1537"},"modified":"2025-03-08T17:59:41","modified_gmt":"2025-03-08T16:59:41","slug":"accueil","status":"publish","type":"page","link":"https:\/\/www.cablanc.com\/accueil\/","title":{"rendered":"Accueil"},"content":{"rendered":"<section class=\"overflow-hidden no-padding sm-no-padding xs-no-padding\"><div class=\"wpb_column hcode-column-container no-padding sm-no-padding xs-no-padding no-margin sm-no-margin xs-no-margin vc_col-sm-12 col-xs-mobile-fullwidth\" data-front-class=\"no-padding sm-no-padding xs-no-padding no-margin sm-no-margin xs-no-margin col-xs-mobile-fullwidth\"><div class=\"vc-column-innner-wrapper\">[vc_empty_space height=\"20px\" css=\".vc_custom_1493901719403{background-color: #a4ab5e !important;}\"]<\/div><\/div><\/section><section  class=\"row-equal-height row-content-middle overflow-hidden hcode-row-1 no-padding no-margin hcode-row-flex bg-image-srcset cover-background\" style=\"background-image: url(https:\/\/www.cablanc.com\/wp-content\/uploads\/2020\/02\/cablanc-ecolieu-engagements.jpg);\" data-bg-srcset=\"https:\/\/www.cablanc.com\/wp-content\/uploads\/2020\/02\/cablanc-ecolieu-engagements.jpg 2000w, https:\/\/www.cablanc.com\/wp-content\/uploads\/2020\/02\/cablanc-ecolieu-engagements-300x58.jpg 300w, https:\/\/www.cablanc.com\/wp-content\/uploads\/2020\/02\/cablanc-ecolieu-engagements-1024x198.jpg 1024w, https:\/\/www.cablanc.com\/wp-content\/uploads\/2020\/02\/cablanc-ecolieu-engagements-768x148.jpg 768w, https:\/\/www.cablanc.com\/wp-content\/uploads\/2020\/02\/cablanc-ecolieu-engagements-1536x296.jpg 1536w\"><div class=\"wpb_column hcode-column-container  vc_custom_1673542026853 no-padding sm-no-padding xs-no-padding no-margin sm-no-margin xs-no-margin vc_col-sm-6 col-xs-mobile-fullwidth\" data-front-class=\" vc_custom_1673542026853 no-padding sm-no-padding xs-no-padding no-margin sm-no-margin xs-no-margin col-xs-mobile-fullwidth\"><div class=\"vc-column-innner-wrapper\"><\/div><\/div><div class=\"wpb_column hcode-column-container  vc_custom_1670603889968 padding-five-lr vc_col-sm-6 col-xs-mobile-fullwidth\" data-front-class=\" vc_custom_1670603889968 padding-five-lr col-xs-mobile-fullwidth\"><div class=\"vc-column-innner-wrapper\"><div class=\"intro\"><h1 class=\"sow-headline\" style=\"text-align: center;\">\u00c0 l'\u00e9colieu de Cablanc,<br \/>\ndonnez du sens \u00e0 vos vacances !<\/h1>\n<p>&nbsp;<\/p>\n<p class=\"sow-sub-headline\" style=\"text-align: center;\">Vacances \u00e9thiques, h\u00e9bergements insolites et ateliers engag\u00e9s,<br \/>\nCablanc vous accueille dans son cadre authentique<br \/>\nau coeur de la Dordogne.<\/p>\n<\/div><\/div><\/div><\/section><section class=\"overflow-hidden no-padding sm-no-padding xs-no-padding\"><div class=\"wpb_column hcode-column-container no-padding sm-no-padding xs-no-padding no-margin sm-no-margin xs-no-margin vc_col-sm-12 col-xs-mobile-fullwidth\" data-front-class=\"no-padding sm-no-padding xs-no-padding no-margin sm-no-margin xs-no-margin col-xs-mobile-fullwidth\"><div class=\"vc-column-innner-wrapper\">[vc_empty_space height=\"20px\" css=\".vc_custom_1493901719403{background-color: #a4ab5e !important;}\"]<\/div><\/div><\/section><section class=\"no-padding sm-no-padding xs-no-padding no-margin sm-no-margin xs-no-margin\"><div class=\"container\"><div class=\"row\"><div class=\"wpb_column hcode-column-container vc_col-sm-11 vc_col-xs-10\"><div class=\"vc-column-innner-wrapper\"><div class=\"trad\"><p><code><div id=\"flags\" class=\"size18\"><ul id=\"sortable\" class=\"ui-sortable\" style=\"float:left\"><li id=\"Dutch\"><a href=\"#\" title=\"Dutch\" class=\"nturl notranslate nl flag Dutch\"><\/a><\/li><li id=\"English\"><a href=\"#\" title=\"English\" class=\"nturl notranslate en flag English\"><\/a><\/li><li id=\"Spanish\"><a href=\"#\" title=\"Spanish\" class=\"nturl notranslate es flag Spanish\"><\/a><\/li><li id=\"French\"><a href=\"#\" title=\"French\" class=\"nturl notranslate fr flag French\"><\/a><\/li><\/ul><\/div><div id=\"google_language_translator\" class=\"default-language-fr\"><\/div><\/code><\/p>\n<\/div><\/div><\/div><div class=\"wpb_column hcode-column-container vc_col-sm-1 vc_col-xs-2\"><div class=\"vc-column-innner-wrapper\">[vc_empty_space height=\"8px\"]<img loading=\"lazy\" decoding=\"async\" width=\"16\" height=\"13\" src=\"https:\/\/www.cablanc.com\/wp-content\/uploads\/2017\/05\/600px-Gay_flag.jpg\" class=\"\" alt=\"drapeau gay friendly\" \/><\/div><\/div><\/div><\/div><\/section><section class=\" vc_custom_1741422235246 row-equal-height row-content-bottom hcode-row-2\"><div class=\"container\"><div class=\"row hcode-row-flex\"><div class=\"wpb_column hcode-column-container  vc_custom_1682663126587 text-center padding-three vc_col-sm-12 col-xs-mobile-fullwidth\" data-front-class=\" vc_custom_1682663126587 text-center padding-three col-xs-mobile-fullwidth\"><div class=\"vc-column-innner-wrapper\"><div class=\"white\"><p style=\"text-align: center;\"><strong>- ENTRACTE \u00c0 CABLANC -<\/strong><\/p>\n<p style=\"text-align: center;\"><b>Cette saison, Cablanc sera en pause, nous ne prenons pas de r\u00e9servation.<\/b><\/p>\n<\/div><\/div><\/div><\/div><\/div><\/section><section class=\" vc_custom_1670603736044 padding-two-top\"><div class=\"container\"><div class=\"row\"><div class=\"wpb_column hcode-column-container padding-left-ten vc_col-sm-10 col-xs-mobile-fullwidth\" data-front-class=\"padding-left-ten col-xs-mobile-fullwidth\"><div class=\"vc-column-innner-wrapper\"><div class=\"v2\"><h2 class=\"sow-sub-headline\" style=\"text-align: center;\">L'\u00e9colieu de Cablanc, des h\u00e9bergements insolites et des ateliers inspirants<\/h2>\n<\/div><\/div><\/div><div class=\"wpb_column hcode-column-container vc_col-sm-2 col-xs-mobile-fullwidth\" data-front-class=\"col-xs-mobile-fullwidth\"><div class=\"vc-column-innner-wrapper\">[vc_raw_html]JTNDZGl2JTIwaWQlM0QlMjJUQV9jZXJ0aWZpY2F0ZU9mRXhjZWxsZW5jZTgwJTIyJTIwY2xhc3MlM0QlMjJUQV9jZXJ0aWZpY2F0ZU9mRXhjZWxsZW5jZSUyMiUzRSUzQ3VsJTIwaWQlM0QlMjJHUlBPWE1YciUyMiUyMGNsYXNzJTNEJTIyVEFfbGlua3MlMjA5bXFEaUM4NFJGcCUyMiUzRSUzQ2xpJTIwaWQlM0QlMjJrUm1wSGdmQ0UlMjIlMjBjbGFzcyUzRCUyMm1tMDFiZUxLdEw3JTIyJTNFJTNDYSUyMHRhcmdldCUzRCUyMl9ibGFuayUyMiUyMGhyZWYlM0QlMjJodHRwcyUzQSUyRiUyRnd3dy50cmlwYWR2aXNvci5mciUyRkhvdGVsX1Jldmlldy1nMTIwOTE1Mi1kMTI4NDIwNjgtUmV2aWV3cy1DYWJsYW5jLVNhdXNzaWduYWNfQmVyZ2VyYWNfRG9yZG9nbmVfTm91dmVsbGVfQXF1aXRhaW5lLmh0bWwlMjIlM0UlM0NpbWclMjBzcmMlM0QlMjJodHRwcyUzQSUyRiUyRnN0YXRpYy50YWNkbi5jb20lMkZpbWcyJTJGdHJhdmVsZXJzX2Nob2ljZSUyRndpZGdldHMlMkZ0Y2hvdGVsXzIwMjJfTEwucG5nJTIyJTIwYWx0JTNEJTIyVHJpcEFkdmlzb3IlMjIlMjBjbGFzcyUzRCUyMndpZENPRUltZyUyMiUyMGlkJTNEJTIyQ0RTV0lEQ09FTE9HTyUyMiUyRiUzRSUzQyUyRmElM0UlM0MlMkZsaSUzRSUzQyUyRnVsJTNFJTNDJTJGZGl2JTNFJTNDc2NyaXB0JTIwYXN5bmMlMjBzcmMlM0QlMjJodHRwcyUzQSUyRiUyRnd3dy5qc2NhY2hlLmNvbSUyRndlanMlM0Z3dHlwZSUzRGNlcnRpZmljYXRlT2ZFeGNlbGxlbmNlJTI2YW1wJTNCdW5pcSUzRDgwJTI2YW1wJTNCbG9jYXRpb25JZCUzRDEyODQyMDY4JTI2YW1wJTNCbGFuZyUzRGZyJTI2YW1wJTNCeWVhciUzRDIwMjIlMjZhbXAlM0JkaXNwbGF5X3ZlcnNpb24lM0QyJTIyJTIwZGF0YS1sb2FkdHJrJTIwb25sb2FkJTNEJTIydGhpcy5sb2FkdHJrJTNEdHJ1ZSUyMiUzRSUzQyUyRnNjcmlwdCUzRQ==[\/vc_raw_html]<\/div><\/div><\/div><\/div><\/section><section class=\"padding-two-tb\"><div class=\"container\"><div class=\"row\"><div class=\"wpb_column hcode-column-container text-center vc_col-sm-4 col-xs-mobile-fullwidth\" data-front-class=\"text-center col-xs-mobile-fullwidth\"><div class=\"vc-column-innner-wrapper\"><a href=\"https:\/\/www.cablanc.com\/accueil\/se-ressourcer-a-cablanc\/\"><img loading=\"lazy\" decoding=\"async\" width=\"445\" height=\"445\" src=\"https:\/\/www.cablanc.com\/wp-content\/uploads\/2022\/12\/Cablanc-hebergements-insolites-dordogne-2.jpg\" class=\" zoom\" alt=\"\" srcset=\"https:\/\/www.cablanc.com\/wp-content\/uploads\/2022\/12\/Cablanc-hebergements-insolites-dordogne-2.jpg 445w, https:\/\/www.cablanc.com\/wp-content\/uploads\/2022\/12\/Cablanc-hebergements-insolites-dordogne-2-300x300.jpg 300w, https:\/\/www.cablanc.com\/wp-content\/uploads\/2022\/12\/Cablanc-hebergements-insolites-dordogne-2-150x150.jpg 150w, https:\/\/www.cablanc.com\/wp-content\/uploads\/2022\/12\/Cablanc-hebergements-insolites-dordogne-2-81x81.jpg 81w\" sizes=\"(max-width: 445px) 100vw, 445px\" \/><\/a><p>D\u00e9couvrez des <strong>h\u00e9bergements insolites<\/strong> dans notre <strong>oasis \u00e9cologique<\/strong> au coeur de la Dordogne<\/p>\n<a  href=\"https:\/\/www.cablanc.com\/accueil\/se-ressourcer-a-cablanc\/\" target=\"_self\"  class=\"btn-green inner-link button btn highlight-button-dark btn-medium\">Des h\u00e9bergements pour tous les go\u00fbts !<\/a><\/div><\/div><div class=\"wpb_column hcode-column-container text-center vc_col-sm-4 col-xs-mobile-fullwidth\" data-front-class=\"text-center col-xs-mobile-fullwidth\"><div class=\"vc-column-innner-wrapper\"><a href=\"https:\/\/www.cablanc.com\/accueil\/stage\/\"><img loading=\"lazy\" decoding=\"async\" width=\"445\" height=\"445\" src=\"https:\/\/www.cablanc.com\/wp-content\/uploads\/2024\/05\/Cablanc-coworking-2024.jpg\" class=\" zoom\" alt=\"\" srcset=\"https:\/\/www.cablanc.com\/wp-content\/uploads\/2024\/05\/Cablanc-coworking-2024.jpg 445w, https:\/\/www.cablanc.com\/wp-content\/uploads\/2024\/05\/Cablanc-coworking-2024-300x300.jpg 300w, https:\/\/www.cablanc.com\/wp-content\/uploads\/2024\/05\/Cablanc-coworking-2024-150x150.jpg 150w, https:\/\/www.cablanc.com\/wp-content\/uploads\/2024\/05\/Cablanc-coworking-2024-81x81.jpg 81w\" sizes=\"(max-width: 445px) 100vw, 445px\" \/><\/a><p class=\"p1\">Un <strong>espace de coworking au vert<\/strong><br \/>\npour artistes, entreprises et ind\u00e9pendants<\/p>\n<a  href=\"https:\/\/workincablanc.fr\/\" target=\"_blank\"  class=\"btn-green inner-link button btn  hcode-button-2 highlight-button-dark btn-medium\">\u00c0 la d\u00e9couverte du coworking !<\/a><\/div><\/div><div class=\"wpb_column hcode-column-container text-center vc_col-sm-4 col-xs-mobile-fullwidth\" data-front-class=\"text-center col-xs-mobile-fullwidth\"><div class=\"vc-column-innner-wrapper\"><a href=\"https:\/\/www.cablanc.com\/accueil\/activites\/\"><img loading=\"lazy\" decoding=\"async\" width=\"445\" height=\"445\" src=\"https:\/\/www.cablanc.com\/wp-content\/uploads\/2023\/01\/Cablanc-activites-ecolieu-2.jpg\" class=\" zoom\" alt=\"\" srcset=\"https:\/\/www.cablanc.com\/wp-content\/uploads\/2023\/01\/Cablanc-activites-ecolieu-2.jpg 445w, https:\/\/www.cablanc.com\/wp-content\/uploads\/2023\/01\/Cablanc-activites-ecolieu-2-300x300.jpg 300w, https:\/\/www.cablanc.com\/wp-content\/uploads\/2023\/01\/Cablanc-activites-ecolieu-2-150x150.jpg 150w, https:\/\/www.cablanc.com\/wp-content\/uploads\/2023\/01\/Cablanc-activites-ecolieu-2-81x81.jpg 81w\" sizes=\"(max-width: 445px) 100vw, 445px\" \/><\/a><p>Participez aux\u00a0<b>activ\u00e9s bien-\u00eatre<\/b>,<br \/>\npartez \u00e0 la <strong>d\u00e9couverte de la nature<\/strong>...<\/p>\n<a  href=\"https:\/\/www.cablanc.com\/accueil\/activites\/\" target=\"_self\"  class=\"btn-green inner-link button btn highlight-button-dark btn-medium\">Que faire pendant votre s\u00e9jour ?<\/a><\/div><\/div><\/div><\/div><\/section><section class=\" vc_custom_1580475506760 row-equal-height row-content-bottom hcode-row-3\"><div class=\"container\"><div class=\"row hcode-row-flex\"><div class=\"wpb_column hcode-column-container vc_col-sm-12 col-xs-mobile-fullwidth\" data-front-class=\"col-xs-mobile-fullwidth\"><div class=\"vc-column-innner-wrapper\">[vc_empty_space css=\".vc_custom_1580475540140{background-color: #e5e5d3 !important;}\"]<\/div><\/div><\/div><\/div><\/section><section class=\" vc_custom_1580894828279 row-equal-height row-content-top hcode-row-4\"><div class=\"container\"><div class=\"row hcode-row-flex\"><div class=\"wpb_column hcode-column-container text-center vc_col-sm-12 col-xs-mobile-fullwidth\" data-front-class=\"text-center col-xs-mobile-fullwidth\"><div class=\"vc-column-innner-wrapper\"><div class=\"v2\"><h2 style=\"color: #a4ab5e; text-transform: none; text-align: center;\">Vivez des vacances \u00e9cologiques \u00e0 l'\u00e9colieu de Cablanc,<br \/>\nune micro-ferme dans le P\u00e9rigord<\/h2>\n<\/div>[vc_empty_space height=\"80px\"]<div class=\"hcode-inner-row\"><div class=\"wpb_column hcode-column-container vc_col-sm-6 col-xs-mobile-fullwidth\" data-front-class=\"col-xs-mobile-fullwidth\"><div class=\"vc-column-innner-wrapper\"><div class=\"fit-videos\"><iframe loading=\"lazy\" width=\"500\" height=\"350\"  src=\"https:\/\/www.youtube.com\/embed\/7lAELtBOQZI?autoplay=0&loop=0\"><\/iframe><\/div>[vc_empty_space height=\"80px\"]<\/div><\/div><div class=\"wpb_column hcode-column-container vc_col-sm-6 col-xs-mobile-fullwidth\" data-front-class=\"col-xs-mobile-fullwidth\"><div class=\"vc-column-innner-wrapper\"><div class=\"v2\"><p style=\"text-align: left;\">Offrez-vous un s\u00e9jour immersif unique au c\u0153ur de notre oasis.<\/p>\n<p style=\"text-align: left;\"><a href=\"https:\/\/www.cablanc.com\/accueil\/se-ressourcer-a-cablanc\/\" target=\"_blank\" rel=\"noopener noreferrer\"><strong>Location \u00e0 la semaine<\/strong><\/a> ou <a href=\"https:\/\/www.cablanc.com\/accueil\/se-ressourcer-a-cablanc\/\" target=\"_blank\" rel=\"noopener noreferrer\"><strong>s\u00e9jour B&amp;B<\/strong><\/a>, ressourcez-vous dans nos <a href=\"https:\/\/www.cablanc.com\/accueil\/se-ressourcer-a-cablanc\/\" target=\"_blank\" rel=\"noopener noreferrer\"><strong>h\u00e9bergements \u00e9cologiques<\/strong><\/a> tout confort. Prenez du temps pour vous en participant \u00e0 <a href=\"https:\/\/www.cablanc.com\/accueil\/activites\/\" target=\"_blank\" rel=\"noopener noreferrer\"><strong>ateliers<\/strong><\/a> inspirants, seul, en couple ou en famille.<\/p>\n<p style=\"text-align: left;\">D\u00e9couvrez des produits bios et locaux dans notre <a href=\"https:\/\/www.cablanc.com\/accueil\/boutique-produits-biologiques\/\" target=\"_blank\" rel=\"noopener noreferrer\"><strong>petite boutique de producteurs.<\/strong><\/a><\/p>\n<p style=\"text-align: left;\">Partagez le quotidien de la vie de notre <a href=\"https:\/\/www.cablanc.com\/accueil\/camping-ecologique-dordogne\/\" target=\"_blank\" rel=\"noopener noreferrer\"><strong>ferme biologique<\/strong><\/a> et ses <strong>animaux<\/strong> avec vos enfants.<\/p>\n<p style=\"text-align: left;\">Soyez les bienvenus dans notre camping \u00e9cologique familial !<\/p>\n<\/div><\/div><\/div><\/div><div class=\"v2\"><h2 style=\"color: #a4ab5e; text-transform: none; text-align: center;\">La Tiny, l'Artichome ou encore la Cabana,<br \/>\nnous vous accueillons dans des h\u00e9bergements \u00e9cologiques.<\/h2>\n<\/div><a href=\"https:\/\/www.cablanc.com\/accueil\/se-ressourcer-a-cablanc\/\"><img loading=\"lazy\" decoding=\"async\" width=\"1500\" height=\"1200\" src=\"https:\/\/www.cablanc.com\/wp-content\/uploads\/2024\/05\/Cablanc-2024-patchwork.jpg\" class=\"\" alt=\"\" srcset=\"https:\/\/www.cablanc.com\/wp-content\/uploads\/2024\/05\/Cablanc-2024-patchwork.jpg 1500w, https:\/\/www.cablanc.com\/wp-content\/uploads\/2024\/05\/Cablanc-2024-patchwork-300x240.jpg 300w, https:\/\/www.cablanc.com\/wp-content\/uploads\/2024\/05\/Cablanc-2024-patchwork-1024x819.jpg 1024w, https:\/\/www.cablanc.com\/wp-content\/uploads\/2024\/05\/Cablanc-2024-patchwork-768x614.jpg 768w, https:\/\/www.cablanc.com\/wp-content\/uploads\/2024\/05\/Cablanc-2024-patchwork-81x65.jpg 81w\" sizes=\"(max-width: 1500px) 100vw, 1500px\" \/><\/a><a  href=\"https:\/\/www.cablanc.com\/accueil\/se-ressourcer-a-cablanc\/\" target=\"_blank\"  class=\"btn-green inner-link button btn highlight-button-dark btn-large\">D\u00e9couvrez nos h\u00e9bergements <br\/> ouverts en juillet et ao\u00fbt<\/a><\/div><\/div><\/div><\/div><\/section><section class=\" vc_custom_1580475622741 row-equal-height row-content-bottom hcode-row-5\"><div class=\"container\"><div class=\"row hcode-row-flex\"><div class=\"wpb_column hcode-column-container vc_col-sm-12 col-xs-mobile-fullwidth\" data-front-class=\"col-xs-mobile-fullwidth\"><div class=\"vc-column-innner-wrapper\">[vc_empty_space css=\".vc_custom_1580475540140{background-color: #e5e5d3 !important;}\"]<\/div><\/div><\/div><\/div><\/section><section class=\" vc_custom_1580894828279 row-equal-height row-content-top hcode-row-6\"><div class=\"container\"><div class=\"row hcode-row-flex\"><div class=\"wpb_column hcode-column-container text-center vc_col-sm-12 col-xs-mobile-fullwidth\" data-front-class=\"text-center col-xs-mobile-fullwidth\"><div class=\"vc-column-innner-wrapper\"><div class=\"v2\"><h2 style=\"color: #a4ab5e; text-transform: none; text-align: center;\">L'\u00e9colieu de Cablanc, c'est aussi des moments<br \/>\nde re-connexion \u00e0 soi, aux autres et \u00e0 la terre<\/h2>\n<\/div><\/div><\/div><\/div><\/div><\/section><section class=\"padding-two-tb\"><div class=\"container\"><div class=\"row\"><div class=\"wpb_column hcode-column-container text-center vc_col-sm-4 col-xs-mobile-fullwidth\" data-front-class=\"text-center col-xs-mobile-fullwidth\"><div class=\"vc-column-innner-wrapper\"><a href=\"https:\/\/#\"><img loading=\"lazy\" decoding=\"async\" width=\"445\" height=\"445\" src=\"https:\/\/www.cablanc.com\/wp-content\/uploads\/2022\/12\/Cablanc-coworking.jpg\" class=\"\" alt=\"\" srcset=\"https:\/\/www.cablanc.com\/wp-content\/uploads\/2022\/12\/Cablanc-coworking.jpg 445w, https:\/\/www.cablanc.com\/wp-content\/uploads\/2022\/12\/Cablanc-coworking-300x300.jpg 300w, https:\/\/www.cablanc.com\/wp-content\/uploads\/2022\/12\/Cablanc-coworking-150x150.jpg 150w, https:\/\/www.cablanc.com\/wp-content\/uploads\/2022\/12\/Cablanc-coworking-81x81.jpg 81w\" sizes=\"(max-width: 445px) 100vw, 445px\" \/><\/a><p style=\"text-align: center;\"><span style=\"color: #a4ab5e;\"><b>Toute l'ann\u00e9e<\/b><\/span><\/p>\n<a  href=\"https:\/\/workincablanc.fr\/\" target=\"_blank\"  class=\"btn-green inner-link button btn highlight-button-dark btn-medium\">D\u00e9couvrez Workin' Cablanc<\/a><\/div><\/div><div class=\"wpb_column hcode-column-container text-center vc_col-sm-4 col-xs-mobile-fullwidth\" data-front-class=\"text-center col-xs-mobile-fullwidth\"><div class=\"vc-column-innner-wrapper\"><a href=\"https:\/\/#\"><img loading=\"lazy\" decoding=\"async\" width=\"445\" height=\"445\" src=\"https:\/\/www.cablanc.com\/wp-content\/uploads\/2023\/01\/Cablanc-boutique-paysanne-ferme-2.jpg\" class=\"\" alt=\"\" srcset=\"https:\/\/www.cablanc.com\/wp-content\/uploads\/2023\/01\/Cablanc-boutique-paysanne-ferme-2.jpg 445w, https:\/\/www.cablanc.com\/wp-content\/uploads\/2023\/01\/Cablanc-boutique-paysanne-ferme-2-300x300.jpg 300w, https:\/\/www.cablanc.com\/wp-content\/uploads\/2023\/01\/Cablanc-boutique-paysanne-ferme-2-150x150.jpg 150w, https:\/\/www.cablanc.com\/wp-content\/uploads\/2023\/01\/Cablanc-boutique-paysanne-ferme-2-81x81.jpg 81w\" sizes=\"(max-width: 445px) 100vw, 445px\" \/><\/a><p style=\"text-align: center;\"><span style=\"color: #a4ab5e;\"><b>Vente directe toute l'ann\u00e9e,<br \/>\npoints de vente sur demande<\/b><\/span><\/p>\n<a  href=\"https:\/\/www.cablanc.com\/wp-content\/uploads\/2023\/12\/Cablanc-Ferme-fruitiere-lavande.pdf\" target=\"_blank\"  class=\"btn-green inner-link button btn highlight-button-dark btn-medium\">T\u00e9l\u00e9chargez la plaquette<\/a><\/div><\/div><div class=\"wpb_column hcode-column-container text-center vc_col-sm-4 col-xs-mobile-fullwidth\" data-front-class=\"text-center col-xs-mobile-fullwidth\"><div class=\"vc-column-innner-wrapper\"><a href=\"https:\/\/#\"><img loading=\"lazy\" decoding=\"async\" width=\"445\" height=\"445\" src=\"https:\/\/www.cablanc.com\/wp-content\/uploads\/2023\/01\/Cablanc-volontariat-ecolieu-2.jpg\" class=\"\" alt=\"\" srcset=\"https:\/\/www.cablanc.com\/wp-content\/uploads\/2023\/01\/Cablanc-volontariat-ecolieu-2.jpg 445w, https:\/\/www.cablanc.com\/wp-content\/uploads\/2023\/01\/Cablanc-volontariat-ecolieu-2-300x300.jpg 300w, https:\/\/www.cablanc.com\/wp-content\/uploads\/2023\/01\/Cablanc-volontariat-ecolieu-2-150x150.jpg 150w, https:\/\/www.cablanc.com\/wp-content\/uploads\/2023\/01\/Cablanc-volontariat-ecolieu-2-81x81.jpg 81w\" sizes=\"(max-width: 445px) 100vw, 445px\" \/><\/a><p style=\"text-align: center;\"><strong><span style=\"color: #a4ab5e;\">Envoyez-nous une lettre avec vos motivations.<br \/>\n<a href=\"https:\/\/www.cablanc.com\/wp-content\/uploads\/2021\/09\/CABLANC-bulletin-adhesion-2021-2022.pdf\" target=\"_blank\" rel=\"noopener noreferrer\">T\u00e9l\u00e9charger le bulletin d'adh\u00e9sion<\/a><br \/>\n<\/span><\/strong><\/p>\n<a  href=\"https:\/\/www.cablanc.com\/accueil\/nous-rejoindre\/\" target=\"_blank\"  class=\"btn-green inner-link button btn highlight-button-dark btn-medium\">Rejoignez l'association<\/a><\/div><\/div><\/div><\/div><\/section><section><div class=\"wpb_column hcode-column-container no-padding sm-no-padding xs-no-padding no-margin sm-no-margin xs-no-margin vc_col-sm-12 col-xs-mobile-fullwidth\" data-front-class=\"no-padding sm-no-padding xs-no-padding no-margin sm-no-margin xs-no-margin col-xs-mobile-fullwidth\"><div class=\"vc-column-innner-wrapper\">[vc_custom_heading text=\"Ce que vous dites de Cablanc !\" font_container=\"tag:h3|font_size:28px|text_align:center|color:%23ffffff|line_height:80px\" use_theme_fonts=\"yes\" css=\".vc_custom_1674491834666{background-color: #5a1743 !important;}\" el_class=\"bandeau-h2\"]<\/div><\/div><\/section><section class=\"no-padding sm-no-padding xs-no-padding\"><div class=\"container\"><div class=\"row\"><div class=\"wpb_column hcode-column-container text-center sm-text-center xs-text-center vc_col-sm-2 col-xs-mobile-fullwidth\" data-front-class=\"text-center sm-text-center xs-text-center col-xs-mobile-fullwidth\"><div class=\"vc-column-innner-wrapper\"><\/div><\/div><div class=\"wpb_column hcode-column-container text-center vc_col-sm-8 col-xs-mobile-fullwidth\" data-front-class=\"text-center col-xs-mobile-fullwidth\"><div class=\"vc-column-innner-wrapper\">[vc_raw_html]JTNDZGl2JTIwaWQlM0QlMjJUQV9jZHNzY3JvbGxpbmdyYXZld2lkZTMzMSUyMiUyMGNsYXNzJTNEJTIyVEFfY2Rzc2Nyb2xsaW5ncmF2ZXdpZGUlMjIlM0UlM0N1bCUyMGlkJTNEJTIyTmNNWFFUbHUlMjIlMjBjbGFzcyUzRCUyMlRBX2xpbmtzJTIwMWN3czh6eXBGRXYlMjIlM0UlM0NsaSUyMGlkJTNEJTIyZ3EycHdtSFJFNSUyMiUyMGNsYXNzJTNEJTIyNUhENFNjVFhMWCUyMiUzRSUzQ2ElMjB0YXJnZXQlM0QlMjJfYmxhbmslMjIlMjBocmVmJTNEJTIyaHR0cHMlM0ElMkYlMkZ3d3cudHJpcGFkdmlzb3IuZnIlMkZIb3RlbF9SZXZpZXctZzEyMDkxNTItZDEyODQyMDY4LVJldmlld3MtQ2FibGFuYy1TYXVzc2lnbmFjX0JlcmdlcmFjX0RvcmRvZ25lX05vdXZlbGxlX0FxdWl0YWluZS5odG1sJTIyJTNFJTNDaW1nJTIwc3JjJTNEJTIyaHR0cHMlM0ElMkYlMkZzdGF0aWMudGFjZG4uY29tJTJGaW1nMiUyRmJyYW5kX3JlZnJlc2glMkZUcmlwYWR2aXNvcl9sb2NrdXBfdmVydGljYWwuc3ZnJTIyJTIwYWx0JTNEJTIyVHJpcEFkdmlzb3IlMjIlMjBjbGFzcyUzRCUyMndpZEVYQ0lNRyUyMiUyMGlkJTNEJTIyQ0RTV0lERVhDTE9HTyUyMiUyRiUzRSUzQyUyRmElM0UlM0MlMkZsaSUzRSUzQyUyRnVsJTNFJTNDJTJGZGl2JTNFJTNDc2NyaXB0JTIwYXN5bmMlMjBzcmMlM0QlMjJodHRwcyUzQSUyRiUyRnd3dy5qc2NhY2hlLmNvbSUyRndlanMlM0Z3dHlwZSUzRGNkc3Njcm9sbGluZ3JhdmV3aWRlJTI2YW1wJTNCdW5pcSUzRDMzMSUyNmFtcCUzQmxvY2F0aW9uSWQlM0QxMjg0MjA2OCUyNmFtcCUzQmxhbmclM0RmciUyNmFtcCUzQmJvcmRlciUzRHRydWUlMjZhbXAlM0JkaXNwbGF5X3ZlcnNpb24lM0QyJTIyJTIwZGF0YS1sb2FkdHJrJTIwb25sb2FkJTNEJTIydGhpcy5sb2FkdHJrJTNEdHJ1ZSUyMiUzRSUzQyUyRnNjcmlwdCUzRQ==[\/vc_raw_html][vc_empty_space]<a  href=\"https:\/\/www.tripadvisor.fr\/Hotel_Review-g1209152-d12842068-Reviews-Cablanc_les_Vacances_Authentiques-Saussignac_Dordogne_Nouvelle_Aquitaine.html\" target=\"_blank\"  class=\"btn-green inner-link button btn  hcode-button-8 highlight-button-dark btn-medium\">Donnez-nous votre avis sur Tripadvisor !<\/a>[vc_empty_space]<pre class=\"ti-widget\"><div class=\"ti-widget ti-no-profile-img ti-goog\" data-no-translation=\"true\" data-layout-id=\"37\" data-set-id=\"ligth-border\" data-pid=\"\" data-pager-autoplay-timeout=\"6\" data-language=\"fr\" > <div class=\"ti-widget-container ti-col-1\"> <div class=\"ti-reviews-container\"> <div class=\"ti-controls\"> <div class=\"ti-next\"><\/div> <div class=\"ti-prev\"><\/div> <\/div> <div class=\"ti-reviews-container-wrapper\">  <div data-empty=\"0\" class=\"ti-review-item source-Google\" > <div class=\"ti-inner\"> <div class=\"ti-review-header\">  <div class=\"ti-profile-details\"> <div class=\"ti-name\"> Seve M <\/div> <div class=\"ti-date\">07\/11\/2023<\/div> <\/div> <\/div> <span class=\"ti-stars\"><span class=\"ti-star f\"><\/span><span class=\"ti-star f\"><\/span><span class=\"ti-star f\"><\/span><span class=\"ti-star f\"><\/span><span class=\"ti-star f\"><\/span><\/span> <div class=\"ti-review-text-container ti-review-content\"><!-- R-CONTENT -->un endroit riche, vivant et ressour\u00e7ant avec V\u00e9ronique et S\u00e9bastien, adorables et bienveillants, je conseille vivement !<!-- R-CONTENT --><\/div> <span class=\"ti-read-more\" data-container=\".ti-review-content\" data-collapse-text=\"Cacher\" data-open-text=\"Lire la suite\" ><\/span> <\/div> <\/div>  <div data-empty=\"0\" class=\"ti-review-item source-Google\" > <div class=\"ti-inner\"> <div class=\"ti-review-header\">  <div class=\"ti-profile-details\"> <div class=\"ti-name\"> Marthe Godin <\/div> <div class=\"ti-date\">27\/09\/2023<\/div> <\/div> <\/div> <span class=\"ti-stars\"><span class=\"ti-star f\"><\/span><span class=\"ti-star f\"><\/span><span class=\"ti-star f\"><\/span><span class=\"ti-star f\"><\/span><span class=\"ti-star f\"><\/span><\/span> <div class=\"ti-review-text-container ti-review-content\"><!-- R-CONTENT -->Ce lieu est non seulement magnifique par la nature que par les personnes qu'on y rencontre.\n\nLa semaine que j'ai pass\u00e9e dans l'ecolieu a \u00e9t\u00e9 une r\u00e9elle d\u00e9couverte de la nature et de moi-m\u00eame.\n\nV\u00e9ronique et S\u00e9bastien ont r\u00e9ussi \u00e0 trouver leur ikiqai, mais surtout, ils savent le partager avec tant de bont\u00e9, tout en restant discret pour nous laisser vivre notre aventure.\n\nLe stage permet de rencontrer des personnes incroyables et d'en apprendre sur ce qui nous entoure et nous constitue.\n\nJe recommande vivement d'aller \u00e0 la rencontre de ces personnes dans cet ecolieu merveilleux, plein d'amour et de bienveillance.<!-- R-CONTENT --><\/div> <span class=\"ti-read-more\" data-container=\".ti-review-content\" data-collapse-text=\"Cacher\" data-open-text=\"Lire la suite\" ><\/span> <\/div> <\/div>  <div data-empty=\"0\" class=\"ti-review-item source-Google\" > <div class=\"ti-inner\"> <div class=\"ti-review-header\">  <div class=\"ti-profile-details\"> <div class=\"ti-name\"> C\u00e9line POTINET <\/div> <div class=\"ti-date\">06\/09\/2023<\/div> <\/div> <\/div> <span class=\"ti-stars\"><span class=\"ti-star f\"><\/span><span class=\"ti-star f\"><\/span><span class=\"ti-star f\"><\/span><span class=\"ti-star f\"><\/span><span class=\"ti-star f\"><\/span><\/span> <div class=\"ti-review-text-container ti-review-content\"><!-- R-CONTENT -->Un lieu hors du temps, en pleine nature, rempli de belles \u00e9nergies et de chaleur humaine.\nLa formule d'ateliers est top et bien que seule avec mes enfants, j'ai pu profiter de certains d'entre-eux. Permaculture, m\u00e9ditation, sylvoth\u00e9rapie, bain sonore... On sort de Cablanc ressourc\u00e9 et plein d'id\u00e9es !<!-- R-CONTENT --><\/div> <span class=\"ti-read-more\" data-container=\".ti-review-content\" data-collapse-text=\"Cacher\" data-open-text=\"Lire la suite\" ><\/span> <\/div> <\/div>  <div data-empty=\"0\" class=\"ti-review-item source-Google\" > <div class=\"ti-inner\"> <div class=\"ti-review-header\">  <div class=\"ti-profile-details\"> <div class=\"ti-name\"> Aelnur Aenur <\/div> <div class=\"ti-date\">04\/09\/2023<\/div> <\/div> <\/div> <span class=\"ti-stars\"><span class=\"ti-star f\"><\/span><span class=\"ti-star f\"><\/span><span class=\"ti-star f\"><\/span><span class=\"ti-star f\"><\/span><span class=\"ti-star f\"><\/span><\/span> <div class=\"ti-review-text-container ti-review-content\"><!-- R-CONTENT -->Un lieu magique ou se ressourcer et passer un agr\u00e9able s\u00e9jour. Sans oublier l'accueil de qualit\u00e9 et les quelques jolies promenades alentours.<!-- R-CONTENT --><\/div> <span class=\"ti-read-more\" data-container=\".ti-review-content\" data-collapse-text=\"Cacher\" data-open-text=\"Lire la suite\" ><\/span> <\/div> <\/div>  <div data-empty=\"0\" class=\"ti-review-item source-Google\" > <div class=\"ti-inner\"> <div class=\"ti-review-header\">  <div class=\"ti-profile-details\"> <div class=\"ti-name\"> laurence luneville <\/div> <div class=\"ti-date\">02\/09\/2023<\/div> <\/div> <\/div> <span class=\"ti-stars\"><span class=\"ti-star f\"><\/span><span class=\"ti-star f\"><\/span><span class=\"ti-star f\"><\/span><span class=\"ti-star f\"><\/span><span class=\"ti-star f\"><\/span><\/span> <div class=\"ti-review-text-container ti-review-content\"><!-- R-CONTENT -->Des vacances anti clubMed !!\nRepos, calme et bien \u00eatre dans un cadre vraiment nature.\nDes animaux qui  s'\u00e9panouissent.\nUn stage avec des ateliers tr\u00e8s int\u00e9ressants et enrichissants : permaculture,  bien-\u00eatre,  botanique, \u00e9co construction. Et une piscine pour les jours chauds.\nDe belles rencontres et des ap\u00e9ros anim\u00e9s.\nUn super s\u00e9jour avec une envie d'y revenir pour se poser et d\u00e9guster les sorbets de  V\u00e9ro.<!-- R-CONTENT --><\/div> <span class=\"ti-read-more\" data-container=\".ti-review-content\" data-collapse-text=\"Cacher\" data-open-text=\"Lire la suite\" ><\/span> <\/div> <\/div>  <div data-empty=\"0\" class=\"ti-review-item source-Google\" > <div class=\"ti-inner\"> <div class=\"ti-review-header\">  <div class=\"ti-profile-details\"> <div class=\"ti-name\"> Cindy Gaboriau <\/div> <div class=\"ti-date\">01\/09\/2023<\/div> <\/div> <\/div> <span class=\"ti-stars\"><span class=\"ti-star f\"><\/span><span class=\"ti-star f\"><\/span><span class=\"ti-star f\"><\/span><span class=\"ti-star f\"><\/span><span class=\"ti-star f\"><\/span><\/span> <div class=\"ti-review-text-container ti-review-content\"><!-- R-CONTENT -->C est un premi\u00e8re et une merveilleuse d\u00e9couverte pour notre famille. Il faut un ou deux jours pour commencer \u00e0 ralentir et comprendre le mode de fonctionnement pourtant si simple. Une r\u00e9elle pause dans notre vie. De magnifiques rencontres (responsable de l eco lieu, intervenants du stage et autres campeurs). Nous r\u00e9parti d\u00e9pays\u00e9 repos\u00e9, ressourc\u00e9 et avec pleins de nouvelles r\u00e9solutions.<!-- R-CONTENT --><\/div> <span class=\"ti-read-more\" data-container=\".ti-review-content\" data-collapse-text=\"Cacher\" data-open-text=\"Lire la suite\" ><\/span> <\/div> <\/div>  <div data-empty=\"0\" class=\"ti-review-item source-Google\" > <div class=\"ti-inner\"> <div class=\"ti-review-header\">  <div class=\"ti-profile-details\"> <div class=\"ti-name\"> killua <\/div> <div class=\"ti-date\">28\/08\/2023<\/div> <\/div> <\/div> <span class=\"ti-stars\"><span class=\"ti-star f\"><\/span><span class=\"ti-star f\"><\/span><span class=\"ti-star f\"><\/span><span class=\"ti-star f\"><\/span><span class=\"ti-star f\"><\/span><\/span> <div class=\"ti-review-text-container ti-review-content\"><!-- R-CONTENT -->Merci encore pour tout, les enfants n'ont pas arr\u00eat\u00e9 de nous demander quand est-ce que nous reviendrons ! Nous sommes vraiment dans une bulle de nature et de bien-\u00eatre quand nous venons \u00e0 Cablanc et \u00e7a nous fait le plus grand bien ! C'est un vrai havre de paix bucolique et ressour\u00e7ant !<!-- R-CONTENT --><\/div> <span class=\"ti-read-more\" data-container=\".ti-review-content\" data-collapse-text=\"Cacher\" data-open-text=\"Lire la suite\" ><\/span> <\/div> <\/div>  <div data-empty=\"0\" class=\"ti-review-item source-Google\" > <div class=\"ti-inner\"> <div class=\"ti-review-header\">  <div class=\"ti-profile-details\"> <div class=\"ti-name\"> Marie Michelet <\/div> <div class=\"ti-date\">24\/08\/2023<\/div> <\/div> <\/div> <span class=\"ti-stars\"><span class=\"ti-star f\"><\/span><span class=\"ti-star f\"><\/span><span class=\"ti-star f\"><\/span><span class=\"ti-star f\"><\/span><span class=\"ti-star f\"><\/span><\/span> <div class=\"ti-review-text-container ti-review-content\"><!-- R-CONTENT -->C'est toujours un ressourcement de venir passer du temps \u00e0 Cablanc, dans un environnement vivant et vibrant. Merci \u00e0 V\u00e9ronique et S\u00e9bastien de permettre des rencontres juste inoubliables, avec les personnes en r\u00e9sidence, avec la magie des plantes sauvages et des arbres. La formule des ateliers en forfait pour la semaine, ou simplement \u00e0 la carte, est une excellente id\u00e9e ! Permaculture, yoga, m\u00e9ditation, \u00e9co-construction, bain sonore, bain de for\u00eat, cuisson solaire... : les intervenants sont tous plus captivants les uns que les autres. Si vous cherchez une \u00e9tape essentielle sur votre chemin de vie : c'est Cablanc :-)))<!-- R-CONTENT --><\/div> <span class=\"ti-read-more\" data-container=\".ti-review-content\" data-collapse-text=\"Cacher\" data-open-text=\"Lire la suite\" ><\/span> <\/div> <\/div>  <div data-empty=\"0\" class=\"ti-review-item source-Google\" > <div class=\"ti-inner\"> <div class=\"ti-review-header\">  <div class=\"ti-profile-details\"> <div class=\"ti-name\"> CB C\u00e9line <\/div> <div class=\"ti-date\">20\/08\/2023<\/div> <\/div> <\/div> <span class=\"ti-stars\"><span class=\"ti-star f\"><\/span><span class=\"ti-star f\"><\/span><span class=\"ti-star f\"><\/span><span class=\"ti-star f\"><\/span><span class=\"ti-star f\"><\/span><\/span> <div class=\"ti-review-text-container ti-review-content\"><!-- R-CONTENT -->Un magnifique lieu de rencontre o\u00f9 l'on apprend tellement de choses et o\u00f9 l'on vit de tr\u00e8s belles exp\u00e9riences grace \u00e0 V\u00e9ronique et S\u00e9bastien. Je vous recommande le stage!! Et on s'y sent comme \u00e0 la maison \ud83d\ude09<!-- R-CONTENT --><\/div> <span class=\"ti-read-more\" data-container=\".ti-review-content\" data-collapse-text=\"Cacher\" data-open-text=\"Lire la suite\" ><\/span> <\/div> <\/div>  <div data-empty=\"0\" class=\"ti-review-item source-Google\" > <div class=\"ti-inner\"> <div class=\"ti-review-header\">  <div class=\"ti-profile-details\"> <div class=\"ti-name\"> Florence VITRY <\/div> <div class=\"ti-date\">20\/08\/2023<\/div> <\/div> <\/div> <span class=\"ti-stars\"><span class=\"ti-star f\"><\/span><span class=\"ti-star f\"><\/span><span class=\"ti-star f\"><\/span><span class=\"ti-star f\"><\/span><span class=\"ti-star f\"><\/span><\/span> <div class=\"ti-review-text-container ti-review-content\"><!-- R-CONTENT -->Lieu tr\u00e8s apaisant et ressour\u00e7ant. V\u00e9ronique et S\u00e9bastien savent accueillir . je le recommande vivement !\nLa Dordogne est pleine de tr\u00e9sors cach\u00e9s ,\nDame Nature y est tr\u00e8s pr\u00e9sente. \ud83c\udf33\ud83c\udf33\ud83d\ude4f<!-- R-CONTENT --><\/div> <span class=\"ti-read-more\" data-container=\".ti-review-content\" data-collapse-text=\"Cacher\" data-open-text=\"Lire la suite\" ><\/span> <\/div> <\/div>  <\/div> <\/div> <div class=\"ti-controls-line\"> <div class=\"dot\"><\/div> <\/div> <div class=\"ti-footer\"> <div class=\"ti-rating-text\"> <span class=\"nowrap\">\u00c9valuation <strong>Google<\/strong> : <\/span><span class=\"nowrap\"><strong>5.0<\/strong> sur 5, <\/span><span class=\"nowrap\">Bas\u00e9e sur <strong>89 avis<\/strong><\/span> <\/div> <\/div>  <\/div> <\/div> <\/pre>\n[vc_empty_space]<a  href=\"https:\/\/www.google.com\/search?q=cablanc&rlz=1C5CHFA_enFR956FR957&oq=cablanc&gs_lcrp=EgZjaHJvbWUyBggAEEUYOTIGCAEQRRg8MgYIAhBFGDwyBggDEEUYPDIGCAQQRRg8MgYIBRBFGDzSAQg0NzEyajBqN6gCALACAA&sourceid=chrome&ie=UTF-8&lqi=CgdjYWJsYW5jSPmOlIyIq4CACFoNEAAYACIHY2FibGFuY5IBDG9yZ2FuaWNfZmFybZoBI0NoWkRTVWhOTUc5blMwVkpRMEZuU1VSd01EVXplVUpSRUFFqgEwEAEyHxABIhsgl3xW-7yfj-1EpgCD-vkVKALqz_nqFLhLNdsyCxACIgdjYWJsYW5j#lkt=LocalPoiReviews&lrd=0x12aac75755753fd7:0x1ef5ef12a9de261c,3,,,,&rlimm=2230952053870306844\" target=\"_blank\"  class=\"btn-green inner-link button btn  hcode-button-9 highlight-button-dark btn-medium\">Donnez-nous votre avis sur Google !<\/a><\/div><\/div><div class=\"wpb_column hcode-column-container vc_col-sm-2 col-xs-mobile-fullwidth\" data-front-class=\"col-xs-mobile-fullwidth\"><div class=\"vc-column-innner-wrapper\"><\/div><\/div><\/div><\/div><\/section><section class=\" vc_custom_1581080929123\"><div class=\"container\"><div class=\"row\"><div class=\"wpb_column hcode-column-container no-padding sm-no-padding xs-no-padding no-margin sm-no-margin xs-no-margin vc_col-sm-12 col-xs-mobile-fullwidth\" data-front-class=\"no-padding sm-no-padding xs-no-padding no-margin sm-no-margin xs-no-margin col-xs-mobile-fullwidth\"><div class=\"vc-column-innner-wrapper\">[vc_custom_heading text=\"Retrouvez l\u2019\u00e9colieu de Cablanc sur les r\u00e9seaux sociaux\" font_container=\"tag:h3|font_size:28px|text_align:center|color:%23ffffff|line_height:80px\" use_theme_fonts=\"yes\" css=\".vc_custom_1674491843857{background-color: #5a1743 !important;}\" el_class=\"bandeau-h2\"]<\/div><\/div><\/div><\/div><\/section><section class=\" vc_custom_1673602762813\"><div class=\"container\"><div class=\"row\"><div class=\"wpb_column hcode-column-container vc_col-sm-2 col-xs-mobile-fullwidth\" data-front-class=\"col-xs-mobile-fullwidth\"><div class=\"vc-column-innner-wrapper\"><\/div><\/div><div class=\"wpb_column hcode-column-container vc_col-sm-8 col-xs-mobile-fullwidth\" data-front-class=\"col-xs-mobile-fullwidth\"><div class=\"vc-column-innner-wrapper\"><div class=\"hcode-inner-row\"><div class=\"wpb_column hcode-column-container vc_col-sm-3 col-xs-mobile-fullwidth\" data-front-class=\"col-xs-mobile-fullwidth\"><div class=\"vc-column-innner-wrapper\">[vc_icon icon_fontawesome=\"fab fa-facebook-square\" color=\"custom\" align=\"center\" link=\"url:https%3A%2F%2Fwww.facebook.com%2FCablanc.fr|target:_blank|rel:nofollow\" custom_color=\"#847f45\"]<\/div><\/div><div class=\"wpb_column hcode-column-container vc_col-sm-3 col-xs-mobile-fullwidth\" data-front-class=\"col-xs-mobile-fullwidth\"><div class=\"vc-column-innner-wrapper\">[vc_icon icon_fontawesome=\"fab fa-instagram\" color=\"custom\" align=\"center\" link=\"url:https%3A%2F%2Fwww.instagram.com%2Fcablanc.ecolieu.authentique%2F||target:%20_blank|rel:nofollow\" custom_color=\"#847f45\"]<\/div><\/div><div class=\"wpb_column hcode-column-container vc_col-sm-3 col-xs-mobile-fullwidth\" data-front-class=\"col-xs-mobile-fullwidth\"><div class=\"vc-column-innner-wrapper\">[vc_icon icon_fontawesome=\"fab fa-youtube\" color=\"custom\" align=\"center\" link=\"url:https%3A%2F%2Fwww.youtube.com%2Fchannel%2FUCDvf70U6DfwyYGB3m77gYxg||target:%20_blank|rel:nofollow\" custom_color=\"#847f45\"]<\/div><\/div><div class=\"wpb_column hcode-column-container vc_col-sm-3 col-xs-mobile-fullwidth\" data-front-class=\"col-xs-mobile-fullwidth\"><div class=\"vc-column-innner-wrapper\">[vc_icon icon_fontawesome=\"fab fa-tripadvisor\" color=\"custom\" align=\"center\" link=\"url:https%3A%2F%2Fwww.tripadvisor.fr%2FHotel_Review-g1209152-d12842068-Reviews-Cablanc-Saussignac_Bergerac_Dordogne_Nouvelle_Aquitaine.html||target:%20_blank|rel:nofollow\" custom_color=\"#847f45\"]<\/div><\/div><\/div><\/div><\/div><div class=\"wpb_column hcode-column-container vc_col-sm-2 col-xs-mobile-fullwidth\" data-front-class=\"col-xs-mobile-fullwidth\"><div class=\"vc-column-innner-wrapper\"><\/div><\/div><\/div><\/div><\/section><section class=\" vc_custom_1580475622741 row-equal-height row-content-bottom hcode-row-7\"><div class=\"container\"><div class=\"row hcode-row-flex\"><div class=\"wpb_column hcode-column-container vc_col-sm-12 col-xs-mobile-fullwidth\" data-front-class=\"col-xs-mobile-fullwidth\"><div class=\"vc-column-innner-wrapper\">[vc_empty_space css=\".vc_custom_1580475540140{background-color: #e5e5d3 !important;}\"]<\/div><\/div><\/div><\/div><\/section><section class=\"row-equal-height row-content-middle hcode-row-8\"><div class=\"container\"><div class=\"row hcode-row-flex\"><div class=\"wpb_column hcode-column-container text-center sm-text-center xs-text-center padding-two-top sm-no-padding xs-no-padding vc_col-sm-2 vc_col-xs-4\" data-front-class=\"text-center sm-text-center xs-text-center padding-two-top sm-no-padding xs-no-padding\"><div class=\"vc-column-innner-wrapper\"><img loading=\"lazy\" decoding=\"async\" width=\"300\" height=\"229\" src=\"https:\/\/www.cablanc.com\/wp-content\/uploads\/2023\/01\/Cablanc-coworking-logo.png\" class=\"\" alt=\"\" srcset=\"https:\/\/www.cablanc.com\/wp-content\/uploads\/2023\/01\/Cablanc-coworking-logo.png 300w, https:\/\/www.cablanc.com\/wp-content\/uploads\/2023\/01\/Cablanc-coworking-logo-81x62.png 81w\" sizes=\"(max-width: 300px) 100vw, 300px\" \/><\/div><\/div><div class=\"wpb_column hcode-column-container vc_col-sm-2 vc_col-xs-4\"><div class=\"vc-column-innner-wrapper\"><img loading=\"lazy\" decoding=\"async\" width=\"300\" height=\"300\" src=\"https:\/\/www.cablanc.com\/wp-content\/uploads\/2018\/12\/cablanc-ecocert.jpg\" class=\"\" alt=\"logo du label ecocert\" srcset=\"https:\/\/www.cablanc.com\/wp-content\/uploads\/2018\/12\/cablanc-ecocert.jpg 300w, https:\/\/www.cablanc.com\/wp-content\/uploads\/2018\/12\/cablanc-ecocert-150x150.jpg 150w\" sizes=\"(max-width: 300px) 100vw, 300px\" \/><\/div><\/div><div class=\"wpb_column hcode-column-container vc_col-sm-2 vc_col-xs-4\"><div class=\"vc-column-innner-wrapper\"><img loading=\"lazy\" decoding=\"async\" width=\"300\" height=\"300\" src=\"https:\/\/www.cablanc.com\/wp-content\/uploads\/2018\/12\/cablanc-colibris.jpg\" class=\"\" alt=\"Logo du r\u00e9seau oasis des Colibris\" srcset=\"https:\/\/www.cablanc.com\/wp-content\/uploads\/2018\/12\/cablanc-colibris.jpg 300w, https:\/\/www.cablanc.com\/wp-content\/uploads\/2018\/12\/cablanc-colibris-150x150.jpg 150w\" sizes=\"(max-width: 300px) 100vw, 300px\" \/><\/div><\/div><div class=\"wpb_column hcode-column-container vc_col-sm-2 vc_col-xs-4\"><div class=\"vc-column-innner-wrapper\"><img loading=\"lazy\" decoding=\"async\" width=\"400\" height=\"283\" src=\"https:\/\/www.cablanc.com\/wp-content\/uploads\/2023\/01\/Cablanc-coworking-coop-tiers-lieux.jpg\" class=\"\" alt=\"\" srcset=\"https:\/\/www.cablanc.com\/wp-content\/uploads\/2023\/01\/Cablanc-coworking-coop-tiers-lieux.jpg 400w, https:\/\/www.cablanc.com\/wp-content\/uploads\/2023\/01\/Cablanc-coworking-coop-tiers-lieux-300x212.jpg 300w, https:\/\/www.cablanc.com\/wp-content\/uploads\/2023\/01\/Cablanc-coworking-coop-tiers-lieux-81x57.jpg 81w\" sizes=\"(max-width: 400px) 100vw, 400px\" \/><\/div><\/div><div class=\"wpb_column hcode-column-container padding-three vc_col-sm-2 vc_col-xs-4\" data-front-class=\"padding-three\"><div class=\"vc-column-innner-wrapper\"><img loading=\"lazy\" decoding=\"async\" width=\"225\" height=\"225\" src=\"https:\/\/www.cablanc.com\/wp-content\/uploads\/2023\/01\/logo-office-tourisme-bergerac.png\" class=\"\" alt=\"\" srcset=\"https:\/\/www.cablanc.com\/wp-content\/uploads\/2023\/01\/logo-office-tourisme-bergerac.png 225w, https:\/\/www.cablanc.com\/wp-content\/uploads\/2023\/01\/logo-office-tourisme-bergerac-150x150.png 150w, https:\/\/www.cablanc.com\/wp-content\/uploads\/2023\/01\/logo-office-tourisme-bergerac-81x81.png 81w\" sizes=\"(max-width: 225px) 100vw, 225px\" \/><\/div><\/div><div class=\"wpb_column hcode-column-container text-center sm-text-center xs-text-center vc_col-sm-2 vc_col-xs-4\" data-front-class=\"text-center sm-text-center xs-text-center\"><div class=\"vc-column-innner-wrapper\"><img loading=\"lazy\" decoding=\"async\" width=\"339\" height=\"339\" src=\"https:\/\/www.cablanc.com\/wp-content\/uploads\/2018\/12\/cablanc-zero-dechets.jpg\" class=\"\" alt=\"logo d\u00e9fi z\u00e9ro d\u00e9ch\u00eats\" srcset=\"https:\/\/www.cablanc.com\/wp-content\/uploads\/2018\/12\/cablanc-zero-dechets.jpg 339w, https:\/\/www.cablanc.com\/wp-content\/uploads\/2018\/12\/cablanc-zero-dechets-150x150.jpg 150w, https:\/\/www.cablanc.com\/wp-content\/uploads\/2018\/12\/cablanc-zero-dechets-300x300.jpg 300w\" sizes=\"(max-width: 339px) 100vw, 339px\" \/><\/div><\/div><\/div><\/div><\/section><section class=\" vc_custom_1580475622741 row-equal-height row-content-bottom hcode-row-9\"><div class=\"container\"><div class=\"row hcode-row-flex\"><div class=\"wpb_column hcode-column-container vc_col-sm-12 col-xs-mobile-fullwidth\" data-front-class=\"col-xs-mobile-fullwidth\"><div class=\"vc-column-innner-wrapper\">[vc_empty_space css=\".vc_custom_1580475540140{background-color: #e5e5d3 !important;}\"]<\/div><\/div><\/div><\/div><\/section>","protected":false},"excerpt":{"rendered":"<p>[vc_empty_space height=\u00a0\u00bb20px\u00a0\u00bb css=\u00a0\u00bb.vc_custom_1493901719403{background-color: #a4ab5e !important;}\u00a0\u00bb]\u00c0 l&rsquo;\u00e9colieu de Cablanc, donnez du sens \u00e0 vos vacances ! &nbsp; Vacances \u00e9thiques, h\u00e9bergements insolites et ateliers engag\u00e9s, Cablanc vous accueille dans son cadre authentique au coeur de la Dordogne. [vc_empty_space height=\u00a0\u00bb20px\u00a0\u00bb css=\u00a0\u00bb.vc_custom_1493901719403{background-color: #a4ab5e !important;}\u00a0\u00bb] [vc_empty_space height=\u00a0\u00bb8px\u00a0\u00bb]- ENTRACTE \u00c0 CABLANC &#8211; Cette saison, Cablanc sera en pause, nous ne prenons [&hellip;]<\/p>\n","protected":false},"author":4,"featured_media":0,"parent":0,"menu_order":0,"comment_status":"closed","ping_status":"closed","template":"","meta":{"footnotes":""},"yoast_head":"<!-- This site is optimized with the Yoast SEO plugin v22.7 - https:\/\/yoast.com\/wordpress\/plugins\/seo\/ -->\n<title>\u00c9colieu de Cablanc, vacances \u00e9cologiques et stages en Dordogne<\/title>\n<meta name=\"robots\" content=\"index, follow, max-snippet:-1, max-image-preview:large, max-video-preview:-1\" \/>\n<link rel=\"canonical\" href=\"https:\/\/www.cablanc.com\/accueil\/\" \/>\n<meta property=\"og:locale\" content=\"fr_FR\" \/>\n<meta property=\"og:type\" content=\"article\" \/>\n<meta property=\"og:title\" content=\"\u00c9colieu de Cablanc, vacances \u00e9cologiques et stages en Dordogne\" \/>\n<meta property=\"og:description\" content=\"[vc_empty_space height=&quot;20px&quot; css=&quot;.vc_custom_1493901719403{background-color: #a4ab5e !important;}&quot;]\u00c0 l&#039;\u00e9colieu de Cablanc, donnez du sens \u00e0 vos vacances ! &nbsp; Vacances \u00e9thiques, h\u00e9bergements insolites et ateliers engag\u00e9s, Cablanc vous accueille dans son cadre authentique au coeur de la Dordogne. [vc_empty_space height=&quot;20px&quot; css=&quot;.vc_custom_1493901719403{background-color: #a4ab5e !important;}&quot;] [vc_empty_space height=&quot;8px&quot;]- ENTRACTE \u00c0 CABLANC - Cette saison, Cablanc sera en pause, nous ne prenons [&hellip;]\" \/>\n<meta property=\"og:url\" content=\"https:\/\/www.cablanc.com\/accueil\/\" \/>\n<meta property=\"og:site_name\" content=\"Cablanc - Les vacances authentiques en Dordogne\" \/>\n<meta property=\"article:modified_time\" content=\"2025-03-08T16:59:41+00:00\" \/>\n<meta name=\"twitter:card\" content=\"summary_large_image\" \/>\n<meta name=\"twitter:label1\" content=\"Dur\u00e9e de lecture estim\u00e9e\" \/>\n\t<meta name=\"twitter:data1\" content=\"12 minutes\" \/>\n<script type=\"application\/ld+json\" class=\"yoast-schema-graph\">{\"@context\":\"https:\/\/schema.org\",\"@graph\":[{\"@type\":\"WebPage\",\"@id\":\"https:\/\/www.cablanc.com\/accueil\/\",\"url\":\"https:\/\/www.cablanc.com\/accueil\/\",\"name\":\"\u00c9colieu de Cablanc, vacances \u00e9cologiques et stages en Dordogne\",\"isPartOf\":{\"@id\":\"https:\/\/www.cablanc.com\/accueil\/#website\"},\"datePublished\":\"2022-12-09T17:57:11+00:00\",\"dateModified\":\"2025-03-08T16:59:41+00:00\",\"breadcrumb\":{\"@id\":\"https:\/\/www.cablanc.com\/accueil\/#breadcrumb\"},\"inLanguage\":\"fr-FR\",\"potentialAction\":[{\"@type\":\"ReadAction\",\"target\":[\"https:\/\/www.cablanc.com\/accueil\/\"]}]},{\"@type\":\"BreadcrumbList\",\"@id\":\"https:\/\/www.cablanc.com\/accueil\/#breadcrumb\",\"itemListElement\":[{\"@type\":\"ListItem\",\"position\":1,\"name\":\"Accueil\",\"item\":\"https:\/\/www.cablanc.com\/accueil\/\"},{\"@type\":\"ListItem\",\"position\":2,\"name\":\"Accueil\"}]},{\"@type\":\"WebSite\",\"@id\":\"https:\/\/www.cablanc.com\/accueil\/#website\",\"url\":\"https:\/\/www.cablanc.com\/accueil\/\",\"name\":\"Cablanc - Les vacances authentiques en Dordogne\",\"description\":\"\",\"potentialAction\":[{\"@type\":\"SearchAction\",\"target\":{\"@type\":\"EntryPoint\",\"urlTemplate\":\"https:\/\/www.cablanc.com\/accueil\/?s={search_term_string}\"},\"query-input\":\"required name=search_term_string\"}],\"inLanguage\":\"fr-FR\"}]}<\/script>\n<!-- \/ Yoast SEO plugin. -->","yoast_head_json":{"title":"\u00c9colieu de Cablanc, vacances \u00e9cologiques et stages en Dordogne","robots":{"index":"index","follow":"follow","max-snippet":"max-snippet:-1","max-image-preview":"max-image-preview:large","max-video-preview":"max-video-preview:-1"},"canonical":"https:\/\/www.cablanc.com\/accueil\/","og_locale":"fr_FR","og_type":"article","og_title":"\u00c9colieu de Cablanc, vacances \u00e9cologiques et stages en Dordogne","og_description":"[vc_empty_space height=\"20px\" css=\".vc_custom_1493901719403{background-color: #a4ab5e !important;}\"]\u00c0 l'\u00e9colieu de Cablanc, donnez du sens \u00e0 vos vacances ! &nbsp; Vacances \u00e9thiques, h\u00e9bergements insolites et ateliers engag\u00e9s, Cablanc vous accueille dans son cadre authentique au coeur de la Dordogne. [vc_empty_space height=\"20px\" css=\".vc_custom_1493901719403{background-color: #a4ab5e !important;}\"] [vc_empty_space height=\"8px\"]- ENTRACTE \u00c0 CABLANC - Cette saison, Cablanc sera en pause, nous ne prenons [&hellip;]","og_url":"https:\/\/www.cablanc.com\/accueil\/","og_site_name":"Cablanc - Les vacances authentiques en Dordogne","article_modified_time":"2025-03-08T16:59:41+00:00","twitter_card":"summary_large_image","twitter_misc":{"Dur\u00e9e de lecture estim\u00e9e":"12 minutes"},"schema":{"@context":"https:\/\/schema.org","@graph":[{"@type":"WebPage","@id":"https:\/\/www.cablanc.com\/accueil\/","url":"https:\/\/www.cablanc.com\/accueil\/","name":"\u00c9colieu de Cablanc, vacances \u00e9cologiques et stages en Dordogne","isPartOf":{"@id":"https:\/\/www.cablanc.com\/accueil\/#website"},"datePublished":"2022-12-09T17:57:11+00:00","dateModified":"2025-03-08T16:59:41+00:00","breadcrumb":{"@id":"https:\/\/www.cablanc.com\/accueil\/#breadcrumb"},"inLanguage":"fr-FR","potentialAction":[{"@type":"ReadAction","target":["https:\/\/www.cablanc.com\/accueil\/"]}]},{"@type":"BreadcrumbList","@id":"https:\/\/www.cablanc.com\/accueil\/#breadcrumb","itemListElement":[{"@type":"ListItem","position":1,"name":"Accueil","item":"https:\/\/www.cablanc.com\/accueil\/"},{"@type":"ListItem","position":2,"name":"Accueil"}]},{"@type":"WebSite","@id":"https:\/\/www.cablanc.com\/accueil\/#website","url":"https:\/\/www.cablanc.com\/accueil\/","name":"Cablanc - Les vacances authentiques en Dordogne","description":"","potentialAction":[{"@type":"SearchAction","target":{"@type":"EntryPoint","urlTemplate":"https:\/\/www.cablanc.com\/accueil\/?s={search_term_string}"},"query-input":"required name=search_term_string"}],"inLanguage":"fr-FR"}]}},"_links":{"self":[{"href":"https:\/\/www.cablanc.com\/accueil\/wp-json\/wp\/v2\/pages\/1537"}],"collection":[{"href":"https:\/\/www.cablanc.com\/accueil\/wp-json\/wp\/v2\/pages"}],"about":[{"href":"https:\/\/www.cablanc.com\/accueil\/wp-json\/wp\/v2\/types\/page"}],"author":[{"embeddable":true,"href":"https:\/\/www.cablanc.com\/accueil\/wp-json\/wp\/v2\/users\/4"}],"replies":[{"embeddable":true,"href":"https:\/\/www.cablanc.com\/accueil\/wp-json\/wp\/v2\/comments?post=1537"}],"version-history":[{"count":17,"href":"https:\/\/www.cablanc.com\/accueil\/wp-json\/wp\/v2\/pages\/1537\/revisions"}],"predecessor-version":[{"id":2310,"href":"https:\/\/www.cablanc.com\/accueil\/wp-json\/wp\/v2\/pages\/1537\/revisions\/2310"}],"wp:attachment":[{"href":"https:\/\/www.cablanc.com\/accueil\/wp-json\/wp\/v2\/media?parent=1537"}],"curies":[{"name":"wp","href":"https:\/\/api.w.org\/{rel}","templated":true}]}}