{"id":1660,"date":"2022-12-19T11:44:50","date_gmt":"2022-12-19T10:44:50","guid":{"rendered":"https:\/\/www.cablanc.com\/accueil\/?page_id=1660"},"modified":"2025-03-08T18:04:19","modified_gmt":"2025-03-08T17:04:19","slug":"stage","status":"publish","type":"page","link":"https:\/\/www.cablanc.com\/accueil\/stage\/","title":{"rendered":"Stages"},"content":{"rendered":"<section  class=\"hcode-row-1 no-padding sm-no-padding xs-no-padding bg-image-srcset cover-background\" style=\"background-image: url(https:\/\/www.cablanc.com\/wp-content\/uploads\/2022\/02\/cablanc-stage-pickels.png);\" data-bg-srcset=\"https:\/\/www.cablanc.com\/wp-content\/uploads\/2022\/02\/cablanc-stage-pickels.png 2000w, https:\/\/www.cablanc.com\/wp-content\/uploads\/2022\/02\/cablanc-stage-pickels-300x58.png 300w, https:\/\/www.cablanc.com\/wp-content\/uploads\/2022\/02\/cablanc-stage-pickels-1024x199.png 1024w, https:\/\/www.cablanc.com\/wp-content\/uploads\/2022\/02\/cablanc-stage-pickels-768x149.png 768w, https:\/\/www.cablanc.com\/wp-content\/uploads\/2022\/02\/cablanc-stage-pickels-1536x299.png 1536w, https:\/\/www.cablanc.com\/wp-content\/uploads\/2022\/02\/cablanc-stage-pickels-81x16.png 81w\"><div class=\"wpb_column hcode-column-container no-padding sm-no-padding xs-no-padding no-margin sm-no-margin xs-no-margin vc_col-sm-12 col-xs-mobile-fullwidth\" data-front-class=\"no-padding sm-no-padding xs-no-padding no-margin sm-no-margin xs-no-margin col-xs-mobile-fullwidth\"><div class=\"vc-column-innner-wrapper\"><\/div><\/div><\/section><section class=\"no-padding sm-no-padding xs-no-padding\"><div class=\"wpb_column hcode-column-container no-padding sm-no-padding xs-no-padding no-margin sm-no-margin xs-no-margin vc_col-sm-12 col-xs-mobile-fullwidth\" data-front-class=\"no-padding sm-no-padding xs-no-padding no-margin sm-no-margin xs-no-margin col-xs-mobile-fullwidth\"><div class=\"vc-column-innner-wrapper\">[vc_empty_space height=\"20px\" css=\".vc_custom_1493901719403{background-color: #a4ab5e !important;}\"]<\/div><\/div><\/section><section class=\"no-padding sm-no-padding xs-no-padding no-margin sm-no-margin xs-no-margin\"><div class=\"container\"><div class=\"row\"><div class=\"wpb_column hcode-column-container vc_col-sm-11 vc_col-xs-10\"><div class=\"vc-column-innner-wrapper\"><div class=\"trad\"><p><code><div id=\"flags\" class=\"size18\"><ul id=\"sortable\" class=\"ui-sortable\" style=\"float:left\"><li id=\"Dutch\"><a href=\"#\" title=\"Dutch\" class=\"nturl notranslate nl flag Dutch\"><\/a><\/li><li id=\"English\"><a href=\"#\" title=\"English\" class=\"nturl notranslate en flag English\"><\/a><\/li><li id=\"Spanish\"><a href=\"#\" title=\"Spanish\" class=\"nturl notranslate es flag Spanish\"><\/a><\/li><li id=\"French\"><a href=\"#\" title=\"French\" class=\"nturl notranslate fr flag French\"><\/a><\/li><\/ul><\/div><div id=\"google_language_translator\" class=\"default-language-fr\"><\/div><\/code><\/p>\n<\/div><\/div><\/div><div class=\"wpb_column hcode-column-container vc_col-sm-1 vc_col-xs-2\"><div class=\"vc-column-innner-wrapper\">[vc_empty_space height=\"8px\"]<img loading=\"lazy\" decoding=\"async\" width=\"16\" height=\"13\" src=\"https:\/\/www.cablanc.com\/wp-content\/uploads\/2017\/05\/600px-Gay_flag.jpg\" class=\"\" alt=\"drapeau gay friendly\" \/><\/div><\/div><\/div><\/div><\/section><section class=\" vc_custom_1741422235246 row-equal-height row-content-bottom hcode-row-2\"><div class=\"container\"><div class=\"row hcode-row-flex\"><div class=\"wpb_column hcode-column-container  vc_custom_1682663126587 text-center padding-three vc_col-sm-12 col-xs-mobile-fullwidth\" data-front-class=\" vc_custom_1682663126587 text-center padding-three col-xs-mobile-fullwidth\"><div class=\"vc-column-innner-wrapper\"><div class=\"white\"><p style=\"text-align: center;\"><strong>- ENTRACTE \u00c0 CABLANC -<\/strong><\/p>\n<p style=\"text-align: center;\"><b>Cette saison, Cablanc sera en pause, nous ne prenons pas de r\u00e9servation.<\/b><\/p>\n<\/div><\/div><\/div><\/div><\/div><\/section><section class=\"hcode-row-3\"><div class=\"container\"><div class=\"row\"><div class=\"wpb_column hcode-column-container vc_col-sm-12 col-xs-mobile-fullwidth\" data-front-class=\"col-xs-mobile-fullwidth\"><div class=\"vc-column-innner-wrapper\"><div class=\"intro\"><h1 style=\"text-align: center;\">Les stages immersifs de l'\u00e9t\u00e9 \"oser et cr\u00e9er son \u00e9colieu\"<\/h1>\n<p>&nbsp;<\/p>\n<p style=\"text-align: center;\"><span style=\"color: #847f45;\">\u00a0<\/span>Vous souhaitez vous ressourcer ou changer de vie, vous tourner vers un quotidien qui fait sens pour vous ?<br \/>\nRejoignez nous le temps d'un stage d'une semaine pour penser votre projet, le vivre, et essaimer.<\/p>\n<\/div><\/div><\/div><\/div><\/div><\/section><section class=\"row-equal-height row-content-top hcode-row-4\"><div class=\"container\"><div class=\"row hcode-row-flex\"><div class=\"wpb_column hcode-column-container text-center sm-text-center xs-text-center xs-padding-eight-bottom vc_col-sm-4 col-xs-mobile-fullwidth\" data-front-class=\"text-center sm-text-center xs-text-center xs-padding-eight-bottom col-xs-mobile-fullwidth\"><div class=\"vc-column-innner-wrapper\"><a href=\"https:\/\/www.cablanc.com\/accueil\/stage\/#ateliers\"><img loading=\"lazy\" decoding=\"async\" width=\"445\" height=\"445\" src=\"https:\/\/www.cablanc.com\/wp-content\/uploads\/2022\/12\/Cablanc-stages-ateliers.jpg\" class=\" zoom\" alt=\"\" srcset=\"https:\/\/www.cablanc.com\/wp-content\/uploads\/2022\/12\/Cablanc-stages-ateliers.jpg 445w, https:\/\/www.cablanc.com\/wp-content\/uploads\/2022\/12\/Cablanc-stages-ateliers-300x300.jpg 300w, https:\/\/www.cablanc.com\/wp-content\/uploads\/2022\/12\/Cablanc-stages-ateliers-150x150.jpg 150w, https:\/\/www.cablanc.com\/wp-content\/uploads\/2022\/12\/Cablanc-stages-ateliers-81x81.jpg 81w\" sizes=\"(max-width: 445px) 100vw, 445px\" \/><\/a><\/div><\/div><div class=\"wpb_column hcode-column-container text-center sm-text-center xs-text-center xs-padding-eight-bottom vc_col-sm-4 col-xs-mobile-fullwidth\" data-front-class=\"text-center sm-text-center xs-text-center xs-padding-eight-bottom col-xs-mobile-fullwidth\"><div class=\"vc-column-innner-wrapper\"><a href=\"https:\/\/www.cablanc.com\/accueil\/stage\/#intervenants\"><img loading=\"lazy\" decoding=\"async\" width=\"445\" height=\"445\" src=\"https:\/\/www.cablanc.com\/wp-content\/uploads\/2023\/01\/Cablanc-stages-intervenants-2.jpg\" class=\" zoom\" alt=\"\" srcset=\"https:\/\/www.cablanc.com\/wp-content\/uploads\/2023\/01\/Cablanc-stages-intervenants-2.jpg 445w, https:\/\/www.cablanc.com\/wp-content\/uploads\/2023\/01\/Cablanc-stages-intervenants-2-300x300.jpg 300w, https:\/\/www.cablanc.com\/wp-content\/uploads\/2023\/01\/Cablanc-stages-intervenants-2-150x150.jpg 150w, https:\/\/www.cablanc.com\/wp-content\/uploads\/2023\/01\/Cablanc-stages-intervenants-2-81x81.jpg 81w\" sizes=\"(max-width: 445px) 100vw, 445px\" \/><\/a><\/div><\/div><div class=\"wpb_column hcode-column-container text-center sm-text-center xs-text-center xs-padding-eight-bottom vc_col-sm-4 col-xs-mobile-fullwidth\" data-front-class=\"text-center sm-text-center xs-text-center xs-padding-eight-bottom col-xs-mobile-fullwidth\"><div class=\"vc-column-innner-wrapper\"><a href=\"https:\/\/www.cablanc.com\/accueil\/stage\/#inscription\"><img loading=\"lazy\" decoding=\"async\" width=\"445\" height=\"445\" src=\"https:\/\/www.cablanc.com\/wp-content\/uploads\/2023\/01\/Cablanc-stages-tarifs-inscription-4.jpg\" class=\" zoom\" alt=\"\" srcset=\"https:\/\/www.cablanc.com\/wp-content\/uploads\/2023\/01\/Cablanc-stages-tarifs-inscription-4.jpg 445w, https:\/\/www.cablanc.com\/wp-content\/uploads\/2023\/01\/Cablanc-stages-tarifs-inscription-4-300x300.jpg 300w, https:\/\/www.cablanc.com\/wp-content\/uploads\/2023\/01\/Cablanc-stages-tarifs-inscription-4-150x150.jpg 150w, https:\/\/www.cablanc.com\/wp-content\/uploads\/2023\/01\/Cablanc-stages-tarifs-inscription-4-81x81.jpg 81w\" sizes=\"(max-width: 445px) 100vw, 445px\" \/><\/a><\/div><\/div><\/div><\/div><\/section><section class=\"hcode-row-5\"><div class=\"container\"><div class=\"row\"><div class=\"wpb_column hcode-column-container vc_col-sm-2 col-xs-mobile-fullwidth\" data-front-class=\"col-xs-mobile-fullwidth\"><div class=\"vc-column-innner-wrapper\"><\/div><\/div><div class=\"wpb_column hcode-column-container vc_col-sm-8 col-xs-mobile-fullwidth\" data-front-class=\"col-xs-mobile-fullwidth\"><div class=\"vc-column-innner-wrapper\"><div class=\"v2\"><h2 style=\"text-align: center;\">Le temps d'un stage \u00e0 Cablanc,<br \/>\npour une transition int\u00e9rieure et ext\u00e9rieure<\/h2>\n<p>&nbsp;<\/p>\n<p>Vous \u00eates nombreux, apr\u00e8s un s\u00e9jour chez nous, \u00e0 avoir transitionn\u00e9 vers des choix plus engag\u00e9s, et \u00e0 avoir donn\u00e9 vie \u00e0 vos objectifs et vos id\u00e9es.<\/p>\n<p><strong>Nous vous avons concoct\u00e9 un super programme<\/strong> <strong>pour vous aider \u00e0 concevoir et d\u00e9marrer votre propre<\/strong><strong> projet, ou simplement pour vous enrichir d'exp\u00e9riences.<!-- notionvc: bc2aae96-73fb-4f8d-9550-4c8580f649f1 --><\/strong><\/p>\n<p>Cet \u00e9t\u00e9, nous vous proposons des exp\u00e9riences immersives passionnantes et un programme d\u2019ateliers complet pour vous ressourcer et d\u00e9couvrir des alternatives au jardin comme \u00e0 la maison, ce \u00e0 un prix tr\u00e8s attractif .<\/p>\n<p>Inscrivez vous d\u00e8s que possible, les places sont ouvertes \u00e0 tous\u00a0!<\/p>\n<\/div><\/div><\/div><div class=\"wpb_column hcode-column-container vc_col-sm-2 col-xs-mobile-fullwidth\" data-front-class=\"col-xs-mobile-fullwidth\"><div class=\"vc-column-innner-wrapper\"><\/div><\/div><\/div><\/div><\/section><section class=\"row-equal-height row-content-middle hcode-row-6\"><div class=\"container\"><div class=\"row hcode-row-flex\"><div class=\"wpb_column hcode-column-container text-center sm-text-center xs-text-center vc_col-sm-2 col-xs-mobile-fullwidth\" data-front-class=\"text-center sm-text-center xs-text-center col-xs-mobile-fullwidth\"><div class=\"vc-column-innner-wrapper\"><\/div><\/div><div class=\"wpb_column hcode-column-container text-center sm-text-center xs-text-center vc_col-sm-8 col-xs-mobile-fullwidth\" data-front-class=\"text-center sm-text-center xs-text-center col-xs-mobile-fullwidth\"><div class=\"vc-column-innner-wrapper\"><a  href=\"https:\/\/www.helloasso.com\/associations\/ecolieu-de-cablanc\/evenements\/stage-immersif-ete-2024\" target=\"_blank\"  class=\"inner-link button btn  hcode-button-1 highlight-button-dark btn-large\">Places limit\u00e9es, r\u00e9servez vite !<\/a>[vc_empty_space]<a  href=\"https:\/\/www.cablanc.com\/wp-content\/uploads\/2023\/12\/stages_cablanc-2024.pdf\" target=\"_blank\"  class=\"btn-green inner-link button btn highlight-button-dark btn-medium\">T\u00e9l\u00e9chargez la plaquette<\/a><\/div><\/div><div class=\"wpb_column hcode-column-container vc_col-sm-2 col-xs-mobile-fullwidth\" data-front-class=\"col-xs-mobile-fullwidth\"><div class=\"vc-column-innner-wrapper\"><\/div><\/div><\/div><\/div><\/section><section id=\"ateliers\" class=\" vc_custom_1671460314996 hcode-row-7\"><div class=\"container\"><div class=\"row\"><div class=\"wpb_column hcode-column-container no-padding sm-no-padding xs-no-padding no-margin sm-no-margin xs-no-margin vc_col-sm-12 col-xs-mobile-fullwidth\" data-front-class=\"no-padding sm-no-padding xs-no-padding no-margin sm-no-margin xs-no-margin col-xs-mobile-fullwidth\"><div class=\"vc-column-innner-wrapper\">[vc_custom_heading text=\"Les ateliers du stage : la permaculture c\u2019est prendre soin de la terre, et aussi prendre soin de soi\" font_container=\"tag:h2|font_size:30px|text_align:center|line_height:80px\" use_theme_fonts=\"yes\" css=\".vc_custom_1674467419710{background-color: #847f45 !important;}\" el_class=\"whiteh2\"]<\/div><\/div><\/div><\/div><\/section><section class=\"no-padding-bottom\"><div class=\"container\"><div class=\"row\"><div class=\"wpb_column hcode-column-container vc_col-sm-12 col-xs-mobile-fullwidth\" data-front-class=\"col-xs-mobile-fullwidth\"><div class=\"vc-column-innner-wrapper\"><div class=\"v2\"><h3 style=\"text-align: center;\">Dimanche : Visite de l\u2019Ecolieu<\/h3>\n<\/div>[vc_empty_space]<\/div><\/div><\/div><\/div><\/section><section class=\"row-equal-height row-content-middle no-padding-tb\"><div class=\"container\"><div class=\"row hcode-row-flex\"><div class=\"wpb_column hcode-column-container vc_col-sm-4 col-xs-mobile-fullwidth\" data-front-class=\"col-xs-mobile-fullwidth\"><div class=\"vc-column-innner-wrapper\"><img loading=\"lazy\" decoding=\"async\" width=\"350\" height=\"350\" src=\"https:\/\/www.cablanc.com\/wp-content\/uploads\/2023\/01\/Cablanc-stages-decouverte-lieu-2.jpg\" class=\"\" alt=\"\" srcset=\"https:\/\/www.cablanc.com\/wp-content\/uploads\/2023\/01\/Cablanc-stages-decouverte-lieu-2.jpg 350w, https:\/\/www.cablanc.com\/wp-content\/uploads\/2023\/01\/Cablanc-stages-decouverte-lieu-2-300x300.jpg 300w, https:\/\/www.cablanc.com\/wp-content\/uploads\/2023\/01\/Cablanc-stages-decouverte-lieu-2-150x150.jpg 150w, https:\/\/www.cablanc.com\/wp-content\/uploads\/2023\/01\/Cablanc-stages-decouverte-lieu-2-81x81.jpg 81w\" sizes=\"(max-width: 350px) 100vw, 350px\" \/><\/div><\/div><div class=\"wpb_column hcode-column-container vc_col-sm-8 col-xs-mobile-fullwidth\" data-front-class=\"col-xs-mobile-fullwidth\"><div class=\"vc-column-innner-wrapper\"><div class=\"v2\"><p><strong>10 h - 12 h : D\u00e9couverte du lieu<\/strong><\/p>\n<p>Avec V\u00e9ronique et S\u00e9bastien, cr\u00e9ateurs de l\u2019\u00e9colieu de Cablanc, vous visiterez les diff\u00e9rents espaces qui composent le lieu, dont l\u2019aire de compostage et le verger. Vous d\u00e9couvrirez l\u2019histoire peu commune de cet oasis et vous pourrez poser vos questions et \u00e9changer sur vos exp\u00e9riences. Nous explorerons ensemble vos projets, les freins et les atouts pour les r\u00e9aliser.<\/p>\n<p>Un petit ap\u00e9ritif local sera propos\u00e9 pour faire plus ample connaissance.<\/p>\n<\/div><\/div><\/div><\/div><\/div><\/section><section class=\"no-padding-bottom\"><div class=\"container\"><div class=\"row\"><div class=\"wpb_column hcode-column-container vc_col-sm-12 col-xs-mobile-fullwidth\" data-front-class=\"col-xs-mobile-fullwidth\"><div class=\"vc-column-innner-wrapper\"><div class=\"v2\"><h3 style=\"text-align: center;\">Lundi : reconnexion \u00e0 l\u2019univers v\u00e9g\u00e9tal<\/h3>\n<\/div>[vc_empty_space]<\/div><\/div><\/div><\/div><\/section><section class=\"row-equal-height row-content-middle no-padding-tb\"><div class=\"container\"><div class=\"row hcode-row-flex\"><div class=\"wpb_column hcode-column-container vc_col-sm-4 col-xs-mobile-fullwidth\" data-front-class=\"col-xs-mobile-fullwidth\"><div class=\"vc-column-innner-wrapper\"><img loading=\"lazy\" decoding=\"async\" width=\"350\" height=\"350\" src=\"https:\/\/www.cablanc.com\/wp-content\/uploads\/2023\/01\/cablanc-atelier-reconnexion-nature.jpg\" class=\"\" alt=\"\" srcset=\"https:\/\/www.cablanc.com\/wp-content\/uploads\/2023\/01\/cablanc-atelier-reconnexion-nature.jpg 350w, https:\/\/www.cablanc.com\/wp-content\/uploads\/2023\/01\/cablanc-atelier-reconnexion-nature-300x300.jpg 300w, https:\/\/www.cablanc.com\/wp-content\/uploads\/2023\/01\/cablanc-atelier-reconnexion-nature-150x150.jpg 150w, https:\/\/www.cablanc.com\/wp-content\/uploads\/2023\/01\/cablanc-atelier-reconnexion-nature-81x81.jpg 81w\" sizes=\"(max-width: 350px) 100vw, 350px\" \/><\/div><\/div><div class=\"wpb_column hcode-column-container vc_col-sm-8 col-xs-mobile-fullwidth\" data-front-class=\"col-xs-mobile-fullwidth\"><div class=\"vc-column-innner-wrapper\"><div class=\"v2\"><p><strong>10 h - 12 h : balade d\u00e9couverte des plantes sauvages et m\u00e9dicinales, c<\/strong><strong>ueillette et mise au s\u00e9choir<br \/>\n<\/strong><strong>15 h - 17 h : atelier de Sylvoth\u00e9rapie<\/strong><\/p>\n<p>Venez participer \u00e0 une balade d\u00e9couverte matinale des plantes sauvages sur l\u2019\u00e9colieu, suivie d'une cueillette. Marie, ethnobotaniste passionnante et passionn\u00e9e\u00a0du monde v\u00e9g\u00e9tal, vous apprendra \u00e0 en reconna\u00eetre les vertus, pour pouvoir composer votre infusion personnalis\u00e9e.<\/p>\n<p>Suivra un atelier de sylvoth\u00e9rapie l'apr\u00e8s-midi. Cette pratique, connue aussi sous le nom de \"bain de for\u00eat\", permet de r\u00e9\u00e9quilibrer l\u2019organisme au niveau mental, \u00e9motionnel et physique gr\u00e2ce \u00e0 une reconnexion profonde avec les arbres de la foret.<\/p>\n<p>Des entretiens personnalis\u00e9s seront possible pour cl\u00f4turer cette verte journ\u00e9e.<\/p>\n<\/div><\/div><\/div><\/div><\/div><\/section><section class=\"no-padding-bottom\"><div class=\"container\"><div class=\"row\"><div class=\"wpb_column hcode-column-container vc_col-sm-12 col-xs-mobile-fullwidth\" data-front-class=\"col-xs-mobile-fullwidth\"><div class=\"vc-column-innner-wrapper\"><div class=\"v2\"><h3 style=\"text-align: center;\">Mardi : ressourcement Corps &amp; Esprit<\/h3>\n<\/div>[vc_empty_space]<\/div><\/div><\/div><\/div><\/section><section class=\"row-equal-height row-content-middle no-padding-tb\"><div class=\"container\"><div class=\"row hcode-row-flex\"><div class=\"wpb_column hcode-column-container vc_col-sm-4 col-xs-mobile-fullwidth\" data-front-class=\"col-xs-mobile-fullwidth\"><div class=\"vc-column-innner-wrapper\"><img loading=\"lazy\" decoding=\"async\" width=\"350\" height=\"350\" src=\"https:\/\/www.cablanc.com\/wp-content\/uploads\/2022\/02\/cablanc-stage-yoga-nature.jpg\" class=\"\" alt=\"\" srcset=\"https:\/\/www.cablanc.com\/wp-content\/uploads\/2022\/02\/cablanc-stage-yoga-nature.jpg 350w, https:\/\/www.cablanc.com\/wp-content\/uploads\/2022\/02\/cablanc-stage-yoga-nature-300x300.jpg 300w, https:\/\/www.cablanc.com\/wp-content\/uploads\/2022\/02\/cablanc-stage-yoga-nature-150x150.jpg 150w, https:\/\/www.cablanc.com\/wp-content\/uploads\/2022\/02\/cablanc-stage-yoga-nature-81x81.jpg 81w\" sizes=\"(max-width: 350px) 100vw, 350px\" \/><\/div><\/div><div class=\"wpb_column hcode-column-container vc_col-sm-8 col-xs-mobile-fullwidth\" data-front-class=\"col-xs-mobile-fullwidth\"><div class=\"vc-column-innner-wrapper\"><div class=\"v2\"><p><strong>8 h - 9 h : s\u00e9ance de Yoga (avant le petit d\u00e9jeuner)\u00a0 \u00a0<\/strong><\/p>\n<p>S\u00e9bastien vous propose un cours de Hatha Yoga et une initiation au Qi Gong. Il s'agit d'exercices doux et \u00e9quilibr\u00e9s s\u2019adressant \u00e0 tout public y compris les d\u00e9butants et les personnes peu \u00e0 l\u2019aise avec la souplesse. Au-del\u00e0 de la r\u00e9alisation des postures, l\u2019accent est principalement mis sur l\u2019\u00e9coute du corps, la conscience en lien avec le souffle et la pr\u00e9sence \u00e0 soi. Id\u00e9al pour bien commencer la journ\u00e9e.<\/p>\n<\/div><\/div><\/div><\/div><\/div><\/section><section class=\"row-equal-height row-content-middle no-padding-tb\"><div class=\"container\"><div class=\"row hcode-row-flex\"><div class=\"wpb_column hcode-column-container vc_col-sm-8 col-xs-mobile-fullwidth\" data-front-class=\"col-xs-mobile-fullwidth\"><div class=\"vc-column-innner-wrapper\"><div class=\"v2\"><p><strong>10 h - 12 h : m\u00e9ditation en pleine conscience<\/strong><\/p>\n<p>Stan, m\u00e9ditant chevronn\u00e9, vous accompagnera pour une m\u00e9diation en pleine conscience afin de vous ancrer dans le moment pr\u00e9sent en \u00e9tant attentif \u00e0 ce qui se d\u00e9roule en vous et autour de vous, sans jugement ni r\u00e9action. Cette conscience de l'instant favorise un \u00e9tat mental apais\u00e9 enclin \u00e0 abaisser le niveau de stress. Un outil pour la vie !<\/p>\n<p>L'atelier se d\u00e9roulera en for\u00eat dans une atmosph\u00e8re calme et d\u00e9tendue. Stan propose \u00e9galement la pratique des bhajans (chants sacr\u00e9s).<\/p>\n<\/div><\/div><\/div><div class=\"wpb_column hcode-column-container vc_col-sm-4 col-xs-mobile-fullwidth\" data-front-class=\"col-xs-mobile-fullwidth\"><div class=\"vc-column-innner-wrapper\"><img loading=\"lazy\" decoding=\"async\" width=\"350\" height=\"350\" src=\"https:\/\/www.cablanc.com\/wp-content\/uploads\/2018\/12\/home-stages.jpg\" class=\"\" alt=\"Photo d&#039;une statue du Bouddha pour les stages organis\u00e9s par l&#039;\u00e9colieu de Cablanc\" srcset=\"https:\/\/www.cablanc.com\/wp-content\/uploads\/2018\/12\/home-stages.jpg 350w, https:\/\/www.cablanc.com\/wp-content\/uploads\/2018\/12\/home-stages-150x150.jpg 150w, https:\/\/www.cablanc.com\/wp-content\/uploads\/2018\/12\/home-stages-300x300.jpg 300w\" sizes=\"(max-width: 350px) 100vw, 350px\" \/><\/div><\/div><\/div><\/div><\/section><section class=\"row-equal-height row-content-middle no-padding-tb\"><div class=\"container\"><div class=\"row hcode-row-flex\"><div class=\"wpb_column hcode-column-container vc_col-sm-4 col-xs-mobile-fullwidth\" data-front-class=\"col-xs-mobile-fullwidth\"><div class=\"vc-column-innner-wrapper\"><img loading=\"lazy\" decoding=\"async\" width=\"350\" height=\"350\" src=\"https:\/\/www.cablanc.com\/wp-content\/uploads\/2022\/12\/Cablanc-stages-initiation-reflexologie.jpg\" class=\"\" alt=\"\" srcset=\"https:\/\/www.cablanc.com\/wp-content\/uploads\/2022\/12\/Cablanc-stages-initiation-reflexologie.jpg 350w, https:\/\/www.cablanc.com\/wp-content\/uploads\/2022\/12\/Cablanc-stages-initiation-reflexologie-300x300.jpg 300w, https:\/\/www.cablanc.com\/wp-content\/uploads\/2022\/12\/Cablanc-stages-initiation-reflexologie-150x150.jpg 150w, https:\/\/www.cablanc.com\/wp-content\/uploads\/2022\/12\/Cablanc-stages-initiation-reflexologie-81x81.jpg 81w\" sizes=\"(max-width: 350px) 100vw, 350px\" \/><\/div><\/div><div class=\"wpb_column hcode-column-container vc_col-sm-8 col-xs-mobile-fullwidth\" data-front-class=\"col-xs-mobile-fullwidth\"><div class=\"vc-column-innner-wrapper\"><div class=\"v2\"><p><strong>15 h - 16 h : auto-massage &amp; r\u00e9flexologie\u00a0<\/strong><\/p>\n<p>La r\u00e9flexologie plantaire et faciale est une technique manuelle s\u2019adaptant aux besoins de chacun. Elle mobilise les processus d\u2019auto-gu\u00e9rison du corps et permet notamment de soulager certaines affections telles que les maux de dos, de t\u00eate ou le stress. Agn\u00e8s vous proposera un atelier d\u2019auto-massage, pour vous apprendre \u00e0 vous soulager selon vos zones d\u2019inconfort.<\/p>\n<\/div><\/div><\/div><\/div><\/div><\/section><section class=\"row-equal-height row-content-middle no-padding-tb\"><div class=\"container\"><div class=\"row hcode-row-flex\"><div class=\"wpb_column hcode-column-container vc_col-sm-8 col-xs-mobile-fullwidth\" data-front-class=\"col-xs-mobile-fullwidth\"><div class=\"vc-column-innner-wrapper\"><div class=\"v2\"><p><strong>19 h - 20 h : Voyage sonore<\/strong><\/p>\n<p>Embarquez pour un voyage in\u00e9dit avec <strong>Matt Evans<\/strong>, sonoth\u00e9rapeute. Vous serez travers\u00e9.e par les vibrations puissantes des bols chantants, du tambour et la douceur des carillons. Un moment hors du temps \u00e0 l\u2019ombre du noyer, \"roi du Verger\" de Cablanc, pour prendre soin de vous et de votre musique int\u00e9rieure.<\/p>\n<\/div><\/div><\/div><div class=\"wpb_column hcode-column-container vc_col-sm-4 col-xs-mobile-fullwidth\" data-front-class=\"col-xs-mobile-fullwidth\"><div class=\"vc-column-innner-wrapper\"><img loading=\"lazy\" decoding=\"async\" width=\"350\" height=\"350\" src=\"https:\/\/www.cablanc.com\/wp-content\/uploads\/2023\/01\/Cablanc-stages-voyage-sonore-bols-2.jpg\" class=\"\" alt=\"\" srcset=\"https:\/\/www.cablanc.com\/wp-content\/uploads\/2023\/01\/Cablanc-stages-voyage-sonore-bols-2.jpg 350w, https:\/\/www.cablanc.com\/wp-content\/uploads\/2023\/01\/Cablanc-stages-voyage-sonore-bols-2-300x300.jpg 300w, https:\/\/www.cablanc.com\/wp-content\/uploads\/2023\/01\/Cablanc-stages-voyage-sonore-bols-2-150x150.jpg 150w, https:\/\/www.cablanc.com\/wp-content\/uploads\/2023\/01\/Cablanc-stages-voyage-sonore-bols-2-81x81.jpg 81w\" sizes=\"(max-width: 350px) 100vw, 350px\" \/><\/div><\/div><\/div><\/div><\/section><section class=\"no-padding-bottom\"><div class=\"container\"><div class=\"row\"><div class=\"wpb_column hcode-column-container vc_col-sm-12 col-xs-mobile-fullwidth\" data-front-class=\"col-xs-mobile-fullwidth\"><div class=\"vc-column-innner-wrapper\"><div class=\"v2\"><h3 style=\"text-align: center;\">Mercredi : initiation \u00e0 la permaculture<\/h3>\n<\/div>[vc_empty_space]<\/div><\/div><\/div><\/div><\/section><section class=\"row-equal-height row-content-middle no-padding-tb\"><div class=\"container\"><div class=\"row hcode-row-flex\"><div class=\"wpb_column hcode-column-container vc_col-sm-4 col-xs-mobile-fullwidth\" data-front-class=\"col-xs-mobile-fullwidth\"><div class=\"vc-column-innner-wrapper\"><img loading=\"lazy\" decoding=\"async\" width=\"350\" height=\"350\" src=\"https:\/\/www.cablanc.com\/wp-content\/uploads\/2022\/12\/Cablanc-stages-initiation-permaculture.jpg\" class=\"\" alt=\"\" srcset=\"https:\/\/www.cablanc.com\/wp-content\/uploads\/2022\/12\/Cablanc-stages-initiation-permaculture.jpg 350w, https:\/\/www.cablanc.com\/wp-content\/uploads\/2022\/12\/Cablanc-stages-initiation-permaculture-300x300.jpg 300w, https:\/\/www.cablanc.com\/wp-content\/uploads\/2022\/12\/Cablanc-stages-initiation-permaculture-150x150.jpg 150w, https:\/\/www.cablanc.com\/wp-content\/uploads\/2022\/12\/Cablanc-stages-initiation-permaculture-81x81.jpg 81w\" sizes=\"(max-width: 350px) 100vw, 350px\" \/><\/div><\/div><div class=\"wpb_column hcode-column-container vc_col-sm-8 col-xs-mobile-fullwidth\" data-front-class=\"col-xs-mobile-fullwidth\"><div class=\"vc-column-innner-wrapper\"><div class=\"v2\"><p><strong>9 h 30 - 12 h 30 : La place de l\u2019arbre et des animaux, ainsi que la gestion de l\u2019eau dans un \u00e9colieu<\/strong><br \/>\n<strong>14 h - 17 h : Le potager au naturel, et la m\u00e9thode de Design<\/strong><\/p>\n<p style=\"text-align: left;\">Designer et formatrice, Maud vous fera d\u00e9couvrir les grands principes de la permaculture telle qu\u2019elle a \u00e9t\u00e9 travaill\u00e9 sur l\u2019\u00e9colieu (gestion de la ressource en eau, cr\u00e9ation d\u2019une lasagne au potager, soins et valeur des animaux du lieu...), pour vous inspirer et vous amener \u00e0 concevoir votre propre r\u00e9flexion dans votre projet et produire un environnement harmonieux, r\u00e9silient, productif et durable.<\/p>\n<\/div><\/div><\/div><\/div><\/div><\/section><section class=\"no-padding-bottom\"><div class=\"container\"><div class=\"row\"><div class=\"wpb_column hcode-column-container vc_col-sm-12 col-xs-mobile-fullwidth\" data-front-class=\"col-xs-mobile-fullwidth\"><div class=\"vc-column-innner-wrapper\"><div class=\"v2\"><h3 style=\"text-align: center;\">Jeudi : technique, technologie et c\u00e9l\u00e9bration<\/h3>\n<\/div>[vc_empty_space]<\/div><\/div><\/div><\/div><\/section><section class=\"row-equal-height row-content-middle no-padding-tb\"><div class=\"container\"><div class=\"row hcode-row-flex\"><div class=\"wpb_column hcode-column-container vc_col-sm-4 col-xs-mobile-fullwidth\" data-front-class=\"col-xs-mobile-fullwidth\"><div class=\"vc-column-innner-wrapper\"><img loading=\"lazy\" decoding=\"async\" width=\"350\" height=\"351\" src=\"https:\/\/www.cablanc.com\/wp-content\/uploads\/2023\/01\/Cablanc-stages-atelier-ecoconstruction-materiaux-3.jpg\" class=\"\" alt=\"\" srcset=\"https:\/\/www.cablanc.com\/wp-content\/uploads\/2023\/01\/Cablanc-stages-atelier-ecoconstruction-materiaux-3.jpg 350w, https:\/\/www.cablanc.com\/wp-content\/uploads\/2023\/01\/Cablanc-stages-atelier-ecoconstruction-materiaux-3-300x300.jpg 300w, https:\/\/www.cablanc.com\/wp-content\/uploads\/2023\/01\/Cablanc-stages-atelier-ecoconstruction-materiaux-3-150x150.jpg 150w, https:\/\/www.cablanc.com\/wp-content\/uploads\/2023\/01\/Cablanc-stages-atelier-ecoconstruction-materiaux-3-81x81.jpg 81w\" sizes=\"(max-width: 350px) 100vw, 350px\" \/><\/div><\/div><div class=\"wpb_column hcode-column-container vc_col-sm-8 col-xs-mobile-fullwidth\" data-front-class=\"col-xs-mobile-fullwidth\"><div class=\"vc-column-innner-wrapper\"><div class=\"v2\"><p><strong>10 h - 12 h : exploration de l\u2019\u00e9co-construction et des low tech<\/strong><\/p>\n<p>Charpentier \u00e9co-constructeur, S\u00e9bastien a restaur\u00e9 et construit de ses mains la plupart des b\u00e2timents, ici \u00e0 Cablanc. Vous d\u00e9couvrirez pendant l\u2019atelier les principaux mat\u00e9riaux \u00e9cologiques, leur mise en \u0153uvre et leurs qualit\u00e9s. Vous d\u00e9couvrirez aussi le pouvoir des low tech, ces technologies utiles, durables et \u00e9conomiques visant la sobri\u00e9t\u00e9 \u00e9nerg\u00e9tique et mat\u00e9rielle.<\/p>\n<\/div><\/div><\/div><\/div><\/div><\/section><section class=\"row-equal-height row-content-middle no-padding-tb\"><div class=\"container\"><div class=\"row hcode-row-flex\"><div class=\"wpb_column hcode-column-container vc_col-sm-8 col-xs-mobile-fullwidth\" data-front-class=\"col-xs-mobile-fullwidth\"><div class=\"vc-column-innner-wrapper\"><div class=\"v2\"><h4>18h - 19h : d\u00e9gustation de vins vivants<\/h4>\n<p>Nous sommes sur une terre de Vignobles en grande majorit\u00e9 Bio \u00e0 Saussignac. Cette appellation confidentielle mais incontournable se situe au Sud\u2010Ouest de Bergerac, dans le prolongement des coteaux de Monbazillac. Saussignac compte environ une quinzaine de producteurs dont une grande partie en Agriculture Biologique. Nous organiserons une visite de chai chez nos voisins et amis, suivie d'une d\u00e9gustation. Vous pourrez repartir avec des d\u00e9licieux vins si vous le souhaitez.<\/p>\n<p>Leurs vins sont exquis, naturels, originaux et surtout 100 % local !<\/p>\n<p><!-- notionvc: f603fda6-8579-4d6b-9c7b-5caee642d2b3 --><\/p>\n<\/div><\/div><\/div><div class=\"wpb_column hcode-column-container vc_col-sm-4 col-xs-mobile-fullwidth\" data-front-class=\"col-xs-mobile-fullwidth\"><div class=\"vc-column-innner-wrapper\"><img loading=\"lazy\" decoding=\"async\" width=\"350\" height=\"350\" src=\"https:\/\/www.cablanc.com\/wp-content\/uploads\/2022\/12\/Cablanc-stages-degustation-vin-vivant.jpg\" class=\"\" alt=\"\" srcset=\"https:\/\/www.cablanc.com\/wp-content\/uploads\/2022\/12\/Cablanc-stages-degustation-vin-vivant.jpg 350w, https:\/\/www.cablanc.com\/wp-content\/uploads\/2022\/12\/Cablanc-stages-degustation-vin-vivant-300x300.jpg 300w, https:\/\/www.cablanc.com\/wp-content\/uploads\/2022\/12\/Cablanc-stages-degustation-vin-vivant-150x150.jpg 150w, https:\/\/www.cablanc.com\/wp-content\/uploads\/2022\/12\/Cablanc-stages-degustation-vin-vivant-81x81.jpg 81w\" sizes=\"(max-width: 350px) 100vw, 350px\" \/><\/div><\/div><\/div><\/div><\/section><section class=\"no-padding-bottom\"><div class=\"container\"><div class=\"row\"><div class=\"wpb_column hcode-column-container vc_col-sm-12 col-xs-mobile-fullwidth\" data-front-class=\"col-xs-mobile-fullwidth\"><div class=\"vc-column-innner-wrapper\"><div class=\"v2\"><h3 style=\"text-align: center;\">Tous les soirs \u00e0 18h<\/h3>\n<\/div>[vc_empty_space]<\/div><\/div><\/div><\/div><\/section><section class=\"row-equal-height row-content-top no-padding-tb\"><div class=\"container\"><div class=\"row hcode-row-flex\"><div class=\"wpb_column hcode-column-container vc_col-sm-4 col-xs-mobile-fullwidth\" data-front-class=\"col-xs-mobile-fullwidth\"><div class=\"vc-column-innner-wrapper\"><img loading=\"lazy\" decoding=\"async\" width=\"425\" height=\"425\" src=\"https:\/\/www.cablanc.com\/wp-content\/uploads\/2020\/03\/Cablanc-jean-titi.jpg\" class=\"\" alt=\"photo en gros plan de Jean Titi le cochon de l&#039;\u00e9colieu\" srcset=\"https:\/\/www.cablanc.com\/wp-content\/uploads\/2020\/03\/Cablanc-jean-titi.jpg 425w, https:\/\/www.cablanc.com\/wp-content\/uploads\/2020\/03\/Cablanc-jean-titi-300x300.jpg 300w, https:\/\/www.cablanc.com\/wp-content\/uploads\/2020\/03\/Cablanc-jean-titi-150x150.jpg 150w, https:\/\/www.cablanc.com\/wp-content\/uploads\/2020\/03\/Cablanc-jean-titi-81x81.jpg 81w\" sizes=\"(max-width: 425px) 100vw, 425px\" \/><\/div><\/div><div class=\"wpb_column hcode-column-container vc_col-sm-8 col-xs-mobile-fullwidth\" data-front-class=\"col-xs-mobile-fullwidth\"><div class=\"vc-column-innner-wrapper\"><p><strong>Tous les soirs \u00e0 18h, nourrissage des animaux, vous \u00eates tous les bienvenus !<\/strong><\/p>\n<p>Lors de notre installation \u00e0 Cablanc, nous avons accueilli des animaux vou\u00e9s \u00e0 une mort certaine, nous engageant \u00e0 en prendre soin durant toute leur vie. Aujourd'hui,\u00a0 ce sont des animaux heureux, aim\u00e9s, bien trait\u00e9s et bien nourris! Il s'agit d'un investissement certain, mais aussi d'un \u00e9change riche et fertile. Sur une ferme permacole, tout est en \u00e9quilibre et tout est li\u00e9, les animaux ont un r\u00f4le tr\u00e8s important (ils produisent du fumier, tondent l'herbe, emp\u00eachent la pousse d'arbre et ralentissent le d\u00e9veloppement des ronciers<!-- notionvc: c12f34d1-285d-4715-b4ad-1446cf55e84a --> entre autre..). Nous vous proposons de partager leur histoire lors du nourrissage tous les soirs \u00e0 18h, et ainsi vous conna\u00eetrez Jean Titi le cochon, Melchior et Balthazar nos nobles percherons, Justin et Justine nos 2 \u00e2nes amoureux, Cerise et Galopa nos 2 ponettes coquines, Bignou le b\u00e9lier et toutes ses amies, et bien d'autres encore.<\/p>\n[vc_gallery type=\"image_grid\" images=\"328,329,917,1263,1819\"]<\/div><\/div><\/div><\/div><\/section><section class=\"no-padding-bottom\"><div class=\"container\"><div class=\"row\"><div class=\"wpb_column hcode-column-container vc_col-sm-12 col-xs-mobile-fullwidth\" data-front-class=\"col-xs-mobile-fullwidth\"><div class=\"vc-column-innner-wrapper\"><div class=\"v2\"><h3 style=\"text-align: center;\">Atelier de substitution, en cas d\u2019intemp\u00e9ries<\/h3>\n<\/div>[vc_empty_space]<\/div><\/div><\/div><\/div><\/section><section class=\"row-equal-height row-content-middle no-padding-tb\"><div class=\"container\"><div class=\"row hcode-row-flex\"><div class=\"wpb_column hcode-column-container vc_col-sm-4 col-xs-mobile-fullwidth\" data-front-class=\"col-xs-mobile-fullwidth\"><div class=\"vc-column-innner-wrapper\"><img loading=\"lazy\" decoding=\"async\" width=\"350\" height=\"350\" src=\"https:\/\/www.cablanc.com\/wp-content\/uploads\/2023\/01\/Cablanc-stages-atelier-alimentation-vivante.jpg\" class=\"\" alt=\"\" srcset=\"https:\/\/www.cablanc.com\/wp-content\/uploads\/2023\/01\/Cablanc-stages-atelier-alimentation-vivante.jpg 350w, https:\/\/www.cablanc.com\/wp-content\/uploads\/2023\/01\/Cablanc-stages-atelier-alimentation-vivante-300x300.jpg 300w, https:\/\/www.cablanc.com\/wp-content\/uploads\/2023\/01\/Cablanc-stages-atelier-alimentation-vivante-150x150.jpg 150w, https:\/\/www.cablanc.com\/wp-content\/uploads\/2023\/01\/Cablanc-stages-atelier-alimentation-vivante-81x81.jpg 81w\" sizes=\"(max-width: 350px) 100vw, 350px\" \/><\/div><\/div><div class=\"wpb_column hcode-column-container vc_col-sm-8 col-xs-mobile-fullwidth\" data-front-class=\"col-xs-mobile-fullwidth\"><div class=\"vc-column-innner-wrapper\"><p><strong>L\u2019alimentation vivante et ateliers z\u00e9ro d\u00e9chet<\/strong><\/p>\n<p>Comment transformer et conserver ses productions ? V\u00e9ronique vous r\u00e9v\u00e8lera ses secrets et ses recettes pour le s\u00e9chage, la mac\u00e9ration, la fabrication de sirops aux plantes, les bases de la lactofermentation, la r\u00e9alisation de confitures solaires\u2026 Vous repartirez avec votre confection-maison et un savoir-faire aussi simple que d\u00e9licieux.<\/p>\n<\/div><\/div><\/div><\/div><\/section><section class=\"row-equal-height row-content-middle no-padding-bottom\"><div class=\"container\"><div class=\"row hcode-row-flex\"><div class=\"wpb_column hcode-column-container vc_col-sm-2 col-xs-mobile-fullwidth\" data-front-class=\"col-xs-mobile-fullwidth\"><div class=\"vc-column-innner-wrapper\"><\/div><\/div><div class=\"wpb_column hcode-column-container  vc_custom_1682582655474 padding-five vc_col-sm-8 col-xs-mobile-fullwidth\" data-front-class=\" vc_custom_1682582655474 padding-five col-xs-mobile-fullwidth\"><div class=\"vc-column-innner-wrapper\"><p><strong>Nous n'oublions pas les enfants !<\/strong><\/p>\n<p>Des ateliers Enfants pourront \u00eatre\u00a0propos\u00e9s tout l'\u00e9t\u00e9 pour permettre aux parents de participer au stage en toute s\u00e9r\u00e9nit\u00e9, et aux enfants de d\u00e9couvrir et apprendre en s'amusant : land-art, atelier cr\u00e9ation et z\u00e9ro d\u00e9chet.<\/p>\n<\/div><\/div><div class=\"wpb_column hcode-column-container vc_col-sm-2 col-xs-mobile-fullwidth\" data-front-class=\"col-xs-mobile-fullwidth\"><div class=\"vc-column-innner-wrapper\"><\/div><\/div><\/div><\/div><\/section><section class=\"row-equal-height row-content-middle hcode-row-8\"><div class=\"container\"><div class=\"row hcode-row-flex\"><div class=\"wpb_column hcode-column-container text-center sm-text-center xs-text-center vc_col-sm-2 col-xs-mobile-fullwidth\" data-front-class=\"text-center sm-text-center xs-text-center col-xs-mobile-fullwidth\"><div class=\"vc-column-innner-wrapper\"><\/div><\/div><div class=\"wpb_column hcode-column-container text-center sm-text-center xs-text-center vc_col-sm-8 col-xs-mobile-fullwidth\" data-front-class=\"text-center sm-text-center xs-text-center col-xs-mobile-fullwidth\"><div class=\"vc-column-innner-wrapper\">[vc_empty_space]<a  href=\"https:\/\/www.helloasso.com\/associations\/ecolieu-de-cablanc\/evenements\/stage-immersif-ete-2024\" target=\"_blank\"  class=\"inner-link button btn  hcode-button-3 highlight-button-dark btn-large\">Places limit\u00e9es, r\u00e9servez vite !<\/a>[vc_empty_space]<a  href=\"https:\/\/www.cablanc.com\/wp-content\/uploads\/2023\/12\/stages_cablanc-2024.pdf\" target=\"_blank\"  class=\"btn-green inner-link button btn highlight-button-dark btn-medium\">T\u00e9l\u00e9chargez la plaquette<\/a><\/div><\/div><div class=\"wpb_column hcode-column-container vc_col-sm-2 col-xs-mobile-fullwidth\" data-front-class=\"col-xs-mobile-fullwidth\"><div class=\"vc-column-innner-wrapper\"><\/div><\/div><\/div><\/div><\/section><section id=\"intervenants\" class=\" vc_custom_1671468143406 hcode-row-9\"><div class=\"container\"><div class=\"row\"><div class=\"wpb_column hcode-column-container no-padding sm-no-padding xs-no-padding no-margin sm-no-margin xs-no-margin vc_col-sm-12 col-xs-mobile-fullwidth\" data-front-class=\"no-padding sm-no-padding xs-no-padding no-margin sm-no-margin xs-no-margin col-xs-mobile-fullwidth\"><div class=\"vc-column-innner-wrapper\">[vc_custom_heading text=\"Les intervenantes et intervenants qui vous accompagnent dans ce stage immersif\" font_container=\"tag:h2|font_size:30px|text_align:center|line_height:80px\" use_theme_fonts=\"yes\" css=\".vc_custom_1674467431076{background-color: #847f45 !important;}\" el_class=\"whiteh2\"]<\/div><\/div><\/div><\/div><\/section><section class=\"row-equal-height row-content-top hcode-row-10\"><div class=\"container\"><div class=\"row hcode-row-flex\"><div class=\"wpb_column hcode-column-container text-center sm-text-center xs-text-center vc_col-sm-4 col-xs-mobile-fullwidth\" data-front-class=\"text-center sm-text-center xs-text-center col-xs-mobile-fullwidth\"><div class=\"vc-column-innner-wrapper\"><img loading=\"lazy\" decoding=\"async\" width=\"200\" height=\"200\" src=\"https:\/\/www.cablanc.com\/wp-content\/uploads\/2022\/12\/Cablanc-stages-agnes-2.png\" class=\"\" alt=\"\" srcset=\"https:\/\/www.cablanc.com\/wp-content\/uploads\/2022\/12\/Cablanc-stages-agnes-2.png 200w, https:\/\/www.cablanc.com\/wp-content\/uploads\/2022\/12\/Cablanc-stages-agnes-2-150x150.png 150w, https:\/\/www.cablanc.com\/wp-content\/uploads\/2022\/12\/Cablanc-stages-agnes-2-81x81.png 81w\" sizes=\"(max-width: 200px) 100vw, 200px\" \/>[vc_empty_space]<h4 style=\"text-align: center;\">Agn\u00e8s Fournier<\/h4>\n<p style=\"text-align: center;\">r\u00e9flexogue aux mains en or<br \/>\net conseill\u00e8re Feng Shui<br \/>\n<a class=\"notion-link-token notion-focusable-token notion-enable-hover broken_link\" tabindex=\"\" href=\"https:\/\/www.agnesfournier.com\/\" rel=\"noopener noreferrer\" index=\"\"><span class=\"link-annotation-unknown-block-id-2017071425\">agnesfournier.com<\/span><\/a><!-- notionvc: f23938e9-c610-482b-9fed-a4f70a1553bf --><\/p>\n<\/div><\/div><div class=\"wpb_column hcode-column-container text-center sm-text-center xs-text-center vc_col-sm-4 col-xs-mobile-fullwidth\" data-front-class=\"text-center sm-text-center xs-text-center col-xs-mobile-fullwidth\"><div class=\"vc-column-innner-wrapper\"><img loading=\"lazy\" decoding=\"async\" width=\"200\" height=\"200\" src=\"https:\/\/www.cablanc.com\/wp-content\/uploads\/2021\/05\/Cablanc-stage-ecolieu-marie-2-e1645440824548.png\" class=\"\" alt=\"\u00e9colieu de Cablanc, stage 2021 &quot;cr\u00e9er son \u00e9colieu&quot;, Marie Michelet ethnobotaniste\" \/>[vc_empty_space]<h4 style=\"text-align: center;\">Marie Michelet<\/h4>\n<p style=\"text-align: center;\">jardini\u00e8re depuis toujours, ethnobotaniste, coupeur de feu, conteuse et sourci\u00e8re<br \/>\n<a href=\"https:\/\/esperiment.fr\/\" target=\"_blank\" rel=\"noopener\">esperiment.fr<\/a><\/p>\n<\/div><\/div><div class=\"wpb_column hcode-column-container text-center sm-text-center xs-text-center vc_col-sm-4 col-xs-mobile-fullwidth\" data-front-class=\"text-center sm-text-center xs-text-center col-xs-mobile-fullwidth\"><div class=\"vc-column-innner-wrapper\"><img loading=\"lazy\" decoding=\"async\" width=\"200\" height=\"200\" src=\"https:\/\/www.cablanc.com\/wp-content\/uploads\/2021\/03\/Cablanc-stage-ecolieu-sebastien-e1645440842837.png\" class=\"\" alt=\"\u00e9colieu de Cablanc, stage 2021 &quot;cr\u00e9er son \u00e9colieu&quot;, S\u00e9bastien Bouch\u00e9, charpentier\" \/>[vc_empty_space]<h4 style=\"text-align: center;\">S\u00e9bastien Bouch\u00e9<\/h4>\n<p style=\"text-align: center;\">charpentier \u00e9co-constructeur, paysan anthropologue, gardien de l'\u00e9colieu, animateur de yoga et qi gong<\/p>\n<\/div><\/div><\/div><\/div><\/section><section class=\"row-equal-height row-content-top hcode-row-11\"><div class=\"container\"><div class=\"row hcode-row-flex\"><div class=\"wpb_column hcode-column-container text-center sm-text-center xs-text-center vc_col-sm-4 col-xs-mobile-fullwidth\" data-front-class=\"text-center sm-text-center xs-text-center col-xs-mobile-fullwidth\"><div class=\"vc-column-innner-wrapper\"><img loading=\"lazy\" decoding=\"async\" width=\"200\" height=\"200\" src=\"https:\/\/www.cablanc.com\/wp-content\/uploads\/2021\/03\/Cablanc-stage-ecolieu-veronique-e1645440860962.png\" class=\"\" alt=\"\u00e9colieu de Cablanc, stage 2021 &quot;cr\u00e9er son \u00e9colieu&quot;, V\u00e9ronique Thellier, architecte d&#039;int\u00e9rieur\" \/>[vc_empty_space]<h4 style=\"text-align: center;\">V\u00e9ronique Thellier<\/h4>\n<p style=\"text-align: center;\">architecte d'int\u00e9rieur, art-th\u00e9rapeute, paysanne et gardienne de l'\u00e9colieu<\/p>\n<\/div><\/div><div class=\"wpb_column hcode-column-container text-center sm-text-center xs-text-center vc_col-sm-4 col-xs-mobile-fullwidth\" data-front-class=\"text-center sm-text-center xs-text-center col-xs-mobile-fullwidth\"><div class=\"vc-column-innner-wrapper\"><img loading=\"lazy\" decoding=\"async\" width=\"200\" height=\"200\" src=\"https:\/\/www.cablanc.com\/wp-content\/uploads\/2023\/01\/Cablanc-stages-maud.png\" class=\"\" alt=\"\" srcset=\"https:\/\/www.cablanc.com\/wp-content\/uploads\/2023\/01\/Cablanc-stages-maud.png 200w, https:\/\/www.cablanc.com\/wp-content\/uploads\/2023\/01\/Cablanc-stages-maud-150x150.png 150w, https:\/\/www.cablanc.com\/wp-content\/uploads\/2023\/01\/Cablanc-stages-maud-81x81.png 81w\" sizes=\"(max-width: 200px) 100vw, 200px\" \/>[vc_empty_space]<h4 style=\"text-align: center;\">Maud Michel<\/h4>\n<p style=\"text-align: center;\">g\u00e9ographe et permacultrice, sp\u00e9cialis\u00e9e dans la conception des designs en permaculture<\/p>\n<\/div><\/div><div class=\"wpb_column hcode-column-container text-center sm-text-center xs-text-center vc_col-sm-4 col-xs-mobile-fullwidth\" data-front-class=\"text-center sm-text-center xs-text-center col-xs-mobile-fullwidth\"><div class=\"vc-column-innner-wrapper\"><img loading=\"lazy\" decoding=\"async\" width=\"200\" height=\"200\" src=\"https:\/\/www.cablanc.com\/wp-content\/uploads\/2023\/01\/Cablanc-stages-stan.png\" class=\"\" alt=\"\" srcset=\"https:\/\/www.cablanc.com\/wp-content\/uploads\/2023\/01\/Cablanc-stages-stan.png 200w, https:\/\/www.cablanc.com\/wp-content\/uploads\/2023\/01\/Cablanc-stages-stan-150x150.png 150w, https:\/\/www.cablanc.com\/wp-content\/uploads\/2023\/01\/Cablanc-stages-stan-81x81.png 81w\" sizes=\"(max-width: 200px) 100vw, 200px\" \/>[vc_empty_space]<h4 style=\"text-align: center;\">Stan Verspick<\/h4>\n<p style=\"text-align: center;\">accompagnant \u00e0 la m\u00e9ditation en pleine conscience, musicien et chanteur<\/p>\n<\/div><\/div><\/div><\/div><\/section><section class=\"row-equal-height row-content-top hcode-row-12\"><div class=\"container\"><div class=\"row hcode-row-flex\"><div class=\"wpb_column hcode-column-container text-center sm-text-center xs-text-center vc_col-sm-4 col-xs-mobile-fullwidth\" data-front-class=\"text-center sm-text-center xs-text-center col-xs-mobile-fullwidth\"><div class=\"vc-column-innner-wrapper\"><\/div><\/div><div class=\"wpb_column hcode-column-container text-center sm-text-center xs-text-center vc_col-sm-4 col-xs-mobile-fullwidth\" data-front-class=\"text-center sm-text-center xs-text-center col-xs-mobile-fullwidth\"><div class=\"vc-column-innner-wrapper\"><img loading=\"lazy\" decoding=\"async\" width=\"200\" height=\"200\" src=\"https:\/\/www.cablanc.com\/wp-content\/uploads\/2023\/01\/Cablanc-stages-matt.png\" class=\"\" alt=\"\" srcset=\"https:\/\/www.cablanc.com\/wp-content\/uploads\/2023\/01\/Cablanc-stages-matt.png 200w, https:\/\/www.cablanc.com\/wp-content\/uploads\/2023\/01\/Cablanc-stages-matt-150x150.png 150w, https:\/\/www.cablanc.com\/wp-content\/uploads\/2023\/01\/Cablanc-stages-matt-81x81.png 81w\" sizes=\"(max-width: 200px) 100vw, 200px\" \/>[vc_empty_space]<h4 style=\"text-align: center;\">Matt Evans<\/h4>\n<p style=\"text-align: center;\">sonoth\u00e9rapeute, artiste musicien et chanteur<br \/>\n<a href=\"https:\/\/sonotherapie24.wordpress.com\">sonotherapie24.wordpress.com<\/a><\/p>\n<\/div><\/div><div class=\"wpb_column hcode-column-container text-center sm-text-center xs-text-center vc_col-sm-4 col-xs-mobile-fullwidth\" data-front-class=\"text-center sm-text-center xs-text-center col-xs-mobile-fullwidth\"><div class=\"vc-column-innner-wrapper\"><\/div><\/div><\/div><\/div><\/section><section class=\"row-equal-height row-content-middle hcode-row-13\"><div class=\"container\"><div class=\"row hcode-row-flex\"><div class=\"wpb_column hcode-column-container text-center sm-text-center xs-text-center vc_col-sm-2 col-xs-mobile-fullwidth\" data-front-class=\"text-center sm-text-center xs-text-center col-xs-mobile-fullwidth\"><div class=\"vc-column-innner-wrapper\"><\/div><\/div><div class=\"wpb_column hcode-column-container text-center sm-text-center xs-text-center vc_col-sm-8 col-xs-mobile-fullwidth\" data-front-class=\"text-center sm-text-center xs-text-center col-xs-mobile-fullwidth\"><div class=\"vc-column-innner-wrapper\"><a  href=\"https:\/\/www.helloasso.com\/associations\/ecolieu-de-cablanc\/evenements\/stage-immersif-ete-2024\" target=\"_blank\"  class=\"inner-link button btn  hcode-button-5 highlight-button-dark btn-large\">Places limit\u00e9es, r\u00e9servez vite !<\/a>[vc_empty_space]<a  href=\"https:\/\/www.cablanc.com\/wp-content\/uploads\/2023\/12\/stages_cablanc-2024.pdf\" target=\"_blank\"  class=\"btn-green inner-link button btn highlight-button-dark btn-medium\">T\u00e9l\u00e9chargez la plaquette<\/a><\/div><\/div><div class=\"wpb_column hcode-column-container vc_col-sm-2 col-xs-mobile-fullwidth\" data-front-class=\"col-xs-mobile-fullwidth\"><div class=\"vc-column-innner-wrapper\"><\/div><\/div><\/div><\/div><\/section><section id=\"inscription\" class=\" vc_custom_1671468153242 hcode-row-14\"><div class=\"container\"><div class=\"row\"><div class=\"wpb_column hcode-column-container no-padding sm-no-padding xs-no-padding no-margin sm-no-margin xs-no-margin vc_col-sm-12 col-xs-mobile-fullwidth\" data-front-class=\"no-padding sm-no-padding xs-no-padding no-margin sm-no-margin xs-no-margin col-xs-mobile-fullwidth\"><div class=\"vc-column-innner-wrapper\">[vc_custom_heading text=\"Comment s'inscrire \u00e0 l'un des stages ``comprendre et cr\u00e9er son \u00e9colieu`` ?\" font_container=\"tag:h2|font_size:30px|text_align:center|line_height:80px\" use_theme_fonts=\"yes\" css=\".vc_custom_1674467440348{background-color: #847f45 !important;}\" el_class=\"whiteh2\"]<\/div><\/div><\/div><\/div><\/section><section class=\"hcode-row-15\"><div class=\"container\"><div class=\"row\"><div class=\"wpb_column hcode-column-container vc_col-sm-2 col-xs-mobile-fullwidth\" data-front-class=\"col-xs-mobile-fullwidth\"><div class=\"vc-column-innner-wrapper\"><\/div><\/div><div class=\"wpb_column hcode-column-container vc_col-sm-8 col-xs-mobile-fullwidth\" data-front-class=\"col-xs-mobile-fullwidth\"><div class=\"vc-column-innner-wrapper\"><div class=\"v2\"><h4 style=\"text-align: center;\">Les stages ont lieu chaque semaine tout l'\u00e9t\u00e9<\/h4>\n<p style=\"text-align: center;\">Il est possible de vous inscrire pour le <strong>stage complet,<\/strong> ou pour des<strong> ateliers \u00e0 la carte.<\/strong><\/p>\n<p>&nbsp;<\/p>\n<table>\n<tbody>\n<tr>\n<td>Du <span style=\"font-size: 13.3333px;\">6<\/span> au 13 Juillet<\/td>\n<td>Du 3 au 10 Ao\u00fbt<\/td>\n<\/tr>\n<tr>\n<td>Du 13 au 20 Juillet<\/td>\n<td>Du 10\u00a0 au 17 Ao\u00fbt<\/td>\n<\/tr>\n<tr>\n<td>Du 20 au 27 Juillet<\/td>\n<td>Du 17 au 24 Ao\u00fbt<\/td>\n<\/tr>\n<tr>\n<td>Du 27 Juillet au 3 Ao\u00fbt<\/td>\n<td><\/td>\n<\/tr>\n<\/tbody>\n<\/table>\n<\/div><\/div><\/div><div class=\"wpb_column hcode-column-container vc_col-sm-2 col-xs-mobile-fullwidth\" data-front-class=\"col-xs-mobile-fullwidth\"><div class=\"vc-column-innner-wrapper\"><\/div><\/div><\/div><\/div><\/section><section class=\"hcode-row-16\"><div class=\"container\"><div class=\"row\"><div class=\"wpb_column hcode-column-container  vc_custom_1703149457536 padding-five vc_col-sm-12 col-xs-mobile-fullwidth\" data-front-class=\" vc_custom_1703149457536 padding-five col-xs-mobile-fullwidth\"><div class=\"vc-column-innner-wrapper\"><div class=\"v2\"><h3 style=\"text-align: left;\">Tarif du stage en immersion (tous les ateliers)<\/h3>\n<p>Nous avons \u00e0 c\u0153ur de proposer des prix tr\u00e8s accessibles pour les ateliers et stages de l'\u00e9t\u00e9, afin que l'acc\u00e8s \u00e0 la terre et au bien-\u00eatre soit possible pour chacun.e.<\/p>\n<p>Si vous \u00eates en difficult\u00e9 financi\u00e8re (\u00e9tudiant, ch\u00f4mage, rsa, transition...), choisissez le <strong>tarif solidaire<\/strong>. Nous fonctionnons sur la confiance et nous ne vous demandons pas de justificatifs.<\/p>\n<p>Si vous pouvez payez le <strong>prix normal<\/strong>, sachez que le tarif des interventions est calcul\u00e9 au plus juste, et que cela est rendu possible gr\u00e2ce au travail b\u00e9n\u00e9vole et aux efforts de nos supers intervenant.e.s qui proposent de partager leurs connaissances et talents \u00e0 un prix associatif.<!-- notionvc: 8dc6313d-cee7-4ca4-ac76-112aa7a62e61 --><\/p>\n<ul>\n<li><strong>Tarif normal<\/strong><\/li>\n<li><strong>Tarif solidaire<\/strong><\/li>\n<\/ul>\n<p>Tout le monde peut participer, tous les ateliers se d\u00e9roulent sur l'\u00e9colieu.<!-- notionvc: 1f16ad08-2a36-4437-aac0-5d221a352282 --><\/p>\n<\/div><\/div><\/div><\/div><\/div><\/section><section class=\"hcode-row-17\"><div class=\"container\"><div class=\"row\"><div class=\"wpb_column hcode-column-container  vc_custom_1703154763686 padding-five vc_col-sm-12 col-xs-mobile-fullwidth\" data-front-class=\" vc_custom_1703154763686 padding-five col-xs-mobile-fullwidth\"><div class=\"vc-column-innner-wrapper\"><div class=\"v2\"><h3 style=\"text-align: left;\">Tarif des ateliers \u00e0 la carte<\/h3>\n<p>&nbsp;<\/p>\n<ul>\n<li>Les ateliers collectifs sont \u00e9galement disponibles \u00e0 la carte :<\/li>\n<\/ul>\n<p>&nbsp;<\/p>\n<table>\n<tbody>\n<tr>\n<td>Balade botanique et cueillette sauvage<\/td>\n<td>Lundi<\/td>\n<td>10h - 12h<\/td>\n<\/tr>\n<tr>\n<td>Bain de for\u00eat<\/td>\n<td>Lundi<\/td>\n<td>15h - 17h<\/td>\n<\/tr>\n<tr>\n<td>Atelier de Yoga et Qi Gong<\/td>\n<td>Mardi<\/td>\n<td>8h - 9h<\/td>\n<\/tr>\n<tr>\n<td>M\u00e9ditation en Pleine conscience<\/td>\n<td>Mardi<\/td>\n<td>10h - 12h<\/td>\n<\/tr>\n<tr>\n<td>Atelier R\u00e9flexologie<\/td>\n<td>Mardi<\/td>\n<td>15h - 16h<\/td>\n<\/tr>\n<tr>\n<td>Voyage sonore avec bols chantants<\/td>\n<td>Mardi<\/td>\n<td>19h - 20h30<\/td>\n<\/tr>\n<tr>\n<td>D\u00e9couverte de la permaculture<\/td>\n<td>Mercredi<\/td>\n<td>9h - 17h<\/td>\n<\/tr>\n<tr>\n<td>Atelier \u00e9coconstruction, d\u00e9couverte des low tech<\/td>\n<td>Jeudi<\/td>\n<td>10h - 12h<\/td>\n<\/tr>\n<tr>\n<td>Atelier lactofermentation<\/td>\n<td><\/td>\n<td><\/td>\n<\/tr>\n<tr>\n<td>Ap\u00e9ro Vigneron d\u00e9gustation<\/td>\n<td>Jeudi<\/td>\n<td>18h - 19h30<\/td>\n<\/tr>\n<tr>\n<td>Nourrissage des animaux<\/td>\n<td>Tous les jours<\/td>\n<td>18h - 19h<\/td>\n<\/tr>\n<\/tbody>\n<\/table>\n<p>Les tarifs sont indiqu\u00e9s par personne.<\/p>\n<\/div><\/div><\/div><\/div><\/div><\/section><section class=\"hcode-row-18\"><div class=\"container\"><div class=\"row\"><div class=\"wpb_column hcode-column-container vc_col-sm-2 col-xs-mobile-fullwidth\" data-front-class=\"col-xs-mobile-fullwidth\"><div class=\"vc-column-innner-wrapper\"><\/div><\/div><div class=\"wpb_column hcode-column-container  vc_custom_1703149511153 padding-five vc_col-sm-8 col-xs-mobile-fullwidth\" data-front-class=\" vc_custom_1703149511153 padding-five col-xs-mobile-fullwidth\"><div class=\"vc-column-innner-wrapper\"><div class=\"v2\"><h3 style=\"text-align: left;\">Tarif des s\u00e9ances individuelles (uniquement sur r\u00e9servation)<\/h3>\n<p>&nbsp;<\/p>\n<table>\n<tbody>\n<tr>\n<td>Accompagnement de votre design en permaculture<\/td>\n<td>1 h<\/td>\n<\/tr>\n<tr>\n<td>Conseils personnalis\u00e9s en \u00e9co-construction<\/td>\n<td>1h<\/td>\n<\/tr>\n<tr>\n<td>Visite priv\u00e9e d\u2019un vignoble en biodynamie<\/td>\n<td>1h30<\/td>\n<\/tr>\n<tr>\n<td>Approfondissement des postures de yoga<\/td>\n<td>1h<\/td>\n<\/tr>\n<tr>\n<td>Massage individuel<\/td>\n<td>1h<\/td>\n<\/tr>\n<tr>\n<td>Entretien personnalis\u00e9 : Oracle des Plantes<\/td>\n<td>40min<\/td>\n<\/tr>\n<tr>\n<td>Entretien personnalis\u00e9 : \u00c9nerg\u00e9tique et Chemin de vie<\/td>\n<td>1h<\/td>\n<\/tr>\n<tr>\n<td>M\u00e9ditation guid\u00e9e et chants sacr\u00e9s<\/td>\n<td>1h<\/td>\n<\/tr>\n<\/tbody>\n<\/table>\n<\/div><\/div><\/div><div class=\"wpb_column hcode-column-container vc_col-sm-2 col-xs-mobile-fullwidth\" data-front-class=\"col-xs-mobile-fullwidth\"><div class=\"vc-column-innner-wrapper\"><\/div><\/div><\/div><\/div><\/section><section class=\"hcode-row-19\"><div class=\"container\"><div class=\"row\"><div class=\"wpb_column hcode-column-container vc_col-sm-2 col-xs-mobile-fullwidth\" data-front-class=\"col-xs-mobile-fullwidth\"><div class=\"vc-column-innner-wrapper\"><\/div><\/div><div class=\"wpb_column hcode-column-container vc_col-sm-8 col-xs-mobile-fullwidth\" data-front-class=\"col-xs-mobile-fullwidth\"><div class=\"vc-column-innner-wrapper\">[vc_empty_space css=\".vc_custom_1674492600019{background-color: #e5e5d3 !important;}\"]<\/div><\/div><div class=\"wpb_column hcode-column-container vc_col-sm-2 col-xs-mobile-fullwidth\" data-front-class=\"col-xs-mobile-fullwidth\"><div class=\"vc-column-innner-wrapper\"><\/div><\/div><\/div><\/div><\/section><section class=\"row-equal-height row-content-middle hcode-row-20\"><div class=\"container\"><div class=\"row hcode-row-flex\"><div class=\"wpb_column hcode-column-container vc_col-sm-2 col-xs-mobile-fullwidth\" data-front-class=\"col-xs-mobile-fullwidth\"><div class=\"vc-column-innner-wrapper\"><\/div><\/div><div class=\"wpb_column hcode-column-container vc_col-sm-6 col-xs-mobile-fullwidth\" data-front-class=\"col-xs-mobile-fullwidth\"><div class=\"vc-column-innner-wrapper\"><div class=\"v2\"><p style=\"font-size: 16px !important;\">MODALITES DE PAIEMENT<br \/>\nR\u00e9servation sur HelloAsso :<br \/>\n100% du montant du stage \u00e0 l\u2019inscription sur HelloAsso<br \/>\nOU<br \/>\n50% du montant du stage \u00e0 l\u2019inscription puis 50% (maximum 15 jours avant le d\u00e9but du stage) sur HelloAsso<br \/>\n+ l'adh\u00e9sion de 5\u20ac par personne (au dessus de 10 ans) \u00e0 l\u2019association de l\u2019Ecolieu de Cablanc (valable 1 ann\u00e9e)<br \/>\nANNULATION : Si un atelier en ext\u00e9rieur est annul\u00e9 \u00e0 cause du temps, il sera remplac\u00e9 par un autre atelier en int\u00e9rieur.<\/p>\n<\/div><\/div><\/div><div class=\"wpb_column hcode-column-container text-center vc_col-sm-2 col-xs-mobile-fullwidth\" data-front-class=\"text-center col-xs-mobile-fullwidth\"><div class=\"vc-column-innner-wrapper\"><a href=\"https:\/\/www.helloasso.com\/associations\/ecolieu-de-cablanc\"><img loading=\"lazy\" decoding=\"async\" width=\"600\" height=\"600\" src=\"https:\/\/www.cablanc.com\/wp-content\/uploads\/2023\/01\/Qrcode-HelloAsso.png\" class=\"\" alt=\"\" srcset=\"https:\/\/www.cablanc.com\/wp-content\/uploads\/2023\/01\/Qrcode-HelloAsso.png 600w, https:\/\/www.cablanc.com\/wp-content\/uploads\/2023\/01\/Qrcode-HelloAsso-300x300.png 300w, https:\/\/www.cablanc.com\/wp-content\/uploads\/2023\/01\/Qrcode-HelloAsso-150x150.png 150w, https:\/\/www.cablanc.com\/wp-content\/uploads\/2023\/01\/Qrcode-HelloAsso-81x81.png 81w\" sizes=\"(max-width: 600px) 100vw, 600px\" \/><\/a>[vc_empty_space]<a  href=\"https:\/\/www.helloasso.com\/associations\/ecolieu-de-cablanc\" target=\"_blank\"  class=\"btn-green inner-link button btn highlight-button-dark btn-medium\">Helloasso<\/a><\/div><\/div><div class=\"wpb_column hcode-column-container vc_col-sm-2 col-xs-mobile-fullwidth\" data-front-class=\"col-xs-mobile-fullwidth\"><div class=\"vc-column-innner-wrapper\"><\/div><\/div><\/div><\/div><\/section><section class=\"hcode-row-21\"><div class=\"container\"><div class=\"row\"><div class=\"wpb_column hcode-column-container vc_col-sm-2 col-xs-mobile-fullwidth\" data-front-class=\"col-xs-mobile-fullwidth\"><div class=\"vc-column-innner-wrapper\"><\/div><\/div><div class=\"wpb_column hcode-column-container vc_col-sm-8 col-xs-mobile-fullwidth\" data-front-class=\"col-xs-mobile-fullwidth\"><div class=\"vc-column-innner-wrapper\">[vc_empty_space css=\".vc_custom_1674492600019{background-color: #e5e5d3 !important;}\"]<\/div><\/div><div class=\"wpb_column hcode-column-container vc_col-sm-2 col-xs-mobile-fullwidth\" data-front-class=\"col-xs-mobile-fullwidth\"><div class=\"vc-column-innner-wrapper\"><\/div><\/div><\/div><\/div><\/section><section class=\"row-equal-height row-content-middle hcode-row-22\"><div class=\"container\"><div class=\"row hcode-row-flex\"><div class=\"wpb_column hcode-column-container text-center sm-text-center xs-text-center vc_col-sm-2 col-xs-mobile-fullwidth\" data-front-class=\"text-center sm-text-center xs-text-center col-xs-mobile-fullwidth\"><div class=\"vc-column-innner-wrapper\"><\/div><\/div><div class=\"wpb_column hcode-column-container text-center sm-text-center xs-text-center vc_col-sm-8 col-xs-mobile-fullwidth\" data-front-class=\"text-center sm-text-center xs-text-center col-xs-mobile-fullwidth\"><div class=\"vc-column-innner-wrapper\"><a  href=\"https:\/\/www.helloasso.com\/associations\/ecolieu-de-cablanc\/evenements\/participation-au-stage-de-l-ete-2023\" target=\"_blank\"  class=\"inner-link button btn  hcode-button-8 highlight-button-dark btn-large\">Places limit\u00e9es, r\u00e9servez vite !<\/a><\/div><\/div><div class=\"wpb_column hcode-column-container vc_col-sm-2 col-xs-mobile-fullwidth\" data-front-class=\"col-xs-mobile-fullwidth\"><div class=\"vc-column-innner-wrapper\"><\/div><\/div><\/div><\/div><\/section>","protected":false},"excerpt":{"rendered":"<p>[vc_empty_space height=\u00a0\u00bb20px\u00a0\u00bb css=\u00a0\u00bb.vc_custom_1493901719403{background-color: #a4ab5e !important;}\u00a0\u00bb] [vc_empty_space height=\u00a0\u00bb8px\u00a0\u00bb]- ENTRACTE \u00c0 CABLANC &#8211; Cette saison, Cablanc sera en pause, nous ne prenons pas de r\u00e9servation. Les stages immersifs de l&rsquo;\u00e9t\u00e9 \u00ab\u00a0oser et cr\u00e9er son \u00e9colieu\u00a0\u00bb &nbsp; \u00a0Vous souhaitez vous ressourcer ou changer de vie, vous tourner vers un quotidien qui fait sens pour vous ? Rejoignez nous [&hellip;]<\/p>\n","protected":false},"author":4,"featured_media":0,"parent":0,"menu_order":0,"comment_status":"closed","ping_status":"closed","template":"","meta":{"footnotes":""},"yoast_head":"<!-- This site is optimized with the Yoast SEO plugin v22.7 - https:\/\/yoast.com\/wordpress\/plugins\/seo\/ -->\n<title>Stages de permaculture immersifs \u00e0 l&#039;\u00e9colieu de Cablanc en Dordogne<\/title>\n<meta name=\"description\" content=\"Prenez un temps pour vous avec nos stages je\u00fbne, permaculture, nos bains de for\u00eat, d\u00e9couvrez nos ateliers z\u00e9ro d\u00e9ch\u00eat, pleine conscience et bien d&#039;autres.\" \/>\n<meta name=\"robots\" content=\"index, follow, max-snippet:-1, max-image-preview:large, max-video-preview:-1\" \/>\n<link rel=\"canonical\" href=\"https:\/\/www.cablanc.com\/accueil\/stage\/\" \/>\n<meta property=\"og:locale\" content=\"fr_FR\" \/>\n<meta property=\"og:type\" content=\"article\" \/>\n<meta property=\"og:title\" content=\"Stages de permaculture immersifs \u00e0 l&#039;\u00e9colieu de Cablanc en Dordogne\" \/>\n<meta property=\"og:description\" content=\"Prenez un temps pour vous avec nos stages je\u00fbne, permaculture, nos bains de for\u00eat, d\u00e9couvrez nos ateliers z\u00e9ro d\u00e9ch\u00eat, pleine conscience et bien d&#039;autres.\" \/>\n<meta property=\"og:url\" content=\"https:\/\/www.cablanc.com\/accueil\/stage\/\" \/>\n<meta property=\"og:site_name\" content=\"Cablanc - Les vacances authentiques en Dordogne\" \/>\n<meta property=\"article:modified_time\" content=\"2025-03-08T17:04:19+00:00\" \/>\n<meta name=\"twitter:card\" content=\"summary_large_image\" \/>\n<meta name=\"twitter:label1\" content=\"Dur\u00e9e de lecture estim\u00e9e\" \/>\n\t<meta name=\"twitter:data1\" content=\"15 minutes\" \/>\n<script type=\"application\/ld+json\" class=\"yoast-schema-graph\">{\"@context\":\"https:\/\/schema.org\",\"@graph\":[{\"@type\":\"WebPage\",\"@id\":\"https:\/\/www.cablanc.com\/accueil\/stage\/\",\"url\":\"https:\/\/www.cablanc.com\/accueil\/stage\/\",\"name\":\"Stages de permaculture immersifs \u00e0 l'\u00e9colieu de Cablanc en Dordogne\",\"isPartOf\":{\"@id\":\"https:\/\/www.cablanc.com\/accueil\/#website\"},\"datePublished\":\"2022-12-19T10:44:50+00:00\",\"dateModified\":\"2025-03-08T17:04:19+00:00\",\"description\":\"Prenez un temps pour vous avec nos stages je\u00fbne, permaculture, nos bains de for\u00eat, d\u00e9couvrez nos ateliers z\u00e9ro d\u00e9ch\u00eat, pleine conscience et bien d'autres.\",\"breadcrumb\":{\"@id\":\"https:\/\/www.cablanc.com\/accueil\/stage\/#breadcrumb\"},\"inLanguage\":\"fr-FR\",\"potentialAction\":[{\"@type\":\"ReadAction\",\"target\":[\"https:\/\/www.cablanc.com\/accueil\/stage\/\"]}]},{\"@type\":\"BreadcrumbList\",\"@id\":\"https:\/\/www.cablanc.com\/accueil\/stage\/#breadcrumb\",\"itemListElement\":[{\"@type\":\"ListItem\",\"position\":1,\"name\":\"Accueil\",\"item\":\"https:\/\/www.cablanc.com\/accueil\/\"},{\"@type\":\"ListItem\",\"position\":2,\"name\":\"Stages\"}]},{\"@type\":\"WebSite\",\"@id\":\"https:\/\/www.cablanc.com\/accueil\/#website\",\"url\":\"https:\/\/www.cablanc.com\/accueil\/\",\"name\":\"Cablanc - Les vacances authentiques en Dordogne\",\"description\":\"\",\"potentialAction\":[{\"@type\":\"SearchAction\",\"target\":{\"@type\":\"EntryPoint\",\"urlTemplate\":\"https:\/\/www.cablanc.com\/accueil\/?s={search_term_string}\"},\"query-input\":\"required name=search_term_string\"}],\"inLanguage\":\"fr-FR\"}]}<\/script>\n<!-- \/ Yoast SEO plugin. -->","yoast_head_json":{"title":"Stages de permaculture immersifs \u00e0 l'\u00e9colieu de Cablanc en Dordogne","description":"Prenez un temps pour vous avec nos stages je\u00fbne, permaculture, nos bains de for\u00eat, d\u00e9couvrez nos ateliers z\u00e9ro d\u00e9ch\u00eat, pleine conscience et bien d'autres.","robots":{"index":"index","follow":"follow","max-snippet":"max-snippet:-1","max-image-preview":"max-image-preview:large","max-video-preview":"max-video-preview:-1"},"canonical":"https:\/\/www.cablanc.com\/accueil\/stage\/","og_locale":"fr_FR","og_type":"article","og_title":"Stages de permaculture immersifs \u00e0 l'\u00e9colieu de Cablanc en Dordogne","og_description":"Prenez un temps pour vous avec nos stages je\u00fbne, permaculture, nos bains de for\u00eat, d\u00e9couvrez nos ateliers z\u00e9ro d\u00e9ch\u00eat, pleine conscience et bien d'autres.","og_url":"https:\/\/www.cablanc.com\/accueil\/stage\/","og_site_name":"Cablanc - Les vacances authentiques en Dordogne","article_modified_time":"2025-03-08T17:04:19+00:00","twitter_card":"summary_large_image","twitter_misc":{"Dur\u00e9e de lecture estim\u00e9e":"15 minutes"},"schema":{"@context":"https:\/\/schema.org","@graph":[{"@type":"WebPage","@id":"https:\/\/www.cablanc.com\/accueil\/stage\/","url":"https:\/\/www.cablanc.com\/accueil\/stage\/","name":"Stages de permaculture immersifs \u00e0 l'\u00e9colieu de Cablanc en Dordogne","isPartOf":{"@id":"https:\/\/www.cablanc.com\/accueil\/#website"},"datePublished":"2022-12-19T10:44:50+00:00","dateModified":"2025-03-08T17:04:19+00:00","description":"Prenez un temps pour vous avec nos stages je\u00fbne, permaculture, nos bains de for\u00eat, d\u00e9couvrez nos ateliers z\u00e9ro d\u00e9ch\u00eat, pleine conscience et bien d'autres.","breadcrumb":{"@id":"https:\/\/www.cablanc.com\/accueil\/stage\/#breadcrumb"},"inLanguage":"fr-FR","potentialAction":[{"@type":"ReadAction","target":["https:\/\/www.cablanc.com\/accueil\/stage\/"]}]},{"@type":"BreadcrumbList","@id":"https:\/\/www.cablanc.com\/accueil\/stage\/#breadcrumb","itemListElement":[{"@type":"ListItem","position":1,"name":"Accueil","item":"https:\/\/www.cablanc.com\/accueil\/"},{"@type":"ListItem","position":2,"name":"Stages"}]},{"@type":"WebSite","@id":"https:\/\/www.cablanc.com\/accueil\/#website","url":"https:\/\/www.cablanc.com\/accueil\/","name":"Cablanc - Les vacances authentiques en Dordogne","description":"","potentialAction":[{"@type":"SearchAction","target":{"@type":"EntryPoint","urlTemplate":"https:\/\/www.cablanc.com\/accueil\/?s={search_term_string}"},"query-input":"required name=search_term_string"}],"inLanguage":"fr-FR"}]}},"_links":{"self":[{"href":"https:\/\/www.cablanc.com\/accueil\/wp-json\/wp\/v2\/pages\/1660"}],"collection":[{"href":"https:\/\/www.cablanc.com\/accueil\/wp-json\/wp\/v2\/pages"}],"about":[{"href":"https:\/\/www.cablanc.com\/accueil\/wp-json\/wp\/v2\/types\/page"}],"author":[{"embeddable":true,"href":"https:\/\/www.cablanc.com\/accueil\/wp-json\/wp\/v2\/users\/4"}],"replies":[{"embeddable":true,"href":"https:\/\/www.cablanc.com\/accueil\/wp-json\/wp\/v2\/comments?post=1660"}],"version-history":[{"count":17,"href":"https:\/\/www.cablanc.com\/accueil\/wp-json\/wp\/v2\/pages\/1660\/revisions"}],"predecessor-version":[{"id":2319,"href":"https:\/\/www.cablanc.com\/accueil\/wp-json\/wp\/v2\/pages\/1660\/revisions\/2319"}],"wp:attachment":[{"href":"https:\/\/www.cablanc.com\/accueil\/wp-json\/wp\/v2\/media?parent=1660"}],"curies":[{"name":"wp","href":"https:\/\/api.w.org\/{rel}","templated":true}]}}