{"id":1662,"date":"2022-12-19T11:45:14","date_gmt":"2022-12-19T10:45:14","guid":{"rendered":"https:\/\/www.cablanc.com\/accueil\/?page_id=1662"},"modified":"2025-03-08T17:59:41","modified_gmt":"2025-03-08T16:59:41","slug":"activites","status":"publish","type":"page","link":"https:\/\/www.cablanc.com\/accueil\/activites\/","title":{"rendered":"Activit\u00e9s"},"content":{"rendered":"<section  class=\"hcode-row-1 no-padding sm-no-padding xs-no-padding bg-image-srcset cover-background\" style=\"background-image: url(https:\/\/www.cablanc.com\/wp-content\/uploads\/2023\/01\/Cablanc-activites-ateliers-ecolieu.jpg);\" data-bg-srcset=\"https:\/\/www.cablanc.com\/wp-content\/uploads\/2023\/01\/Cablanc-activites-ateliers-ecolieu.jpg 2000w, https:\/\/www.cablanc.com\/wp-content\/uploads\/2023\/01\/Cablanc-activites-ateliers-ecolieu-300x59.jpg 300w, https:\/\/www.cablanc.com\/wp-content\/uploads\/2023\/01\/Cablanc-activites-ateliers-ecolieu-1024x200.jpg 1024w, https:\/\/www.cablanc.com\/wp-content\/uploads\/2023\/01\/Cablanc-activites-ateliers-ecolieu-768x150.jpg 768w, https:\/\/www.cablanc.com\/wp-content\/uploads\/2023\/01\/Cablanc-activites-ateliers-ecolieu-1536x300.jpg 1536w, https:\/\/www.cablanc.com\/wp-content\/uploads\/2023\/01\/Cablanc-activites-ateliers-ecolieu-81x16.jpg 81w\"><div class=\"wpb_column hcode-column-container no-padding sm-no-padding xs-no-padding no-margin sm-no-margin xs-no-margin vc_col-sm-12 col-xs-mobile-fullwidth\" data-front-class=\"no-padding sm-no-padding xs-no-padding no-margin sm-no-margin xs-no-margin col-xs-mobile-fullwidth\"><div class=\"vc-column-innner-wrapper\"><\/div><\/div><\/section><section class=\"no-padding sm-no-padding xs-no-padding\"><div class=\"wpb_column hcode-column-container no-padding sm-no-padding xs-no-padding no-margin sm-no-margin xs-no-margin vc_col-sm-12 col-xs-mobile-fullwidth\" data-front-class=\"no-padding sm-no-padding xs-no-padding no-margin sm-no-margin xs-no-margin col-xs-mobile-fullwidth\"><div class=\"vc-column-innner-wrapper\">[vc_empty_space height=\"20px\" css=\".vc_custom_1493901719403{background-color: #a4ab5e !important;}\"]<\/div><\/div><\/section><section class=\"no-padding sm-no-padding xs-no-padding no-margin sm-no-margin xs-no-margin\"><div class=\"container\"><div class=\"row\"><div class=\"wpb_column hcode-column-container vc_col-sm-11 vc_col-xs-10\"><div class=\"vc-column-innner-wrapper\"><p><code><div id=\"flags\" class=\"size18\"><ul id=\"sortable\" class=\"ui-sortable\" style=\"float:left\"><li id=\"Dutch\"><a href=\"#\" title=\"Dutch\" class=\"nturl notranslate nl flag Dutch\"><\/a><\/li><li id=\"English\"><a href=\"#\" title=\"English\" class=\"nturl notranslate en flag English\"><\/a><\/li><li id=\"Spanish\"><a href=\"#\" title=\"Spanish\" class=\"nturl notranslate es flag Spanish\"><\/a><\/li><li id=\"French\"><a href=\"#\" title=\"French\" class=\"nturl notranslate fr flag French\"><\/a><\/li><\/ul><\/div><div id=\"google_language_translator\" class=\"default-language-fr\"><\/div><\/code><\/p>\n<\/div><\/div><div class=\"wpb_column hcode-column-container vc_col-sm-1 vc_col-xs-2\"><div class=\"vc-column-innner-wrapper\">[vc_empty_space height=\"48px\"]<img loading=\"lazy\" decoding=\"async\" width=\"16\" height=\"13\" src=\"https:\/\/www.cablanc.com\/wp-content\/uploads\/2017\/05\/600px-Gay_flag.jpg\" class=\"\" alt=\"drapeau gay friendly\" \/><\/div><\/div><\/div><\/div><\/section><section class=\" vc_custom_1741422235246 row-equal-height row-content-bottom hcode-row-2\"><div class=\"container\"><div class=\"row hcode-row-flex\"><div class=\"wpb_column hcode-column-container  vc_custom_1682663126587 text-center padding-three vc_col-sm-12 col-xs-mobile-fullwidth\" data-front-class=\" vc_custom_1682663126587 text-center padding-three col-xs-mobile-fullwidth\"><div class=\"vc-column-innner-wrapper\"><div class=\"white\"><p style=\"text-align: center;\"><strong>- ENTRACTE \u00c0 CABLANC -<\/strong><\/p>\n<p style=\"text-align: center;\"><b>Cette saison, Cablanc sera en pause, nous ne prenons pas de r\u00e9servation.<\/b><\/p>\n<\/div><\/div><\/div><\/div><\/div><\/section><section class=\"hcode-row-3\"><div class=\"container\"><div class=\"row\"><div class=\"wpb_column hcode-column-container vc_col-sm-12 col-xs-mobile-fullwidth\" data-front-class=\"col-xs-mobile-fullwidth\"><div class=\"vc-column-innner-wrapper\"><div class=\"intro\"><h1 style=\"text-align: center;\">D\u00e9couvrez des ateliers pour prendre soin de soi, des autres et de la Terre<\/h1>\n<p>&nbsp;<\/p>\n<p style=\"text-align: center;\">L'association de l'\u00e9colieu de Cablanc vous propose<br \/>\nde nombreuses activit\u00e9s durant tout l'\u00e9t\u00e9.<\/p>\n<\/div><\/div><\/div><\/div><\/div><\/section><section id=\"que-faire-a-cablanc\" class=\" vc_custom_1682602891941 hcode-row-4\"><div class=\"container\"><div class=\"row\"><div class=\"wpb_column hcode-column-container no-padding sm-no-padding xs-no-padding no-margin sm-no-margin xs-no-margin vc_col-sm-12 col-xs-mobile-fullwidth\" data-front-class=\"no-padding sm-no-padding xs-no-padding no-margin sm-no-margin xs-no-margin col-xs-mobile-fullwidth\"><div class=\"vc-column-innner-wrapper\">[vc_custom_heading text=\"Que faire \u00e0 Cablanc pendant votre s\u00e9jour ?\" font_container=\"tag:h2|font_size:30px|text_align:center|color:%23ffffff|line_height:80px\" use_theme_fonts=\"yes\" css=\".vc_custom_1674467790874{background-color: #847f45 !important;}\" el_class=\"whiteh2\"]<\/div><\/div><\/div><\/div><\/section><section class=\"hcode-row-5\"><div class=\"container\"><div class=\"row\"><div class=\"wpb_column hcode-column-container text-center vc_col-sm-3 col-xs-mobile-fullwidth\" data-front-class=\"text-center col-xs-mobile-fullwidth\"><div class=\"vc-column-innner-wrapper\"><img loading=\"lazy\" decoding=\"async\" width=\"565\" height=\"350\" src=\"https:\/\/www.cablanc.com\/wp-content\/uploads\/2017\/05\/cablanc-heure-bleue-producteurs.jpg\" class=\"\" alt=\"Photo d&#039;une \u00e9tag\u00e8re de l&#039;Heure Bleue de Cablanc avec des produits de producteurs locaux\" srcset=\"https:\/\/www.cablanc.com\/wp-content\/uploads\/2017\/05\/cablanc-heure-bleue-producteurs.jpg 565w, https:\/\/www.cablanc.com\/wp-content\/uploads\/2017\/05\/cablanc-heure-bleue-producteurs-300x186.jpg 300w, https:\/\/www.cablanc.com\/wp-content\/uploads\/2017\/05\/cablanc-heure-bleue-producteurs-133x83.jpg 133w\" sizes=\"(max-width: 565px) 100vw, 565px\" \/>[vc_empty_space]<h4 style=\"text-align: center;\">La boutique \u00e0 la ferme<\/h4>\n<p class=\"p1\" style=\"text-align: left;\"><strong><span class=\"s1\">Fruits<\/span><\/strong><span class=\"s2\">,\u00a0<\/span><strong><span class=\"s1\">l\u00e9gumes<\/span><\/strong><span class=\"s2\">, oeufs, huile de tournesol et de noix, miel, tisanes, <\/span><strong><span class=\"s1\">vin<\/span><\/strong><span class=\"s2\">\u00a0et\u00a0<\/span><strong><span class=\"s1\">spiruline<\/span><\/strong><span class=\"s2\">, savons, et plus encore <\/span><span class=\"s3\">pour <strong>consommer local<\/strong>.<\/span><\/p>\n<a  href=\"https:\/\/www.cablanc.com\/accueil\/boutique-produits-biologiques\/\" target=\"_blank\"  class=\"inner-link button btn highlight-button-dark\">D\u00e9couvrez !<\/a>[vc_empty_space]<\/div><\/div><div class=\"wpb_column hcode-column-container text-center vc_col-sm-3 col-xs-mobile-fullwidth\" data-front-class=\"text-center col-xs-mobile-fullwidth\"><div class=\"vc-column-innner-wrapper\"><img loading=\"lazy\" decoding=\"async\" width=\"565\" height=\"350\" src=\"https:\/\/www.cablanc.com\/wp-content\/uploads\/2023\/01\/Cablanc-espace-coworking.jpg\" class=\"\" alt=\"\" srcset=\"https:\/\/www.cablanc.com\/wp-content\/uploads\/2023\/01\/Cablanc-espace-coworking.jpg 565w, https:\/\/www.cablanc.com\/wp-content\/uploads\/2023\/01\/Cablanc-espace-coworking-300x186.jpg 300w, https:\/\/www.cablanc.com\/wp-content\/uploads\/2023\/01\/Cablanc-espace-coworking-133x83.jpg 133w, https:\/\/www.cablanc.com\/wp-content\/uploads\/2023\/01\/Cablanc-espace-coworking-81x50.jpg 81w\" sizes=\"(max-width: 565px) 100vw, 565px\" \/>[vc_empty_space]<h4 style=\"text-align: center;\">Le coworking<\/h4>\n<p style=\"text-align: left;\">Tentez <strong>l'exp\u00e9rience coworking<\/strong> dans la Tiny et la Yourte, dans un <strong>cadre de travail inspirant<\/strong> et ressour\u00e7ant en pleine nature !<\/p>\n<a  href=\"https:\/\/workincablanc.fr\/\" target=\"_blank\"  class=\"inner-link button btn highlight-button-dark\">D\u00e9couvrez !<\/a>[vc_empty_space]<\/div><\/div><div class=\"wpb_column hcode-column-container text-center vc_col-sm-3 col-xs-mobile-fullwidth\" data-front-class=\"text-center col-xs-mobile-fullwidth\"><div class=\"vc-column-innner-wrapper\"><img loading=\"lazy\" decoding=\"async\" width=\"565\" height=\"350\" src=\"https:\/\/www.cablanc.com\/wp-content\/uploads\/2020\/02\/Cablanc-animaux-de-la-ferme.jpg\" class=\"\" alt=\"Photo d&#039;une poule picorant du ma\u00efs dans les mains d V\u00e9ronique, la propri\u00e9taire de Cablanc\" srcset=\"https:\/\/www.cablanc.com\/wp-content\/uploads\/2020\/02\/Cablanc-animaux-de-la-ferme.jpg 565w, https:\/\/www.cablanc.com\/wp-content\/uploads\/2020\/02\/Cablanc-animaux-de-la-ferme-300x186.jpg 300w, https:\/\/www.cablanc.com\/wp-content\/uploads\/2020\/02\/Cablanc-animaux-de-la-ferme-133x83.jpg 133w, https:\/\/www.cablanc.com\/wp-content\/uploads\/2020\/02\/Cablanc-animaux-de-la-ferme-81x50.jpg 81w\" sizes=\"(max-width: 565px) 100vw, 565px\" \/>[vc_empty_space]<h4 style=\"text-align: center;\">La ferme<\/h4>\n<p style=\"text-align: left;\">D\u00e9couvrez nos animaux de notre <strong>micro-ferme permacole<\/strong> qui participent \u00e0 l'\u00e9quilibre et \u00e0 la fertilisation de l'\u00e9colieu.<\/p>\n<a  href=\"https:\/\/www.cablanc.com\/accueil\/camping-ecologique-dordogne\/\" target=\"_blank\"  class=\"inner-link button btn highlight-button-dark\">D\u00e9couvrez !<\/a>[vc_empty_space]<\/div><\/div><div class=\"wpb_column hcode-column-container text-center vc_col-sm-3 col-xs-mobile-fullwidth\" data-front-class=\"text-center col-xs-mobile-fullwidth\"><div class=\"vc-column-innner-wrapper\"><img loading=\"lazy\" decoding=\"async\" width=\"565\" height=\"349\" src=\"https:\/\/www.cablanc.com\/wp-content\/uploads\/2020\/02\/Cablanc-sorbets-fruits.jpg\" class=\"\" alt=\"Photo des pots de sorbets avec des fruits rouges, noirs et des baies autour du pot\" srcset=\"https:\/\/www.cablanc.com\/wp-content\/uploads\/2020\/02\/Cablanc-sorbets-fruits.jpg 565w, https:\/\/www.cablanc.com\/wp-content\/uploads\/2020\/02\/Cablanc-sorbets-fruits-300x185.jpg 300w, https:\/\/www.cablanc.com\/wp-content\/uploads\/2020\/02\/Cablanc-sorbets-fruits-133x83.jpg 133w, https:\/\/www.cablanc.com\/wp-content\/uploads\/2020\/02\/Cablanc-sorbets-fruits-81x50.jpg 81w\" sizes=\"(max-width: 565px) 100vw, 565px\" \/>[vc_empty_space]<h4 style=\"text-align: center;\">Les d\u00e9licieux sorbets<\/h4>\n<p class=\"p1\" style=\"text-align: left;\">D\u00e9couvrez <strong>nos sorbets certifi\u00e9s 100%<\/strong>\u00a0<strong>bio,\u00a0<\/strong>fabriqu\u00e9s \u00e0 la ferme, issus de la r\u00e9colte des fruits du verger, \u00e0 la belle saison.<\/p>\n<a  href=\"https:\/\/www.cablanc.com\/wp-content\/uploads\/2020\/03\/Plaquette-sorbet-web.pdf\" target=\"_blank\"  class=\"inner-link button btn highlight-button-dark\">D\u00e9couvrez nos sorbets !<\/a>[vc_empty_space]<\/div><\/div><\/div><\/div><\/section><section class=\"hcode-row-6\"><div class=\"container\"><div class=\"row\"><div class=\"wpb_column hcode-column-container text-center vc_col-sm-3 col-xs-mobile-fullwidth\" data-front-class=\"text-center col-xs-mobile-fullwidth\"><div class=\"vc-column-innner-wrapper\"><img loading=\"lazy\" decoding=\"async\" width=\"565\" height=\"350\" src=\"https:\/\/www.cablanc.com\/wp-content\/uploads\/2020\/01\/Cablanc-Vue-9.jpg\" class=\"\" alt=\"Photo des vignes entourant l&#039;\u00e9colieu de Cablanc\" srcset=\"https:\/\/www.cablanc.com\/wp-content\/uploads\/2020\/01\/Cablanc-Vue-9.jpg 565w, https:\/\/www.cablanc.com\/wp-content\/uploads\/2020\/01\/Cablanc-Vue-9-300x186.jpg 300w, https:\/\/www.cablanc.com\/wp-content\/uploads\/2020\/01\/Cablanc-Vue-9-133x83.jpg 133w\" sizes=\"(max-width: 565px) 100vw, 565px\" \/>[vc_empty_space]<h4 class=\"p1\" style=\"text-align: center;\"><span class=\"s1\">Les Vignobles<\/span><\/h4>\n<p class=\"p1\" style=\"text-align: left;\"><span class=\"s1\">Visitez un\u00a0<strong>vignoble en biodynamie<\/strong>\u00a0avec la\u00a0<strong>d\u00e9gustation\u00a0<\/strong>des vins du terroir de Saussignac. Une exploration oenologique unique.<\/span><\/p>\n<a  href=\"https:\/\/chateaufeely.com\/fr\/visites\" target=\"_blank\"  class=\"inner-link button btn highlight-button-dark\">Initiez-vous !<\/a>[vc_empty_space]<\/div><\/div><div class=\"wpb_column hcode-column-container text-center vc_col-sm-3 col-xs-mobile-fullwidth\" data-front-class=\"text-center col-xs-mobile-fullwidth\"><div class=\"vc-column-innner-wrapper\"><img loading=\"lazy\" decoding=\"async\" width=\"565\" height=\"350\" src=\"https:\/\/www.cablanc.com\/wp-content\/uploads\/2020\/03\/Cablanc-chateau-monbazillac.jpg\" class=\"\" alt=\"photo du ch\u00e2teau de Montbazillac\" srcset=\"https:\/\/www.cablanc.com\/wp-content\/uploads\/2020\/03\/Cablanc-chateau-monbazillac.jpg 565w, https:\/\/www.cablanc.com\/wp-content\/uploads\/2020\/03\/Cablanc-chateau-monbazillac-300x186.jpg 300w, https:\/\/www.cablanc.com\/wp-content\/uploads\/2020\/03\/Cablanc-chateau-monbazillac-133x83.jpg 133w, https:\/\/www.cablanc.com\/wp-content\/uploads\/2020\/03\/Cablanc-chateau-monbazillac-81x50.jpg 81w\" sizes=\"(max-width: 565px) 100vw, 565px\" \/>[vc_empty_space]<h4 style=\"text-align: center;\">Les Ch\u00e2teaux<\/h4>\n<p class=\"p1\" style=\"text-align: left;\"><span class=\"s1\">D\u00e9couvrez les <strong>1001 ch\u00e2teaux du P\u00e9rigord<\/strong> et ses<strong> vall\u00e9es enchant\u00e9es<\/strong>, <strong>merveilles d'histoire<\/strong>, tous plus beaux les uns que les autres.<\/span><\/p>\n<a  href=\"https:\/\/www.cablanc.com\/wp-content\/uploads\/2020\/04\/Livret-Cablanc-VF_compressed.pdf\" target=\"_blank\"  class=\"inner-link button btn highlight-button-dark\">T\u00e9l\u00e9chargez le guide<\/a>[vc_empty_space]<\/div><\/div><div class=\"wpb_column hcode-column-container text-center vc_col-sm-3 col-xs-mobile-fullwidth\" data-front-class=\"text-center col-xs-mobile-fullwidth\"><div class=\"vc-column-innner-wrapper\"><img loading=\"lazy\" decoding=\"async\" width=\"565\" height=\"350\" src=\"https:\/\/www.cablanc.com\/wp-content\/uploads\/2020\/02\/Cablanc-gastronomie.jpg\" class=\"\" alt=\"photo d&#039;une salade fra\u00eeche et color\u00e9e de l\u00e9gumes et de fruits vue du dessus\" srcset=\"https:\/\/www.cablanc.com\/wp-content\/uploads\/2020\/02\/Cablanc-gastronomie.jpg 565w, https:\/\/www.cablanc.com\/wp-content\/uploads\/2020\/02\/Cablanc-gastronomie-300x186.jpg 300w, https:\/\/www.cablanc.com\/wp-content\/uploads\/2020\/02\/Cablanc-gastronomie-133x83.jpg 133w, https:\/\/www.cablanc.com\/wp-content\/uploads\/2020\/02\/Cablanc-gastronomie-81x50.jpg 81w\" sizes=\"(max-width: 565px) 100vw, 565px\" \/>[vc_empty_space]<h4 style=\"text-align: center;\"><span class=\"s1\">La Gastronomie<\/span><\/h4>\n<p class=\"p1\" style=\"text-align: left;\"><span class=\"s1\">Cablanc est \u00e0 proximit\u00e9 de <strong>restaurants<\/strong> pour <strong>tous les go\u00fbts<\/strong> et <strong>tous les budgets<\/strong>, fid\u00e8les \u00e0 la bonne r\u00e9putation du P\u00e9rigord.<\/span><\/p>\n<a  href=\"https:\/\/www.cablanc.com\/wp-content\/uploads\/2020\/04\/Livret-Cablanc-VF_compressed.pdf\" target=\"_blank\"  class=\"inner-link button btn highlight-button-dark\">T\u00e9l\u00e9chargez le guide<\/a>[vc_empty_space]<\/div><\/div><div class=\"wpb_column hcode-column-container text-center vc_col-sm-3 col-xs-mobile-fullwidth\" data-front-class=\"text-center col-xs-mobile-fullwidth\"><div class=\"vc-column-innner-wrapper\"><img loading=\"lazy\" decoding=\"async\" width=\"565\" height=\"351\" src=\"https:\/\/www.cablanc.com\/wp-content\/uploads\/2020\/02\/Cablanc-tourisme-dordogne.jpg\" class=\"\" alt=\"photo des falaises troglodytes au dessus de la Dordogne avec des touristes en canoe\" srcset=\"https:\/\/www.cablanc.com\/wp-content\/uploads\/2020\/02\/Cablanc-tourisme-dordogne.jpg 565w, https:\/\/www.cablanc.com\/wp-content\/uploads\/2020\/02\/Cablanc-tourisme-dordogne-300x186.jpg 300w, https:\/\/www.cablanc.com\/wp-content\/uploads\/2020\/02\/Cablanc-tourisme-dordogne-133x83.jpg 133w, https:\/\/www.cablanc.com\/wp-content\/uploads\/2020\/02\/Cablanc-tourisme-dordogne-81x50.jpg 81w\" sizes=\"(max-width: 565px) 100vw, 565px\" \/>[vc_empty_space]<h4 style=\"text-align: center;\">La Dordogne<\/h4>\n<p class=\"p1\" style=\"text-align: left;\"><span class=\"s1\">V\u00e9ritable<strong> bain de fra\u00eecheur<\/strong> au c\u0153ur de notre<strong> majestueuse rivi\u00e8re<\/strong>, avec location de\u00a0<strong>cano\u00eb kayak<\/strong> et <strong>paddle<\/strong> \u00e0 quelques kms de Cablanc.<\/span><\/p>\n<a  href=\"https:\/\/www.pays-bergerac-tourisme.com\/fr\/diffusio\/activites-sportives-activites-culturelles-et-prestataires-de-sejours-itinerants_gardonne\/canoe-attitude_TFOASCAQU024V506WB0\" target=\"_blank\"  class=\"inner-link button btn highlight-button-dark\">D\u00e9couvrez la Dordogne<\/a>[vc_empty_space]<\/div><\/div><\/div><\/div><\/section><section class=\"hcode-row-7\"><div class=\"container\"><div class=\"row\"><div class=\"wpb_column hcode-column-container text-center vc_col-sm-12 col-xs-mobile-fullwidth\" data-front-class=\"text-center col-xs-mobile-fullwidth\"><div class=\"vc-column-innner-wrapper\"><p style=\"font-size: 24px!important;\"><span class=\"s1\">Et aussi la d\u00e9couverte de l\u2019\u00e9colieu et sa\u00a0<\/span><strong><span class=\"s2\">chasse au tr\u00e9sor<\/span><\/strong><span class=\"s1\">, le hamac et les<strong>\u00a0<\/strong><\/span><strong><span class=\"s2\">march\u00e9s gourmands,<\/span><\/strong><span class=\"s3\"><br \/>\nles grottes mill\u00e9naires et<\/span><span class=\"s2\">\u00a0les<strong>\u00a0jardins remarquables<\/strong><\/span><span class=\"s1\">\u2026<\/span><\/p>\n<\/div><\/div><\/div><\/div><\/section><section id=\"ateliers-de-l-ete\" class=\" vc_custom_1645449902809 hcode-row-8\"><div class=\"container\"><div class=\"row\"><div class=\"wpb_column hcode-column-container no-padding sm-no-padding xs-no-padding no-margin sm-no-margin xs-no-margin vc_col-sm-12 col-xs-mobile-fullwidth\" data-front-class=\"no-padding sm-no-padding xs-no-padding no-margin sm-no-margin xs-no-margin col-xs-mobile-fullwidth\"><div class=\"vc-column-innner-wrapper\">[vc_custom_heading text=\"Les Ateliers de l\u2019\u00e9t\u00e9 : massage, balades et d\u00e9couverte de la nature\u2026\" font_container=\"tag:h2|font_size:30px|text_align:center|color:%23ffffff|line_height:80px\" use_theme_fonts=\"yes\" css=\".vc_custom_1674467782288{background-color: #847f45 !important;}\" el_class=\"whiteh2\"]<\/div><\/div><\/div><\/div><\/section><section class=\"hcode-row-9\"><div class=\"container\"><div class=\"row\"><div class=\"wpb_column hcode-column-container vc_col-sm-4 col-xs-mobile-fullwidth\" data-front-class=\"col-xs-mobile-fullwidth\"><div class=\"vc-column-innner-wrapper\"><div class=\"hcode-inner-row\"><div class=\"wpb_column hcode-column-container vc_col-sm-12 vc_hidden-lg vc_hidden-md col-xs-mobile-fullwidth\" data-front-class=\"col-xs-mobile-fullwidth\"><div class=\"vc-column-innner-wrapper\"><img loading=\"lazy\" decoding=\"async\" width=\"350\" height=\"350\" src=\"https:\/\/www.cablanc.com\/wp-content\/uploads\/2023\/01\/Cablanc-alentours-village-pruniers-bouddhisme.jpg\" class=\"\" alt=\"\" srcset=\"https:\/\/www.cablanc.com\/wp-content\/uploads\/2023\/01\/Cablanc-alentours-village-pruniers-bouddhisme.jpg 350w, https:\/\/www.cablanc.com\/wp-content\/uploads\/2023\/01\/Cablanc-alentours-village-pruniers-bouddhisme-300x300.jpg 300w, https:\/\/www.cablanc.com\/wp-content\/uploads\/2023\/01\/Cablanc-alentours-village-pruniers-bouddhisme-150x150.jpg 150w, https:\/\/www.cablanc.com\/wp-content\/uploads\/2023\/01\/Cablanc-alentours-village-pruniers-bouddhisme-81x81.jpg 81w\" sizes=\"(max-width: 350px) 100vw, 350px\" \/>[vc_empty_space]<\/div><\/div><\/div><h4>Visite du village des Pruniers<\/h4>\n<p>Voisins du Hameau du Haut \u00e0 Thenac, et du Hameau du Bas \u00e0 Loub\u00e8s, vous pourrez d\u00e9couvrir le monast\u00e8re bouddhiste mondialement connu, au travers d'une balade ou d'un th\u00e9.<br \/>\nRenseignements sur : <a href=\"https:\/\/plumvillage.org\/fr\/\">plumvillage.org<\/a><\/p>\n<\/div><\/div><div class=\"wpb_column hcode-column-container vc_col-sm-2 vc_hidden-sm vc_hidden-xs col-xs-mobile-fullwidth\" data-front-class=\"col-xs-mobile-fullwidth\"><div class=\"vc-column-innner-wrapper\"><img loading=\"lazy\" decoding=\"async\" width=\"350\" height=\"350\" src=\"https:\/\/www.cablanc.com\/wp-content\/uploads\/2023\/01\/Cablanc-alentours-village-pruniers-bouddhisme.jpg\" class=\"\" alt=\"\" srcset=\"https:\/\/www.cablanc.com\/wp-content\/uploads\/2023\/01\/Cablanc-alentours-village-pruniers-bouddhisme.jpg 350w, https:\/\/www.cablanc.com\/wp-content\/uploads\/2023\/01\/Cablanc-alentours-village-pruniers-bouddhisme-300x300.jpg 300w, https:\/\/www.cablanc.com\/wp-content\/uploads\/2023\/01\/Cablanc-alentours-village-pruniers-bouddhisme-150x150.jpg 150w, https:\/\/www.cablanc.com\/wp-content\/uploads\/2023\/01\/Cablanc-alentours-village-pruniers-bouddhisme-81x81.jpg 81w\" sizes=\"(max-width: 350px) 100vw, 350px\" \/><\/div><\/div><div class=\"wpb_column hcode-column-container vc_col-sm-4 col-xs-mobile-fullwidth\" data-front-class=\"col-xs-mobile-fullwidth\"><div class=\"vc-column-innner-wrapper\"><div class=\"hcode-inner-row\"><div class=\"wpb_column hcode-column-container vc_col-sm-12 vc_hidden-lg vc_hidden-md col-xs-mobile-fullwidth\" data-front-class=\"col-xs-mobile-fullwidth\"><div class=\"vc-column-innner-wrapper\"><img loading=\"lazy\" decoding=\"async\" width=\"350\" height=\"350\" src=\"https:\/\/www.cablanc.com\/wp-content\/uploads\/2017\/05\/atelier-je-ne-fais-rien-e1673367037708.jpg\" class=\"\" alt=\"Chaise en bois dans les jardins de l&#039;\u00e9colieu de Cablanc\" srcset=\"https:\/\/www.cablanc.com\/wp-content\/uploads\/2017\/05\/atelier-je-ne-fais-rien-e1673367037708.jpg 350w, https:\/\/www.cablanc.com\/wp-content\/uploads\/2017\/05\/atelier-je-ne-fais-rien-e1673367037708-150x150.jpg 150w, https:\/\/www.cablanc.com\/wp-content\/uploads\/2017\/05\/atelier-je-ne-fais-rien-e1673367037708-300x300.jpg 300w, https:\/\/www.cablanc.com\/wp-content\/uploads\/2017\/05\/atelier-je-ne-fais-rien-e1673367037708-81x81.jpg 81w\" sizes=\"(max-width: 350px) 100vw, 350px\" \/>[vc_empty_space]<\/div><\/div><\/div><h4>L\u2019atelier \u201cje-ne-fais-rien\u201d<\/h4>\n<p>Car les vacances, c\u2019est avant tout <strong>NE RIEN FAIRE ! <\/strong>D\u00e9brancher son portable, \u00e9couter les oiseaux, lire \u00e0 l\u2019ombre du verger ou au bord de la piscine\u2026 <strong>Se connecter avec soi-m\u00eame.<\/strong><\/p>\n<p><em>Sans inscription<\/em><\/p>\n<\/div><\/div><div class=\"wpb_column hcode-column-container vc_col-sm-2 vc_hidden-sm vc_hidden-xs col-xs-mobile-fullwidth\" data-front-class=\"col-xs-mobile-fullwidth\"><div class=\"vc-column-innner-wrapper\"><img loading=\"lazy\" decoding=\"async\" width=\"350\" height=\"350\" src=\"https:\/\/www.cablanc.com\/wp-content\/uploads\/2017\/05\/atelier-je-ne-fais-rien-e1673367037708.jpg\" class=\"\" alt=\"Chaise en bois dans les jardins de l&#039;\u00e9colieu de Cablanc\" srcset=\"https:\/\/www.cablanc.com\/wp-content\/uploads\/2017\/05\/atelier-je-ne-fais-rien-e1673367037708.jpg 350w, https:\/\/www.cablanc.com\/wp-content\/uploads\/2017\/05\/atelier-je-ne-fais-rien-e1673367037708-150x150.jpg 150w, https:\/\/www.cablanc.com\/wp-content\/uploads\/2017\/05\/atelier-je-ne-fais-rien-e1673367037708-300x300.jpg 300w, https:\/\/www.cablanc.com\/wp-content\/uploads\/2017\/05\/atelier-je-ne-fais-rien-e1673367037708-81x81.jpg 81w\" sizes=\"(max-width: 350px) 100vw, 350px\" \/><\/div><\/div><\/div><\/div><\/section><section class=\"hcode-row-10\"><div class=\"container\"><div class=\"row\"><div class=\"wpb_column hcode-column-container vc_col-sm-4 col-xs-mobile-fullwidth\" data-front-class=\"col-xs-mobile-fullwidth\"><div class=\"vc-column-innner-wrapper\"><div class=\"hcode-inner-row\"><div class=\"wpb_column hcode-column-container vc_col-sm-12 vc_hidden-lg vc_hidden-md col-xs-mobile-fullwidth\" data-front-class=\"col-xs-mobile-fullwidth\"><div class=\"vc-column-innner-wrapper\"><img loading=\"lazy\" decoding=\"async\" width=\"350\" height=\"350\" src=\"https:\/\/www.cablanc.com\/wp-content\/uploads\/2017\/05\/chausse-tresor-cablanc-e1673367121457.jpg\" class=\"xs-padding-five-bottom\" alt=\"\" srcset=\"https:\/\/www.cablanc.com\/wp-content\/uploads\/2017\/05\/chausse-tresor-cablanc-e1673367121457.jpg 350w, https:\/\/www.cablanc.com\/wp-content\/uploads\/2017\/05\/chausse-tresor-cablanc-e1673367121457-150x150.jpg 150w, https:\/\/www.cablanc.com\/wp-content\/uploads\/2017\/05\/chausse-tresor-cablanc-e1673367121457-300x300.jpg 300w, https:\/\/www.cablanc.com\/wp-content\/uploads\/2017\/05\/chausse-tresor-cablanc-e1673367121457-81x81.jpg 81w\" sizes=\"(max-width: 350px) 100vw, 350px\" \/>[vc_empty_space]<\/div><\/div><\/div><h4>La d\u00e9couverte de l\u2019\u00e9colieu<\/h4>\n<p>Demandez le guide de la <strong>chasse au tr\u00e9sor<\/strong> et <strong>d\u00e9couvrez l\u2019\u00e9colieu<\/strong> avec vos enfants pour une sensibilisation ludique et sensible \u00e0 l\u2019environnement qui nous entoure.<\/p>\n<p><em>Sans inscription - livret explicatif \u00e0 disposition sur demande -<\/em><\/p>\n<\/div><\/div><div class=\"wpb_column hcode-column-container vc_col-sm-2 vc_hidden-sm vc_hidden-xs col-xs-mobile-fullwidth\" data-front-class=\"col-xs-mobile-fullwidth\"><div class=\"vc-column-innner-wrapper\"><img loading=\"lazy\" decoding=\"async\" width=\"350\" height=\"350\" src=\"https:\/\/www.cablanc.com\/wp-content\/uploads\/2017\/05\/chausse-tresor-cablanc-e1673367121457.jpg\" class=\"xs-padding-five-bottom\" alt=\"\" srcset=\"https:\/\/www.cablanc.com\/wp-content\/uploads\/2017\/05\/chausse-tresor-cablanc-e1673367121457.jpg 350w, https:\/\/www.cablanc.com\/wp-content\/uploads\/2017\/05\/chausse-tresor-cablanc-e1673367121457-150x150.jpg 150w, https:\/\/www.cablanc.com\/wp-content\/uploads\/2017\/05\/chausse-tresor-cablanc-e1673367121457-300x300.jpg 300w, https:\/\/www.cablanc.com\/wp-content\/uploads\/2017\/05\/chausse-tresor-cablanc-e1673367121457-81x81.jpg 81w\" sizes=\"(max-width: 350px) 100vw, 350px\" \/><\/div><\/div><div class=\"wpb_column hcode-column-container vc_col-sm-4 col-xs-mobile-fullwidth\" data-front-class=\"col-xs-mobile-fullwidth\"><div class=\"vc-column-innner-wrapper\"><div class=\"hcode-inner-row\"><div class=\"wpb_column hcode-column-container vc_col-sm-12 vc_hidden-lg vc_hidden-md col-xs-mobile-fullwidth\" data-front-class=\"col-xs-mobile-fullwidth\"><div class=\"vc-column-innner-wrapper\"><img loading=\"lazy\" decoding=\"async\" width=\"350\" height=\"350\" src=\"https:\/\/www.cablanc.com\/wp-content\/uploads\/2017\/05\/atelier-confiture-cablanc-e1673367246455.jpg\" class=\"xs-padding-five-bottom\" alt=\"\" srcset=\"https:\/\/www.cablanc.com\/wp-content\/uploads\/2017\/05\/atelier-confiture-cablanc-e1673367246455.jpg 350w, https:\/\/www.cablanc.com\/wp-content\/uploads\/2017\/05\/atelier-confiture-cablanc-e1673367246455-150x150.jpg 150w, https:\/\/www.cablanc.com\/wp-content\/uploads\/2017\/05\/atelier-confiture-cablanc-e1673367246455-300x300.jpg 300w, https:\/\/www.cablanc.com\/wp-content\/uploads\/2017\/05\/atelier-confiture-cablanc-e1673367246455-81x81.jpg 81w\" sizes=\"(max-width: 350px) 100vw, 350px\" \/>[vc_empty_space]<\/div><\/div><\/div><h4>L\u2019atelier \u201cconfiture solaire\u201d<\/h4>\n<p>Un atelier pour petits et grands : <strong>cueillette des fruits<\/strong>, du soleil, pas ou peu de sucre, un zeste d\u2019intuition et la <strong>magie des confitures solaires<\/strong> s\u2019op\u00e8re ! Vous repartirez avec votre <strong>confiture cuite gr\u00e2ce au soleil.<\/strong><\/p>\n<p><em>Sur inscription \u00e0 votre arriv\u00e9e<\/em><\/p>\n<\/div><\/div><div class=\"wpb_column hcode-column-container vc_col-sm-2 vc_hidden-sm vc_hidden-xs col-xs-mobile-fullwidth\" data-front-class=\"col-xs-mobile-fullwidth\"><div class=\"vc-column-innner-wrapper\"><img loading=\"lazy\" decoding=\"async\" width=\"350\" height=\"350\" src=\"https:\/\/www.cablanc.com\/wp-content\/uploads\/2017\/05\/atelier-confiture-cablanc-e1673367246455.jpg\" class=\"xs-padding-five-bottom\" alt=\"\" srcset=\"https:\/\/www.cablanc.com\/wp-content\/uploads\/2017\/05\/atelier-confiture-cablanc-e1673367246455.jpg 350w, https:\/\/www.cablanc.com\/wp-content\/uploads\/2017\/05\/atelier-confiture-cablanc-e1673367246455-150x150.jpg 150w, https:\/\/www.cablanc.com\/wp-content\/uploads\/2017\/05\/atelier-confiture-cablanc-e1673367246455-300x300.jpg 300w, https:\/\/www.cablanc.com\/wp-content\/uploads\/2017\/05\/atelier-confiture-cablanc-e1673367246455-81x81.jpg 81w\" sizes=\"(max-width: 350px) 100vw, 350px\" \/><\/div><\/div><\/div><\/div><\/section><section class=\"hcode-row-11\"><div class=\"container\"><div class=\"row\"><div class=\"wpb_column hcode-column-container vc_col-sm-4 col-xs-mobile-fullwidth\" data-front-class=\"col-xs-mobile-fullwidth\"><div class=\"vc-column-innner-wrapper\"><div class=\"hcode-inner-row\"><div class=\"wpb_column hcode-column-container vc_col-sm-12 vc_hidden-lg vc_hidden-md col-xs-mobile-fullwidth\" data-front-class=\"col-xs-mobile-fullwidth\"><div class=\"vc-column-innner-wrapper\"><img loading=\"lazy\" decoding=\"async\" width=\"350\" height=\"350\" src=\"https:\/\/www.cablanc.com\/wp-content\/uploads\/2017\/05\/detente-relaxation-cablanc-e1673367382863.jpg\" class=\"\" alt=\"\" srcset=\"https:\/\/www.cablanc.com\/wp-content\/uploads\/2017\/05\/detente-relaxation-cablanc-e1673367382863.jpg 350w, https:\/\/www.cablanc.com\/wp-content\/uploads\/2017\/05\/detente-relaxation-cablanc-e1673367382863-150x150.jpg 150w, https:\/\/www.cablanc.com\/wp-content\/uploads\/2017\/05\/detente-relaxation-cablanc-e1673367382863-300x300.jpg 300w, https:\/\/www.cablanc.com\/wp-content\/uploads\/2017\/05\/detente-relaxation-cablanc-e1673367382863-81x81.jpg 81w\" sizes=\"(max-width: 350px) 100vw, 350px\" \/>[vc_empty_space]<\/div><\/div><\/div><h4>La m\u00e9ditation \u00e0 la Pleine conscience<\/h4>\n<p>Enseignement \u00e0 des <strong>pratiques m\u00e9ditatives<\/strong> en mouvement (debout, allong\u00e9, marche m\u00e9ditative) et <strong>pratiques statiques<\/strong> (assis ou allong\u00e9) afin de <strong>se relier \u00e0 nous-m\u00eames<\/strong>, aux autres et \u00e0 la nature<\/p>\n<p><em>Sur inscription\u00a0<\/em><\/p>\n<\/div><\/div><div class=\"wpb_column hcode-column-container vc_col-sm-2 vc_hidden-sm vc_hidden-xs col-xs-mobile-fullwidth\" data-front-class=\"col-xs-mobile-fullwidth\"><div class=\"vc-column-innner-wrapper\"><img loading=\"lazy\" decoding=\"async\" width=\"350\" height=\"350\" src=\"https:\/\/www.cablanc.com\/wp-content\/uploads\/2017\/05\/detente-relaxation-cablanc-e1673367382863.jpg\" class=\"\" alt=\"\" srcset=\"https:\/\/www.cablanc.com\/wp-content\/uploads\/2017\/05\/detente-relaxation-cablanc-e1673367382863.jpg 350w, https:\/\/www.cablanc.com\/wp-content\/uploads\/2017\/05\/detente-relaxation-cablanc-e1673367382863-150x150.jpg 150w, https:\/\/www.cablanc.com\/wp-content\/uploads\/2017\/05\/detente-relaxation-cablanc-e1673367382863-300x300.jpg 300w, https:\/\/www.cablanc.com\/wp-content\/uploads\/2017\/05\/detente-relaxation-cablanc-e1673367382863-81x81.jpg 81w\" sizes=\"(max-width: 350px) 100vw, 350px\" \/><\/div><\/div><div class=\"wpb_column hcode-column-container vc_col-sm-4 col-xs-mobile-fullwidth\" data-front-class=\"col-xs-mobile-fullwidth\"><div class=\"vc-column-innner-wrapper\"><div class=\"hcode-inner-row\"><div class=\"wpb_column hcode-column-container vc_col-sm-12 vc_hidden-lg vc_hidden-md col-xs-mobile-fullwidth\" data-front-class=\"col-xs-mobile-fullwidth\"><div class=\"vc-column-innner-wrapper\"><img loading=\"lazy\" decoding=\"async\" width=\"350\" height=\"350\" src=\"https:\/\/www.cablanc.com\/wp-content\/uploads\/2020\/02\/Melanie-massage-healing-350px.jpg\" class=\"\" alt=\"photo d&#039;une masseuse apposant ses mains sur le dos d&#039;une cliente\" srcset=\"https:\/\/www.cablanc.com\/wp-content\/uploads\/2020\/02\/Melanie-massage-healing-350px.jpg 350w, https:\/\/www.cablanc.com\/wp-content\/uploads\/2020\/02\/Melanie-massage-healing-350px-300x300.jpg 300w, https:\/\/www.cablanc.com\/wp-content\/uploads\/2020\/02\/Melanie-massage-healing-350px-150x150.jpg 150w\" sizes=\"(max-width: 350px) 100vw, 350px\" \/>[vc_empty_space]<\/div><\/div><\/div><h4>Les massages<\/h4>\n<p><strong>Reflexologie<\/strong>, holistique, <strong>relaxant<\/strong>,\u00a0shiatsu,<wbr \/> aux huiles essentielles\u2026 Offrez vous un <strong>moment de d\u00e9tente<\/strong>\u00a0pour\u00a0retrouver la qui\u00e9tude et la d\u00e9tente corps-esprit.<br \/>\n(Soin de bien-\u00eatre non m\u00e9dical)<\/p>\n<p><em>Sur inscription avant votre arriv\u00e9e<\/em><\/p>\n<\/div><\/div><div class=\"wpb_column hcode-column-container vc_col-sm-2 vc_hidden-sm vc_hidden-xs col-xs-mobile-fullwidth\" data-front-class=\"col-xs-mobile-fullwidth\"><div class=\"vc-column-innner-wrapper\"><img loading=\"lazy\" decoding=\"async\" width=\"350\" height=\"350\" src=\"https:\/\/www.cablanc.com\/wp-content\/uploads\/2020\/02\/Melanie-massage-healing-350px.jpg\" class=\"\" alt=\"photo d&#039;une masseuse apposant ses mains sur le dos d&#039;une cliente\" srcset=\"https:\/\/www.cablanc.com\/wp-content\/uploads\/2020\/02\/Melanie-massage-healing-350px.jpg 350w, https:\/\/www.cablanc.com\/wp-content\/uploads\/2020\/02\/Melanie-massage-healing-350px-300x300.jpg 300w, https:\/\/www.cablanc.com\/wp-content\/uploads\/2020\/02\/Melanie-massage-healing-350px-150x150.jpg 150w\" sizes=\"(max-width: 350px) 100vw, 350px\" \/><\/div><\/div><\/div><\/div><\/section><section class=\"hcode-row-12\"><div class=\"container\"><div class=\"row\"><div class=\"wpb_column hcode-column-container vc_col-sm-4 col-xs-mobile-fullwidth\" data-front-class=\"col-xs-mobile-fullwidth\"><div class=\"vc-column-innner-wrapper\"><div class=\"hcode-inner-row\"><div class=\"wpb_column hcode-column-container vc_col-sm-12 vc_hidden-lg vc_hidden-md col-xs-mobile-fullwidth\" data-front-class=\"col-xs-mobile-fullwidth\"><div class=\"vc-column-innner-wrapper\"><img loading=\"lazy\" decoding=\"async\" width=\"350\" height=\"350\" src=\"https:\/\/www.cablanc.com\/wp-content\/uploads\/2020\/02\/Cablanc-stage-atelier-yoga-e1673367685302.jpg\" class=\"xs-padding-five-bottom\" alt=\"photo d&#039;un atelier de yoga sur la terrasse de Cablanc\" srcset=\"https:\/\/www.cablanc.com\/wp-content\/uploads\/2020\/02\/Cablanc-stage-atelier-yoga-e1673367685302.jpg 350w, https:\/\/www.cablanc.com\/wp-content\/uploads\/2020\/02\/Cablanc-stage-atelier-yoga-e1673367685302-300x300.jpg 300w, https:\/\/www.cablanc.com\/wp-content\/uploads\/2020\/02\/Cablanc-stage-atelier-yoga-e1673367685302-150x150.jpg 150w, https:\/\/www.cablanc.com\/wp-content\/uploads\/2020\/02\/Cablanc-stage-atelier-yoga-e1673367685302-81x81.jpg 81w\" sizes=\"(max-width: 350px) 100vw, 350px\" \/>[vc_empty_space]<\/div><\/div><\/div><h4>Le Yoga<\/h4>\n<p>Discipline incontournable et <strong>chemin initiatique<\/strong>, exp\u00e9rimentez avec un professeur qualifi\u00e9 des postures et exercices de respiration pour un <strong>bien \u00eatre physique et mental.<\/strong><\/p>\n<p><em>Sur inscription avant votre arriv\u00e9e<\/em><\/p>\n<\/div><\/div><div class=\"wpb_column hcode-column-container vc_col-sm-2 vc_hidden-sm vc_hidden-xs col-xs-mobile-fullwidth\" data-front-class=\"col-xs-mobile-fullwidth\"><div class=\"vc-column-innner-wrapper\"><img loading=\"lazy\" decoding=\"async\" width=\"350\" height=\"350\" src=\"https:\/\/www.cablanc.com\/wp-content\/uploads\/2020\/02\/Cablanc-stage-atelier-yoga-e1673367685302.jpg\" class=\"xs-padding-five-bottom\" alt=\"photo d&#039;un atelier de yoga sur la terrasse de Cablanc\" srcset=\"https:\/\/www.cablanc.com\/wp-content\/uploads\/2020\/02\/Cablanc-stage-atelier-yoga-e1673367685302.jpg 350w, https:\/\/www.cablanc.com\/wp-content\/uploads\/2020\/02\/Cablanc-stage-atelier-yoga-e1673367685302-300x300.jpg 300w, https:\/\/www.cablanc.com\/wp-content\/uploads\/2020\/02\/Cablanc-stage-atelier-yoga-e1673367685302-150x150.jpg 150w, https:\/\/www.cablanc.com\/wp-content\/uploads\/2020\/02\/Cablanc-stage-atelier-yoga-e1673367685302-81x81.jpg 81w\" sizes=\"(max-width: 350px) 100vw, 350px\" \/><\/div><\/div><div class=\"wpb_column hcode-column-container vc_col-sm-4 col-xs-mobile-fullwidth\" data-front-class=\"col-xs-mobile-fullwidth\"><div class=\"vc-column-innner-wrapper\"><div class=\"hcode-inner-row\"><div class=\"wpb_column hcode-column-container vc_col-sm-12 vc_hidden-lg vc_hidden-md col-xs-mobile-fullwidth\" data-front-class=\"col-xs-mobile-fullwidth\"><div class=\"vc-column-innner-wrapper\"><img loading=\"lazy\" decoding=\"async\" width=\"350\" height=\"350\" src=\"https:\/\/www.cablanc.com\/wp-content\/uploads\/2017\/05\/potager-cablanc-e1673367587301.jpg\" class=\"\" alt=\"\" srcset=\"https:\/\/www.cablanc.com\/wp-content\/uploads\/2017\/05\/potager-cablanc-e1673367587301.jpg 350w, https:\/\/www.cablanc.com\/wp-content\/uploads\/2017\/05\/potager-cablanc-e1673367587301-150x150.jpg 150w, https:\/\/www.cablanc.com\/wp-content\/uploads\/2017\/05\/potager-cablanc-e1673367587301-300x300.jpg 300w, https:\/\/www.cablanc.com\/wp-content\/uploads\/2017\/05\/potager-cablanc-e1673367587301-81x81.jpg 81w\" sizes=\"(max-width: 350px) 100vw, 350px\" \/>[vc_empty_space]<\/div><\/div><\/div><h4>Les mains dans la Terre<\/h4>\n<p>Vous voulez<strong> vous ressourcer au potager<\/strong> pour exp\u00e9rimenter, semer, planter, pailler ? Nous aider pour les<strong> cueillettes<\/strong> (cassis, groseilles, mirabelles \u2026) qui participeront \u00e0 l\u2019\u00e9laboration de <strong>nos bons sorbets\u00a0?<\/strong> Merci\u00a0!<\/p>\n<p><em>Sans inscription <\/em><\/p>\n<\/div><\/div><div class=\"wpb_column hcode-column-container vc_col-sm-2 vc_hidden-sm vc_hidden-xs col-xs-mobile-fullwidth\" data-front-class=\"col-xs-mobile-fullwidth\"><div class=\"vc-column-innner-wrapper\"><img loading=\"lazy\" decoding=\"async\" width=\"350\" height=\"350\" src=\"https:\/\/www.cablanc.com\/wp-content\/uploads\/2017\/05\/potager-cablanc-e1673367587301.jpg\" class=\"\" alt=\"\" srcset=\"https:\/\/www.cablanc.com\/wp-content\/uploads\/2017\/05\/potager-cablanc-e1673367587301.jpg 350w, https:\/\/www.cablanc.com\/wp-content\/uploads\/2017\/05\/potager-cablanc-e1673367587301-150x150.jpg 150w, https:\/\/www.cablanc.com\/wp-content\/uploads\/2017\/05\/potager-cablanc-e1673367587301-300x300.jpg 300w, https:\/\/www.cablanc.com\/wp-content\/uploads\/2017\/05\/potager-cablanc-e1673367587301-81x81.jpg 81w\" sizes=\"(max-width: 350px) 100vw, 350px\" \/><\/div><\/div><\/div><\/div><\/section><section class=\"hcode-row-13\"><div class=\"container\"><div class=\"row\"><div class=\"wpb_column hcode-column-container vc_col-sm-4 col-xs-mobile-fullwidth\" data-front-class=\"col-xs-mobile-fullwidth\"><div class=\"vc-column-innner-wrapper\"><div class=\"hcode-inner-row\"><div class=\"wpb_column hcode-column-container vc_col-sm-12 vc_hidden-lg vc_hidden-md col-xs-mobile-fullwidth\" data-front-class=\"col-xs-mobile-fullwidth\"><div class=\"vc-column-innner-wrapper\"><img loading=\"lazy\" decoding=\"async\" width=\"350\" height=\"350\" src=\"https:\/\/www.cablanc.com\/wp-content\/uploads\/2020\/02\/Cablanc-lecture.jpg\" class=\"xs-padding-five-bottom\" alt=\"photo d&#039;une personne entrain de lire un livre dans un champ d&#039;herbes hautes\" srcset=\"https:\/\/www.cablanc.com\/wp-content\/uploads\/2020\/02\/Cablanc-lecture.jpg 350w, https:\/\/www.cablanc.com\/wp-content\/uploads\/2020\/02\/Cablanc-lecture-300x300.jpg 300w, https:\/\/www.cablanc.com\/wp-content\/uploads\/2020\/02\/Cablanc-lecture-150x150.jpg 150w, https:\/\/www.cablanc.com\/wp-content\/uploads\/2020\/02\/Cablanc-lecture-81x81.jpg 81w\" sizes=\"(max-width: 350px) 100vw, 350px\" \/>[vc_empty_space]<\/div><\/div><\/div><h4>La lecture<\/h4>\n<p>Une <strong>Bo\u00eete \u00e0 livres<\/strong> est \u00e0 disposition dans l\u2019\u00e9colieu et aussi dans les villages de Monestier et Saussignac (\u00e0 2km chacun)\u00a0: l\u2019occasion d\u2019une <strong>balade \u00e0 travers les vignes<\/strong> pour trouver LE livre de l\u2019\u00e9t\u00e9<\/p>\n<p><em>Sans inscription<\/em><\/p>\n<\/div><\/div><div class=\"wpb_column hcode-column-container vc_col-sm-2 vc_hidden-sm vc_hidden-xs col-xs-mobile-fullwidth\" data-front-class=\"col-xs-mobile-fullwidth\"><div class=\"vc-column-innner-wrapper\"><img loading=\"lazy\" decoding=\"async\" width=\"350\" height=\"350\" src=\"https:\/\/www.cablanc.com\/wp-content\/uploads\/2020\/02\/Cablanc-lecture.jpg\" class=\"xs-padding-five-bottom\" alt=\"photo d&#039;une personne entrain de lire un livre dans un champ d&#039;herbes hautes\" srcset=\"https:\/\/www.cablanc.com\/wp-content\/uploads\/2020\/02\/Cablanc-lecture.jpg 350w, https:\/\/www.cablanc.com\/wp-content\/uploads\/2020\/02\/Cablanc-lecture-300x300.jpg 300w, https:\/\/www.cablanc.com\/wp-content\/uploads\/2020\/02\/Cablanc-lecture-150x150.jpg 150w, https:\/\/www.cablanc.com\/wp-content\/uploads\/2020\/02\/Cablanc-lecture-81x81.jpg 81w\" sizes=\"(max-width: 350px) 100vw, 350px\" \/><\/div><\/div><div class=\"wpb_column hcode-column-container text-center sm-text-center xs-text-center vc_col-sm-4 col-xs-mobile-fullwidth\" data-front-class=\"text-center sm-text-center xs-text-center col-xs-mobile-fullwidth\"><div class=\"vc-column-innner-wrapper\"><div class=\"hcode-inner-row\"><div class=\"wpb_column hcode-column-container vc_col-sm-12 vc_hidden-lg vc_hidden-md col-xs-mobile-fullwidth\" data-front-class=\"col-xs-mobile-fullwidth\"><div class=\"vc-column-innner-wrapper\"><img loading=\"lazy\" decoding=\"async\" width=\"425\" height=\"425\" src=\"https:\/\/www.cablanc.com\/wp-content\/uploads\/2020\/03\/Cablanc-jean-titi.jpg\" class=\"xs-padding-five-bottom\" alt=\"photo en gros plan de Jean Titi le cochon de l&#039;\u00e9colieu\" srcset=\"https:\/\/www.cablanc.com\/wp-content\/uploads\/2020\/03\/Cablanc-jean-titi.jpg 425w, https:\/\/www.cablanc.com\/wp-content\/uploads\/2020\/03\/Cablanc-jean-titi-300x300.jpg 300w, https:\/\/www.cablanc.com\/wp-content\/uploads\/2020\/03\/Cablanc-jean-titi-150x150.jpg 150w, https:\/\/www.cablanc.com\/wp-content\/uploads\/2020\/03\/Cablanc-jean-titi-81x81.jpg 81w\" sizes=\"(max-width: 425px) 100vw, 425px\" \/>[vc_empty_space]<\/div><\/div><\/div><h4 style=\"text-align: left;\">La ferme<\/h4>\n<p style=\"text-align: left;\">Chaque jour, les enfants peuvent <strong>d\u00e9couvrir et nourrir les animaux de la ferme.<\/strong> C'est l'occasion de passer de jolis moments aupr\u00e8s de Jean-Titi le cochon, Clotilde la poule et bien d'autres compagnons !<\/p>\n<p style=\"text-align: left;\"><em>Sans inscription, gratuit pour les adh\u00e9rents \u00e0 l'association de l'\u00c9colieu<\/em><\/p>\n<\/div><\/div><div class=\"wpb_column hcode-column-container vc_col-sm-2 vc_hidden-sm vc_hidden-xs col-xs-mobile-fullwidth\" data-front-class=\"col-xs-mobile-fullwidth\"><div class=\"vc-column-innner-wrapper\"><img loading=\"lazy\" decoding=\"async\" width=\"425\" height=\"425\" src=\"https:\/\/www.cablanc.com\/wp-content\/uploads\/2020\/03\/Cablanc-jean-titi.jpg\" class=\"xs-padding-five-bottom\" alt=\"photo en gros plan de Jean Titi le cochon de l&#039;\u00e9colieu\" srcset=\"https:\/\/www.cablanc.com\/wp-content\/uploads\/2020\/03\/Cablanc-jean-titi.jpg 425w, https:\/\/www.cablanc.com\/wp-content\/uploads\/2020\/03\/Cablanc-jean-titi-300x300.jpg 300w, https:\/\/www.cablanc.com\/wp-content\/uploads\/2020\/03\/Cablanc-jean-titi-150x150.jpg 150w, https:\/\/www.cablanc.com\/wp-content\/uploads\/2020\/03\/Cablanc-jean-titi-81x81.jpg 81w\" sizes=\"(max-width: 425px) 100vw, 425px\" \/><\/div><\/div><\/div><\/div><\/section><section class=\"hcode-row-14\"><div class=\"container\"><div class=\"row\"><div class=\"wpb_column hcode-column-container vc_col-sm-4 col-xs-mobile-fullwidth\" data-front-class=\"col-xs-mobile-fullwidth\"><div class=\"vc-column-innner-wrapper\"><div class=\"hcode-inner-row\"><div class=\"wpb_column hcode-column-container vc_col-sm-12 vc_hidden-lg vc_hidden-md col-xs-mobile-fullwidth\" data-front-class=\"col-xs-mobile-fullwidth\"><div class=\"vc-column-innner-wrapper\"><img loading=\"lazy\" decoding=\"async\" width=\"350\" height=\"350\" src=\"https:\/\/www.cablanc.com\/wp-content\/uploads\/2022\/02\/cablanc-atelier-plantes-tisanes.jpg\" class=\"xs-padding-five-bottom\" alt=\"\" srcset=\"https:\/\/www.cablanc.com\/wp-content\/uploads\/2022\/02\/cablanc-atelier-plantes-tisanes.jpg 350w, https:\/\/www.cablanc.com\/wp-content\/uploads\/2022\/02\/cablanc-atelier-plantes-tisanes-300x300.jpg 300w, https:\/\/www.cablanc.com\/wp-content\/uploads\/2022\/02\/cablanc-atelier-plantes-tisanes-150x150.jpg 150w, https:\/\/www.cablanc.com\/wp-content\/uploads\/2022\/02\/cablanc-atelier-plantes-tisanes-81x81.jpg 81w\" sizes=\"(max-width: 350px) 100vw, 350px\" \/>[vc_empty_space]<\/div><\/div><\/div><h4>Confection de tisane<\/h4>\n<p>Balade dans l'\u00e9colieu avec Marie qui vous fera <strong>d\u00e9couvrir les plantes aromatiques<\/strong> et m\u00e9dicinales. R\u00e9colte \u00e0 la main et s\u00e9chage solaire, vous repartiez avec <strong>votre tisane personnalis\u00e9e<\/strong>\u00a0!<\/p>\n<p><em>inscription \u00e0 votre arriv\u00e9e<\/em><\/p>\n<\/div><\/div><div class=\"wpb_column hcode-column-container vc_col-sm-2 vc_hidden-sm vc_hidden-xs col-xs-mobile-fullwidth\" data-front-class=\"col-xs-mobile-fullwidth\"><div class=\"vc-column-innner-wrapper\"><img loading=\"lazy\" decoding=\"async\" width=\"350\" height=\"350\" src=\"https:\/\/www.cablanc.com\/wp-content\/uploads\/2022\/02\/cablanc-atelier-plantes-tisanes.jpg\" class=\"xs-padding-five-bottom\" alt=\"\" srcset=\"https:\/\/www.cablanc.com\/wp-content\/uploads\/2022\/02\/cablanc-atelier-plantes-tisanes.jpg 350w, https:\/\/www.cablanc.com\/wp-content\/uploads\/2022\/02\/cablanc-atelier-plantes-tisanes-300x300.jpg 300w, https:\/\/www.cablanc.com\/wp-content\/uploads\/2022\/02\/cablanc-atelier-plantes-tisanes-150x150.jpg 150w, https:\/\/www.cablanc.com\/wp-content\/uploads\/2022\/02\/cablanc-atelier-plantes-tisanes-81x81.jpg 81w\" sizes=\"(max-width: 350px) 100vw, 350px\" \/><\/div><\/div><div class=\"wpb_column hcode-column-container text-center sm-text-center xs-text-center vc_col-sm-4 col-xs-mobile-fullwidth\" data-front-class=\"text-center sm-text-center xs-text-center col-xs-mobile-fullwidth\"><div class=\"vc-column-innner-wrapper\"><div class=\"hcode-inner-row\"><div class=\"wpb_column hcode-column-container vc_col-sm-12 vc_hidden-lg vc_hidden-md col-xs-mobile-fullwidth\" data-front-class=\"col-xs-mobile-fullwidth\"><div class=\"vc-column-innner-wrapper\"><img loading=\"lazy\" decoding=\"async\" width=\"350\" height=\"350\" src=\"https:\/\/www.cablanc.com\/wp-content\/uploads\/2022\/02\/cablanc-atelier-balade-anes.jpg\" class=\"xs-padding-five-bottom\" alt=\"\" srcset=\"https:\/\/www.cablanc.com\/wp-content\/uploads\/2022\/02\/cablanc-atelier-balade-anes.jpg 350w, https:\/\/www.cablanc.com\/wp-content\/uploads\/2022\/02\/cablanc-atelier-balade-anes-300x300.jpg 300w, https:\/\/www.cablanc.com\/wp-content\/uploads\/2022\/02\/cablanc-atelier-balade-anes-150x150.jpg 150w, https:\/\/www.cablanc.com\/wp-content\/uploads\/2022\/02\/cablanc-atelier-balade-anes-81x81.jpg 81w\" sizes=\"(max-width: 350px) 100vw, 350px\" \/>[vc_empty_space]<\/div><\/div><\/div><h4 style=\"text-align: left;\">Balade avec les \u00e2nes<\/h4>\n<p style=\"text-align: left;\">Nous vous emm\u00e8nerons <strong>dans la for\u00eat<\/strong> marcher au rythme de <strong>Justin et Justine<\/strong> pour une randonn\u00e9e o\u00f9 vous tiendrez les \u00e2nes en longe. Vous apprendrez \u00e0 vous en occuper et communiquer avec eux.<\/p>\n<p style=\"text-align: left;\"><em>inscription \u00e0 votre arriv\u00e9e<\/em><\/p>\n<\/div><\/div><div class=\"wpb_column hcode-column-container vc_col-sm-2 vc_hidden-sm vc_hidden-xs col-xs-mobile-fullwidth\" data-front-class=\"col-xs-mobile-fullwidth\"><div class=\"vc-column-innner-wrapper\"><img loading=\"lazy\" decoding=\"async\" width=\"350\" height=\"350\" src=\"https:\/\/www.cablanc.com\/wp-content\/uploads\/2022\/02\/cablanc-atelier-balade-anes.jpg\" class=\"xs-padding-five-bottom\" alt=\"\" srcset=\"https:\/\/www.cablanc.com\/wp-content\/uploads\/2022\/02\/cablanc-atelier-balade-anes.jpg 350w, https:\/\/www.cablanc.com\/wp-content\/uploads\/2022\/02\/cablanc-atelier-balade-anes-300x300.jpg 300w, https:\/\/www.cablanc.com\/wp-content\/uploads\/2022\/02\/cablanc-atelier-balade-anes-150x150.jpg 150w, https:\/\/www.cablanc.com\/wp-content\/uploads\/2022\/02\/cablanc-atelier-balade-anes-81x81.jpg 81w\" sizes=\"(max-width: 350px) 100vw, 350px\" \/><\/div><\/div><\/div><\/div><\/section><section class=\"hcode-row-15\"><div class=\"container\"><div class=\"row\"><div class=\"wpb_column hcode-column-container text-center sm-text-center xs-text-center vc_col-sm-3 col-xs-mobile-fullwidth\" data-front-class=\"text-center sm-text-center xs-text-center col-xs-mobile-fullwidth\"><div class=\"vc-column-innner-wrapper\"><\/div><\/div><div class=\"wpb_column hcode-column-container text-center sm-text-center xs-text-center vc_col-sm-6 vc_hidden-sm vc_hidden-xs col-xs-mobile-fullwidth\" data-front-class=\"text-center sm-text-center xs-text-center col-xs-mobile-fullwidth\"><div class=\"vc-column-innner-wrapper\"><p class=\"p1\" style=\"text-align: center;\"><span class=\"s1\">Livret des randonn\u00e9es et des activit\u00e9s aux alentours,<br \/>\n\u00e0 disposition \u00e0 l\u2019accueil.<\/span><\/p>\n<a  href=\"https:\/\/www.cablanc.com\/wp-content\/uploads\/2020\/03\/Livret-Cablanc.pdf\" target=\"_blank\"  class=\"inner-link button btn highlight-button-dark btn-medium\">T\u00e9l\u00e9chargez le livret<\/a><\/div><\/div><div class=\"wpb_column hcode-column-container vc_col-sm-3 col-xs-mobile-fullwidth\" data-front-class=\"col-xs-mobile-fullwidth\"><div class=\"vc-column-innner-wrapper\"><\/div><\/div><\/div><\/div><\/section><section id=\"ateliers-du-mois\" class=\" vc_custom_1741451372533 no-padding\"><div class=\"container\"><div class=\"row\"><div class=\"wpb_column hcode-column-container no-padding sm-no-padding xs-no-padding no-margin sm-no-margin xs-no-margin vc_col-sm-12 col-xs-mobile-fullwidth\" data-front-class=\"no-padding sm-no-padding xs-no-padding no-margin sm-no-margin xs-no-margin col-xs-mobile-fullwidth\"><div class=\"vc-column-innner-wrapper\">[vc_custom_heading text=\"M\u00e9diation \u00e9quine\" font_container=\"tag:h2|font_size:30px|text_align:center|color:%23ffffff|line_height:80px\" use_theme_fonts=\"yes\" css=\".vc_custom_1741451471891{background-color: #847f45 !important;}\" el_class=\"whiteh2\"]<\/div><\/div><\/div><\/div><\/section><section class=\"no-padding-bottom\"><div class=\"container\"><div class=\"row\"><div class=\"wpb_column hcode-column-container vc_col-sm-12 col-xs-mobile-fullwidth\" data-front-class=\"col-xs-mobile-fullwidth\"><div class=\"vc-column-innner-wrapper\"><div class=\"v2\"><h3 style=\"text-align: center;\">\u00c9ducation positive et m\u00e9ditation avec M\u00e9lissandre<\/h3>\n<\/div>[vc_empty_space]<\/div><\/div><\/div><\/div><\/section><section class=\"row-equal-height row-content-top no-padding-tb\"><div class=\"container\"><div class=\"row hcode-row-flex\"><div class=\"wpb_column hcode-column-container vc_col-sm-4 col-xs-mobile-fullwidth\" data-front-class=\"col-xs-mobile-fullwidth\"><div class=\"vc-column-innner-wrapper\"><img loading=\"lazy\" decoding=\"async\" width=\"500\" height=\"500\" src=\"https:\/\/www.cablanc.com\/wp-content\/uploads\/2023\/04\/Cablanc-stages-chevaux.jpg\" class=\"\" alt=\"\" srcset=\"https:\/\/www.cablanc.com\/wp-content\/uploads\/2023\/04\/Cablanc-stages-chevaux.jpg 500w, https:\/\/www.cablanc.com\/wp-content\/uploads\/2023\/04\/Cablanc-stages-chevaux-300x300.jpg 300w, https:\/\/www.cablanc.com\/wp-content\/uploads\/2023\/04\/Cablanc-stages-chevaux-150x150.jpg 150w, https:\/\/www.cablanc.com\/wp-content\/uploads\/2023\/04\/Cablanc-stages-chevaux-81x81.jpg 81w\" sizes=\"(max-width: 500px) 100vw, 500px\" \/><\/div><\/div><div class=\"wpb_column hcode-column-container vc_col-sm-8 col-xs-mobile-fullwidth\" data-front-class=\"col-xs-mobile-fullwidth\"><div class=\"vc-column-innner-wrapper\"><div class=\"v2\"><p><strong>Samedi 18 mai et samedi 25 mai 2024 de 9h \u00e0 16h30 <!-- notionvc: 3f03443e-ed2e-4066-a248-9bcba0f377b0 -->: initiation \u00e0 l'\u00e9ducation positive avec le Clicker Training.<\/strong><\/p>\n<p>Pr\u00e9sentation, th\u00e9orie du renforcement positif, jeux de r\u00f4le, exercices de respiration, Qi-Gong et Yoga pour se centrer, et initiation avec les animaux du lieu.<!-- notionvc: b2843663-f790-44bc-a3a8-7417a0be43a2 --><br \/>\n<em>1 journ\u00e9e (6h)\u00a0<!-- notionvc: ede78036-5254-40d9-a172-d59acdfe53f6 --><\/em><\/p>\n<p><strong>Dimanche 19 mai et dimanche 26 mai de 9h \u00e0 12h<!-- notionvc: ca247557-a850-4a2a-889b-246878273a75 --> : M\u00e9ditation avec les animaux.<\/strong><\/p>\n<p>Pr\u00e9sentation, observation des animaux dans leur milieu, exercices de respiration, Qi-Gong et Yoga pour se ressourcer aupr\u00e8s d\u2019eux, et m\u00e9ditation de pleine conscience pour se connecter \u00e0 eux.<!-- notionvc: 88863206-5d1d-41c6-946d-322904256750 --><br \/>\n<em>\u00bd journ\u00e9e (3h)\u00a0<\/em><\/p>\n<p>Possibilit\u00e9 de m\u00e9diation \u00e9quine en constellation familiale en s\u00e9ance individuelle.<!-- notionvc: aa076046-1328-44a0-a3d2-f80a923f7b8c --><br \/>\n<em>Tarif\u00a0<\/em><!-- notionvc: b842481e-8787-4af8-b45f-a535bfbf35da --><\/p>\n<p>M\u00e9lissandre, artisane et m\u00e9diatrice des relations humaines - animales<!-- notionvc: 53002c07-7f2d-40a1-9f06-f12303a5b09b --><\/p>\n<\/div>[vc_empty_space]<a  href=\"https:\/\/www.cablanc.com\/accueil\/contact\/\" target=\"_blank\"  class=\"inner-link button btn  hcode-button-10 highlight-button-dark btn-large\">Je r\u00e9serve un atelier<\/a><\/div><\/div><\/div><\/div><\/section><section class=\"row-equal-height row-content-middle no-padding-bottom\"><div class=\"container\"><div class=\"row hcode-row-flex\"><div class=\"wpb_column hcode-column-container text-center vc_col-sm-4 col-xs-mobile-fullwidth\" data-front-class=\"text-center col-xs-mobile-fullwidth\"><div class=\"vc-column-innner-wrapper\"><\/div><\/div><div class=\"wpb_column hcode-column-container vc_col-sm-2 col-xs-mobile-fullwidth\" data-front-class=\"col-xs-mobile-fullwidth\"><div class=\"vc-column-innner-wrapper\"><img loading=\"lazy\" decoding=\"async\" width=\"200\" height=\"200\" src=\"https:\/\/www.cablanc.com\/wp-content\/uploads\/2023\/04\/Cablanc-stages-Melissandre.png\" class=\"\" alt=\"\" srcset=\"https:\/\/www.cablanc.com\/wp-content\/uploads\/2023\/04\/Cablanc-stages-Melissandre.png 200w, https:\/\/www.cablanc.com\/wp-content\/uploads\/2023\/04\/Cablanc-stages-Melissandre-150x150.png 150w, https:\/\/www.cablanc.com\/wp-content\/uploads\/2023\/04\/Cablanc-stages-Melissandre-81x81.png 81w\" sizes=\"(max-width: 200px) 100vw, 200px\" \/><\/div><\/div><div class=\"wpb_column hcode-column-container vc_col-sm-6 col-xs-mobile-fullwidth\" data-front-class=\"col-xs-mobile-fullwidth\"><div class=\"vc-column-innner-wrapper\"><div class=\"v2\"><h4 style=\"text-align: left;\">M\u00e9lissandre<\/h4>\n<p style=\"text-align: left;\">enseignante d'\u00e9quitation \u00e9thique et \u00e9thologique itin\u00e9rante, comportementaliste et communicatrice animale pour une \u00e9ducation positive \u00e9quine et canine.<\/p>\n<p><a href=\"https:\/\/www.ethologik.fr\">www.ethologik.fr<\/a><\/p>\n<\/div><\/div><\/div><\/div><\/div><\/section><section><div class=\"container\"><div class=\"row\"><div class=\"wpb_column hcode-column-container text-center vc_col-sm-4 col-xs-mobile-fullwidth\" data-front-class=\"text-center col-xs-mobile-fullwidth\"><div class=\"vc-column-innner-wrapper\"><\/div><\/div><div class=\"wpb_column hcode-column-container vc_col-sm-8 col-xs-mobile-fullwidth\" data-front-class=\"col-xs-mobile-fullwidth\"><div class=\"vc-column-innner-wrapper\">[vc_empty_space css=\".vc_custom_1682604298454{background-color: #e5e5d3 !important;}\"][vc_empty_space]<p style=\"text-align: left;\">MODALITES DE PAIEMENT<\/p>\n<p style=\"text-align: left;\"><strong>R\u00e9servez et r\u00e8glement de l'atelier aupr\u00e8s de M\u00e9lissandre au <span class=\"wixui-rich-text__text\"><span class=\"color_15 wixui-rich-text__text\">06 29 73 24 76 ou par mail <\/span><\/span><span class=\"wixui-rich-text__text\"><span class=\"color_15 wixui-rich-text__text\">contactethologik@gmail.com<\/span><\/span><\/strong><\/p>\n<p style=\"text-align: left;\">R\u00e8glement de l'adh\u00e9sion sur Helloasso de 5\u20ac par personne (au dessus de 10 ans) \u00e0 l\u2019association de l\u2019Ecolieu de Cablanc (valable 1 ann\u00e9e)<\/p>\n[vc_empty_space]<a  href=\"https:\/\/www.helloasso.com\/associations\/ecolieu-de-cablanc\/adhesions\/adhesion-a-l-association-de-l-ecolieu-de-cablanc-2024\" target=\"_blank\"  class=\"btn-green inner-link button btn highlight-button-dark\">Je r\u00e8gle l'adh\u00e9sion<\/a>[vc_empty_space][vc_empty_space css=\".vc_custom_1682605834693{margin-top: 5% !important;background-color: #e5e5d3 !important;}\"]<\/div><\/div><\/div><\/div><\/section>","protected":false},"excerpt":{"rendered":"<p>[vc_empty_space height=\u00a0\u00bb20px\u00a0\u00bb css=\u00a0\u00bb.vc_custom_1493901719403{background-color: #a4ab5e !important;}\u00a0\u00bb] [vc_empty_space height=\u00a0\u00bb48px\u00a0\u00bb]- ENTRACTE \u00c0 CABLANC &#8211; Cette saison, Cablanc sera en pause, nous ne prenons pas de r\u00e9servation. D\u00e9couvrez des ateliers pour prendre soin de soi, des autres et de la Terre &nbsp; L&rsquo;association de l&rsquo;\u00e9colieu de Cablanc vous propose de nombreuses activit\u00e9s durant tout l&rsquo;\u00e9t\u00e9. [vc_custom_heading text=\u00a0\u00bbQue faire \u00e0 [&hellip;]<\/p>\n","protected":false},"author":4,"featured_media":0,"parent":0,"menu_order":0,"comment_status":"closed","ping_status":"closed","template":"","meta":{"footnotes":""},"yoast_head":"<!-- This site is optimized with the Yoast SEO plugin v22.7 - https:\/\/yoast.com\/wordpress\/plugins\/seo\/ -->\n<title>Ateliers \u00e9cologiques et bien-\u00eatre pendant votre s\u00e9jour \u00e0 Cablanc<\/title>\n<meta name=\"description\" content=\"Prenez un temps pour vous avec nos stages je\u00fbne, permaculture, nos bains de for\u00eat, d\u00e9couvrez nos ateliers z\u00e9ro d\u00e9ch\u00eat, pleine conscience et bien d&#039;autres.\" \/>\n<meta name=\"robots\" content=\"index, follow, max-snippet:-1, max-image-preview:large, max-video-preview:-1\" \/>\n<link rel=\"canonical\" href=\"https:\/\/www.cablanc.com\/accueil\/activites\/\" \/>\n<meta property=\"og:locale\" content=\"fr_FR\" \/>\n<meta property=\"og:type\" content=\"article\" \/>\n<meta property=\"og:title\" content=\"Ateliers \u00e9cologiques et bien-\u00eatre pendant votre s\u00e9jour \u00e0 Cablanc\" \/>\n<meta property=\"og:description\" content=\"Prenez un temps pour vous avec nos stages je\u00fbne, permaculture, nos bains de for\u00eat, d\u00e9couvrez nos ateliers z\u00e9ro d\u00e9ch\u00eat, pleine conscience et bien d&#039;autres.\" \/>\n<meta property=\"og:url\" content=\"https:\/\/www.cablanc.com\/accueil\/activites\/\" \/>\n<meta property=\"og:site_name\" content=\"Cablanc - Les vacances authentiques en Dordogne\" \/>\n<meta property=\"article:modified_time\" content=\"2025-03-08T16:59:41+00:00\" \/>\n<meta name=\"twitter:card\" content=\"summary_large_image\" \/>\n<meta name=\"twitter:label1\" content=\"Dur\u00e9e de lecture estim\u00e9e\" \/>\n\t<meta name=\"twitter:data1\" content=\"11 minutes\" \/>\n<script type=\"application\/ld+json\" class=\"yoast-schema-graph\">{\"@context\":\"https:\/\/schema.org\",\"@graph\":[{\"@type\":\"WebPage\",\"@id\":\"https:\/\/www.cablanc.com\/accueil\/activites\/\",\"url\":\"https:\/\/www.cablanc.com\/accueil\/activites\/\",\"name\":\"Ateliers \u00e9cologiques et bien-\u00eatre pendant votre s\u00e9jour \u00e0 Cablanc\",\"isPartOf\":{\"@id\":\"https:\/\/www.cablanc.com\/accueil\/#website\"},\"datePublished\":\"2022-12-19T10:45:14+00:00\",\"dateModified\":\"2025-03-08T16:59:41+00:00\",\"description\":\"Prenez un temps pour vous avec nos stages je\u00fbne, permaculture, nos bains de for\u00eat, d\u00e9couvrez nos ateliers z\u00e9ro d\u00e9ch\u00eat, pleine conscience et bien d'autres.\",\"breadcrumb\":{\"@id\":\"https:\/\/www.cablanc.com\/accueil\/activites\/#breadcrumb\"},\"inLanguage\":\"fr-FR\",\"potentialAction\":[{\"@type\":\"ReadAction\",\"target\":[\"https:\/\/www.cablanc.com\/accueil\/activites\/\"]}]},{\"@type\":\"BreadcrumbList\",\"@id\":\"https:\/\/www.cablanc.com\/accueil\/activites\/#breadcrumb\",\"itemListElement\":[{\"@type\":\"ListItem\",\"position\":1,\"name\":\"Accueil\",\"item\":\"https:\/\/www.cablanc.com\/accueil\/\"},{\"@type\":\"ListItem\",\"position\":2,\"name\":\"Activit\u00e9s\"}]},{\"@type\":\"WebSite\",\"@id\":\"https:\/\/www.cablanc.com\/accueil\/#website\",\"url\":\"https:\/\/www.cablanc.com\/accueil\/\",\"name\":\"Cablanc - Les vacances authentiques en Dordogne\",\"description\":\"\",\"potentialAction\":[{\"@type\":\"SearchAction\",\"target\":{\"@type\":\"EntryPoint\",\"urlTemplate\":\"https:\/\/www.cablanc.com\/accueil\/?s={search_term_string}\"},\"query-input\":\"required name=search_term_string\"}],\"inLanguage\":\"fr-FR\"}]}<\/script>\n<!-- \/ Yoast SEO plugin. -->","yoast_head_json":{"title":"Ateliers \u00e9cologiques et bien-\u00eatre pendant votre s\u00e9jour \u00e0 Cablanc","description":"Prenez un temps pour vous avec nos stages je\u00fbne, permaculture, nos bains de for\u00eat, d\u00e9couvrez nos ateliers z\u00e9ro d\u00e9ch\u00eat, pleine conscience et bien d'autres.","robots":{"index":"index","follow":"follow","max-snippet":"max-snippet:-1","max-image-preview":"max-image-preview:large","max-video-preview":"max-video-preview:-1"},"canonical":"https:\/\/www.cablanc.com\/accueil\/activites\/","og_locale":"fr_FR","og_type":"article","og_title":"Ateliers \u00e9cologiques et bien-\u00eatre pendant votre s\u00e9jour \u00e0 Cablanc","og_description":"Prenez un temps pour vous avec nos stages je\u00fbne, permaculture, nos bains de for\u00eat, d\u00e9couvrez nos ateliers z\u00e9ro d\u00e9ch\u00eat, pleine conscience et bien d'autres.","og_url":"https:\/\/www.cablanc.com\/accueil\/activites\/","og_site_name":"Cablanc - Les vacances authentiques en Dordogne","article_modified_time":"2025-03-08T16:59:41+00:00","twitter_card":"summary_large_image","twitter_misc":{"Dur\u00e9e de lecture estim\u00e9e":"11 minutes"},"schema":{"@context":"https:\/\/schema.org","@graph":[{"@type":"WebPage","@id":"https:\/\/www.cablanc.com\/accueil\/activites\/","url":"https:\/\/www.cablanc.com\/accueil\/activites\/","name":"Ateliers \u00e9cologiques et bien-\u00eatre pendant votre s\u00e9jour \u00e0 Cablanc","isPartOf":{"@id":"https:\/\/www.cablanc.com\/accueil\/#website"},"datePublished":"2022-12-19T10:45:14+00:00","dateModified":"2025-03-08T16:59:41+00:00","description":"Prenez un temps pour vous avec nos stages je\u00fbne, permaculture, nos bains de for\u00eat, d\u00e9couvrez nos ateliers z\u00e9ro d\u00e9ch\u00eat, pleine conscience et bien d'autres.","breadcrumb":{"@id":"https:\/\/www.cablanc.com\/accueil\/activites\/#breadcrumb"},"inLanguage":"fr-FR","potentialAction":[{"@type":"ReadAction","target":["https:\/\/www.cablanc.com\/accueil\/activites\/"]}]},{"@type":"BreadcrumbList","@id":"https:\/\/www.cablanc.com\/accueil\/activites\/#breadcrumb","itemListElement":[{"@type":"ListItem","position":1,"name":"Accueil","item":"https:\/\/www.cablanc.com\/accueil\/"},{"@type":"ListItem","position":2,"name":"Activit\u00e9s"}]},{"@type":"WebSite","@id":"https:\/\/www.cablanc.com\/accueil\/#website","url":"https:\/\/www.cablanc.com\/accueil\/","name":"Cablanc - Les vacances authentiques en Dordogne","description":"","potentialAction":[{"@type":"SearchAction","target":{"@type":"EntryPoint","urlTemplate":"https:\/\/www.cablanc.com\/accueil\/?s={search_term_string}"},"query-input":"required name=search_term_string"}],"inLanguage":"fr-FR"}]}},"_links":{"self":[{"href":"https:\/\/www.cablanc.com\/accueil\/wp-json\/wp\/v2\/pages\/1662"}],"collection":[{"href":"https:\/\/www.cablanc.com\/accueil\/wp-json\/wp\/v2\/pages"}],"about":[{"href":"https:\/\/www.cablanc.com\/accueil\/wp-json\/wp\/v2\/types\/page"}],"author":[{"embeddable":true,"href":"https:\/\/www.cablanc.com\/accueil\/wp-json\/wp\/v2\/users\/4"}],"replies":[{"embeddable":true,"href":"https:\/\/www.cablanc.com\/accueil\/wp-json\/wp\/v2\/comments?post=1662"}],"version-history":[{"count":12,"href":"https:\/\/www.cablanc.com\/accueil\/wp-json\/wp\/v2\/pages\/1662\/revisions"}],"predecessor-version":[{"id":2308,"href":"https:\/\/www.cablanc.com\/accueil\/wp-json\/wp\/v2\/pages\/1662\/revisions\/2308"}],"wp:attachment":[{"href":"https:\/\/www.cablanc.com\/accueil\/wp-json\/wp\/v2\/media?parent=1662"}],"curies":[{"name":"wp","href":"https:\/\/api.w.org\/{rel}","templated":true}]}}