{"id":787,"date":"2020-02-03T09:34:26","date_gmt":"2020-02-03T08:34:26","guid":{"rendered":"https:\/\/www.cablanc.com\/accueil\/?page_id=787"},"modified":"2025-03-08T18:03:18","modified_gmt":"2025-03-08T17:03:18","slug":"salon-de-the-bar-a-vin","status":"publish","type":"page","link":"https:\/\/www.cablanc.com\/accueil\/salon-de-the-bar-a-vin\/","title":{"rendered":"L&rsquo;heure bleue"},"content":{"rendered":"<section  class=\"hcode-row-1 no-padding sm-no-padding xs-no-padding bg-image-srcset cover-background\" style=\"background-image: url(https:\/\/www.cablanc.com\/wp-content\/uploads\/2020\/02\/Cablanc-se-restaurer.jpg);\" data-bg-srcset=\"https:\/\/www.cablanc.com\/wp-content\/uploads\/2020\/02\/Cablanc-se-restaurer.jpg 2000w, https:\/\/www.cablanc.com\/wp-content\/uploads\/2020\/02\/Cablanc-se-restaurer-300x58.jpg 300w, https:\/\/www.cablanc.com\/wp-content\/uploads\/2020\/02\/Cablanc-se-restaurer-1024x198.jpg 1024w, https:\/\/www.cablanc.com\/wp-content\/uploads\/2020\/02\/Cablanc-se-restaurer-768x148.jpg 768w, https:\/\/www.cablanc.com\/wp-content\/uploads\/2020\/02\/Cablanc-se-restaurer-1536x296.jpg 1536w, https:\/\/www.cablanc.com\/wp-content\/uploads\/2020\/02\/Cablanc-se-restaurer-81x16.jpg 81w\"><div class=\"wpb_column hcode-column-container no-padding sm-no-padding xs-no-padding no-margin sm-no-margin xs-no-margin vc_col-sm-12 col-xs-mobile-fullwidth\" data-front-class=\"no-padding sm-no-padding xs-no-padding no-margin sm-no-margin xs-no-margin col-xs-mobile-fullwidth\"><div class=\"vc-column-innner-wrapper\"><\/div><\/div><\/section><section class=\"no-padding sm-no-padding xs-no-padding\"><div class=\"wpb_column hcode-column-container no-padding sm-no-padding xs-no-padding no-margin sm-no-margin xs-no-margin vc_col-sm-12 col-xs-mobile-fullwidth\" data-front-class=\"no-padding sm-no-padding xs-no-padding no-margin sm-no-margin xs-no-margin col-xs-mobile-fullwidth\"><div class=\"vc-column-innner-wrapper\">[vc_empty_space height=\"20px\" css=\".vc_custom_1493901719403{background-color: #a4ab5e !important;}\"]<\/div><\/div><\/section><section class=\"no-padding sm-no-padding xs-no-padding no-margin sm-no-margin xs-no-margin\"><div class=\"container\"><div class=\"row\"><div class=\"wpb_column hcode-column-container vc_col-sm-11 vc_col-xs-10\"><div class=\"vc-column-innner-wrapper\"><div class=\"trad\"><p><code><div id=\"flags\" class=\"size18\"><ul id=\"sortable\" class=\"ui-sortable\" style=\"float:left\"><li id=\"Dutch\"><a href=\"#\" title=\"Dutch\" class=\"nturl notranslate nl flag Dutch\"><\/a><\/li><li id=\"English\"><a href=\"#\" title=\"English\" class=\"nturl notranslate en flag English\"><\/a><\/li><li id=\"Spanish\"><a href=\"#\" title=\"Spanish\" class=\"nturl notranslate es flag Spanish\"><\/a><\/li><li id=\"French\"><a href=\"#\" title=\"French\" class=\"nturl notranslate fr flag French\"><\/a><\/li><\/ul><\/div><div id=\"google_language_translator\" class=\"default-language-fr\"><\/div><\/code><\/p>\n<\/div><\/div><\/div><div class=\"wpb_column hcode-column-container vc_col-sm-1 vc_col-xs-2\"><div class=\"vc-column-innner-wrapper\">[vc_empty_space height=\"8px\"]<img loading=\"lazy\" decoding=\"async\" width=\"16\" height=\"13\" src=\"https:\/\/www.cablanc.com\/wp-content\/uploads\/2017\/05\/600px-Gay_flag.jpg\" class=\"\" alt=\"drapeau gay friendly\" \/><\/div><\/div><\/div><\/div><\/section><section class=\" vc_custom_1741422235246 row-equal-height row-content-bottom hcode-row-2\"><div class=\"container\"><div class=\"row hcode-row-flex\"><div class=\"wpb_column hcode-column-container  vc_custom_1682663126587 text-center padding-three vc_col-sm-12 col-xs-mobile-fullwidth\" data-front-class=\" vc_custom_1682663126587 text-center padding-three col-xs-mobile-fullwidth\"><div class=\"vc-column-innner-wrapper\"><div class=\"white\"><p style=\"text-align: center;\"><strong>- ENTRACTE \u00c0 CABLANC -<\/strong><\/p>\n<p style=\"text-align: center;\"><b>Cette saison, Cablanc sera en pause, nous ne prenons pas de r\u00e9servation.<\/b><\/p>\n<\/div><\/div><\/div><\/div><\/div><\/section><section class=\" vc_custom_1741422795880 hcode-row-3\"><div class=\"container\"><div class=\"row\"><div class=\"wpb_column hcode-column-container vc_col-sm-12 col-xs-mobile-fullwidth\" data-front-class=\"col-xs-mobile-fullwidth\"><div class=\"vc-column-innner-wrapper\"><div class=\"intro\"><h1 style=\"text-align: center;\"><span style=\"color: #847f45;\">Notre Salon de Th\u00e9 &amp; Bar \u00e0 Vins et bi\u00e8res : l'Heure Bleue<\/span><\/h1>\n<p>&nbsp;<\/p>\n<p style=\"text-align: center;\">Faites une pause, venez d\u00e9couvrir notre salon de th\u00e9 et bar \u00e0 vin biologique, locavore et 100% gourmand\u00a0!<\/p>\n<\/div><\/div><\/div><\/div><\/div><\/section><section class=\" vc_custom_1741422801678 hcode-row-4\"><div class=\"wpb_column hcode-column-container no-padding sm-no-padding xs-no-padding no-margin sm-no-margin xs-no-margin vc_col-sm-12 col-xs-mobile-fullwidth\" data-front-class=\"no-padding sm-no-padding xs-no-padding no-margin sm-no-margin xs-no-margin col-xs-mobile-fullwidth\"><div class=\"vc-column-innner-wrapper\">[vc_custom_heading text=\"Au c\u0153ur de l\u2019\u00e9colieu, d\u00e9couvrez une oasis entre nature et gourmandise\" font_container=\"tag:h2|font_size:30px|text_align:center|color:%23ffffff|line_height:80px\" use_theme_fonts=\"yes\" css=\".vc_custom_1674467905378{background-color: #847f45 !important;}\" el_class=\"whiteh2\"]<\/div><\/div><\/section><section class=\" vc_custom_1741422806941 row-equal-height row-content-top hcode-row-5\"><div class=\"container\"><div class=\"row hcode-row-flex\"><div class=\"wpb_column hcode-column-container vc_col-sm-8 col-xs-mobile-fullwidth\" data-front-class=\"col-xs-mobile-fullwidth\"><div class=\"vc-column-innner-wrapper\"><div class=\"hcode-inner-row\"><div class=\"wpb_column hcode-column-container text-center sm-text-center xs-text-center vc_col-sm-6 col-xs-mobile-fullwidth\" data-front-class=\"text-center sm-text-center xs-text-center col-xs-mobile-fullwidth\"><div class=\"vc-column-innner-wrapper\"><h4 style=\"text-align: left;\">Le salon de th\u00e9<\/h4>\n<p style=\"text-align: left;\">Savourez, le temps d\u2019une parenth\u00e8se au <strong>salon de th\u00e9<\/strong>,\u00a0un <strong>caf\u00e9 \u00e9quitable<\/strong>, une <strong>tisane de Cablanc<\/strong> ou un<strong> smothie maison<\/strong>.<\/p>\n<p style=\"text-align: left;\">R\u00e9galez-vous avec les<strong> g\u00e2teaux<\/strong> de V\u00e9ronique, biologiques, <strong>vegan<\/strong> ou <strong>sans gluten<\/strong>, et les <strong>d\u00e9licieux sorbets de Cablanc<\/strong>, concoct\u00e9s avec amour et les fruits, baies et aromatiques du verger.<\/p>\n[vc_empty_space height=\"64px\"]<\/div><\/div><div class=\"wpb_column hcode-column-container text-center xs-text-center vc_col-sm-6 col-xs-mobile-fullwidth\" data-front-class=\"text-center xs-text-center col-xs-mobile-fullwidth\"><div class=\"vc-column-innner-wrapper\">[vc_gallery type=\"flexslider_slide\" interval=\"3\" images=\"263,264,274,286\" img_size=\"large\"][vc_empty_space height=\"64px\"]<\/div><\/div><\/div><div class=\"hcode-inner-row\"><div class=\"wpb_column hcode-column-container text-center sm-text-center xs-text-center vc_col-sm-6 col-xs-mobile-fullwidth\" data-front-class=\"text-center sm-text-center xs-text-center col-xs-mobile-fullwidth\"><div class=\"vc-column-innner-wrapper\">[vc_gallery type=\"flexslider_slide\" interval=\"3\" images=\"385,637,635,309,640\" img_size=\"large\"][vc_empty_space]<\/div><\/div><div class=\"wpb_column hcode-column-container text-center sm-text-center xs-text-center vc_col-sm-6 col-xs-mobile-fullwidth\" data-front-class=\"text-center sm-text-center xs-text-center col-xs-mobile-fullwidth\"><div class=\"vc-column-innner-wrapper\">[vc_empty_space]<h4 style=\"text-align: left;\">\u00c0 l'heure de l'ap\u00e9ro<\/h4>\n<p style=\"text-align: left;\">D\u00e9tendez-vous sur la terrasse autour d\u2019un verre de <strong>vin de Saussignac<\/strong> ou d\u2019une <strong>bi\u00e8re locale brass\u00e9e en Dordogne.<\/strong><\/p>\n[vc_empty_space]<\/div><\/div><\/div><p style=\"text-align: center;\"><strong>Nous vous accueillons\u00a0tous les jours de l\u2019\u00e9t\u00e9\u00a0(Juillet-Aout sauf le Dimanche)\u00a0de 16h \u00e0 19h\u00a0\u00e0 Cablanc.<\/strong><\/p>\n[vc_empty_space][vc_gallery type=\"image_grid\" images=\"941,1004,1005,386,323\"]<\/div><\/div><div class=\"wpb_column hcode-column-container  vc_custom_1580474802163 text-center sm-text-center xs-text-center vc_col-sm-4 col-xs-mobile-fullwidth\" data-front-class=\" vc_custom_1580474802163 text-center sm-text-center xs-text-center col-xs-mobile-fullwidth\"><div class=\"vc-column-innner-wrapper\">[vc_custom_heading text=\"D\u00c9COUVREZ LES SORBETS DE CABLANC\" font_container=\"tag:h2|font_size:30px|text_align:center|color:%23ffffff|line_height:38px\" use_theme_fonts=\"yes\" css=\".vc_custom_1674467935958{padding-top: 20px !important;padding-right: 20px !important;padding-bottom: 20px !important;padding-left: 20px !important;background-color: #847f45 !important;}\" el_class=\"whiteh2\"][vc_empty_space]<img loading=\"lazy\" decoding=\"async\" width=\"818\" height=\"721\" src=\"https:\/\/www.cablanc.com\/wp-content\/uploads\/2020\/01\/cablanc-sorbet-boule.jpg\" class=\"\" alt=\"photo d&#039;une personne remplissant un pot de sorbet de Cablanc\" srcset=\"https:\/\/www.cablanc.com\/wp-content\/uploads\/2020\/01\/cablanc-sorbet-boule.jpg 818w, https:\/\/www.cablanc.com\/wp-content\/uploads\/2020\/01\/cablanc-sorbet-boule-300x264.jpg 300w, https:\/\/www.cablanc.com\/wp-content\/uploads\/2020\/01\/cablanc-sorbet-boule-768x677.jpg 768w\" sizes=\"(max-width: 818px) 100vw, 818px\" \/>[vc_empty_space height=\"10px\"]<p style=\"text-align: left;\">Partez pour un voyage gourmand avec nos <strong>sorbets biologiques<\/strong> produits avec les <strong>fruits de notre verger<\/strong> et fabriqu\u00e9s \u00e0 la ferme.<\/p>\n<p>D\u00e9couvrez les<strong> vari\u00e9t\u00e9s de parfums<\/strong> issus des <strong>fruits locaux et de saison.<\/strong><\/p>\n<a  href=\"https:\/\/www.cablanc.com\/wp-content\/uploads\/2020\/03\/Plaquette-sorbet-web.pdf\" target=\"_blank\"  class=\"inner-link button btn highlight-button-dark btn-medium\">T\u00e9l\u00e9chargez la plaquette<\/a>[vc_empty_space]<p class=\"p1\" style=\"text-align: left;\"><span class=\"s1\"><strong>Professionnels de la restauration*<\/strong>, vous souhaitez \"acheter local\" et vendre <strong>nos sorbets<\/strong> dans votre boutique, votre salon de th\u00e9, votre restaurant ? <strong>Contactez nous<\/strong> pour vos commandes de l'\u00e9t\u00e9.\u00a0<\/span><\/p>\n<p class=\"p1\" style=\"text-align: left; font-size: 16px;\"><span class=\"s1\">*R\u00e9gion Aquitaine - d\u00e9partements 24\/33\/47 -<\/span><\/p>\n<a  href=\"https:\/\/www.cablanc.com\/accueil\/contact\/\" target=\"_blank\"  class=\"inner-link button btn highlight-button-dark btn-medium\">Contactez-nous<\/a><\/div><\/div><\/div><\/div><\/section><section class=\" vc_custom_1741422822853 row-equal-height row-content-middle\"><div class=\"container\"><div class=\"row hcode-row-flex\"><div class=\"wpb_column hcode-column-container vc_col-sm-6 col-xs-mobile-fullwidth\" data-front-class=\"col-xs-mobile-fullwidth\"><div class=\"vc-column-innner-wrapper\">[vc_empty_space]<img loading=\"lazy\" decoding=\"async\" width=\"1000\" height=\"750\" src=\"https:\/\/www.cablanc.com\/wp-content\/uploads\/2017\/12\/Cablanc-Vue-4.jpg\" class=\"\" alt=\"\" srcset=\"https:\/\/www.cablanc.com\/wp-content\/uploads\/2017\/12\/Cablanc-Vue-4.jpg 1000w, https:\/\/www.cablanc.com\/wp-content\/uploads\/2017\/12\/Cablanc-Vue-4-300x225.jpg 300w, https:\/\/www.cablanc.com\/wp-content\/uploads\/2017\/12\/Cablanc-Vue-4-768x576.jpg 768w\" sizes=\"(max-width: 1000px) 100vw, 1000px\" \/><\/div><\/div><div class=\"wpb_column hcode-column-container vc_col-sm-6 col-xs-mobile-fullwidth\" data-front-class=\"col-xs-mobile-fullwidth\"><div class=\"vc-column-innner-wrapper\"><h4 style=\"text-align: left;\">La piscine zen<\/h4>\n<p style=\"text-align: left;\">D\u00e9tendez-vous dans notre <strong>jolie piscine zen.<\/strong> Ouverte <strong>de 16h \u00e0 19h,<\/strong> \u00e0 l'heure du th\u00e9 et de l'ap\u00e9ro, profitez d'une pause fra\u00eecheur pour petits* et grands au coeur de notre \u00e9colieu.<\/p>\n<p style=\"text-align: left;\"><strong><span style=\"font-size: 16px;\">*Les enfants restent sous la surveillance de leurs parents.<\/span><\/strong><\/p>\n<\/div><\/div><\/div><\/div><\/section>","protected":false},"excerpt":{"rendered":"<p>[vc_empty_space height=\u00a0\u00bb20px\u00a0\u00bb css=\u00a0\u00bb.vc_custom_1493901719403{background-color: #a4ab5e !important;}\u00a0\u00bb] [vc_empty_space height=\u00a0\u00bb8px\u00a0\u00bb]- ENTRACTE \u00c0 CABLANC &#8211; Cette saison, Cablanc sera en pause, nous ne prenons pas de r\u00e9servation. Notre Salon de Th\u00e9 &amp; Bar \u00e0 Vins et bi\u00e8res : l&rsquo;Heure Bleue &nbsp; Faites une pause, venez d\u00e9couvrir notre salon de th\u00e9 et bar \u00e0 vin biologique, locavore et 100% gourmand\u00a0! [&hellip;]<\/p>\n","protected":false},"author":4,"featured_media":0,"parent":0,"menu_order":0,"comment_status":"closed","ping_status":"closed","template":"","meta":{"footnotes":""},"yoast_head":"<!-- This site is optimized with the Yoast SEO plugin v22.7 - https:\/\/yoast.com\/wordpress\/plugins\/seo\/ -->\n<title>L&#039;Heure bleue, salon de th\u00e9, bar \u00e0 vin et bi\u00e8res de l&#039;\u00e9colieu de Cablanc<\/title>\n<meta name=\"description\" content=\"Prenez du temps pour vous au salon de th\u00e9 \/ bar \u00e0 vin locavore de l&#039;\u00e9colieu de Cablanc au coeur de la Dordogne, d\u00e9gustez des encas et boissons biologiques !\" \/>\n<meta name=\"robots\" content=\"index, follow, max-snippet:-1, max-image-preview:large, max-video-preview:-1\" \/>\n<link rel=\"canonical\" href=\"https:\/\/www.cablanc.com\/accueil\/salon-de-the-bar-a-vin\/\" \/>\n<meta property=\"og:locale\" content=\"fr_FR\" \/>\n<meta property=\"og:type\" content=\"article\" \/>\n<meta property=\"og:title\" content=\"L&#039;Heure bleue, salon de th\u00e9, bar \u00e0 vin et bi\u00e8res de l&#039;\u00e9colieu de Cablanc\" \/>\n<meta property=\"og:description\" content=\"Prenez du temps pour vous au salon de th\u00e9 \/ bar \u00e0 vin locavore de l&#039;\u00e9colieu de Cablanc au coeur de la Dordogne, d\u00e9gustez des encas et boissons biologiques !\" \/>\n<meta property=\"og:url\" content=\"https:\/\/www.cablanc.com\/accueil\/salon-de-the-bar-a-vin\/\" \/>\n<meta property=\"og:site_name\" content=\"Cablanc - Les vacances authentiques en Dordogne\" \/>\n<meta property=\"article:modified_time\" content=\"2025-03-08T17:03:18+00:00\" \/>\n<meta name=\"twitter:card\" content=\"summary_large_image\" \/>\n<meta name=\"twitter:label1\" content=\"Dur\u00e9e de lecture estim\u00e9e\" \/>\n\t<meta name=\"twitter:data1\" content=\"4 minutes\" \/>\n<script type=\"application\/ld+json\" class=\"yoast-schema-graph\">{\"@context\":\"https:\/\/schema.org\",\"@graph\":[{\"@type\":\"WebPage\",\"@id\":\"https:\/\/www.cablanc.com\/accueil\/salon-de-the-bar-a-vin\/\",\"url\":\"https:\/\/www.cablanc.com\/accueil\/salon-de-the-bar-a-vin\/\",\"name\":\"L'Heure bleue, salon de th\u00e9, bar \u00e0 vin et bi\u00e8res de l'\u00e9colieu de Cablanc\",\"isPartOf\":{\"@id\":\"https:\/\/www.cablanc.com\/accueil\/#website\"},\"datePublished\":\"2020-02-03T08:34:26+00:00\",\"dateModified\":\"2025-03-08T17:03:18+00:00\",\"description\":\"Prenez du temps pour vous au salon de th\u00e9 \/ bar \u00e0 vin locavore de l'\u00e9colieu de Cablanc au coeur de la Dordogne, d\u00e9gustez des encas et boissons biologiques !\",\"breadcrumb\":{\"@id\":\"https:\/\/www.cablanc.com\/accueil\/salon-de-the-bar-a-vin\/#breadcrumb\"},\"inLanguage\":\"fr-FR\",\"potentialAction\":[{\"@type\":\"ReadAction\",\"target\":[\"https:\/\/www.cablanc.com\/accueil\/salon-de-the-bar-a-vin\/\"]}]},{\"@type\":\"BreadcrumbList\",\"@id\":\"https:\/\/www.cablanc.com\/accueil\/salon-de-the-bar-a-vin\/#breadcrumb\",\"itemListElement\":[{\"@type\":\"ListItem\",\"position\":1,\"name\":\"Accueil\",\"item\":\"https:\/\/www.cablanc.com\/accueil\/\"},{\"@type\":\"ListItem\",\"position\":2,\"name\":\"L&rsquo;heure bleue\"}]},{\"@type\":\"WebSite\",\"@id\":\"https:\/\/www.cablanc.com\/accueil\/#website\",\"url\":\"https:\/\/www.cablanc.com\/accueil\/\",\"name\":\"Cablanc - Les vacances authentiques en Dordogne\",\"description\":\"\",\"potentialAction\":[{\"@type\":\"SearchAction\",\"target\":{\"@type\":\"EntryPoint\",\"urlTemplate\":\"https:\/\/www.cablanc.com\/accueil\/?s={search_term_string}\"},\"query-input\":\"required name=search_term_string\"}],\"inLanguage\":\"fr-FR\"}]}<\/script>\n<!-- \/ Yoast SEO plugin. -->","yoast_head_json":{"title":"L'Heure bleue, salon de th\u00e9, bar \u00e0 vin et bi\u00e8res de l'\u00e9colieu de Cablanc","description":"Prenez du temps pour vous au salon de th\u00e9 \/ bar \u00e0 vin locavore de l'\u00e9colieu de Cablanc au coeur de la Dordogne, d\u00e9gustez des encas et boissons biologiques !","robots":{"index":"index","follow":"follow","max-snippet":"max-snippet:-1","max-image-preview":"max-image-preview:large","max-video-preview":"max-video-preview:-1"},"canonical":"https:\/\/www.cablanc.com\/accueil\/salon-de-the-bar-a-vin\/","og_locale":"fr_FR","og_type":"article","og_title":"L'Heure bleue, salon de th\u00e9, bar \u00e0 vin et bi\u00e8res de l'\u00e9colieu de Cablanc","og_description":"Prenez du temps pour vous au salon de th\u00e9 \/ bar \u00e0 vin locavore de l'\u00e9colieu de Cablanc au coeur de la Dordogne, d\u00e9gustez des encas et boissons biologiques !","og_url":"https:\/\/www.cablanc.com\/accueil\/salon-de-the-bar-a-vin\/","og_site_name":"Cablanc - Les vacances authentiques en Dordogne","article_modified_time":"2025-03-08T17:03:18+00:00","twitter_card":"summary_large_image","twitter_misc":{"Dur\u00e9e de lecture estim\u00e9e":"4 minutes"},"schema":{"@context":"https:\/\/schema.org","@graph":[{"@type":"WebPage","@id":"https:\/\/www.cablanc.com\/accueil\/salon-de-the-bar-a-vin\/","url":"https:\/\/www.cablanc.com\/accueil\/salon-de-the-bar-a-vin\/","name":"L'Heure bleue, salon de th\u00e9, bar \u00e0 vin et bi\u00e8res de l'\u00e9colieu de Cablanc","isPartOf":{"@id":"https:\/\/www.cablanc.com\/accueil\/#website"},"datePublished":"2020-02-03T08:34:26+00:00","dateModified":"2025-03-08T17:03:18+00:00","description":"Prenez du temps pour vous au salon de th\u00e9 \/ bar \u00e0 vin locavore de l'\u00e9colieu de Cablanc au coeur de la Dordogne, d\u00e9gustez des encas et boissons biologiques !","breadcrumb":{"@id":"https:\/\/www.cablanc.com\/accueil\/salon-de-the-bar-a-vin\/#breadcrumb"},"inLanguage":"fr-FR","potentialAction":[{"@type":"ReadAction","target":["https:\/\/www.cablanc.com\/accueil\/salon-de-the-bar-a-vin\/"]}]},{"@type":"BreadcrumbList","@id":"https:\/\/www.cablanc.com\/accueil\/salon-de-the-bar-a-vin\/#breadcrumb","itemListElement":[{"@type":"ListItem","position":1,"name":"Accueil","item":"https:\/\/www.cablanc.com\/accueil\/"},{"@type":"ListItem","position":2,"name":"L&rsquo;heure bleue"}]},{"@type":"WebSite","@id":"https:\/\/www.cablanc.com\/accueil\/#website","url":"https:\/\/www.cablanc.com\/accueil\/","name":"Cablanc - Les vacances authentiques en Dordogne","description":"","potentialAction":[{"@type":"SearchAction","target":{"@type":"EntryPoint","urlTemplate":"https:\/\/www.cablanc.com\/accueil\/?s={search_term_string}"},"query-input":"required name=search_term_string"}],"inLanguage":"fr-FR"}]}},"_links":{"self":[{"href":"https:\/\/www.cablanc.com\/accueil\/wp-json\/wp\/v2\/pages\/787"}],"collection":[{"href":"https:\/\/www.cablanc.com\/accueil\/wp-json\/wp\/v2\/pages"}],"about":[{"href":"https:\/\/www.cablanc.com\/accueil\/wp-json\/wp\/v2\/types\/page"}],"author":[{"embeddable":true,"href":"https:\/\/www.cablanc.com\/accueil\/wp-json\/wp\/v2\/users\/4"}],"replies":[{"embeddable":true,"href":"https:\/\/www.cablanc.com\/accueil\/wp-json\/wp\/v2\/comments?post=787"}],"version-history":[{"count":6,"href":"https:\/\/www.cablanc.com\/accueil\/wp-json\/wp\/v2\/pages\/787\/revisions"}],"predecessor-version":[{"id":2317,"href":"https:\/\/www.cablanc.com\/accueil\/wp-json\/wp\/v2\/pages\/787\/revisions\/2317"}],"wp:attachment":[{"href":"https:\/\/www.cablanc.com\/accueil\/wp-json\/wp\/v2\/media?parent=787"}],"curies":[{"name":"wp","href":"https:\/\/api.w.org\/{rel}","templated":true}]}}