{"id":792,"date":"2020-02-03T10:04:34","date_gmt":"2020-02-03T09:04:34","guid":{"rendered":"https:\/\/www.cablanc.com\/accueil\/?page_id=792"},"modified":"2025-03-08T17:59:16","modified_gmt":"2025-03-08T16:59:16","slug":"camping-ecologique-dordogne","status":"publish","type":"page","link":"https:\/\/www.cablanc.com\/accueil\/camping-ecologique-dordogne\/","title":{"rendered":"Cablanc, un camping \u00e9cologique au coeur de la Dordogne"},"content":{"rendered":"<section  class=\"hcode-row-1 no-padding sm-no-padding xs-no-padding bg-image-srcset cover-background\" style=\"background-image: url(https:\/\/www.cablanc.com\/wp-content\/uploads\/2017\/12\/banniere-lieu.jpg);\" data-bg-srcset=\"https:\/\/www.cablanc.com\/wp-content\/uploads\/2017\/12\/banniere-lieu.jpg 2000w, https:\/\/www.cablanc.com\/wp-content\/uploads\/2017\/12\/banniere-lieu-300x58.jpg 300w, https:\/\/www.cablanc.com\/wp-content\/uploads\/2017\/12\/banniere-lieu-768x149.jpg 768w, https:\/\/www.cablanc.com\/wp-content\/uploads\/2017\/12\/banniere-lieu-1024x198.jpg 1024w\"><div class=\"wpb_column hcode-column-container no-padding sm-no-padding xs-no-padding no-margin sm-no-margin xs-no-margin vc_col-sm-12 col-xs-mobile-fullwidth\" data-front-class=\"no-padding sm-no-padding xs-no-padding no-margin sm-no-margin xs-no-margin col-xs-mobile-fullwidth\"><div class=\"vc-column-innner-wrapper\"><\/div><\/div><\/section><section class=\"no-padding sm-no-padding xs-no-padding\"><div class=\"wpb_column hcode-column-container no-padding sm-no-padding xs-no-padding no-margin sm-no-margin xs-no-margin vc_col-sm-12 col-xs-mobile-fullwidth\" data-front-class=\"no-padding sm-no-padding xs-no-padding no-margin sm-no-margin xs-no-margin col-xs-mobile-fullwidth\"><div class=\"vc-column-innner-wrapper\">[vc_empty_space height=\"20px\" css=\".vc_custom_1493901719403{background-color: #a4ab5e !important;}\"]<\/div><\/div><\/section><section class=\"no-padding sm-no-padding xs-no-padding no-margin sm-no-margin xs-no-margin\"><div class=\"container\"><div class=\"row\"><div class=\"wpb_column hcode-column-container vc_col-sm-11 vc_col-xs-10\"><div class=\"vc-column-innner-wrapper\"><div class=\"trad\"><p><code><div id=\"flags\" class=\"size18\"><ul id=\"sortable\" class=\"ui-sortable\" style=\"float:left\"><li id=\"Dutch\"><a href=\"#\" title=\"Dutch\" class=\"nturl notranslate nl flag Dutch\"><\/a><\/li><li id=\"English\"><a href=\"#\" title=\"English\" class=\"nturl notranslate en flag English\"><\/a><\/li><li id=\"Spanish\"><a href=\"#\" title=\"Spanish\" class=\"nturl notranslate es flag Spanish\"><\/a><\/li><li id=\"French\"><a href=\"#\" title=\"French\" class=\"nturl notranslate fr flag French\"><\/a><\/li><\/ul><\/div><div id=\"google_language_translator\" class=\"default-language-fr\"><\/div><\/code><\/p>\n<\/div><\/div><\/div><div class=\"wpb_column hcode-column-container vc_col-sm-1 vc_col-xs-2\"><div class=\"vc-column-innner-wrapper\">[vc_empty_space height=\"8px\"]<img loading=\"lazy\" decoding=\"async\" width=\"16\" height=\"13\" src=\"https:\/\/www.cablanc.com\/wp-content\/uploads\/2017\/05\/600px-Gay_flag.jpg\" class=\"\" alt=\"drapeau gay friendly\" \/><\/div><\/div><\/div><\/div><\/section><section class=\" vc_custom_1741422235246 row-equal-height row-content-bottom hcode-row-2\"><div class=\"container\"><div class=\"row hcode-row-flex\"><div class=\"wpb_column hcode-column-container  vc_custom_1682663126587 text-center padding-three vc_col-sm-12 col-xs-mobile-fullwidth\" data-front-class=\" vc_custom_1682663126587 text-center padding-three col-xs-mobile-fullwidth\"><div class=\"vc-column-innner-wrapper\"><div class=\"white\"><p style=\"text-align: center;\"><strong>- ENTRACTE \u00c0 CABLANC -<\/strong><\/p>\n<p style=\"text-align: center;\"><b>Cette saison, Cablanc sera en pause, nous ne prenons pas de r\u00e9servation.<\/b><\/p>\n<\/div><\/div><\/div><\/div><\/div><\/section><section class=\"hcode-row-3\"><div class=\"container\"><div class=\"row\"><div class=\"wpb_column hcode-column-container vc_col-sm-12 col-xs-mobile-fullwidth\" data-front-class=\"col-xs-mobile-fullwidth\"><div class=\"vc-column-innner-wrapper\"><div class=\"intro\"><h1 style=\"text-align: center;\">Des Vacances idylliques\u00a0au c\u0153ur de la Dordogne<\/h1>\n<p>&nbsp;<\/p>\n<p style=\"text-align: center;\">Laissez-vous tenter par des vacances 100% authentiques<br \/>\ndans notre belle ferme \u00e9cologique<\/p>\n<\/div><\/div><\/div><\/div><\/div><\/section><section class=\" vc_custom_1580835289166 hcode-row-4\"><div class=\"wpb_column hcode-column-container no-padding sm-no-padding xs-no-padding no-margin sm-no-margin xs-no-margin vc_col-sm-12 col-xs-mobile-fullwidth\" data-front-class=\"no-padding sm-no-padding xs-no-padding no-margin sm-no-margin xs-no-margin col-xs-mobile-fullwidth\"><div class=\"vc-column-innner-wrapper\">[vc_custom_heading text=\"D\u00e9couvrez les vacances \u00e9cologiques, authentiques et tout confort au c\u0153ur de la Dordogne\" font_container=\"tag:h2|font_size:30px|text_align:center|color:%23ffffff|line_height:80px\" use_theme_fonts=\"yes\" css=\".vc_custom_1674479692085{background-color: #847f45 !important;}\" el_class=\"whiteh2\"]<\/div><\/div><\/section><section class=\"row-equal-height row-content-middle hcode-row-5\"><div class=\"container\"><div class=\"row hcode-row-flex\"><div class=\"wpb_column hcode-column-container lieu-tablet vc_col-sm-6 col-xs-mobile-fullwidth\" data-front-class=\"lieu-tablet col-xs-mobile-fullwidth\"><div class=\"vc-column-innner-wrapper\"><div class=\"hcode-inner-row\"><div class=\"wpb_column hcode-column-container vc_col-sm-12 vc_hidden-lg vc_hidden-md col-xs-mobile-fullwidth\" data-front-class=\"col-xs-mobile-fullwidth\"><div class=\"vc-column-innner-wrapper\"><img loading=\"lazy\" decoding=\"async\" width=\"1000\" height=\"750\" src=\"https:\/\/www.cablanc.com\/wp-content\/uploads\/2020\/02\/Cablanc-ecolieu-vue-du-ciel.jpg\" class=\"sm-padding-five-bottom xs-padding-five-bottom aligncenter sm-aligncenter xs-aligncenter\" alt=\"Vue du ciel de l&#039;\u00e9colieu et du camping de Cablanc\" srcset=\"https:\/\/www.cablanc.com\/wp-content\/uploads\/2020\/02\/Cablanc-ecolieu-vue-du-ciel.jpg 1000w, https:\/\/www.cablanc.com\/wp-content\/uploads\/2020\/02\/Cablanc-ecolieu-vue-du-ciel-300x225.jpg 300w, https:\/\/www.cablanc.com\/wp-content\/uploads\/2020\/02\/Cablanc-ecolieu-vue-du-ciel-768x576.jpg 768w, https:\/\/www.cablanc.com\/wp-content\/uploads\/2020\/02\/Cablanc-ecolieu-vue-du-ciel-81x61.jpg 81w\" sizes=\"(max-width: 1000px) 100vw, 1000px\" \/>[vc_empty_space]<\/div><\/div><\/div><p><strong>Cablanc est situ\u00e9 en Dordogne dans le joli village de Saussignac, \"territoire bio engag\u00e9\" avec ses beaux vignobles, son ch\u00e2teau pittoresque, ses bons restaurants et son \u00e9colieu insolite.<\/strong><\/p>\n<p>Le temps de quelques jours, go\u00fbtez au calme de la nature, h\u00e9berg\u00e9s dans<a href=\"https:\/\/www.cablanc.com\/accueil\/se-ressourcer-a-cablanc\/#tentes\" target=\"_blank\" rel=\"noopener noreferrer\"> <strong>les Belles Tentes<\/strong><\/a>, <a href=\"https:\/\/www.cablanc.com\/accueil\/se-ressourcer-a-cablanc\/#van\" target=\"_blank\" rel=\"noopener noreferrer\"><strong>le Van<\/strong><\/a> ou <a href=\"https:\/\/www.cablanc.com\/accueil\/se-ressourcer-a-cablanc\/#kerterre\" target=\"_blank\" rel=\"noopener noreferrer\"><strong>la Kerterre<\/strong><\/a>, sur de vastes emplacements au milieu de la prairie. Posez vos valises dans <strong><a href=\"https:\/\/www.cablanc.com\/accueil\/se-ressourcer-a-cablanc\/#cabana\" target=\"_blank\" rel=\"noopener noreferrer\">la Cabana<\/a>, <\/strong>le petit g\u00eete de l\u2019\u00e9colieu ou d\u00e9couvrez tout le <a href=\"https:\/\/www.cablanc.com\/accueil\/se-ressourcer-a-cablanc\/#camping\" target=\"_blank\" rel=\"noopener noreferrer\"><strong>charme du camping<\/strong><\/a> en plantant votre tente sous les arbres du verger.<\/p>\n<p>De jolies <strong>salles de bain tout \u00e9quip\u00e9es<\/strong>, privatives ou partag\u00e9es sont \u00e0 votre disposition, ainsi qu\u2019une <strong>agr\u00e9able cuisine d\u2019\u00e9t\u00e9<\/strong> avec vaisselle, frigo et gazini\u00e8re.<\/p>\n<\/div><\/div><div class=\"wpb_column hcode-column-container lieu-tablet vc_col-sm-6 vc_hidden-sm vc_hidden-xs col-xs-mobile-fullwidth\" data-front-class=\"lieu-tablet col-xs-mobile-fullwidth\"><div class=\"vc-column-innner-wrapper\"><img loading=\"lazy\" decoding=\"async\" width=\"1000\" height=\"750\" src=\"https:\/\/www.cablanc.com\/wp-content\/uploads\/2020\/02\/Cablanc-ecolieu-vue-du-ciel.jpg\" class=\"sm-padding-five-bottom xs-padding-five-bottom aligncenter sm-aligncenter xs-aligncenter\" alt=\"Vue du ciel de l&#039;\u00e9colieu et du camping de Cablanc\" srcset=\"https:\/\/www.cablanc.com\/wp-content\/uploads\/2020\/02\/Cablanc-ecolieu-vue-du-ciel.jpg 1000w, https:\/\/www.cablanc.com\/wp-content\/uploads\/2020\/02\/Cablanc-ecolieu-vue-du-ciel-300x225.jpg 300w, https:\/\/www.cablanc.com\/wp-content\/uploads\/2020\/02\/Cablanc-ecolieu-vue-du-ciel-768x576.jpg 768w, https:\/\/www.cablanc.com\/wp-content\/uploads\/2020\/02\/Cablanc-ecolieu-vue-du-ciel-81x61.jpg 81w\" sizes=\"(max-width: 1000px) 100vw, 1000px\" \/><\/div><\/div><\/div><\/div><\/section><section class=\"row-equal-height row-content-middle hcode-row-6\"><div class=\"container\"><div class=\"row hcode-row-flex\"><div class=\"wpb_column hcode-column-container lieu-tablet vc_col-sm-6 col-xs-mobile-fullwidth\" data-front-class=\"lieu-tablet col-xs-mobile-fullwidth\"><div class=\"vc-column-innner-wrapper\"><img loading=\"lazy\" decoding=\"async\" width=\"1000\" height=\"750\" src=\"https:\/\/www.cablanc.com\/wp-content\/uploads\/2017\/12\/Cablanc-la-Ferme-16.jpg\" class=\" aligncenter sm-aligncenter xs-aligncenter\" alt=\"\" srcset=\"https:\/\/www.cablanc.com\/wp-content\/uploads\/2017\/12\/Cablanc-la-Ferme-16.jpg 1000w, https:\/\/www.cablanc.com\/wp-content\/uploads\/2017\/12\/Cablanc-la-Ferme-16-300x225.jpg 300w, https:\/\/www.cablanc.com\/wp-content\/uploads\/2017\/12\/Cablanc-la-Ferme-16-768x576.jpg 768w\" sizes=\"(max-width: 1000px) 100vw, 1000px\" \/><\/div><\/div><div class=\"wpb_column hcode-column-container lieu-tablet vc_col-sm-6 col-xs-mobile-fullwidth\" data-front-class=\"lieu-tablet col-xs-mobile-fullwidth\"><div class=\"vc-column-innner-wrapper\"><p>Prenez aussi du temps pour vous, seul, en couple ou en famille, en participant \u00e0 <a href=\"https:\/\/www.cablanc.com\/accueil\/stage\/\" target=\"_blank\" rel=\"noopener noreferrer\"><strong>nos stages et ateliers<\/strong><\/a>, ou en craquant pour une pause gourmande au <a href=\"https:\/\/www.cablanc.com\/accueil\/salon-de-the-bar-a-vin\/\" target=\"_blank\" rel=\"noopener noreferrer\"><strong>salon de th\u00e9 pr\u00e8s de la piscine<\/strong><\/a>.<\/p>\n<p class=\"p1\"><span class=\"s1\">Notre \u00e9colieu<\/span><span class=\"s2\">\u00a0p\u00e9dagogique<\/span><span class=\"s1\">\u00a0sera l\u2019occasion de d\u00e9couvrir<\/span><span class=\"s2\">\u00a0une <strong>oasis de biodiversit\u00e9<\/strong>, la nature omnipr\u00e9sente et les <strong>animaux de la ferme<\/strong>.<\/span><span class=\"s3\">\u00a0L<\/span><span class=\"s1\">es parcours de d\u00e9couvertes (\u00e0 votre disposition \u00e0 l\u2019accueil) initieront petits et grands \u00e0 des <a href=\"https:\/\/www.cablanc.com\/accueil\/ecolieu-tourisme-durable\/\" target=\"_blank\" rel=\"noopener noreferrer\"><strong>gestes \u00e9co\u2019logiques<\/strong><\/a>, simples et plein de bon sens.<\/span><\/p>\n<\/div><\/div><\/div><\/div><\/section><section class=\" vc_custom_1580835304438 hcode-row-7\"><div class=\"container\"><div class=\"row\"><div class=\"wpb_column hcode-column-container no-padding sm-no-padding xs-no-padding no-margin sm-no-margin xs-no-margin vc_col-sm-12 col-xs-mobile-fullwidth\" data-front-class=\"no-padding sm-no-padding xs-no-padding no-margin sm-no-margin xs-no-margin col-xs-mobile-fullwidth\"><div class=\"vc-column-innner-wrapper\">[vc_custom_heading text=\"Sorbets, miel, fruits et confitures\u2026 D\u00e9gustez les productions savoureuses de l\u2019\u00e9colieu\" font_container=\"tag:h2|font_size:30px|text_align:center|color:%23ffffff|line_height:80px\" use_theme_fonts=\"yes\" css=\".vc_custom_1674479713158{background-color: #847f45 !important;}\" el_class=\"whiteh2\"]<\/div><\/div><\/div><\/div><\/section><section class=\" vc_custom_1580750498197 row-equal-height row-content-middle hcode-row-8\"><div class=\"container\"><div class=\"row hcode-row-flex\"><div class=\"wpb_column hcode-column-container lieu-tablet vc_col-sm-6 col-xs-mobile-fullwidth\" data-front-class=\"lieu-tablet col-xs-mobile-fullwidth\"><div class=\"vc-column-innner-wrapper\"><div class=\"hcode-inner-row\"><div class=\"wpb_column hcode-column-container vc_col-sm-12 vc_hidden-lg vc_hidden-md col-xs-mobile-fullwidth\" data-front-class=\"col-xs-mobile-fullwidth\"><div class=\"vc-column-innner-wrapper\"><img loading=\"lazy\" decoding=\"async\" width=\"1000\" height=\"751\" src=\"https:\/\/www.cablanc.com\/wp-content\/uploads\/2020\/02\/cablanc-sorbet-boule-1000px.jpg\" class=\" aligncenter sm-aligncenter xs-aligncenter\" alt=\"Photo d&#039;une personne remplissant un pot de sorbet de Cablanc\" srcset=\"https:\/\/www.cablanc.com\/wp-content\/uploads\/2020\/02\/cablanc-sorbet-boule-1000px.jpg 1000w, https:\/\/www.cablanc.com\/wp-content\/uploads\/2020\/02\/cablanc-sorbet-boule-1000px-300x225.jpg 300w, https:\/\/www.cablanc.com\/wp-content\/uploads\/2020\/02\/cablanc-sorbet-boule-1000px-768x577.jpg 768w\" sizes=\"(max-width: 1000px) 100vw, 1000px\" \/>[vc_empty_space]<\/div><\/div><\/div><p class=\"p1\"><span class=\"s1\">L\u2019\u00e9colieu de Cablanc,<\/span><span class=\"s2\">\u00a0c'est avant tout un espace de vie r\u00e9silient.\u00a0<\/span><span class=\"s1\">Et\u00a0<\/span><span class=\"s3\">c\u2019est aussi une petite <\/span><span class=\"s2\">ferme biologique<\/span><span class=\"s3\">\u00a0o\u00f9 V\u00e9ronique et S\u00e9bastien cultivent de nombreuses vari\u00e9t\u00e9s de\u00a0<\/span><span class=\"s2\">fruits\u00a0<\/span><span class=\"s1\">et de l\u00e9gumes<\/span><span class=\"s3\">\u00a0en respectant les principes de l\u2019<\/span><span class=\"s2\">agro\u00e9cologie<\/span><span class=\"s3\">\u00a0et en testant certaines id\u00e9es de la\u00a0<\/span><span class=\"s2\">permaculture<\/span><span class=\"s3\">.<\/span><\/p>\n<p>Ils r\u00e9coltent chaque ann\u00e9e des <strong>centaines de kilos de fruits<\/strong> du verger (mirabelles, cerises, figues\u2026) et de petits fruits (cassis, m\u00fbres, groseilles\u2026), ainsi que plusieurs vari\u00e9t\u00e9s de <strong>plantes aromatiques<\/strong> qui peuvent entrer dans la composition de leurs<a href=\"https:\/\/www.cablanc.com\/wp-content\/uploads\/2020\/03\/Plaquette-sorbet-web.pdf\" target=\"_blank\" rel=\"noopener noreferrer\"><strong> d\u00e9licieux sorbets<\/strong><\/a>.<\/p>\n<p class=\"p1\"><span class=\"s1\">C'est aussi un espace pr\u00e9serv\u00e9 des pollutions, o\u00f9 l'on r\u00e9colte des plantes sauvages comestibles.<\/span><\/p>\n<\/div><\/div><div class=\"wpb_column hcode-column-container lieu-tablet vc_col-sm-6 vc_hidden-sm vc_hidden-xs col-xs-mobile-fullwidth\" data-front-class=\"lieu-tablet col-xs-mobile-fullwidth\"><div class=\"vc-column-innner-wrapper\"><img loading=\"lazy\" decoding=\"async\" width=\"960\" height=\"720\" src=\"https:\/\/www.cablanc.com\/wp-content\/uploads\/2020\/03\/Cablanc-recolte-groseilles.jpg\" class=\" aligncenter sm-aligncenter xs-aligncenter\" alt=\"photo de groseilles en gros plan\" srcset=\"https:\/\/www.cablanc.com\/wp-content\/uploads\/2020\/03\/Cablanc-recolte-groseilles.jpg 960w, https:\/\/www.cablanc.com\/wp-content\/uploads\/2020\/03\/Cablanc-recolte-groseilles-300x225.jpg 300w, https:\/\/www.cablanc.com\/wp-content\/uploads\/2020\/03\/Cablanc-recolte-groseilles-768x576.jpg 768w, https:\/\/www.cablanc.com\/wp-content\/uploads\/2020\/03\/Cablanc-recolte-groseilles-81x61.jpg 81w\" sizes=\"(max-width: 960px) 100vw, 960px\" \/><\/div><\/div><\/div><\/div><\/section><section class=\"row-equal-height row-content-middle hcode-row-9\"><div class=\"container\"><div class=\"row hcode-row-flex\"><div class=\"wpb_column hcode-column-container lieu-tablet vc_col-sm-6 col-xs-mobile-fullwidth\" data-front-class=\"lieu-tablet col-xs-mobile-fullwidth\"><div class=\"vc-column-innner-wrapper\"><img loading=\"lazy\" decoding=\"async\" width=\"1000\" height=\"750\" src=\"https:\/\/www.cablanc.com\/wp-content\/uploads\/2020\/02\/cablanc-salon-de-the-Bar-a-vin.jpg\" class=\"sm-padding-five-bottom xs-padding-five-bottom aligncenter sm-aligncenter xs-aligncenter\" alt=\"Photo d&#039;un service \u00e0 th\u00e9 en c\u00e9ramique avec une branche de rosier dans un vase et les champs en arri\u00e8re plan\" srcset=\"https:\/\/www.cablanc.com\/wp-content\/uploads\/2020\/02\/cablanc-salon-de-the-Bar-a-vin.jpg 1000w, https:\/\/www.cablanc.com\/wp-content\/uploads\/2020\/02\/cablanc-salon-de-the-Bar-a-vin-300x225.jpg 300w, https:\/\/www.cablanc.com\/wp-content\/uploads\/2020\/02\/cablanc-salon-de-the-Bar-a-vin-768x576.jpg 768w\" sizes=\"(max-width: 1000px) 100vw, 1000px\" \/><\/div><\/div><div class=\"wpb_column hcode-column-container lieu-tablet vc_col-sm-6 col-xs-mobile-fullwidth\" data-front-class=\"lieu-tablet col-xs-mobile-fullwidth\"><div class=\"vc-column-innner-wrapper\"><p>Ces r\u00e9coltes sont \u00e9galement l\u2019occasion de confectionner <strong>confitures, smoothies et tisanes<\/strong> que vous pourrez d\u00e9guster au petit d\u00e9jeuner ou dans<a href=\"https:\/\/www.cablanc.com\/accueil\/salon-de-the-bar-a-vin\/\" target=\"_blank\" rel=\"noopener noreferrer\"> <strong>le salon de th\u00e9<\/strong><\/a>, accompagn\u00e9s du <strong>miel biologique<\/strong> des ruches de l\u2019\u00e9colieu, et de <strong>d\u00e9licieux g\u00e2teaux sans gluten<\/strong> pr\u00e9par\u00e9s tous les jours (et avec amour\u00a0!) par V\u00e9ronique.<\/p>\n<\/div><\/div><\/div><\/div><\/section><section class=\" vc_custom_1580835222197 hcode-row-10\"><div class=\"container\"><div class=\"row\"><div class=\"wpb_column hcode-column-container no-padding sm-no-padding xs-no-padding no-margin sm-no-margin xs-no-margin vc_col-sm-12 col-xs-mobile-fullwidth\" data-front-class=\"no-padding sm-no-padding xs-no-padding no-margin sm-no-margin xs-no-margin col-xs-mobile-fullwidth\"><div class=\"vc-column-innner-wrapper\">[vc_custom_heading text=\"\u00c9vadez-vous au c\u0153ur de la Dordogne entre loisirs, culture et vignobles\" font_container=\"tag:h2|font_size:30px|text_align:center|color:%23ffffff|line_height:80px\" use_theme_fonts=\"yes\" css=\".vc_custom_1674479731986{background-color: #847f45 !important;}\" el_class=\"whiteh2\"]<\/div><\/div><\/div><\/div><\/section><section class=\" vc_custom_1580750479235 row-equal-height row-content-middle hcode-row-11\"><div class=\"container\"><div class=\"row hcode-row-flex\"><div class=\"wpb_column hcode-column-container lieu-tablet vc_col-sm-6 col-xs-mobile-fullwidth\" data-front-class=\"lieu-tablet col-xs-mobile-fullwidth\"><div class=\"vc-column-innner-wrapper\"><div class=\"hcode-inner-row\"><div class=\"wpb_column hcode-column-container vc_col-sm-12 vc_hidden-lg vc_hidden-md col-xs-mobile-fullwidth\" data-front-class=\"col-xs-mobile-fullwidth\"><div class=\"vc-column-innner-wrapper\"><img loading=\"lazy\" decoding=\"async\" width=\"1000\" height=\"750\" src=\"https:\/\/www.cablanc.com\/wp-content\/uploads\/2020\/02\/Planete-cablanc.jpg\" class=\"sm-padding-five-bottom xs-padding-five-bottom aligncenter sm-aligncenter xs-aligncenter\" alt=\"vue sph\u00e9rique fa\u00e7on petite plan\u00e8te du camping de Cablanc\" srcset=\"https:\/\/www.cablanc.com\/wp-content\/uploads\/2020\/02\/Planete-cablanc.jpg 1000w, https:\/\/www.cablanc.com\/wp-content\/uploads\/2020\/02\/Planete-cablanc-300x225.jpg 300w, https:\/\/www.cablanc.com\/wp-content\/uploads\/2020\/02\/Planete-cablanc-768x576.jpg 768w, https:\/\/www.cablanc.com\/wp-content\/uploads\/2020\/02\/Planete-cablanc-81x61.jpg 81w\" sizes=\"(max-width: 1000px) 100vw, 1000px\" \/>[vc_empty_space]<\/div><\/div><\/div><p class=\"p1\"><span class=\"s1\">\u00c0 proximit\u00e9 de\u00a0<\/span><span class=\"s2\">toutes les commodit\u00e9s\u00a0<\/span><span class=\"s1\">(march\u00e9s, magasins, gares etc), l\u2019\u00e9colieu de Cablanc se trouve pr\u00e8s de la <strong>rivi\u00e8re mythique de la\u00a0<\/strong><\/span><strong><span class=\"s2\">Dordogne<\/span><\/strong><span class=\"s1\">\u00a0(p\u00eache, cano\u00eb, paddle\u2026)\u00a0et de ses\u00a0<\/span><span class=\"s2\"><strong>ch\u00e2teaux l\u00e9gendaires<\/strong>\u00a0<\/span><span class=\"s1\">(<\/span><span class=\"s2\">Bridoire<\/span><span class=\"s1\">,\u00a0<\/span><span class=\"s2\">Gageac<\/span><span class=\"s1\">,\u00a0<\/span><span class=\"s2\">Duras, <strong>Monbazillac<\/strong><\/span><span class=\"s1\">\u2026).\u00a0<\/span><\/p>\n<p class=\"p2\"><span class=\"s1\">Sur <strong>la route des vins<\/strong> de\u00a0<\/span><span class=\"s2\">Bergerac ou de Duras<\/span><span class=\"s1\">, vous aurez \u00e9galement l\u2019occasion de d\u00e9couvrir de c\u00e9l\u00e8bres\u00a0<\/span><span class=\"s2\">vignobles comme\u00a0Monbazillac\u00a0<\/span><span class=\"s3\">ou\u00a0<\/span><span class=\"s2\"><strong>Saint Emilion<\/strong>,<\/span><span class=\"s3\">\u00a0et de d\u00e9guster des vins exceptionnels.<\/span><\/p>\n<p class=\"p3\"><span class=\"s1\">Des<strong> visites de vignobles<\/strong> sont possibles \u00e0 Saussignac. Sur RDV, vous aurez l'occasion d'apprendre\u00a0<\/span><span class=\"s4\">par des vignerons passionnants,\u00a0<\/span><span class=\"s1\">la culture de la vigne et aussi\u00a0<\/span><span class=\"s5\">la\u00a0<\/span><span class=\"s6\">vinification<\/span><span class=\"s7\">\u00a0biodynamique<\/span><span class=\"s4\">.<\/span><\/p>\n<p class=\"p5\"><span class=\"s1\">Vous pourrez partir \u00e0 la d\u00e9couverte de\u00a0<strong>jardins remarquables<\/strong>\u00a0ou des <strong>Grottes du P\u00e9rigord<\/strong> noir.\u00a0Notre \u00e9colieu est le point de d\u00e9part id\u00e9al\u00a0pour les visites de\u00a0<\/span><span class=\"s2\">Sarlat<\/span><span class=\"s1\">\u00a0ou des<\/span><span class=\"s2\">\u00a0<strong>grottes de\u00a0Lascaux<\/strong><\/span><span class=\"s1\"><strong>\u00a0<\/strong>ainsi que les\u00a0<\/span><span class=\"s2\">belles bastides d\u2019Eymet ou d\u2019Issigeac<\/span><span class=\"s1\">. Profitez de\u00a0<\/span><span class=\"s2\">balades<\/span><span class=\"s1\">\u00a0dans les vignes et les sous-bois, des multiples <strong>sentiers de\u00a0<\/strong><\/span><strong><span class=\"s2\">randonn\u00e9es<\/span><\/strong><span class=\"s1\"> sur les coteaux de\u00a0<\/span><span class=\"s2\">Saussignac<\/span><span class=\"s1\">.<\/span><\/p>\n<p style=\"text-align: right; font-size: 12px !important;\">cr\u00e9dit photo : DR<\/p>\n<\/div><\/div><div class=\"wpb_column hcode-column-container lieu-tablet vc_col-sm-6 vc_hidden-sm vc_hidden-xs col-xs-mobile-fullwidth\" data-front-class=\"lieu-tablet col-xs-mobile-fullwidth\"><div class=\"vc-column-innner-wrapper\"><img loading=\"lazy\" decoding=\"async\" width=\"678\" height=\"509\" src=\"https:\/\/www.cablanc.com\/wp-content\/uploads\/2020\/03\/Cablanc-chateau-bridoire.jpg\" class=\" aligncenter sm-aligncenter xs-aligncenter\" alt=\"photo a\u00e9rienne du ch\u00e2teau de Bridoire\" srcset=\"https:\/\/www.cablanc.com\/wp-content\/uploads\/2020\/03\/Cablanc-chateau-bridoire.jpg 678w, https:\/\/www.cablanc.com\/wp-content\/uploads\/2020\/03\/Cablanc-chateau-bridoire-300x225.jpg 300w, https:\/\/www.cablanc.com\/wp-content\/uploads\/2020\/03\/Cablanc-chateau-bridoire-81x61.jpg 81w\" sizes=\"(max-width: 678px) 100vw, 678px\" \/><\/div><\/div><\/div><\/div><\/section><section class=\"row-equal-height row-content-middle hcode-row-12\"><div class=\"container\"><div class=\"row hcode-row-flex\"><div class=\"wpb_column hcode-column-container lieu-tablet vc_col-sm-6 col-xs-mobile-fullwidth\" data-front-class=\"lieu-tablet col-xs-mobile-fullwidth\"><div class=\"vc-column-innner-wrapper\"><img loading=\"lazy\" decoding=\"async\" width=\"758\" height=\"569\" src=\"https:\/\/www.cablanc.com\/wp-content\/uploads\/2020\/03\/Cablanc-village-des-pruniers.jpg\" class=\"sm-padding-five-bottom xs-padding-five-bottom aligncenter sm-aligncenter xs-aligncenter\" alt=\"photos des bouddhas de pierre du Village des Pruniers\" srcset=\"https:\/\/www.cablanc.com\/wp-content\/uploads\/2020\/03\/Cablanc-village-des-pruniers.jpg 758w, https:\/\/www.cablanc.com\/wp-content\/uploads\/2020\/03\/Cablanc-village-des-pruniers-300x225.jpg 300w, https:\/\/www.cablanc.com\/wp-content\/uploads\/2020\/03\/Cablanc-village-des-pruniers-81x61.jpg 81w\" sizes=\"(max-width: 758px) 100vw, 758px\" \/><\/div><\/div><div class=\"wpb_column hcode-column-container lieu-tablet vc_col-sm-6 col-xs-mobile-fullwidth\" data-front-class=\"lieu-tablet col-xs-mobile-fullwidth\"><div class=\"vc-column-innner-wrapper\"><p class=\"p1\"><span class=\"s1\">Pour ceux qui aiment <strong>la m\u00e9diation et\u00a0la spiritualit\u00e9<\/strong>, vous pourrez, le temps d'une journ\u00e9e de Pleine Conscience, d\u00e9couvrir le <strong>Village des Pruniers<\/strong>, nos amis et voisins bouddhistes. Vous pouvez aussi loger \u00e0 Cablanc si vous faites une retraite chez eux.\u00a0<\/span><\/p>\n<p class=\"p1\"><span class=\"s1\">A 2 km, d\u00e9couvrez la tr\u00e8s belle<strong> \u00e9glise fresqu\u00e9e de Sainte Croix<\/strong>, notre paroisse orthodoxe.<\/span><\/p>\n<p class=\"p1\"><span class=\"s1\">Nous vous conseillons sur les\u00a0<\/span><strong><span class=\"s2\">sites touristiques<\/span><\/strong><span class=\"s1\">\u00a0et les <strong>bons restaurants<\/strong> du\u00a0<\/span><span class=\"s2\">P\u00e9rigord<\/span><span class=\"s1\">\u00a0que vous pouvez retrouver dans notre\u00a0<\/span><a href=\"https:\/\/www.cablanc.com\/wp-content\/uploads\/2020\/03\/Livret-Cablanc.pdf\" target=\"_blank\" rel=\"noopener noreferrer\"><strong><span class=\"s2\">Guide des Alentours<\/span><\/strong><\/a><span class=\"s1\">. De tr\u00e8s bonnes adresses \u00e0 proximit\u00e9, pour tous les go\u00fbts et tous les budgets !<\/span><\/p>\n<p class=\"p3\"><span class=\"s1\">La Dordogne est une terre d'histoires, de saveurs et de culture, vous n'aurez pas assez de vos vacances pour d\u00e9couvrir toutes ses merveilles !<\/span><\/p>\n<p style=\"text-align: right; font-size: 12px !important;\">cr\u00e9dit photo : DR<\/p>\n<\/div><\/div><\/div><\/div><\/section><section class=\"hcode-row-13\"><div class=\"container\"><div class=\"row\"><div class=\"wpb_column hcode-column-container vc_col-sm-12 col-xs-mobile-fullwidth\" data-front-class=\"col-xs-mobile-fullwidth\"><div class=\"vc-column-innner-wrapper\">[vc_empty_space height=\"60px\"]<p style=\"text-align: center;\"><strong>Une d\u00e9connexion totale pour des vacances diff\u00e9rentes.<\/strong><\/p>\n<p style=\"text-align: center;\">\u00a0Il y a tout pour \u00eatre heureux \u00e0 Cablanc !<\/p>\n[vc_empty_space]<\/div><\/div><\/div><\/div><\/section><section class=\"row-equal-height row-content-middle hcode-row-14\"><div class=\"container\"><div class=\"row hcode-row-flex\"><div class=\"wpb_column hcode-column-container text-center sm-text-center xs-text-center vc_col-sm-12 col-xs-mobile-fullwidth\" data-front-class=\"text-center sm-text-center xs-text-center col-xs-mobile-fullwidth\"><div class=\"vc-column-innner-wrapper\">[vc_gallery type=\"image_grid\" images=\"323,324,325,326,327,328,329,330,331,332,333,334,335,336,337,338,339,340,341,342,343,344,345,346,347,348,349,350\"][vc_empty_space]<img loading=\"lazy\" decoding=\"async\" width=\"130\" height=\"110\" src=\"https:\/\/www.cablanc.com\/wp-content\/uploads\/2020\/02\/LOGO-Cablanc-2020.png\" class=\" aligncenter sm-aligncenter xs-aligncenter\" alt=\"logo de Cablanc\" srcset=\"https:\/\/www.cablanc.com\/wp-content\/uploads\/2020\/02\/LOGO-Cablanc-2020.png 130w, https:\/\/www.cablanc.com\/wp-content\/uploads\/2020\/02\/LOGO-Cablanc-2020-81x69.png 81w\" sizes=\"(max-width: 130px) 100vw, 130px\" \/><\/div><\/div><\/div><\/div><\/section>","protected":false},"excerpt":{"rendered":"<p>[vc_empty_space height=\u00a0\u00bb20px\u00a0\u00bb css=\u00a0\u00bb.vc_custom_1493901719403{background-color: #a4ab5e !important;}\u00a0\u00bb] [vc_empty_space height=\u00a0\u00bb8px\u00a0\u00bb]- ENTRACTE \u00c0 CABLANC &#8211; Cette saison, Cablanc sera en pause, nous ne prenons pas de r\u00e9servation. Des Vacances idylliques\u00a0au c\u0153ur de la Dordogne &nbsp; Laissez-vous tenter par des vacances 100% authentiques dans notre belle ferme \u00e9cologique [vc_custom_heading text=\u00a0\u00bbD\u00e9couvrez les vacances \u00e9cologiques, authentiques et tout confort au c\u0153ur de [&hellip;]<\/p>\n","protected":false},"author":4,"featured_media":0,"parent":0,"menu_order":0,"comment_status":"closed","ping_status":"closed","template":"","meta":{"footnotes":""},"yoast_head":"<!-- This site is optimized with the Yoast SEO plugin v22.7 - https:\/\/yoast.com\/wordpress\/plugins\/seo\/ -->\n<title>Cablanc, un camping \u00e9cologique au coeur de la Dordogne<\/title>\n<meta name=\"description\" content=\"D\u00e9couvrez l&#039;\u00e9colieu de Cablanc, une ferme \u00e9cologique et un camping authentique tout confort au coeur de la nature et des vignobles du P\u00e9rigord Pourpre.\" \/>\n<meta name=\"robots\" content=\"index, follow, max-snippet:-1, max-image-preview:large, max-video-preview:-1\" \/>\n<link rel=\"canonical\" href=\"https:\/\/www.cablanc.com\/accueil\/camping-ecologique-dordogne\/\" \/>\n<meta property=\"og:locale\" content=\"fr_FR\" \/>\n<meta property=\"og:type\" content=\"article\" \/>\n<meta property=\"og:title\" content=\"Cablanc, un camping \u00e9cologique au coeur de la Dordogne\" \/>\n<meta property=\"og:description\" content=\"D\u00e9couvrez l&#039;\u00e9colieu de Cablanc, une ferme \u00e9cologique et un camping authentique tout confort au coeur de la nature et des vignobles du P\u00e9rigord Pourpre.\" \/>\n<meta property=\"og:url\" content=\"https:\/\/www.cablanc.com\/accueil\/camping-ecologique-dordogne\/\" \/>\n<meta property=\"og:site_name\" content=\"Cablanc - Les vacances authentiques en Dordogne\" \/>\n<meta property=\"article:modified_time\" content=\"2025-03-08T16:59:16+00:00\" \/>\n<meta name=\"twitter:card\" content=\"summary_large_image\" \/>\n<meta name=\"twitter:label1\" content=\"Dur\u00e9e de lecture estim\u00e9e\" \/>\n\t<meta name=\"twitter:data1\" content=\"13 minutes\" \/>\n<script type=\"application\/ld+json\" class=\"yoast-schema-graph\">{\"@context\":\"https:\/\/schema.org\",\"@graph\":[{\"@type\":\"WebPage\",\"@id\":\"https:\/\/www.cablanc.com\/accueil\/camping-ecologique-dordogne\/\",\"url\":\"https:\/\/www.cablanc.com\/accueil\/camping-ecologique-dordogne\/\",\"name\":\"Cablanc, un camping \u00e9cologique au coeur de la Dordogne\",\"isPartOf\":{\"@id\":\"https:\/\/www.cablanc.com\/accueil\/#website\"},\"datePublished\":\"2020-02-03T09:04:34+00:00\",\"dateModified\":\"2025-03-08T16:59:16+00:00\",\"description\":\"D\u00e9couvrez l'\u00e9colieu de Cablanc, une ferme \u00e9cologique et un camping authentique tout confort au coeur de la nature et des vignobles du P\u00e9rigord Pourpre.\",\"breadcrumb\":{\"@id\":\"https:\/\/www.cablanc.com\/accueil\/camping-ecologique-dordogne\/#breadcrumb\"},\"inLanguage\":\"fr-FR\",\"potentialAction\":[{\"@type\":\"ReadAction\",\"target\":[\"https:\/\/www.cablanc.com\/accueil\/camping-ecologique-dordogne\/\"]}]},{\"@type\":\"BreadcrumbList\",\"@id\":\"https:\/\/www.cablanc.com\/accueil\/camping-ecologique-dordogne\/#breadcrumb\",\"itemListElement\":[{\"@type\":\"ListItem\",\"position\":1,\"name\":\"Accueil\",\"item\":\"https:\/\/www.cablanc.com\/accueil\/\"},{\"@type\":\"ListItem\",\"position\":2,\"name\":\"Cablanc, un camping \u00e9cologique au coeur de la Dordogne\"}]},{\"@type\":\"WebSite\",\"@id\":\"https:\/\/www.cablanc.com\/accueil\/#website\",\"url\":\"https:\/\/www.cablanc.com\/accueil\/\",\"name\":\"Cablanc - Les vacances authentiques en Dordogne\",\"description\":\"\",\"potentialAction\":[{\"@type\":\"SearchAction\",\"target\":{\"@type\":\"EntryPoint\",\"urlTemplate\":\"https:\/\/www.cablanc.com\/accueil\/?s={search_term_string}\"},\"query-input\":\"required name=search_term_string\"}],\"inLanguage\":\"fr-FR\"}]}<\/script>\n<!-- \/ Yoast SEO plugin. -->","yoast_head_json":{"title":"Cablanc, un camping \u00e9cologique au coeur de la Dordogne","description":"D\u00e9couvrez l'\u00e9colieu de Cablanc, une ferme \u00e9cologique et un camping authentique tout confort au coeur de la nature et des vignobles du P\u00e9rigord Pourpre.","robots":{"index":"index","follow":"follow","max-snippet":"max-snippet:-1","max-image-preview":"max-image-preview:large","max-video-preview":"max-video-preview:-1"},"canonical":"https:\/\/www.cablanc.com\/accueil\/camping-ecologique-dordogne\/","og_locale":"fr_FR","og_type":"article","og_title":"Cablanc, un camping \u00e9cologique au coeur de la Dordogne","og_description":"D\u00e9couvrez l'\u00e9colieu de Cablanc, une ferme \u00e9cologique et un camping authentique tout confort au coeur de la nature et des vignobles du P\u00e9rigord Pourpre.","og_url":"https:\/\/www.cablanc.com\/accueil\/camping-ecologique-dordogne\/","og_site_name":"Cablanc - Les vacances authentiques en Dordogne","article_modified_time":"2025-03-08T16:59:16+00:00","twitter_card":"summary_large_image","twitter_misc":{"Dur\u00e9e de lecture estim\u00e9e":"13 minutes"},"schema":{"@context":"https:\/\/schema.org","@graph":[{"@type":"WebPage","@id":"https:\/\/www.cablanc.com\/accueil\/camping-ecologique-dordogne\/","url":"https:\/\/www.cablanc.com\/accueil\/camping-ecologique-dordogne\/","name":"Cablanc, un camping \u00e9cologique au coeur de la Dordogne","isPartOf":{"@id":"https:\/\/www.cablanc.com\/accueil\/#website"},"datePublished":"2020-02-03T09:04:34+00:00","dateModified":"2025-03-08T16:59:16+00:00","description":"D\u00e9couvrez l'\u00e9colieu de Cablanc, une ferme \u00e9cologique et un camping authentique tout confort au coeur de la nature et des vignobles du P\u00e9rigord Pourpre.","breadcrumb":{"@id":"https:\/\/www.cablanc.com\/accueil\/camping-ecologique-dordogne\/#breadcrumb"},"inLanguage":"fr-FR","potentialAction":[{"@type":"ReadAction","target":["https:\/\/www.cablanc.com\/accueil\/camping-ecologique-dordogne\/"]}]},{"@type":"BreadcrumbList","@id":"https:\/\/www.cablanc.com\/accueil\/camping-ecologique-dordogne\/#breadcrumb","itemListElement":[{"@type":"ListItem","position":1,"name":"Accueil","item":"https:\/\/www.cablanc.com\/accueil\/"},{"@type":"ListItem","position":2,"name":"Cablanc, un camping \u00e9cologique au coeur de la Dordogne"}]},{"@type":"WebSite","@id":"https:\/\/www.cablanc.com\/accueil\/#website","url":"https:\/\/www.cablanc.com\/accueil\/","name":"Cablanc - Les vacances authentiques en Dordogne","description":"","potentialAction":[{"@type":"SearchAction","target":{"@type":"EntryPoint","urlTemplate":"https:\/\/www.cablanc.com\/accueil\/?s={search_term_string}"},"query-input":"required name=search_term_string"}],"inLanguage":"fr-FR"}]}},"_links":{"self":[{"href":"https:\/\/www.cablanc.com\/accueil\/wp-json\/wp\/v2\/pages\/792"}],"collection":[{"href":"https:\/\/www.cablanc.com\/accueil\/wp-json\/wp\/v2\/pages"}],"about":[{"href":"https:\/\/www.cablanc.com\/accueil\/wp-json\/wp\/v2\/types\/page"}],"author":[{"embeddable":true,"href":"https:\/\/www.cablanc.com\/accueil\/wp-json\/wp\/v2\/users\/4"}],"replies":[{"embeddable":true,"href":"https:\/\/www.cablanc.com\/accueil\/wp-json\/wp\/v2\/comments?post=792"}],"version-history":[{"count":2,"href":"https:\/\/www.cablanc.com\/accueil\/wp-json\/wp\/v2\/pages\/792\/revisions"}],"predecessor-version":[{"id":2309,"href":"https:\/\/www.cablanc.com\/accueil\/wp-json\/wp\/v2\/pages\/792\/revisions\/2309"}],"wp:attachment":[{"href":"https:\/\/www.cablanc.com\/accueil\/wp-json\/wp\/v2\/media?parent=792"}],"curies":[{"name":"wp","href":"https:\/\/api.w.org\/{rel}","templated":true}]}}