{"id":793,"date":"2020-02-03T10:04:39","date_gmt":"2020-02-03T09:04:39","guid":{"rendered":"https:\/\/www.cablanc.com\/accueil\/?page_id=793"},"modified":"2025-03-08T18:02:10","modified_gmt":"2025-03-08T17:02:10","slug":"ecolieu-tourisme-durable","status":"publish","type":"page","link":"https:\/\/www.cablanc.com\/accueil\/ecolieu-tourisme-durable\/","title":{"rendered":"Engagements \u00e9thiques et durables de l&rsquo;\u00e9colieu de Cablanc"},"content":{"rendered":"<section  class=\"hcode-row-1 no-padding sm-no-padding xs-no-padding bg-image-srcset cover-background\" style=\"background-image: url(https:\/\/www.cablanc.com\/wp-content\/uploads\/2020\/02\/cablanc-ecolieu-engagements.jpg);\" data-bg-srcset=\"https:\/\/www.cablanc.com\/wp-content\/uploads\/2020\/02\/cablanc-ecolieu-engagements.jpg 2000w, https:\/\/www.cablanc.com\/wp-content\/uploads\/2020\/02\/cablanc-ecolieu-engagements-300x58.jpg 300w, https:\/\/www.cablanc.com\/wp-content\/uploads\/2020\/02\/cablanc-ecolieu-engagements-1024x198.jpg 1024w, https:\/\/www.cablanc.com\/wp-content\/uploads\/2020\/02\/cablanc-ecolieu-engagements-768x148.jpg 768w, https:\/\/www.cablanc.com\/wp-content\/uploads\/2020\/02\/cablanc-ecolieu-engagements-1536x296.jpg 1536w\"><div class=\"wpb_column hcode-column-container no-padding sm-no-padding xs-no-padding no-margin sm-no-margin xs-no-margin vc_col-sm-12 col-xs-mobile-fullwidth\" data-front-class=\"no-padding sm-no-padding xs-no-padding no-margin sm-no-margin xs-no-margin col-xs-mobile-fullwidth\"><div class=\"vc-column-innner-wrapper\"><\/div><\/div><\/section><section class=\"no-padding sm-no-padding xs-no-padding\"><div class=\"wpb_column hcode-column-container no-padding sm-no-padding xs-no-padding no-margin sm-no-margin xs-no-margin vc_col-sm-12 col-xs-mobile-fullwidth\" data-front-class=\"no-padding sm-no-padding xs-no-padding no-margin sm-no-margin xs-no-margin col-xs-mobile-fullwidth\"><div class=\"vc-column-innner-wrapper\">[vc_empty_space height=\"20px\" css=\".vc_custom_1493901719403{background-color: #a4ab5e !important;}\"]<\/div><\/div><\/section><section class=\"no-padding sm-no-padding xs-no-padding no-margin sm-no-margin xs-no-margin\"><div class=\"container\"><div class=\"row\"><div class=\"wpb_column hcode-column-container vc_col-sm-11 vc_col-xs-10\"><div class=\"vc-column-innner-wrapper\"><div class=\"trad\"><p><code><div id=\"flags\" class=\"size18\"><ul id=\"sortable\" class=\"ui-sortable\" style=\"float:left\"><li id=\"Dutch\"><a href=\"#\" title=\"Dutch\" class=\"nturl notranslate nl flag Dutch\"><\/a><\/li><li id=\"English\"><a href=\"#\" title=\"English\" class=\"nturl notranslate en flag English\"><\/a><\/li><li id=\"Spanish\"><a href=\"#\" title=\"Spanish\" class=\"nturl notranslate es flag Spanish\"><\/a><\/li><li id=\"French\"><a href=\"#\" title=\"French\" class=\"nturl notranslate fr flag French\"><\/a><\/li><\/ul><\/div><div id=\"google_language_translator\" class=\"default-language-fr\"><\/div><\/code><\/p>\n<\/div><\/div><\/div><div class=\"wpb_column hcode-column-container vc_col-sm-1 vc_col-xs-2\"><div class=\"vc-column-innner-wrapper\">[vc_empty_space height=\"8px\"]<img loading=\"lazy\" decoding=\"async\" width=\"16\" height=\"13\" src=\"https:\/\/www.cablanc.com\/wp-content\/uploads\/2017\/05\/600px-Gay_flag.jpg\" class=\"\" alt=\"drapeau gay friendly\" \/><\/div><\/div><\/div><\/div><\/section><section class=\" vc_custom_1741422235246 row-equal-height row-content-bottom hcode-row-2\"><div class=\"container\"><div class=\"row hcode-row-flex\"><div class=\"wpb_column hcode-column-container  vc_custom_1682663126587 text-center padding-three vc_col-sm-12 col-xs-mobile-fullwidth\" data-front-class=\" vc_custom_1682663126587 text-center padding-three col-xs-mobile-fullwidth\"><div class=\"vc-column-innner-wrapper\"><div class=\"white\"><p style=\"text-align: center;\"><strong>- ENTRACTE \u00c0 CABLANC -<\/strong><\/p>\n<p style=\"text-align: center;\"><b>Cette saison, Cablanc sera en pause, nous ne prenons pas de r\u00e9servation.<\/b><\/p>\n<\/div><\/div><\/div><\/div><\/div><\/section><section class=\"hcode-row-3\"><div class=\"container\"><div class=\"row\"><div class=\"wpb_column hcode-column-container vc_col-sm-12 col-xs-mobile-fullwidth\" data-front-class=\"col-xs-mobile-fullwidth\"><div class=\"vc-column-innner-wrapper\"><div class=\"intro\"><h1 style=\"text-align: center;\">Eco-tourisme en Dordogne pour un mode de vie au quotidien<\/h1>\n<p>&nbsp;<\/p>\n<p style=\"text-align: center;\">L\u2019\u00e9colieu de Cablanc, un lieu de d\u00e9couvertes<br \/>\nautour du monde paysan et de l\u2019\u00e9co-construction<\/p>\n<\/div>[vc_empty_space]<p style=\"text-align: center; font-size: 20px;\">Quelques jours pour adopter de nouvelles pratiques et vous reconnecter vraiment \u00e0 la nature.<\/p>\n<\/div><\/div><\/div><\/div><\/section><section class=\" vc_custom_1580835779170 hcode-row-4\"><div class=\"wpb_column hcode-column-container no-padding sm-no-padding xs-no-padding no-margin sm-no-margin xs-no-margin vc_col-sm-12 col-xs-mobile-fullwidth\" data-front-class=\"no-padding sm-no-padding xs-no-padding no-margin sm-no-margin xs-no-margin col-xs-mobile-fullwidth\"><div class=\"vc-column-innner-wrapper\">[vc_custom_heading text=\"Un camping \u00e9cologique 100% authentique et nature en P\u00e9rigord Pourpre\" font_container=\"tag:h2|font_size:30px|text_align:center|color:%23ffffff|line_height:80px\" use_theme_fonts=\"yes\" css=\".vc_custom_1674479446365{background-color: #847f45 !important;}\" el_class=\"whiteh2\"]<\/div><\/div><\/section><section class=\"row-equal-height row-content-middle hcode-row-5\"><div class=\"container\"><div class=\"row hcode-row-flex\"><div class=\"wpb_column hcode-column-container lieu-tablet vc_col-sm-6 col-xs-mobile-fullwidth\" data-front-class=\"lieu-tablet col-xs-mobile-fullwidth\"><div class=\"vc-column-innner-wrapper\"><div class=\"hcode-inner-row\"><div class=\"wpb_column hcode-column-container vc_col-sm-12 vc_hidden-lg vc_hidden-md col-xs-mobile-fullwidth\" data-front-class=\"col-xs-mobile-fullwidth\"><div class=\"vc-column-innner-wrapper\"><img loading=\"lazy\" decoding=\"async\" width=\"565\" height=\"350\" src=\"https:\/\/www.cablanc.com\/wp-content\/uploads\/2020\/02\/Cablanc-ecolieu-vue-du-ciel-2-350.jpg\" class=\" aligncenter sm-aligncenter xs-aligncenter\" alt=\"Vue du ciel de l&#039;\u00e9colieu et du camping de Cablanc\" srcset=\"https:\/\/www.cablanc.com\/wp-content\/uploads\/2020\/02\/Cablanc-ecolieu-vue-du-ciel-2-350.jpg 565w, https:\/\/www.cablanc.com\/wp-content\/uploads\/2020\/02\/Cablanc-ecolieu-vue-du-ciel-2-350-300x186.jpg 300w, https:\/\/www.cablanc.com\/wp-content\/uploads\/2020\/02\/Cablanc-ecolieu-vue-du-ciel-2-350-133x83.jpg 133w, https:\/\/www.cablanc.com\/wp-content\/uploads\/2020\/02\/Cablanc-ecolieu-vue-du-ciel-2-350-81x50.jpg 81w\" sizes=\"(max-width: 565px) 100vw, 565px\" \/>[vc_empty_space]<\/div><\/div><\/div><p>Cablanc est une\u00a0petite <strong>ferme biologique\u00a0<\/strong>qui respecte les fondements de l\u2019<strong>agro\u00e9cologie\u00a0<\/strong>et le design de la\u00a0<strong>permaculture<\/strong>.<\/p>\n<p><strong>Tourisme responsable<\/strong>\u00a0et\u00a0<strong>d\u00e9veloppement durable<\/strong> sont ici une r\u00e9alit\u00e9, o\u00f9 l'harmonie entre la nature et l\u2019humain est constamment recherch\u00e9e. Notre\u00a0impact est positif au quotidien, au travers de nos actions et ce gr\u00e2ce \u00e0 une utilisation intelligente des ressources locales. <strong><a href=\"https:\/\/www.colibris-lemouvement.org\/\" target=\"_blank\" rel=\"noopener noreferrer\">Nous sommes tous et toutes des colibris.<\/a><\/strong><br \/>\nChacun-e d\u2019entre nous peut faire de petits changements chaque jour et sensibiliser ainsi les gens qui nous entourent.\u00a0Nos habitudes de consommation, d\u2019\u00e9nergie, de divertissements... influencent\u00a0le monde. Tout est re-li\u00e9.<br \/>\n<strong>Notre souhait<\/strong>\u00a0?\u00a0Accueillir des personnes\u00a0en qu\u00eate d\u2019une <strong>vie plus saine\u00a0et plus consciente<\/strong> et qui veulent vivre des\u00a0<strong>vacances authentiques<\/strong>\u00a0et ressour\u00e7antes au c\u0153ur d\u2019un \u00e9colieu.<\/p>\n<\/div><\/div><div class=\"wpb_column hcode-column-container lieu-tablet vc_col-sm-6 vc_hidden-sm vc_hidden-xs col-xs-mobile-fullwidth\" data-front-class=\"lieu-tablet col-xs-mobile-fullwidth\"><div class=\"vc-column-innner-wrapper\"><img loading=\"lazy\" decoding=\"async\" width=\"565\" height=\"350\" src=\"https:\/\/www.cablanc.com\/wp-content\/uploads\/2020\/02\/Cablanc-ecolieu-vue-du-ciel-2-350.jpg\" class=\" aligncenter sm-aligncenter xs-aligncenter\" alt=\"Vue du ciel de l&#039;\u00e9colieu et du camping de Cablanc\" srcset=\"https:\/\/www.cablanc.com\/wp-content\/uploads\/2020\/02\/Cablanc-ecolieu-vue-du-ciel-2-350.jpg 565w, https:\/\/www.cablanc.com\/wp-content\/uploads\/2020\/02\/Cablanc-ecolieu-vue-du-ciel-2-350-300x186.jpg 300w, https:\/\/www.cablanc.com\/wp-content\/uploads\/2020\/02\/Cablanc-ecolieu-vue-du-ciel-2-350-133x83.jpg 133w, https:\/\/www.cablanc.com\/wp-content\/uploads\/2020\/02\/Cablanc-ecolieu-vue-du-ciel-2-350-81x50.jpg 81w\" sizes=\"(max-width: 565px) 100vw, 565px\" \/><\/div><\/div><\/div><\/div><\/section><section class=\"row-equal-height row-content-middle hcode-row-6\"><div class=\"container\"><div class=\"row hcode-row-flex\"><div class=\"wpb_column hcode-column-container lieu-tablet vc_col-sm-6 col-xs-mobile-fullwidth\" data-front-class=\"lieu-tablet col-xs-mobile-fullwidth\"><div class=\"vc-column-innner-wrapper\"><img loading=\"lazy\" decoding=\"async\" width=\"565\" height=\"350\" src=\"https:\/\/www.cablanc.com\/wp-content\/uploads\/2020\/02\/Cablanc-veronique-sebastien.jpg\" class=\"sm-padding-five-bottom xs-padding-five-bottom aligncenter sm-aligncenter xs-aligncenter\" alt=\"Photo de V\u00e9ronique et S\u00e9bastien, les propri\u00e9taires de Cablanc\" srcset=\"https:\/\/www.cablanc.com\/wp-content\/uploads\/2020\/02\/Cablanc-veronique-sebastien.jpg 565w, https:\/\/www.cablanc.com\/wp-content\/uploads\/2020\/02\/Cablanc-veronique-sebastien-300x186.jpg 300w, https:\/\/www.cablanc.com\/wp-content\/uploads\/2020\/02\/Cablanc-veronique-sebastien-133x83.jpg 133w, https:\/\/www.cablanc.com\/wp-content\/uploads\/2020\/02\/Cablanc-veronique-sebastien-81x50.jpg 81w\" sizes=\"(max-width: 565px) 100vw, 565px\" \/><\/div><\/div><div class=\"wpb_column hcode-column-container lieu-tablet vc_col-sm-6 col-xs-mobile-fullwidth\" data-front-class=\"lieu-tablet col-xs-mobile-fullwidth\"><div class=\"vc-column-innner-wrapper\"><p class=\"p1\"><span class=\"s1\">Difficile de se d\u00e9finir en quelques mots !<\/span><\/p>\n<p class=\"p2\"><span class=\"s2\">S\u00e9bastien est\u00a0<\/span><span class=\"s3\">charpentier<\/span><span class=\"s2\">, il a construit et restaur\u00e9 beaucoup de choses de ses mains ici. Apr\u00e8s un Master en A<\/span><span class=\"s1\">nthropologie obtenu en Belgique, il a d\u00e9couvert et s'est passionn\u00e9 pour l'\u00e9co-construction. En arrivant \u00e0 Cablanc, il s'est form\u00e9 au monde paysan avec un CCTAR et un Certificat en Permaculture obtenus en 2006.<\/span><span class=\"s4\">\u00a0\u00a0<\/span><span class=\"s5\"><b>\u00a0<\/b><\/span><\/p>\n<p class=\"p1\"><span class=\"s1\">V\u00e9ronique, form\u00e9e aux Beaux-Arts et au Design \u00e0 Bruxelles,\u00a0<\/span><span class=\"s6\">art-th\u00e9rapeute puis coordinatrice de chantiers \u00e9cologiques, a trouv\u00e9 \u00e0 Cablanc l'endroit r\u00eav\u00e9 pour exprimer sa cr\u00e9ativit\u00e9<\/span><span class=\"s1\">. Engag\u00e9e dans de nombreuses associations eco-citoyennes, elle s'est form\u00e9e \u00e0 l'agriculture biologique.<\/span><\/p>\n<p class=\"p8\"><span class=\"s1\">Un livre pour enfants est actuellement en cr\u00e9ation.<\/span><\/p>\n<p class=\"p1\"><span class=\"s1\">La famille est compos\u00e9e de leurs 5 enfants qui participent \u00e0 la vie de\u00a0<\/span><span class=\"s6\">l\u2019\u00e9colieu<\/span><span class=\"s7\"><b>,<\/b><\/span><span class=\"s1\"> chacun.e \u00e0 leur mani\u00e8re.<\/span><\/p>\n<p class=\"p8\"><span class=\"s8\">Nous mettons tout en oeuvre pour<strong> vous\u00a0<\/strong><\/span><strong><span class=\"s9\">accueillir chaleureusement<\/span><\/strong><span class=\"s10\">\u00a0<\/span><span class=\"s8\">et <strong>vous r\u00e9galer avec nos\u00a0<\/strong><\/span><strong><span class=\"s1\">d\u00e9licieux g\u00e2teaux et sorbets \"made in Cablanc\".\u00a0<\/span><\/strong><\/p>\n<\/div><\/div><\/div><\/div><\/section><section class=\" vc_custom_1581332542248\"><div class=\"container\"><div class=\"row\"><div class=\"wpb_column hcode-column-container  vc_custom_1581332455739 no-padding sm-no-padding xs-no-padding no-margin sm-no-margin xs-no-margin vc_col-sm-12 col-xs-mobile-fullwidth\" data-front-class=\" vc_custom_1581332455739 no-padding sm-no-padding xs-no-padding no-margin sm-no-margin xs-no-margin col-xs-mobile-fullwidth\"><div class=\"vc-column-innner-wrapper\">[vc_custom_heading text=\"L\u2019\u00e9colieu de Cablanc s\u2019engage pour la Terre (label bio, z\u00e9ro d\u00e9chets\u2026)\" font_container=\"tag:h2|font_size:30px|text_align:center|color:%23ffffff|line_height:80px\" use_theme_fonts=\"yes\" css=\".vc_custom_1674479465918{background-color: #847f45 !important;}\" el_class=\"whiteh2\"]<\/div><\/div><\/div><\/div><\/section><section class=\" vc_custom_1581332398659 row-equal-height row-content-middle hcode-row-7\"><div class=\"container\"><div class=\"row hcode-row-flex\"><div class=\"wpb_column hcode-column-container lieu-tablet vc_col-sm-6 col-xs-mobile-fullwidth\" data-front-class=\"lieu-tablet col-xs-mobile-fullwidth\"><div class=\"vc-column-innner-wrapper\"><div class=\"hcode-inner-row\"><div class=\"wpb_column hcode-column-container vc_col-sm-12 vc_hidden-lg vc_hidden-md col-xs-mobile-fullwidth\" data-front-class=\"col-xs-mobile-fullwidth\"><div class=\"vc-column-innner-wrapper\"><img loading=\"lazy\" decoding=\"async\" width=\"565\" height=\"350\" src=\"https:\/\/www.cablanc.com\/wp-content\/uploads\/2020\/02\/Cablanc-monde-paysan.jpg\" class=\" aligncenter sm-aligncenter xs-aligncenter\" alt=\"photo d&#039;un tracteur pr\u00e8s d&#039;une grange avec les chevaux de Cablanc et les champs et bois en arri\u00e8re plan\" srcset=\"https:\/\/www.cablanc.com\/wp-content\/uploads\/2020\/02\/Cablanc-monde-paysan.jpg 565w, https:\/\/www.cablanc.com\/wp-content\/uploads\/2020\/02\/Cablanc-monde-paysan-300x186.jpg 300w, https:\/\/www.cablanc.com\/wp-content\/uploads\/2020\/02\/Cablanc-monde-paysan-133x83.jpg 133w, https:\/\/www.cablanc.com\/wp-content\/uploads\/2020\/02\/Cablanc-monde-paysan-81x50.jpg 81w\" sizes=\"(max-width: 565px) 100vw, 565px\" \/>[vc_empty_space]<\/div><\/div><\/div><p class=\"p1\"><span class=\"s1\">Nous avons toujours \u00e9t\u00e9 int\u00e9ress\u00e9s par les <strong>enjeux environnementaux<\/strong> et passionn\u00e9s par le <strong>monde paysan<\/strong> et le retour \u00e0 la terre<\/span><span class=\"s2\">.<\/span><\/p>\n<p class=\"p3\"><span class=\"s1\">L\u2019esprit de l\u2019\u00e9colieu est de vous encourager -si ce n'est d\u00e9j\u00e0 fait!- lors de votre s\u00e9jour, aux\u00a0<\/span><strong><span class=\"s3\">\u00e9conomies d\u2019\u00e9nergie<\/span><\/strong><span class=\"s1\">, au\u00a0<\/span><strong><span class=\"s3\">tri s\u00e9lectif<\/span><\/strong><span class=\"s1\"><strong>\u00a0<\/strong>des d\u00e9chets, au compostage, au manger<strong> \"bio et local\"<\/strong> et \u00e0 la\u00a0<\/span><span class=\"s3\">protection de notre environnement.<\/span><\/p>\n<p class=\"p5\"><span class=\"s1\">Notre espoir est que vous repartiez en emmenant avec vous <strong>des solutions simples et pratiques<\/strong> que vous pourrez appliquer <strong>dans votre vie quotidienne<\/strong> (il n\u2019est pas n\u00e9cessaire d\u2019acheter des poules ou de construire des toilettes s\u00e8ches, m\u00eame si ce serait formidable !).<\/span><\/p>\n<\/div><\/div><div class=\"wpb_column hcode-column-container lieu-tablet vc_col-sm-6 vc_hidden-sm vc_hidden-xs col-xs-mobile-fullwidth\" data-front-class=\"lieu-tablet col-xs-mobile-fullwidth\"><div class=\"vc-column-innner-wrapper\"><img loading=\"lazy\" decoding=\"async\" width=\"565\" height=\"350\" src=\"https:\/\/www.cablanc.com\/wp-content\/uploads\/2020\/02\/Cablanc-monde-paysan.jpg\" class=\" aligncenter sm-aligncenter xs-aligncenter\" alt=\"photo d&#039;un tracteur pr\u00e8s d&#039;une grange avec les chevaux de Cablanc et les champs et bois en arri\u00e8re plan\" srcset=\"https:\/\/www.cablanc.com\/wp-content\/uploads\/2020\/02\/Cablanc-monde-paysan.jpg 565w, https:\/\/www.cablanc.com\/wp-content\/uploads\/2020\/02\/Cablanc-monde-paysan-300x186.jpg 300w, https:\/\/www.cablanc.com\/wp-content\/uploads\/2020\/02\/Cablanc-monde-paysan-133x83.jpg 133w, https:\/\/www.cablanc.com\/wp-content\/uploads\/2020\/02\/Cablanc-monde-paysan-81x50.jpg 81w\" sizes=\"(max-width: 565px) 100vw, 565px\" \/><\/div><\/div><\/div><\/div><\/section><section class=\" vc_custom_1581332369716 row-equal-height row-content-middle hcode-row-8\"><div class=\"container\"><div class=\"row hcode-row-flex\"><div class=\"wpb_column hcode-column-container lieu-tablet vc_col-sm-6 col-xs-mobile-fullwidth\" data-front-class=\"lieu-tablet col-xs-mobile-fullwidth\"><div class=\"vc-column-innner-wrapper\"><img loading=\"lazy\" decoding=\"async\" width=\"565\" height=\"349\" src=\"https:\/\/www.cablanc.com\/wp-content\/uploads\/2020\/02\/Cablanc-colibri-veronique.jpg\" class=\"sm-padding-five-bottom xs-padding-five-bottom aligncenter sm-aligncenter xs-aligncenter\" alt=\"Photo de V\u00e9ronique, propri\u00e9taire de l&#039;\u00e9colieu, cueillant des m\u00fbres dans le jardin\" srcset=\"https:\/\/www.cablanc.com\/wp-content\/uploads\/2020\/02\/Cablanc-colibri-veronique.jpg 565w, https:\/\/www.cablanc.com\/wp-content\/uploads\/2020\/02\/Cablanc-colibri-veronique-300x185.jpg 300w, https:\/\/www.cablanc.com\/wp-content\/uploads\/2020\/02\/Cablanc-colibri-veronique-133x83.jpg 133w, https:\/\/www.cablanc.com\/wp-content\/uploads\/2020\/02\/Cablanc-colibri-veronique-81x50.jpg 81w\" sizes=\"(max-width: 565px) 100vw, 565px\" \/><\/div><\/div><div class=\"wpb_column hcode-column-container lieu-tablet vc_col-sm-6 col-xs-mobile-fullwidth\" data-front-class=\"lieu-tablet col-xs-mobile-fullwidth\"><div class=\"vc-column-innner-wrapper\"><p><strong>Venir \u00e0 l'\u00e9colieu de Cablanc, c'est une autre fa\u00e7on de passer ses vacances.<\/strong><\/p>\n<p class=\"p2\"><span class=\"s1\">Nous vous offrons un s\u00e9jour ax\u00e9\u00a0sur la d\u00e9couverte de la nature, dans le respect de l'environnement et de la culture locale.\u00a0Une ferme belle et spacieuse, avec des journ\u00e9es simples, riches et remplies d'activit\u00e9s sur place et aux alentours dans notre magnifique r\u00e9gion. Et aussi des nuits calmes et \u00e9toil\u00e9es sans aucune pollution lumineuse.<\/span><span class=\"s1\">\u00a0<\/span><\/p>\n<p class=\"p2\"><span class=\"s1\">Ici, tout est r\u00e9fl\u00e9chi et mis en \u0153uvre afin de\u00a0<\/span><strong>respecter la nature<\/strong><span class=\"s1\">\u00a0et de\u00a0<\/span><strong>minimiser l\u2019impact environnemental\u00a0<\/strong><span class=\"s1\">de nos activit\u00e9s.\u00a0<\/span><\/p>\n<p class=\"p2\"><span class=\"s1\">Voici<\/span><strong>\u00a0quelques gestes simples<\/strong><span class=\"s1\">\u00a0que vous pourrez mettre en pratique \u00e0 Cablanc.<\/span><\/p>\n<\/div><\/div><\/div><\/div><\/section><section class=\" vc_custom_1581332644288 row-equal-height row-content-top\"><div class=\"container\"><div class=\"row hcode-row-flex\"><div class=\"wpb_column hcode-column-container vc_col-sm-3 col-xs-mobile-fullwidth\" data-front-class=\"col-xs-mobile-fullwidth\"><div class=\"vc-column-innner-wrapper\"><img loading=\"lazy\" decoding=\"async\" width=\"100\" height=\"100\" src=\"https:\/\/www.cablanc.com\/wp-content\/uploads\/2017\/05\/bio.png\" class=\" aligncenter sm-aligncenter xs-aligncenter\" alt=\"\" \/><div class=\"hcode-text-1\"><p style=\"text-align: center;\"><strong>Manger local et bio<\/strong><\/p>\n<p>Les <strong>produits<\/strong> de la ferme sont<strong> certifi\u00e9s AB par Ecocert.<\/strong> Un maximum des produits (l\u00e9gumes, fruits, \u0153ufs, farines, huiles, vins\u2026) servis au Salon de th\u00e9 et aux petits d\u00e9jeuners <strong>proviennent de la ferme<\/strong> et des <strong>producteurs locaux<\/strong>, travaillant en bio.<\/p>\n<\/div><\/div><\/div><div class=\"wpb_column hcode-column-container vc_col-sm-3 col-xs-mobile-fullwidth\" data-front-class=\"col-xs-mobile-fullwidth\"><div class=\"vc-column-innner-wrapper\"><img loading=\"lazy\" decoding=\"async\" width=\"100\" height=\"100\" src=\"https:\/\/www.cablanc.com\/wp-content\/uploads\/2017\/05\/eco-construction.png\" class=\" aligncenter sm-aligncenter xs-aligncenter\" alt=\"\" \/><div class=\"hcode-text-2\"><p style=\"text-align: center;\"><strong>Eco-construction<\/strong><\/p>\n<p>Les b\u00e2timents communs et priv\u00e9s sont <strong>construits de fa\u00e7on durable<\/strong>, avec des <strong>mat\u00e9riaux \u00e9cologiques<\/strong>, <strong>locaux<\/strong> et <strong>recyclables<\/strong> en fin de vie (ex\u00a0: terre, bois, chaux de st Astier, paille\u00a0\u2026) pour un <strong>impact minimal sur notre environnement.<\/strong><\/p>\n<\/div><\/div><\/div><div class=\"wpb_column hcode-column-container vc_col-sm-3 col-xs-mobile-fullwidth\" data-front-class=\"col-xs-mobile-fullwidth\"><div class=\"vc-column-innner-wrapper\"><img loading=\"lazy\" decoding=\"async\" width=\"100\" height=\"100\" src=\"https:\/\/www.cablanc.com\/wp-content\/uploads\/2017\/05\/ec-eau.png\" class=\" aligncenter sm-aligncenter xs-aligncenter\" alt=\"\" \/><div class=\"hcode-text-3\"><p style=\"text-align: center;\"><strong>Ec'eau responsable<\/strong><\/p>\n<p><strong>\u00c9conomie de l\u2019eau<\/strong> en utilisant avec conscience cette pr\u00e9cieuse ressource (douches, arrosage \u2026) et en utilisant les <strong>WC secs<\/strong>. Nous avons cr\u00e9\u00e9 plusieurs <strong>mares de r\u00e9cup\u00e9ration d'eau de pluie<\/strong>\u00a0pour pr\u00e9server et<strong> encourager la biodiverist\u00e9<\/strong> sur l'\u00e9colieu.<\/p>\n<\/div><\/div><\/div><div class=\"wpb_column hcode-column-container vc_col-sm-3 col-xs-mobile-fullwidth\" data-front-class=\"col-xs-mobile-fullwidth\"><div class=\"vc-column-innner-wrapper\"><img loading=\"lazy\" decoding=\"async\" width=\"100\" height=\"100\" src=\"https:\/\/www.cablanc.com\/wp-content\/uploads\/2017\/05\/phyto.png\" class=\" aligncenter sm-aligncenter xs-aligncenter\" alt=\"\" \/><div class=\"hcode-text-4\"><p style=\"text-align: center;\"><strong>Z\u00e9ro phyto<\/strong><\/p>\n<p><strong>Aucun d\u00e9sherbant chimique ni phytosanitaire<\/strong> sur l\u2019\u00e9colieu. Nous utilisons \u00ab l\u2019huile de coude \u00bb et le paillage pour limiter les adventices ! <span class=\"s1\">Ce sont nos animaux qui fertilisent et entretiennent le lieu\u00a0<\/span><strong><span class=\"s2\">gr\u00e2ce \u00e0 leur p\u00e2turage et leurs crottins.<\/span><\/strong><\/p>\n<\/div><\/div><\/div><\/div><\/div><\/section><section class=\" vc_custom_1581332675199 row-equal-height row-content-top\"><div class=\"container\"><div class=\"row hcode-row-flex\"><div class=\"wpb_column hcode-column-container vc_col-sm-3 col-xs-mobile-fullwidth\" data-front-class=\"col-xs-mobile-fullwidth\"><div class=\"vc-column-innner-wrapper\"><img loading=\"lazy\" decoding=\"async\" width=\"100\" height=\"100\" src=\"https:\/\/www.cablanc.com\/wp-content\/uploads\/2017\/05\/tri.png\" class=\" aligncenter sm-aligncenter xs-aligncenter\" alt=\"\" \/><div class=\"hcode-text-5\"><p style=\"text-align: center;\"><strong>Tri s\u00e9lectif<\/strong><\/p>\n<p class=\"p1\"><span class=\"s1\">Les diff\u00e9rents types de poubelles vous permettent de faire le\u00a0<\/span><strong><span class=\"s2\">tri s\u00e9lectif\u00a0<\/span><\/strong><span class=\"s1\">: les poubelles \u00e0 verre, les poubelles jaunes <\/span><span class=\"s3\">pour\u00a0<\/span><span class=\"s4\">le<strong> recyclage<\/strong><\/span> <span class=\"s1\">et\u00a0le\u00a0<\/span><strong><span class=\"s2\">compostage<\/span><\/strong><span class=\"s1\">\u00a0des mati\u00e8res organiques, il restera donc tr\u00e8s peu \u00e0 jeter dans les poubelles noires finalement !<\/span><\/p>\n<\/div><\/div><\/div><div class=\"wpb_column hcode-column-container vc_col-sm-3 col-xs-mobile-fullwidth\" data-front-class=\"col-xs-mobile-fullwidth\"><div class=\"vc-column-innner-wrapper\"><img loading=\"lazy\" decoding=\"async\" width=\"100\" height=\"100\" src=\"https:\/\/www.cablanc.com\/wp-content\/uploads\/2017\/05\/eco-entretien.png\" class=\" aligncenter sm-aligncenter xs-aligncenter\" alt=\"\" \/><div class=\"hcode-text-6\"><p style=\"text-align: center;\"><strong>Eco-entretien<\/strong><\/p>\n<p>L\u2019utilisation de<strong> produits m\u00e9nagers \u00e9cologiques<\/strong>\u00a0et <strong>fabriqu\u00e9s par nos soins<\/strong> est privil\u00e9gi\u00e9e pour l\u2019entretien et le nettoyage des sanitaires et autres espaces du camping (ils sont fournis).<\/p>\n<\/div><\/div><\/div><div class=\"wpb_column hcode-column-container vc_col-sm-3 col-xs-mobile-fullwidth\" data-front-class=\"col-xs-mobile-fullwidth\"><div class=\"vc-column-innner-wrapper\"><img loading=\"lazy\" decoding=\"async\" width=\"100\" height=\"100\" src=\"https:\/\/www.cablanc.com\/wp-content\/uploads\/2020\/02\/economie-energies.png\" class=\" aligncenter sm-aligncenter xs-aligncenter\" alt=\"pictogramme \u00e9conomies d&#039;\u00e9nergies\" \/><div class=\"hcode-text-7\"><p style=\"text-align: center;\"><strong>\u00c9nergies<\/strong><\/p>\n<p>L\u2019\u00e9colieu est \u00e9quip\u00e9 de <strong>panneaux solaires<\/strong> qui garantissent une <strong>autonomie \u00e9lectrique<\/strong> partielle. L\u2019eau des sanitaires et de la cuisine est chauff\u00e9e par le soleil, ceci gr\u00e2ce au <strong>chauffe-eau solaire<\/strong>. Nous\u00a0cuisinons parfois au <strong>four \u00e0 bois<\/strong> et au <strong>four solaire.<\/strong><\/p>\n<\/div><\/div><\/div><div class=\"wpb_column hcode-column-container vc_col-sm-3 col-xs-mobile-fullwidth\" data-front-class=\"col-xs-mobile-fullwidth\"><div class=\"vc-column-innner-wrapper\"><img loading=\"lazy\" decoding=\"async\" width=\"100\" height=\"100\" src=\"https:\/\/www.cablanc.com\/wp-content\/uploads\/2020\/03\/wifi-zone-blanche.png\" class=\" aligncenter sm-aligncenter xs-aligncenter\" alt=\"pictogramme wifi\" srcset=\"https:\/\/www.cablanc.com\/wp-content\/uploads\/2020\/03\/wifi-zone-blanche.png 100w, https:\/\/www.cablanc.com\/wp-content\/uploads\/2020\/03\/wifi-zone-blanche-81x81.png 81w\" sizes=\"(max-width: 100px) 100vw, 100px\" \/><div class=\"hcode-text-8\"><p style=\"text-align: center;\"><strong>Zone blanche<\/strong><\/p>\n<p class=\"p1\"><span class=\"s1\">En limitant votre consommation sur les ordinateurs et les portables pendant votre s\u00e9jour, vous impactez positivement sur la plan\u00e8te, ses ressources et sur votre propre sant\u00e9. Le point WIFI disponible au Salon de th\u00e9 est ferm\u00e9 la nuit pour un sommeil sans ondes.<\/span><\/p>\n<\/div><\/div><\/div><\/div><\/div><\/section><section class=\" vc_custom_1581332733578\"><div class=\"container\"><div class=\"row\"><div class=\"wpb_column hcode-column-container no-padding sm-no-padding xs-no-padding no-margin sm-no-margin xs-no-margin vc_col-sm-12 col-xs-mobile-fullwidth\" data-front-class=\"no-padding sm-no-padding xs-no-padding no-margin sm-no-margin xs-no-margin col-xs-mobile-fullwidth\"><div class=\"vc-column-innner-wrapper\">[vc_custom_heading text=\"Une charte bienveillante pour bien vivre ensemble\" font_container=\"tag:h2|font_size:30px|text_align:center|color:%23ffffff|line_height:80px\" use_theme_fonts=\"yes\" css=\".vc_custom_1674479484143{background-color: #847f45 !important;}\" el_class=\"whiteh2\"]<\/div><\/div><\/div><\/div><\/section><section class=\" vc_custom_1580807637074 hcode-row-9\"><div class=\"container\"><div class=\"row\"><div class=\"wpb_column hcode-column-container vc_col-sm-12 col-xs-mobile-fullwidth\" data-front-class=\"col-xs-mobile-fullwidth\"><div class=\"vc-column-innner-wrapper\"><p>En bref, nos h\u00f4tes s\u2019engagent au<strong> respect des lieux<\/strong> communs et priv\u00e9s, au <strong>respect de la nature et des animaux<\/strong>, au respect des plantations et de l\u2019utilisation des ressources, au <strong>respect du calme<\/strong> et du bien-\u00eatre de chacun-e.<\/p>\n<\/div><\/div><\/div><\/div><\/section><section class=\"row-equal-height row-content-top hcode-row-10\"><div class=\"container\"><div class=\"row hcode-row-flex\"><div class=\"wpb_column hcode-column-container lieu-tablet vc_col-sm-6 col-xs-mobile-fullwidth\" data-front-class=\"lieu-tablet col-xs-mobile-fullwidth\"><div class=\"vc-column-innner-wrapper\"><p><strong>Dans l\u2019enceinte de l\u2019\u00e9colieu et du camping :\u00a0<\/strong><\/p>\n<ul>\n<li>Respecter l\u2019esprit de calme des lieux. Merci de vous garer au parking \u00e0 l\u2019entr\u00e9e de l\u2019\u00e9colieu.<\/li>\n<li>Pratiquer des activit\u00e9s respectueuses de soi, des autres et de la nature.<\/li>\n<li>Les feux de camps sont allum\u00e9s sur les espaces pr\u00e9vus \u00e0 cet effet sous la surveillance d\u2019un adulte, et seront \u00e9teints par le dernier pour \u00e9viter tout risque d\u2019incendie, les \u00e9t\u00e9s pouvant \u00eatre tr\u00e8s chauds en Dordogne.<\/li>\n<li>\u00c9conomiser les ressources en eau et en \u00e9lectricit\u00e9 en ne laissant pas couler l\u2019eau des robinets, et en \u00e9teignant les lumi\u00e8res des salles de bain en sortant.<\/li>\n<li>Utiliser des produits \u00e9cologiques (nous vous fournissons les produits de base).<\/li>\n<li>Pratiquer le tri s\u00e9lectif des d\u00e9chets avec compostage des d\u00e9chets organiques, revaloris\u00e9s au potager ou donn\u00e9s aux poules. G\u00e9rez vos d\u00e9chets+wc secs &gt; pas de stress, c\u2019est tr\u00e8s facile !<\/li>\n<li>Respecter les buttes, le potager &amp; les vergers,\u00a0les animaux,\u00a0les abeilles, les arbres &amp;\u00a0les fleurs sauvages. Respectez le silence de la nature. Ne pas effrayer les animaux et ne pas d\u00e9ranger vos voisins.<\/li>\n<li>Votre participation \u00e0 la vie de la ferme est bienvenue si vous le souhaitez. Nous concerter au pr\u00e9alable.<\/li>\n<li>S\u2019engager \u00e0 communiquer avec bienveillance.<\/li>\n<li><strong>Les enfants restent sous l\u2019enti\u00e8re responsabilit\u00e9 de leurs parents<\/strong> ou de l\u2019adulte l\u2019accompagnant. C\u2019est une ferme, avec du mat\u00e9riel agricole qui peut \u00eatre dangereux. Il y a aussi des mares et la piscine o\u00f9 l\u2019enfant peut glisser s\u2019il n\u2019est pas surveill\u00e9. Pour que tout se passe bien, restons vigilants \u00e0 leur s\u00e9curit\u00e9.<\/li>\n<\/ul>\n<\/div><\/div><div class=\"wpb_column hcode-column-container lieu-tablet vc_col-sm-6 vc_hidden-sm vc_hidden-xs col-xs-mobile-fullwidth\" data-front-class=\"lieu-tablet col-xs-mobile-fullwidth\"><div class=\"vc-column-innner-wrapper\"><p><strong>\u00c0 l\u2019ext\u00e9rieur du camping :<\/strong><\/p>\n<ul>\n<li>Pensez aux randonn\u00e9es p\u00e9destres ou \u00e0 v\u00e9lo pour vos d\u00e9placements.<\/li>\n<li>Respectez la faune et la flore : suivez le balisage des chemins de randonn\u00e9es afin d\u2019\u00e9viter de pi\u00e9tiner la flore, et \u00e9viter de cueillir plantes et fleurs, certaines \u00e9tant en voie d\u2019extinction.<\/li>\n<li>Fumeurs, merci de pr\u00e9voir un cendrier de poche !<\/li>\n<li>N\u2019attirez pas les animaux avec de la nourriture, cela modifie leur r\u00e9gime alimentaire et peut m\u00eame leur \u00eatre fatal. Respectez leur espace.<\/li>\n<li>Investissez dans des lampes et chargeurs solaires. A d\u00e9faut, utilisez des piles rechargeables. (une lampe solaire est fournie dans chaque tente)<\/li>\n<li>Utilisez des \u00e9quipements r\u00e9utilisables plut\u00f4t que des jetables. Ayez par exemple une gourde d\u2019eau, plut\u00f4t que d\u2019acheter une nouvelle bouteille en plastique.<\/li>\n<li>En voiture, limitez l\u2019utilisation de la climatisation aux fortes chaleurs, qui consomme beaucoup et participe au r\u00e9chauffement climatique. Privil\u00e9giez aussi les petites routes plut\u00f4t que les autoroutes, vous roulerez moins vite, consommerez moins et \u00e9conomiserez aussi les frais de p\u00e9age.<\/li>\n<li>\n<p class=\"p1\"><strong><span class=\"s1\">Si vous venez \u00e0 v\u00e9lo depuis votre maison au camping Authentique, nous vous offrons une r\u00e9duction de 10% sur le prix de votre s\u00e9jour !<\/span><\/strong><\/p>\n<\/li>\n<\/ul>\n<img loading=\"lazy\" decoding=\"async\" width=\"100\" height=\"100\" src=\"https:\/\/www.cablanc.com\/wp-content\/uploads\/2017\/05\/reduc.png\" class=\" aligncenter xs-aligncenter\" alt=\"\" \/>[vc_empty_space height=\"20px\"]<p style=\"text-align: center;\"><strong><a href=\"https:\/\/velorandoroute.be\/tutoriels-gps-gpx-osmand-brouter-umap\/?fbclid=IwAR0F7o54gnHwDlBohDqXNQAhYNy__WxhiJ_0E_FsmBellm3zXnqCnSX_-no\" target=\"_blank\" rel=\"noopener noreferrer\">D\u00e9couvrez comment venir \u00e0 v\u00e9lo !<\/a><\/strong><\/p>\n<\/div><\/div><\/div><\/div><\/section><section class=\" vc_custom_1580807783254 hcode-row-11\"><div class=\"container\"><div class=\"row\"><div class=\"wpb_column hcode-column-container vc_col-sm-12 col-xs-mobile-fullwidth\" data-front-class=\"col-xs-mobile-fullwidth\"><div class=\"vc-column-innner-wrapper\"><p style=\"text-align: center;\"><strong>Merci !<\/strong><\/p>\n<\/div><\/div><\/div><\/div><\/section>","protected":false},"excerpt":{"rendered":"<p>[vc_empty_space height=\u00a0\u00bb20px\u00a0\u00bb css=\u00a0\u00bb.vc_custom_1493901719403{background-color: #a4ab5e !important;}\u00a0\u00bb] [vc_empty_space height=\u00a0\u00bb8px\u00a0\u00bb]- ENTRACTE \u00c0 CABLANC &#8211; Cette saison, Cablanc sera en pause, nous ne prenons pas de r\u00e9servation. Eco-tourisme en Dordogne pour un mode de vie au quotidien &nbsp; L\u2019\u00e9colieu de Cablanc, un lieu de d\u00e9couvertes autour du monde paysan et de l\u2019\u00e9co-construction [vc_empty_space]Quelques jours pour adopter de nouvelles pratiques [&hellip;]<\/p>\n","protected":false},"author":4,"featured_media":0,"parent":0,"menu_order":0,"comment_status":"closed","ping_status":"closed","template":"","meta":{"footnotes":""},"yoast_head":"<!-- This site is optimized with the Yoast SEO plugin v22.7 - https:\/\/yoast.com\/wordpress\/plugins\/seo\/ -->\n<title>Engagements \u00e9thiques et durables de l&#039;\u00e9colieu de Cablanc<\/title>\n<meta name=\"description\" content=\"Permaculture, agro\u00e9cologie, \u00e9co-concstruction... D\u00e9couvrez un camping \u00e9cologique engag\u00e9 pour la Terre dans un espace pr\u00e9serv\u00e9 en P\u00e9rigord Pourpre.\" \/>\n<meta name=\"robots\" content=\"index, follow, max-snippet:-1, max-image-preview:large, max-video-preview:-1\" \/>\n<link rel=\"canonical\" href=\"https:\/\/www.cablanc.com\/accueil\/ecolieu-tourisme-durable\/\" \/>\n<meta property=\"og:locale\" content=\"fr_FR\" \/>\n<meta property=\"og:type\" content=\"article\" \/>\n<meta property=\"og:title\" content=\"Engagements \u00e9thiques et durables de l&#039;\u00e9colieu de Cablanc\" \/>\n<meta property=\"og:description\" content=\"Permaculture, agro\u00e9cologie, \u00e9co-concstruction... D\u00e9couvrez un camping \u00e9cologique engag\u00e9 pour la Terre dans un espace pr\u00e9serv\u00e9 en P\u00e9rigord Pourpre.\" \/>\n<meta property=\"og:url\" content=\"https:\/\/www.cablanc.com\/accueil\/ecolieu-tourisme-durable\/\" \/>\n<meta property=\"og:site_name\" content=\"Cablanc - Les vacances authentiques en Dordogne\" \/>\n<meta property=\"article:modified_time\" content=\"2025-03-08T17:02:10+00:00\" \/>\n<meta name=\"twitter:card\" content=\"summary_large_image\" \/>\n<meta name=\"twitter:label1\" content=\"Dur\u00e9e de lecture estim\u00e9e\" \/>\n\t<meta name=\"twitter:data1\" content=\"9 minutes\" \/>\n<script type=\"application\/ld+json\" class=\"yoast-schema-graph\">{\"@context\":\"https:\/\/schema.org\",\"@graph\":[{\"@type\":\"WebPage\",\"@id\":\"https:\/\/www.cablanc.com\/accueil\/ecolieu-tourisme-durable\/\",\"url\":\"https:\/\/www.cablanc.com\/accueil\/ecolieu-tourisme-durable\/\",\"name\":\"Engagements \u00e9thiques et durables de l'\u00e9colieu de Cablanc\",\"isPartOf\":{\"@id\":\"https:\/\/www.cablanc.com\/accueil\/#website\"},\"datePublished\":\"2020-02-03T09:04:39+00:00\",\"dateModified\":\"2025-03-08T17:02:10+00:00\",\"description\":\"Permaculture, agro\u00e9cologie, \u00e9co-concstruction... D\u00e9couvrez un camping \u00e9cologique engag\u00e9 pour la Terre dans un espace pr\u00e9serv\u00e9 en P\u00e9rigord Pourpre.\",\"breadcrumb\":{\"@id\":\"https:\/\/www.cablanc.com\/accueil\/ecolieu-tourisme-durable\/#breadcrumb\"},\"inLanguage\":\"fr-FR\",\"potentialAction\":[{\"@type\":\"ReadAction\",\"target\":[\"https:\/\/www.cablanc.com\/accueil\/ecolieu-tourisme-durable\/\"]}]},{\"@type\":\"BreadcrumbList\",\"@id\":\"https:\/\/www.cablanc.com\/accueil\/ecolieu-tourisme-durable\/#breadcrumb\",\"itemListElement\":[{\"@type\":\"ListItem\",\"position\":1,\"name\":\"Accueil\",\"item\":\"https:\/\/www.cablanc.com\/accueil\/\"},{\"@type\":\"ListItem\",\"position\":2,\"name\":\"Engagements \u00e9thiques et durables de l&rsquo;\u00e9colieu de Cablanc\"}]},{\"@type\":\"WebSite\",\"@id\":\"https:\/\/www.cablanc.com\/accueil\/#website\",\"url\":\"https:\/\/www.cablanc.com\/accueil\/\",\"name\":\"Cablanc - Les vacances authentiques en Dordogne\",\"description\":\"\",\"potentialAction\":[{\"@type\":\"SearchAction\",\"target\":{\"@type\":\"EntryPoint\",\"urlTemplate\":\"https:\/\/www.cablanc.com\/accueil\/?s={search_term_string}\"},\"query-input\":\"required name=search_term_string\"}],\"inLanguage\":\"fr-FR\"}]}<\/script>\n<!-- \/ Yoast SEO plugin. -->","yoast_head_json":{"title":"Engagements \u00e9thiques et durables de l'\u00e9colieu de Cablanc","description":"Permaculture, agro\u00e9cologie, \u00e9co-concstruction... D\u00e9couvrez un camping \u00e9cologique engag\u00e9 pour la Terre dans un espace pr\u00e9serv\u00e9 en P\u00e9rigord Pourpre.","robots":{"index":"index","follow":"follow","max-snippet":"max-snippet:-1","max-image-preview":"max-image-preview:large","max-video-preview":"max-video-preview:-1"},"canonical":"https:\/\/www.cablanc.com\/accueil\/ecolieu-tourisme-durable\/","og_locale":"fr_FR","og_type":"article","og_title":"Engagements \u00e9thiques et durables de l'\u00e9colieu de Cablanc","og_description":"Permaculture, agro\u00e9cologie, \u00e9co-concstruction... D\u00e9couvrez un camping \u00e9cologique engag\u00e9 pour la Terre dans un espace pr\u00e9serv\u00e9 en P\u00e9rigord Pourpre.","og_url":"https:\/\/www.cablanc.com\/accueil\/ecolieu-tourisme-durable\/","og_site_name":"Cablanc - Les vacances authentiques en Dordogne","article_modified_time":"2025-03-08T17:02:10+00:00","twitter_card":"summary_large_image","twitter_misc":{"Dur\u00e9e de lecture estim\u00e9e":"9 minutes"},"schema":{"@context":"https:\/\/schema.org","@graph":[{"@type":"WebPage","@id":"https:\/\/www.cablanc.com\/accueil\/ecolieu-tourisme-durable\/","url":"https:\/\/www.cablanc.com\/accueil\/ecolieu-tourisme-durable\/","name":"Engagements \u00e9thiques et durables de l'\u00e9colieu de Cablanc","isPartOf":{"@id":"https:\/\/www.cablanc.com\/accueil\/#website"},"datePublished":"2020-02-03T09:04:39+00:00","dateModified":"2025-03-08T17:02:10+00:00","description":"Permaculture, agro\u00e9cologie, \u00e9co-concstruction... D\u00e9couvrez un camping \u00e9cologique engag\u00e9 pour la Terre dans un espace pr\u00e9serv\u00e9 en P\u00e9rigord Pourpre.","breadcrumb":{"@id":"https:\/\/www.cablanc.com\/accueil\/ecolieu-tourisme-durable\/#breadcrumb"},"inLanguage":"fr-FR","potentialAction":[{"@type":"ReadAction","target":["https:\/\/www.cablanc.com\/accueil\/ecolieu-tourisme-durable\/"]}]},{"@type":"BreadcrumbList","@id":"https:\/\/www.cablanc.com\/accueil\/ecolieu-tourisme-durable\/#breadcrumb","itemListElement":[{"@type":"ListItem","position":1,"name":"Accueil","item":"https:\/\/www.cablanc.com\/accueil\/"},{"@type":"ListItem","position":2,"name":"Engagements \u00e9thiques et durables de l&rsquo;\u00e9colieu de Cablanc"}]},{"@type":"WebSite","@id":"https:\/\/www.cablanc.com\/accueil\/#website","url":"https:\/\/www.cablanc.com\/accueil\/","name":"Cablanc - Les vacances authentiques en Dordogne","description":"","potentialAction":[{"@type":"SearchAction","target":{"@type":"EntryPoint","urlTemplate":"https:\/\/www.cablanc.com\/accueil\/?s={search_term_string}"},"query-input":"required name=search_term_string"}],"inLanguage":"fr-FR"}]}},"_links":{"self":[{"href":"https:\/\/www.cablanc.com\/accueil\/wp-json\/wp\/v2\/pages\/793"}],"collection":[{"href":"https:\/\/www.cablanc.com\/accueil\/wp-json\/wp\/v2\/pages"}],"about":[{"href":"https:\/\/www.cablanc.com\/accueil\/wp-json\/wp\/v2\/types\/page"}],"author":[{"embeddable":true,"href":"https:\/\/www.cablanc.com\/accueil\/wp-json\/wp\/v2\/users\/4"}],"replies":[{"embeddable":true,"href":"https:\/\/www.cablanc.com\/accueil\/wp-json\/wp\/v2\/comments?post=793"}],"version-history":[{"count":2,"href":"https:\/\/www.cablanc.com\/accueil\/wp-json\/wp\/v2\/pages\/793\/revisions"}],"predecessor-version":[{"id":2314,"href":"https:\/\/www.cablanc.com\/accueil\/wp-json\/wp\/v2\/pages\/793\/revisions\/2314"}],"wp:attachment":[{"href":"https:\/\/www.cablanc.com\/accueil\/wp-json\/wp\/v2\/media?parent=793"}],"curies":[{"name":"wp","href":"https:\/\/api.w.org\/{rel}","templated":true}]}}